{"id":9282,"date":"2022-01-18T11:39:32","date_gmt":"2022-01-18T11:39:32","guid":{"rendered":"https:\/\/diamocosmetic.com\/?page_id=9282"},"modified":"2022-01-18T11:39:32","modified_gmt":"2022-01-18T11:39:32","slug":"aydinlatma-metni","status":"publish","type":"page","link":"https:\/\/diamocosmetic.com\/tr\/aydinlatma-metni\/","title":{"rendered":"Ayd\u0131nlatma Metni"},"content":{"rendered":"<h2 style=\"text-align: center;\">D\u0130AMO KOZMET\u0130K SANAY\u0130 VE T\u0130CARET ANON\u0130M \u015e\u0130RKET\u0130<\/h2>\n<h2 style=\"text-align: center;\">K\u0130\u015e\u0130SEL VER\u0130LER\u0130N KORUNMASI VE \u0130\u015eLENMES\u0130 HAKKINDA AYDINLATMA METN\u0130<\/h2>\n<p>6698 say\u0131l\u0131 Ki\u015fisel Verilerin Korunmas\u0131 Kanunu (\u201cKVKK\u201d) h\u00fck\u00fcmleri gere\u011fi kimli\u011finizi belirli veya belirlenebilir k\u0131lan her t\u00fcrl\u00fc bilginiz, \u00f6zel nitelikli ki\u015fisel verileriniz de dahil olmak \u00fczere, Ki\u015fisel ve \u00d6zel Nitelikte Veri olarak a\u015fa\u011f\u0131daki kapsamda, Veri Sorumlusu s\u0131fat\u0131yla D\u0130AMO KOZMET\u0130K SANAY\u0130 VE T\u0130CARET ANON\u0130M \u015e\u0130RKET\u0130 (K\u0131saca Veri Sorumlusu) taraf\u0131ndan i\u015flenmektedir.<\/p>\n<p>\u201cKi\u015fisel Verilerinizin i\u015flenmesi\u201d kavram\u0131 yasal bir kavram olup, 6698 Say\u0131l\u0131 Yasada bu kavram; ki\u015fisel verilerin elde edilmesi, kaydedilmesi, depolanmas\u0131, muhafaza edilmesi, de\u011fi\u015ftirilmesi, yeniden d\u00fczenlenmesi, a\u00e7\u0131klanmas\u0131, aktar\u0131lmas\u0131, devral\u0131nmas\u0131, elde edilebilir hale getirilmesi, s\u0131n\u0131fland\u0131r\u0131lmas\u0131 ya da kullan\u0131lmas\u0131n\u0131n engellenmesi gibi veriler \u00fczerinde ger\u00e7ekle\u015ftirilen her t\u00fcrl\u00fc i\u015flemi ifade etmektedir.<\/p>\n<p>Veri Sorumlusu ile <em>Hissedar\/Ortak, Y\u00f6netici (Hissedar\/Ortak Olmayan), Kamu G\u00f6revlisi, \u00c7al\u0131\u015fan, \u00dcr\u00fcn veya Hizmet Alan Ki\u015fi, Tedarik\u00e7i Yetkilisi, \u015eirket Yetkilisi, Veli \/ Vasi \/ Temsilci, Kargo G\u00f6revlisi, Ba\u015fvurucu, E-posta G\u00f6nderici (Ger\u00e7ek Ki\u015fi), E-posta G\u00f6nderici (T\u00fczel Ki\u015fi \u00c7al\u0131\u015fan\u0131\/Yetkilisi), M\u00fc\u015fteri &#8211; Yetkilisi &#8211; \u00c7al\u0131\u015fan\u0131, Potansiyel \u00dcr\u00fcn veya Hizmet Al\u0131c\u0131s\u0131, Onaylayan, Yetkili Personel, Ziyaret\u00e7i, Tedarik\u00e7i \u00c7al\u0131\u015fan\u0131, Denetleyen, Teslim Alan, G\u00fcmr\u00fck M\u00fc\u015faviri, M\u00fc\u015fteri &#8211; Yetkilisi &#8211; \u00c7al\u0131\u015fan\u0131, D\u00fczenleyen, \u0130hracat\u00e7\u0131, \u00dcretici, Distrib\u00fct\u00f6r, Al\u0131c\u0131, Banka Yetkilisi, Yetkili, Tedarik\u00e7i, Kurumsal M\u00fc\u015fteri Temsilcisi\/Yetkilisi, Tedarik\u00e7i (Ger\u00e7ek Ki\u015fi), Dava, \u0130cra Dosyas\u0131 Taraf\u0131, Veri Sorumlusu Yetkilisi, \u00dcr\u00fcn veya Hizmet Alan Ki\u015fi (Ger\u00e7ek Ki\u015fi), Potansiyel \u00dcr\u00fcn veya Hizmet Al\u0131c\u0131s\u0131 (Ger\u00e7ek Ki\u015fi), \u00c7al\u0131\u015fan Yak\u0131n\u0131, \u00c7al\u0131\u015fan (Kazay\u0131 G\u00f6ren-Tan\u0131k), Doktor, \u00c7al\u0131\u015fan Aday\u0131, \u00c7al\u0131\u015fan Aday\u0131 Referans\u0131, \u0130\u015f Sa\u011fl\u0131\u011f\u0131 ve G\u00fcvenli\u011fi Uzman\u0131, Hukuk M\u00fc\u015faviri, \u0130\u015fveren Vekili, Alt \u0130\u015fveren (Ta\u015feron) Ger\u00e7ek Ki\u015fi, Alt \u0130\u015fveren (Ta\u015feron) T\u00fczel Ki\u015fi Yetkilisi, \u0130\u015fyeri Hekimi<\/em>s\u0131fat\/lar\u0131 ile payla\u015ft\u0131\u011f\u0131n\u0131z ki\u015fisel verileriniz KVKK\u2019ya uygun \u015fekilde, faaliyet ve hizmet ama\u00e7lar\u0131m\u0131z ile ba\u011flant\u0131l\u0131 ve \u00f6l\u00e7\u00fcl\u00fc olarak i\u015flenebilecek, yurt i\u00e7i ve yurt d\u0131\u015f\u0131ndaki \u00fc\u00e7\u00fcnc\u00fc ki\u015filere aktar\u0131labilecek, saklanacak, profilleme veya ba\u015fkaca i\u015fimizle ilgili ticari ama\u00e7lar i\u00e7in kullan\u0131labilecek ve s\u0131n\u0131fland\u0131r\u0131labilecektir.<\/p>\n<p>D\u0130AMO KOZMET\u0130K SANAY\u0130 VE T\u0130CARET ANON\u0130M \u015e\u0130RKET\u0130 olarak ki\u015fisel verilerinizin g\u00fcvenli\u011fine en \u00fcst d\u00fczeyde \u00f6nem veriyor, sizlere sundu\u011fumuz t\u00fcm \u00fcr\u00fcn ve hizmetlerimizde ki\u015fisel verilerinizin hukuka uygun olarak toplanmas\u0131, saklanmas\u0131, i\u015flenmesi, gerekmesi durumunda payla\u015f\u0131lmas\u0131 s\u0131ras\u0131nda gizlili\u011finizi korumak amac\u0131yla m\u00fcmk\u00fcn olan en \u00fcst seviyede g\u00fcvenlik tedbirlerini al\u0131yoruz.<\/p>\n<p>Bu bilgilendirme\/ayd\u0131nlatma metnini yay\u0131nlamaktaki amac\u0131m\u0131z; sizlerin memnuniyeti do\u011frultusunda, ki\u015fisel verilerinizin toplanma \u015fekilleri, i\u015flenme ama\u00e7lar\u0131, i\u015flemenin hukuki nedenleri ve yasal haklar\u0131n\u0131z konular\u0131nda sizleri en a\u00e7\u0131k \u015fekilde bilgilendirmektir.<\/p>\n<p>A\u015fa\u011f\u0131da ki\u015fisel verilerin korunmas\u0131 ve i\u015flenmesi konusunda \u00f6nem ta\u015f\u0131yan bilgiler ve kavramlar yer almakta olup bu kavramlar ile ayd\u0131nlanman\u0131z\u0131n tam olarak ger\u00e7ekle\u015fmesi hedeflenmektedir.<\/p>\n<h3>1. Veri Sorumlusunun Kimli\u011fi<\/h3>\n<p>6698 say\u0131l\u0131 Ki\u015fisel Verilerin Korunmas\u0131 Kanunu (6698 say\u0131l\u0131 Kanun) uyar\u0131nca veri sorumlusu: D\u0130AMO KOZMET\u0130K SANAY\u0130 VE T\u0130CARET ANON\u0130M \u015e\u0130RKET\u0130 Ki\u015fisel verileriniz, veri sorumlusu olan D\u0130AMO KOZMET\u0130K SANAY\u0130 VE T\u0130CARET ANON\u0130M \u015e\u0130RKET\u0130 taraf\u0131ndan a\u015fa\u011f\u0131da a\u00e7\u0131klanan kapsamda toplanacak ve i\u015flenebilecektir.<\/p>\n<p>&nbsp;<\/p>\n<h3>2. Ki\u015fisel Verilerin \u0130\u015flenme Amac\u0131<\/h3>\n<p>Ki\u015fisel verileriniz, Kanun\u2019a uygun olarak, Veri Sorumlusu taraf\u0131ndan sa\u011flanan hizmet ve Veri Sorumlusu\u2019nun ticari faaliyetlerine ba\u011fl\u0131 olarak de\u011fi\u015fkenlik g\u00f6sterebilmekle birlikte; otomatik ya da otomatik olmayan yollarla, s\u00f6zl\u00fc, yaz\u0131l\u0131 ya da elektronik olarak toplanabilecektir.<\/p>\n<p>Kanun\u2019un 5. ve 6. Maddelerinde belirtilen \u015fartlara ve ilgili t\u00fcm mevzuata uygun olarak, Veri Sorumlusu taraf\u0131ndan;<\/p>\n<ul>\n<li>Faaliyetlerin Mevzuata Uygun Y\u00fcr\u00fct\u00fclmesi<\/li>\n<li>Y\u00f6netim Faaliyetlerinin Y\u00fcr\u00fct\u00fclmesi<\/li>\n<li>Finans Ve Muhasebe \u0130\u015flerinin Y\u00fcr\u00fct\u00fclmesi<\/li>\n<li>Hukuk \u0130\u015flerinin Takibi Ve Y\u00fcr\u00fct\u00fclmesi<\/li>\n<li>\u0130\u015f Faaliyetlerinin Y\u00fcr\u00fct\u00fclmesi \/ Denetimi<\/li>\n<li>Acil Durum Y\u00f6netimi S\u00fcre\u00e7lerinin Y\u00fcr\u00fct\u00fclmesi<\/li>\n<li>\u0130\u015f S\u00fcreklili\u011finin Sa\u011flanmas\u0131 Faaliyetlerinin Y\u00fcr\u00fct\u00fclmesi<\/li>\n<li>Yetkili Ki\u015fi, Kurum Ve Kurulu\u015flara Bilgi Verilmesi<\/li>\n<li>S\u00f6zle\u015fme S\u00fcre\u00e7lerinin Y\u00fcr\u00fct\u00fclmesi<\/li>\n<li>Tedarik Zinciri Y\u00f6netimi S\u00fcre\u00e7lerinin Y\u00fcr\u00fct\u00fclmesi<\/li>\n<li>Lojistik Faaliyetlerinin Y\u00fcr\u00fct\u00fclmesi<\/li>\n<li>M\u00fc\u015fteri \u0130li\u015fkileri Y\u00f6netimi S\u00fcre\u00e7lerinin Y\u00fcr\u00fct\u00fclmesi<\/li>\n<li>Denetim \/ Etik Faaliyetlerinin Y\u00fcr\u00fct\u00fclmesi<\/li>\n<li>\u0130\u015f S\u00fcre\u00e7lerinin \u0130yile\u015ftirilmesine Y\u00f6nelik \u00d6nerilerin Al\u0131nmas\u0131 Ve De\u011ferlendirilmesi<\/li>\n<li>\u00c7al\u0131\u015fanlar \u0130\u00e7in \u0130\u015f Akdi Ve Mevzuattan Kaynakl\u0131 Y\u00fck\u00fcml\u00fcl\u00fcklerin Yerine Getirilmesi<\/li>\n<li>Talep \/ \u015eikayetlerin Takibi<\/li>\n<li>\u0130leti\u015fim Faaliyetlerinin Y\u00fcr\u00fct\u00fclmesi<\/li>\n<li>G\u00f6revlendirme S\u00fcre\u00e7lerinin Y\u00fcr\u00fct\u00fclmesi<\/li>\n<li>Eri\u015fim Yetkilerinin Y\u00fcr\u00fct\u00fclmesi<\/li>\n<li>Mal \/ Hizmet \u00dcretim Ve Operasyon S\u00fcre\u00e7lerinin Y\u00fcr\u00fct\u00fclmesi<\/li>\n<li>Mal \/ Hizmet Sat\u0131n Al\u0131m S\u00fcre\u00e7lerinin Y\u00fcr\u00fct\u00fclmesi<\/li>\n<li>Ziyaret\u00e7i Kay\u0131tlar\u0131n\u0131n Olu\u015fturulmas\u0131 Ve Takibi<\/li>\n<li>\u00dcr\u00fcn \/ Hizmetlerin Pazarlama S\u00fcre\u00e7lerinin Y\u00fcr\u00fct\u00fclmesi<\/li>\n<li>Risk Y\u00f6netimi S\u00fcre\u00e7lerinin Y\u00fcr\u00fct\u00fclmesi<\/li>\n<li>Saklama Ve Ar\u015fiv Faaliyetlerinin Y\u00fcr\u00fct\u00fclmesi<\/li>\n<li>M\u00fc\u015fteri Memnuniyetine Y\u00f6nelik Aktivitelerin Y\u00fcr\u00fct\u00fclmesi<\/li>\n<li>Bilgi G\u00fcvenli\u011fi S\u00fcre\u00e7lerinin Y\u00fcr\u00fct\u00fclmesi<\/li>\n<li>Pazarlama Analiz \u00c7al\u0131\u015fmalar\u0131n\u0131n Y\u00fcr\u00fct\u00fclmesi<\/li>\n<li>Mal \/ Hizmet Sat\u0131\u015f S\u00fcre\u00e7lerinin Y\u00fcr\u00fct\u00fclmesi<\/li>\n<li>Organizasyon Ve Etkinlik Y\u00f6netimi<\/li>\n<li>Mal \/ Hizmet Sat\u0131\u015f Sonras\u0131 Destek Hizmetlerinin Y\u00fcr\u00fct\u00fclmesi<\/li>\n<li>Fiziksel Mekan G\u00fcvenli\u011finin Temini<\/li>\n<li>Performans De\u011ferlendirme S\u00fcre\u00e7lerinin Y\u00fcr\u00fct\u00fclmesi<\/li>\n<li>\u0130\u00e7 Denetim\/ Soru\u015fturma \/ \u0130stihbarat Faaliyetlerinin Y\u00fcr\u00fct\u00fclmesi<\/li>\n<li>Reklam \/ Kampanya \/ Promosyon S\u00fcre\u00e7lerinin Y\u00fcr\u00fct\u00fclmesi<\/li>\n<li>Firma \/ \u00dcr\u00fcn \/ Hizmetlere Ba\u011fl\u0131l\u0131k S\u00fcre\u00e7lerinin Y\u00fcr\u00fct\u00fclmesi<\/li>\n<li>\u0130\u015f Sa\u011fl\u0131\u011f\u0131 \/ G\u00fcvenli\u011fi Faaliyetlerinin Y\u00fcr\u00fct\u00fclmesi<\/li>\n<li>Ta\u015f\u0131n\u0131r Mal Ve Kaynaklar\u0131n G\u00fcvenli\u011finin Temini<\/li>\n<li>\u00c7al\u0131\u015fan Adaylar\u0131n\u0131n Ba\u015fvuru S\u00fcre\u00e7lerinin Y\u00fcr\u00fct\u00fclmesi<\/li>\n<li>\u00c7al\u0131\u015fan Aday\u0131 \/ Stajyer \/ \u00d6\u011frenci Se\u00e7me Ve Yerle\u015ftirme S\u00fcre\u00e7lerinin Y\u00fcr\u00fct\u00fclmesi<\/li>\n<li>E\u011fitim Faaliyetlerinin Y\u00fcr\u00fct\u00fclmesi<\/li>\n<li>\u0130nsan Kaynaklar\u0131 S\u00fcre\u00e7lerinin Planlanmas\u0131<\/li>\n<li>\u00c7al\u0131\u015fanlar \u0130\u00e7in Yan Haklar Ve Menfaatleri S\u00fcre\u00e7lerinin Y\u00fcr\u00fct\u00fclmesi<\/li>\n<li>Fesih \u0130\u015flemlerinin Y\u00fcr\u00fct\u00fclmesi<\/li>\n<li>Personel Devam Kontrol Sisteminin Y\u00fcr\u00fct\u00fclmesi<\/li>\n<li>\u00c7al\u0131\u015fan Memnuniyeti Ve Ba\u011fl\u0131l\u0131\u011f\u0131 S\u00fcre\u00e7lerinin Y\u00fcr\u00fct\u00fclmesi<\/li>\n<li>\u00dccret Politikas\u0131n\u0131n Y\u00fcr\u00fct\u00fclmesi<\/li>\n<li>Yetenek \/ Kariyer Geli\u015fimi Faaliyetlerinin Y\u00fcr\u00fct\u00fclmesi<\/li>\n<li>Stratejik Planlama Faaliyetlerinin Y\u00fcr\u00fct\u00fclmesi<\/li>\n<\/ul>\n<p>ama\u00e7lar\u0131yla i\u015flenebilecektir. Ki\u015fisel verilerin i\u015flenmesinde a\u015fa\u011f\u0131daki ilkelere uyulmaktad\u0131r:<\/p>\n<ul>\n<li>Hukuka ve d\u00fcr\u00fcstl\u00fck kurallar\u0131na uygunluk,<\/li>\n<li>Do\u011fru ve gerekti\u011finde g\u00fcncel olma,<\/li>\n<li>Belirli, a\u00e7\u0131k ve me\u015fru ama\u00e7lar i\u00e7in i\u015flenme,<\/li>\n<li>\u0130\u015flendikleri ama\u00e7la ba\u011flant\u0131l\u0131, s\u0131n\u0131rl\u0131 ve \u00f6l\u00e7\u00fcl\u00fc olma,<\/li>\n<li>\u0130lgili mevzuatta \u00f6ng\u00f6r\u00fclen veya i\u015flendikleri ama\u00e7 i\u00e7in gerekli olan s\u00fcre kadar muhafaza edilme.<\/li>\n<\/ul>\n<h3>3. Ki\u015fisel Verilerin Aktar\u0131lmas\u0131<\/h3>\n<p>Yukar\u0131da belirtilen ama\u00e7lar ve KVKK\u2019n\u0131n ki\u015fisel verilerin aktar\u0131lmas\u0131na ili\u015fkin 8. maddesinde belirtilen ki\u015fisel veri i\u015fleme \u015fartlar\u0131 ve ama\u00e7lar\u0131 \u00e7er\u00e7evesinde Veri Sorumlusuna i\u015f ba\u015fvurusu nedeniyle verdi\u011finiz ki\u015fisel verileriniz;<\/p>\n<p>Yurti\u00e7inde a\u015fa\u011f\u0131daki gruplara aktar\u0131labilecektir.<\/p>\n<p>Yurti\u00e7i Al\u0131c\u0131 Gruplar\u0131:<\/p>\n<ul>\n<li>Yetkili Kamu Kurum ve Kurulu\u015flar\u0131<\/li>\n<li>Ger\u00e7ek Ki\u015filer veya \u00d6zel Hukuk T\u00fczel Ki\u015fileri<\/li>\n<li>\u015eirket Vekili, Mali M\u00fc\u015favir<\/li>\n<li>Tedarik\u00e7iler<\/li>\n<li>Mali M\u00fc\u015favir &#8211; Muhasebe<\/li>\n<li>Hukuk M\u00fc\u015faviri<\/li>\n<\/ul>\n<p>Kamu kurum ve kurulu\u015flar ile mahkemelerce usul\u00fcne uygun olarak talep edilmesi durumunda ve\/veya veri sorumlusunun hukuki y\u00fck\u00fcml\u00fcl\u00fcklerinin yerine getirilmesi sebebi ile veri sorumlusu taraf\u0131ndan i\u015flenen ki\u015fisel verileriniz yetkili kamu kurum ve kurulu\u015flar\u0131yla payla\u015f\u0131lmaktad\u0131r.<\/p>\n<p>Hukuk m\u00fc\u015faviri, muhasebe\/mali m\u00fc\u015favir ve kamu kurulu\u015flar\u0131 haricinde, yurt i\u00e7i ger\u00e7ek veya t\u00fczel ki\u015filer ile g\u00fcvenli \u00fclkelerdeki ger\u00e7ek veya t\u00fczel ki\u015filer ile payla\u015f\u0131lacak olan ki\u015fisel verileriniz i\u015f faaliyetlerinin y\u00fcr\u00fct\u00fclmesi ve veri sorumlusunun s\u00f6zle\u015fmeden kaynakl\u0131 y\u00fck\u00fcml\u00fcl\u00fc\u011f\u00fcn\u00fcn yerine getirilmesi sebepleri ile payla\u015f\u0131lmaktad\u0131r.<\/p>\n<p>Yurtd\u0131\u015f\u0131nda a\u015fa\u011f\u0131daki gruplara aktar\u0131labilecektir.<\/p>\n<p>Yurtd\u0131\u015f\u0131 Al\u0131c\u0131 Gruplar\u0131:<\/p>\n<ul>\n<li>Tedarik\u00e7iler<\/li>\n<li>Ger\u00e7ek Ki\u015filer veya \u00d6zel Hukuk T\u00fczel Ki\u015fileri<\/li>\n<\/ul>\n<p>Bili\u015fim hizmeti sunan firmalar ile g\u00fcn\u00fcm\u00fczde yayg\u0131n olarak kullan\u0131lan anl\u0131k ileti ya da online ileti\u015fim kanallar\u0131 ile hizmet sunumu amac\u0131yla yurt d\u0131\u015f\u0131 men\u015feili platform ve uygulamalar olmas\u0131 sebebiyle g\u00fcvenli ilan edilen \u00fclkeler d\u0131\u015f\u0131nda a\u00e7\u0131k r\u0131zan\u0131z al\u0131nmas\u0131 durumunda payla\u015f\u0131lmaktad\u0131r.<\/p>\n<p>Yurtd\u0131\u015f\u0131na aktar\u0131lacak olan ki\u015fisel verilerinizden bili\u015fim hizmeti sunan firmalar d\u0131\u015f\u0131nda aktar\u0131lacak ki\u015fisel verileriniz Ger\u00e7ek veya t\u00fczel ki\u015filer ile payla\u015f\u0131lacak olan ki\u015fisel verileriniz i\u015f faaliyetlerinin y\u00fcr\u00fct\u00fclmesi ve veri sorumlusunun s\u00f6zle\u015fmeden kaynakl\u0131 y\u00fck\u00fcml\u00fcl\u00fc\u011f\u00fcn\u00fcn yerine getirilmesi sebepleri g\u00fcvenli ilan edilen \u00fclkeler d\u0131\u015f\u0131nda a\u00e7\u0131k r\u0131zan\u0131z al\u0131nmas\u0131 durumunda payla\u015f\u0131lmaktad\u0131r.<\/p>\n<h3>4. Ki\u015fisel Verilerin Toplama Y\u00f6ntemi ve Hukuki Sebebi<\/h3>\n<p>Taraf\u0131n\u0131za ait ki\u015fisel veriler, KVKK ve di\u011fer ilgili mevzuatlara ve D\u0130AMO KOZMET\u0130K SANAY\u0130 VE T\u0130CARET ANON\u0130M \u015e\u0130RKET\u0130 <strong>Ki\u015fisel Verilerin Korunmas\u0131 ve \u0130\u015flenmesi Politikas\u0131na <\/strong>uygun olarak Veri Sorumlusunun yukar\u0131da belirtilen ama\u00e7lar\u0131n ger\u00e7ekle\u015ftirilmesi i\u00e7in a\u015fa\u011f\u0131da belirtilen toplama y\u00f6ntemleri kullan\u0131larak toplanmakta ve i\u015flenmektedir.<\/p>\n<ul>\n<li>Belge Asl\u0131<\/li>\n<li>Form &#8211; Belge<\/li>\n<li>Hard Copy<\/li>\n<li>Excel Program\u0131<\/li>\n<li>Yaz\u0131l\u0131m Program\u0131 &#8211; Yurti\u00e7i<\/li>\n<li>Belge Y\u00f6netim Yaz\u0131l\u0131m\u0131<\/li>\n<li>E-Posta &#8211; Yurtd\u0131\u015f\u0131<\/li>\n<li>E-Posta &#8211; Yurti\u00e7i<\/li>\n<li>Web Tabanl\u0131 Yaz\u0131l\u0131m<\/li>\n<li>El yaz\u0131s\u0131<\/li>\n<li>Bilgisayar Ortam\u0131<\/li>\n<li>\u00d6zel Entegrasyon Program\u0131<\/li>\n<li>Bilgi Teknolojileri Veri Kay\u0131t Sistemi<\/li>\n<li>Muhasebe Program\u0131<\/li>\n<li>Word Dosya<\/li>\n<\/ul>\n<p>Yukar\u0131da belirtilen i\u015fleme y\u00f6ntemleri ile s\u00f6zl\u00fc, yaz\u0131l\u0131 ya da elektronik olarak toplanan Ki\u015fisel Verileriniz KVKK m. 5 ve 6. H\u00fck\u00fcmlerine uygun olarak; S\u00f6zle\u015fme \u0130mzalanmas\u0131, Hukuki Y\u00fck\u00fcml\u00fcl\u00fc\u011f\u00fcn Yerine Getirilmesi, Kanunlarda \u00d6ng\u00f6r\u00fclmesi, Veri Sorumlusunun Me\u015fru Menfaatleri, Bir hakk\u0131n Tesisi, Kullan\u0131lmas\u0131 veya Korunmas\u0131, Kamu sa\u011fl\u0131\u011f\u0131n\u0131n korunmas\u0131, koruyucu hekimlik, t\u0131bb\u00ee te\u015fhis, tedavi ve bak\u0131m hizmetlerinin y\u00fcr\u00fct\u00fclmesi ile sa\u011fl\u0131k hizmetlerinin planlanmas\u0131, y\u00f6netimi ve finansman\u0131, A\u00e7\u0131k R\u0131zan\u0131n Al\u0131nmas\u0131 hukuki sebeplerine dayan\u0131larak i\u015flenmektedir. }<\/p>\n<p>Say\u0131lan bu y\u00f6ntemlerle toplanan ve i\u015flenen ki\u015fisel verileriniz 6698 say\u0131l\u0131 Kanun\u2019un 5. ve 6. maddelerinde belirtilen ki\u015fisel veri i\u015fleme \u015fartlar\u0131 ve ama\u00e7lar\u0131 kapsam\u0131nda bu Bilgilendirmede belirtilen ama\u00e7larla i\u015flenebilmekte ve aktar\u0131labilmektedir.<\/p>\n<h3>5. 6698 say\u0131l\u0131 Kanun\u2019un 11. maddesindeki d\u00fczenlemeye g\u00f6re Ki\u015fisel Veri Sahibi olarak 11. Maddede Say\u0131lan Haklar\u0131n\u0131z<\/h3>\n<ul>\n<li>Ki\u015fisel verilerinizin i\u015flenip i\u015flenmedi\u011fini \u00f6\u011frenme,<\/li>\n<li>Ki\u015fisel verileriniz i\u015flenmi\u015fse buna ili\u015fkin bilgi talep etme,<\/li>\n<li>Ki\u015fisel verilerinizin i\u015flenme amac\u0131n\u0131 ve bunlar\u0131n amac\u0131na uygun kullan\u0131l\u0131p kullan\u0131lmad\u0131\u011f\u0131n\u0131 \u00f6\u011frenme,<\/li>\n<li>Yurt i\u00e7inde veya yurt d\u0131\u015f\u0131nda ki\u015fisel verilerinizin aktar\u0131ld\u0131\u011f\u0131 \u00fc\u00e7\u00fcnc\u00fc ki\u015fileri bilme<\/li>\n<li>Ki\u015fisel verilerinizin eksik veya yanl\u0131\u015f i\u015flenmi\u015f olmas\u0131 halinde bunlar\u0131n d\u00fczeltilmesini isteme ve bu kapsamda yap\u0131lan i\u015flemin ki\u015fisel verilerinizin aktar\u0131ld\u0131\u011f\u0131 \u00fc\u00e7\u00fcnc\u00fc ki\u015filere bildirilmesini isteme,<\/li>\n<li>6698 say\u0131l\u0131 Kanun ve ilgili di\u011fer kanun h\u00fck\u00fcmlerine uygun olarak i\u015flenmi\u015f olmas\u0131na ra\u011fmen, i\u015flenmesini gerektiren sebeplerin ortadan kalkmas\u0131 halinde ki\u015fisel verilerinizin silinmesini veya yok edilmesini isteme ve bu kapsamda yap\u0131lan i\u015flemin ki\u015fisel verilerinizin aktar\u0131ld\u0131\u011f\u0131 \u00fc\u00e7\u00fcnc\u00fc ki\u015filere bildirilmesini isteme,<\/li>\n<li>\u0130\u015flenen verilerinizin m\u00fcnhas\u0131ran otomatik sistemler vas\u0131tas\u0131yla analiz edilmesi suretiyle aleyhine bir sonucun ortaya \u00e7\u0131kt\u0131\u011f\u0131n\u0131 d\u00fc\u015f\u00fcn\u00fcyorsan\u0131z buna itiraz etme,<\/li>\n<li>Ki\u015fisel verilerinizin kanuna ayk\u0131r\u0131 olarak i\u015flenmesi sebebiyle zarara u\u011framan\u0131z halinde zarar\u0131n\u0131z\u0131n giderilmesini talep etme\u2019dir.<\/li>\n<\/ul>\n<p>Haklar\u0131n\u0131za ili\u015fkin taleplerinizi a\u015fa\u011f\u0131da belirtti\u011fimiz y\u00f6ntemlerle taraf\u0131m\u0131za iletmeniz durumunda, niteli\u011fine g\u00f6re talebi en k\u0131sa s\u00fcrede ve en ge\u00e7 otuz g\u00fcn i\u00e7inde \u00fccretsiz olarak sonu\u00e7land\u0131r\u0131lacakt\u0131r.<\/p>\n<p>Ancak, i\u015flemin ayr\u0131ca bir maliyet do\u011furmas\u0131 halinde, Veri Sorumlusu taraf\u0131ndan Ki\u015fisel Verileri Koruma Kurulu\u2019nca belirlenen tarifedeki \u00fccret al\u0131nacakt\u0131r. Bu kapsamda 6698 say\u0131l\u0131 Kanun\u2019un 13. maddesinin 1. f\u0131kras\u0131 gere\u011fince, yukar\u0131da belirtilen haklar\u0131n\u0131z\u0131 kullanmak ile ilgili talebinizi, yaz\u0131l\u0131 olarak ve Ki\u015fisel Verileri Koruma Kurulu\u2019nun belirleyece\u011fi di\u011fer y\u00f6ntemlerle taraf\u0131m\u0131za iletebilirsiniz. Bu \u00e7er\u00e7evede Veri Sorumlusuna 6698 say\u0131l\u0131 Kanun\u2019un 11. maddesi kapsam\u0131nda yapaca\u011f\u0131n\u0131z ba\u015fvurularda yaz\u0131l\u0131 olarak ba\u015fvurunuzu iletece\u011finiz kanallar ve usuller a\u015fa\u011f\u0131da a\u00e7\u0131klanmaktad\u0131r. Yukar\u0131da belirtilen haklar\u0131n\u0131z\u0131 kullanmak i\u00e7in, www.diamocosmetic.com adresinde bir \u00f6rne\u011fi bulunan <strong>\/ ilgili ki\u015fi\/veri sahibi ba\u015fvuru\/talep formu\u2019nu <\/strong>doldurup imzalad\u0131ktan sonra bu ba\u015fvuru formunu ya da haklar\u0131n\u0131z\u0131 kullanmak i\u00e7in d\u00fczenledi\u011finiz orjinal imzal\u0131 dilek\u00e7enizi;<\/p>\n<ul>\n<li>29 Ekim Mahallesi 9231 Sokak No:3\/1 Torbal\u0131 \/ \u0130zmir adresi (Veri Sorumlusu adresi) sekretaryas\u0131na kimli\u011finizi tespit edici belgeler ile elden teslim edebilir,<\/li>\n<li>Noter vas\u0131tas\u0131yla veya iadeli taahh\u00fctl\u00fc posta yoluyla yukar\u0131daki adresimize g\u00f6nderebilir,<\/li>\n<\/ul>\n<ul>\n<li><a href=\"mailto:diamokozmetik@hs01.kep.tr\">diamokozmetik@hs01.kep.tr<\/a><\/li>\n<li><a href=\"mailto:diamoticaret@hs01.kep.tr\">diamoticaret@hs01.kep.tr<\/a><\/li>\n<li><a href=\"mailto:diamokozmetiksan@hs01.kep.tr\">diamokozmetiksan@hs01.kep.tr<\/a><\/li>\n<\/ul>\n<ul>\n<li>adresine kep adresiniz varsa g\u00fcvenli elektronik imzal\u0131 olarak iletebilirsiniz.<\/li>\n<\/ul>\n<p><strong>Ayd\u0131nlatma metnini okudu\u011funuz i\u00e7in te\u015fekk\u00fcr ederiz.<\/strong><\/p>\n<p>D\u0130AMO KOZMET\u0130K SANAY\u0130 VE T\u0130CARET ANON\u0130M \u015e\u0130RKET\u0130<\/p>\n<p>29 Ekim Mahallesi 9231 Sokak No:3\/1 Torbal\u0131 \/ \u0130zmir<\/p>\n<p>0 (232) 853-9292<\/p>\n<p>diamo@diamocosmetic.com<\/p>\n<p>www.diamocosmetic.com<\/p>\n<p>&nbsp;<\/p>\n<p>&nbsp;<\/p>\n","protected":false},"excerpt":{"rendered":"<p>D\u0130AMO KOZMET\u0130K SANAY\u0130 VE T\u0130CARET ANON\u0130M \u015e\u0130RKET\u0130 K\u0130\u015e\u0130SEL VER\u0130LER\u0130N KORUNMASI VE \u0130\u015eLENMES\u0130 HAKKINDA AYDINLATMA METN\u0130 6698 say\u0131l\u0131 Ki\u015fisel Verilerin Korunmas\u0131 Kanunu (\u201cKVKK\u201d)<\/p>\n","protected":false},"author":4,"featured_media":0,"parent":0,"menu_order":0,"comment_status":"closed","ping_status":"closed","template":"","meta":{"footnotes":""},"class_list":["post-9282","page","type-page","status-publish","hentry"],"_links":{"self":[{"href":"https:\/\/diamocosmetic.com\/tr\/wp-json\/wp\/v2\/pages\/9282","targetHints":{"allow":["GET"]}}],"collection":[{"href":"https:\/\/diamocosmetic.com\/tr\/wp-json\/wp\/v2\/pages"}],"about":[{"href":"https:\/\/diamocosmetic.com\/tr\/wp-json\/wp\/v2\/types\/page"}],"author":[{"embeddable":true,"href":"https:\/\/diamocosmetic.com\/tr\/wp-json\/wp\/v2\/users\/4"}],"replies":[{"embeddable":true,"href":"https:\/\/diamocosmetic.com\/tr\/wp-json\/wp\/v2\/comments?post=9282"}],"version-history":[{"count":1,"href":"https:\/\/diamocosmetic.com\/tr\/wp-json\/wp\/v2\/pages\/9282\/revisions"}],"predecessor-version":[{"id":9283,"href":"https:\/\/diamocosmetic.com\/tr\/wp-json\/wp\/v2\/pages\/9282\/revisions\/9283"}],"wp:attachment":[{"href":"https:\/\/diamocosmetic.com\/tr\/wp-json\/wp\/v2\/media?parent=9282"}],"curies":[{"name":"wp","href":"https:\/\/api.w.org\/{rel}","templated":true}]}}