{"id":9288,"date":"2022-01-18T11:50:34","date_gmt":"2022-01-18T11:50:34","guid":{"rendered":"https:\/\/diamocosmetic.com\/?page_id=9288"},"modified":"2022-01-18T11:54:55","modified_gmt":"2022-01-18T11:54:55","slug":"kvkk-bildirimi","status":"publish","type":"page","link":"https:\/\/diamocosmetic.com\/tr\/kvkk-bildirimi\/","title":{"rendered":"KVKK B\u0130LD\u0130R\u0130M\u0130"},"content":{"rendered":"<h2 style=\"text-align: center;\">D\u0130AMO KOZMET\u0130K SANAY\u0130 VE T\u0130CARET ANON\u0130M \u015e\u0130RKET\u0130<\/h2>\n<h2 style=\"text-align: center;\">K\u0130\u015e\u0130SEL VER\u0130LER\u0130N KORUNMASI VE \u0130\u015eLENMES\u0130, K\u0130\u015e\u0130SEL VER\u0130 SAKLAMA VE \u0130MHA POL\u0130T\u0130KASI<\/h2>\n<p style=\"text-align: center;\">Y\u00fcr\u00fcrl\u00fck Tarihi: 08.09.2021<\/p>\n<p>\u0130\u00e7indekiler<\/p>\n<p>KISALTMALAR VE KAVRAMLAR<\/p>\n<ol>\n<li>G\u0130R\u0130\u015e<\/li>\n<li>K\u0130\u015e\u0130SEL VER\u0130LER\u0130N KORUNMASINA \u0130L\u0130\u015eK\u0130N HUSUSLAR<\/li>\n<li>K\u0130\u015e\u0130SEL VER\u0130LER\u0130N \u0130\u015eLENMES\u0130NE \u0130L\u0130\u015eK\u0130N HUSUSLAR<\/li>\n<li>\u015e\u0130RKET\u0130M\u0130Z TARAFINDAN \u0130\u015eLENEN K\u0130\u015e\u0130SEL VER\u0130LER\u0130N KATEGOR\u0130ZASYONU, \u0130\u015eLENME AMA\u00c7LARI VE SAKLANMA S\u00dcRELER\u0130<\/li>\n<li>\u015e\u0130RKET TARAFINDAN \u0130\u015eLENEN K\u0130\u015e\u0130SEL VER\u0130LER\u0130N SAH\u0130PLER\u0130NE \u0130L\u0130\u015eK\u0130N KATEGOR\u0130ZASYON<\/li>\n<li>\u015e\u0130RKET TARAFINDAN K\u0130\u015e\u0130SEL VER\u0130LER\u0130N AKTARILDI\u011eI \u00dc\u00c7\u00dcNC\u00dc K\u0130\u015e\u0130LER VE AKTARILMA AMA\u00c7LARI<\/li>\n<li>K\u0130\u015e\u0130SEL VER\u0130LER\u0130N KANUNDAK\u0130 \u0130\u015eLEME \u015eARTLARINA DAYALI VE BU \u015eARTLARLA SINIRLI OLARAK \u0130\u015eLENMES\u0130<\/li>\n<li>K\u0130\u015e\u0130SEL VER\u0130LER\u0130N S\u0130L\u0130NMES\u0130, YOK ED\u0130LMES\u0130 VE ANON\u0130MLE\u015eT\u0130R\u0130LMES\u0130 \u015eARTLARI<\/li>\n<li>K\u0130\u015e\u0130SEL VER\u0130 SAH\u0130PLER\u0130N\u0130N HAKLARI; BU HAKLARIN KULLANILMASI VE DE\u011eERLEND\u0130R\u0130LMES\u0130 METODOLOJ\u0130S\u0130<\/li>\n<li>\u015e\u0130RKET K\u0130\u015e\u0130SEL VER\u0130LER\u0130N KORUNMASI VE \u0130\u015eLENMES\u0130 POL\u0130T\u0130KASI\u2019NIN D\u0130\u011eER POL\u0130T\u0130KALARLA OLAN \u0130L\u0130\u015eK\u0130S\u0130<\/li>\n<\/ol>\n<h2><a name=\"_Toc82011566\"><\/a>KISALTMALAR VE KAVRAMLAR<\/h2>\n<table>\n<tbody>\n<tr>\n<td width=\"20%\">KVKK Kanunu<\/td>\n<td width=\"80%\">7 Nisan 2016 tarihli ve 29677 say\u0131l\u0131 Resmi Gazete\u2019de yay\u0131mlanan 6698 say\u0131l\u0131 Ki\u015fisel Verilerin Korunmas\u0131 Kanunu<\/td>\n<\/tr>\n<tr>\n<td width=\"20%\">GDPR<\/td>\n<td width=\"80%\">EU (Avrupa Birli\u011fi) General Data Protection Regulation<\/td>\n<\/tr>\n<tr>\n<td width=\"20%\">Anayasa<\/td>\n<td width=\"80%\">9 Kas\u0131m 1982 tarihli ve 17863 say\u0131l\u0131 Resmi Gazete\u2019de yay\u0131mlanan 7 Kas\u0131m 1982 tarihli ve 2709 say\u0131l\u0131 T\u00fcrkiye Cumhuriyeti Anayasas\u0131<\/td>\n<\/tr>\n<tr>\n<td width=\"20%\">Veri \u0130\u015fleyen<\/td>\n<td width=\"80%\">Verilerin teknik olarak depolanmas\u0131, korunmas\u0131 ve yedeklenmesinden sorumlu olan ki\u015fi ya da birim hari\u00e7 olmak \u00fczere veri sorumlusu organizasyonu d\u0131\u015f\u0131nda ve veri sorumlusundan ald\u0131\u011f\u0131 yetki ve talimat do\u011frultusunda ki\u015fisel verileri i\u015fleyen ki\u015fi.<\/td>\n<\/tr>\n<tr>\n<td width=\"20%\">Veri Sahibi\/\u0130lgili<\/td>\n<td width=\"80%\">\u015e\u0130RKET ve\/veya \u015e\u0130RKET\u2019in ba\u011fl\u0131 \u015firketleri\/i\u015ftiraklerinin ticari ili\u015fki Ki\u015fi\/\u0130lgili Ki\u015filer i\u00e7inde bulundu\u011fu \u00e7al\u0131\u015fanlar\u0131, m\u00fc\u015fterileri, i\u015f ortaklar\u0131, hissedarlar\u0131, yetkilileri, potansiyel m\u00fc\u015fterileri, aday \u00e7al\u0131\u015fanlar\u0131, stajyerleri, ziyaret\u00e7ileri, tedarik\u00e7ileri, i\u015f birli\u011fi i\u00e7inde \u00e7al\u0131\u015ft\u0131\u011f\u0131 kurumlar\u0131n \u00e7al\u0131\u015fanlar\u0131, \u00fc\u00e7\u00fcnc\u00fc ki\u015filer ve burada say\u0131lanlarla s\u0131n\u0131rl\u0131 olmamak \u00fczere di\u011fer ki\u015filer gibi ki\u015fisel verisi i\u015flenen ger\u00e7ek ki\u015fi.<\/td>\n<\/tr>\n<tr>\n<td width=\"20%\">Veri Sorumlusu<\/td>\n<td width=\"80%\">Ki\u015fisel verilerin i\u015fleme ama\u00e7lar\u0131n\u0131 ve vas\u0131talar\u0131n\u0131 belirleyen, veri kay\u0131t sisteminin kurulmas\u0131ndan ve y\u00f6netilmesinden sorumlu olan ger\u00e7ek veya t\u00fczel ki\u015fi.<\/td>\n<\/tr>\n<tr>\n<td width=\"20%\">A\u00e7\u0131k R\u0131za<\/td>\n<td width=\"80%\">Belirli bir konuya ili\u015fkin, bilgilendirilmeye dayanan ve \u00f6zg\u00fcr iradeyle a\u00e7\u0131klanan r\u0131za.<\/td>\n<\/tr>\n<tr>\n<td width=\"20%\">\u0130mha<\/td>\n<td width=\"80%\">Ki\u015fisel verilerin silinmesi, yok edilmesi veya anonim hale getirilmesi.<\/td>\n<\/tr>\n<tr>\n<td width=\"20%\">Kay\u0131t Ortam\u0131<\/td>\n<td width=\"80%\">Tamamen veya k\u0131smen otomatik olan ya da herhangi bir veri kay\u0131t sisteminin par\u00e7as\u0131 olmak kayd\u0131yla otomatik olmayan yollarla i\u015flenen ki\u015fisel verilerin bulundu\u011fu her t\u00fcrl\u00fc ortam.<\/td>\n<\/tr>\n<tr>\n<td width=\"20%\">Ki\u015fisel Veri<\/td>\n<td width=\"80%\">Kimli\u011fi belirli veya belirlenebilir ger\u00e7ek ki\u015fiye ili\u015fkin her t\u00fcrl\u00fc bilgi.<\/td>\n<\/tr>\n<tr>\n<td width=\"20%\">\u00d6zel Nitelikli Ki\u015fisel Veri<\/td>\n<td width=\"80%\">Ki\u015filerin \u0131rk\u0131, etnik k\u00f6keni, siyasi d\u00fc\u015f\u00fcncesi, felsefi inanc\u0131, dini, mezhebi veya di\u011fer inan\u00e7lar\u0131, k\u0131l\u0131k ve k\u0131yafeti, dernek, vak\u0131f ya da sendika \u00fcyeli\u011fi, sa\u011fl\u0131\u011f\u0131, cinsel hayat\u0131, ceza mahk\u00fbmiyeti ve g\u00fcvenlik tedbirleriyle ilgili verileri ile biyometrik ve genetik verileri.<\/td>\n<\/tr>\n<tr>\n<td width=\"20%\">Ki\u015fisel Verilerin \u0130\u015flenmesi<\/td>\n<td width=\"80%\">Ki\u015fisel verilerin tamamen veya k\u0131smen otomatik olan ya da herhangi bir veri kay\u0131t sisteminin par\u00e7as\u0131 olmak kayd\u0131yla otomatik olmayan yollarla elde edilmesi, kaydedilmesi, depolanmas\u0131, muhafaza edilmesi, de\u011fi\u015ftirilmesi, yeniden d\u00fczenlenmesi, a\u00e7\u0131klanmas\u0131, aktar\u0131lmas\u0131, devral\u0131nmas\u0131, elde edilebilir h\u00e2le getirilmesi, s\u0131n\u0131fland\u0131r\u0131lmas\u0131 ya da kullan\u0131lmas\u0131n\u0131n engellenmesi gibi veriler \u00fczerinde ger\u00e7ekle\u015ftirilen her t\u00fcrl\u00fc i\u015flem.<\/td>\n<\/tr>\n<tr>\n<td width=\"20%\">Ki\u015fisel Verilerin Anonim Hale Getirilmesi<\/td>\n<td width=\"80%\">Ki\u015fisel verilerin, ba\u015fka verilerle e\u015fle\u015ftirilerek dahi hi\u00e7bir surette kimli\u011fi belirli veya belirlenebilir bir ger\u00e7ek ki\u015fiyle ili\u015fkilendirilemeyecek h\u00e2le getirilmesi.<\/td>\n<\/tr>\n<tr>\n<td width=\"20%\">Ki\u015fisel Verilerin Silinmesi<\/td>\n<td width=\"80%\">Ki\u015fisel verilerin silinmesi; ki\u015fisel verilerin ilgili kullan\u0131c\u0131lar i\u00e7in hi\u00e7bir \u015fekilde eri\u015filemez ve tekrar kullan\u0131lamaz hale getirilmesi.<\/td>\n<\/tr>\n<tr>\n<td width=\"20%\">Ki\u015fisel Verilerin Yok Edilmesi<\/td>\n<td width=\"80%\">Ki\u015fisel verilerin hi\u00e7 kimse taraf\u0131ndan hi\u00e7bir \u015fekilde eri\u015filemez, geri getirilemez ve tekrar kullan\u0131lamaz hale getirilmesi i\u015flemi.<\/td>\n<\/tr>\n<tr>\n<td width=\"20%\">Periyodik \u0130mha<\/td>\n<td width=\"80%\">Kanunda yer alan ki\u015fisel verilerin i\u015flenme \u015fartlar\u0131n\u0131n tamam\u0131n\u0131n ortadan kalkmas\u0131 durumunda tekrar eden aral\u0131klarla re\u2019sen ger\u00e7ekle\u015ftirilecek silme, yok etme veya anonim hale getirme i\u015flemi.<\/td>\n<\/tr>\n<tr>\n<td width=\"20%\">Y\u00f6netmelik<\/td>\n<td width=\"80%\">28 Ekim 2017 tarihli 30224 say\u0131l\u0131 Resmi Gazete\u2019de yay\u0131mlanan ve 1 Ocak 2018 tarihi itibariyle y\u00fcr\u00fcrl\u00fc\u011fe giren Ki\u015fisel Verilerin Silinmesi, Yok Edilmesi veya Anonim Hale Getirilmesi Hakk\u0131nda Y\u00f6netmelik.<\/td>\n<\/tr>\n<tr>\n<td width=\"20%\">KVK Kurulu \/ Kurul<\/td>\n<td width=\"80%\">Ki\u015fisel Verileri Koruma Kurulu<\/td>\n<\/tr>\n<tr>\n<td width=\"20%\">KVK Kurumu<\/td>\n<td width=\"80%\">Ki\u015fisel Verileri Koruma Kurumu<\/td>\n<\/tr>\n<tr>\n<td width=\"20%\">Politika<\/td>\n<td width=\"80%\">Veri Sorumlusu Ki\u015fisel Verilerin Korunmas\u0131 Ve \u0130\u015flenmesi Politikas\u0131<\/td>\n<\/tr>\n<tr>\n<td width=\"20%\">T\u00fcrk Ceza Kanunu<\/td>\n<td width=\"80%\">12 Ekim 2004 tarihli ve 25611 say\u0131l\u0131 Resmi Gazete&#8217;de yay\u0131mlanan; 26 Eyl\u00fcl 2004 tarihli ve 5237 say\u0131l\u0131 T\u00fcrk Ceza Kanunu.<\/td>\n<\/tr>\n<\/tbody>\n<\/table>\n<h3><a name=\"_Toc82011567\"><\/a>1. G\u0130R\u0130\u015e<\/h3>\n<h4>1.1. Ama\u00e7<\/h4>\n<p>Veri Sorumlusu olarak, anayasal bir hak olarak d\u00fczenlenen ki\u015fisel verilerin korunmas\u0131 ve hukuksal g\u00fcvence alt\u0131na al\u0131nmas\u0131 konusunda, sorumlulu\u011fumuzun fark\u0131nday\u0131z ve ki\u015fisel verilerinizin g\u00fcvenli bir \u015fekilde kullan\u0131m\u0131na \u00f6nem veriyoruz.<\/p>\n<p>Bu politikan\u0131n amac\u0131 \u015e\u0130RKET\u2019in ki\u015fisel verileri 7 Nisan 2016 tarihli ve 29677 say\u0131l\u0131 Resmi Gazete\u2019de yay\u0131mlanm\u0131\u015f olan Ki\u015fisel Verilerin Korunmas\u0131 Kanunu\u2019na (KVKK) uyumlu bir \u015fekilde i\u015flenmesini ve korunmas\u0131n\u0131 sa\u011flamak i\u00e7in izlenecek y\u00f6ntem ve ilkeleri d\u00fczenlemektir.<\/p>\n<p>Bu \u015fekilde Veri Sorumlusu taraf\u0131ndan ger\u00e7ekle\u015ftirilen ki\u015fisel verilerin i\u015flenmesi ve korunmas\u0131 faaliyetlerinde mevzuata tam uyumun sa\u011flanmas\u0131 ve ki\u015fisel veri sahiplerinin ki\u015fisel verilere dair mevzuattan kaynaklanan t\u00fcm haklar\u0131n\u0131n korunmas\u0131 hedeflenmektedir.<\/p>\n<h4>1.2. Kapsam<\/h4>\n<p>Bu politika, \u015e\u0130RKET taraf\u0131ndan y\u00f6netilen, t\u00fcm ki\u015fisel verilerin i\u015flenmesi ve korunmas\u0131na y\u00f6nelik y\u00fcr\u00fct\u00fclen faaliyetlerde uygulanmaktad\u0131r.<\/p>\n<p>Bu politika; otomatik olan ya da herhangi bir veri kay\u0131t sisteminin par\u00e7as\u0131 olmak kayd\u0131yla otomatik olmayan yollarla, Hissedar\/Ortak, Di\u011fer, \u00c7al\u0131\u015fan, \u00dcr\u00fcn veya Hizmet Alan Ki\u015fi, Tedarik\u00e7i Yetkilisi, Veli \/ Vasi \/ Temsilci, Potansiyel \u00dcr\u00fcn veya Hizmet Al\u0131c\u0131s\u0131, Ziyaret\u00e7i, Tedarik\u00e7i \u00c7al\u0131\u015fan\u0131, \u00c7al\u0131\u015fan Aday\u0131, Di\u011fer &#8211; Y\u00f6netici (Hissedar\/Ortak Olmayan), Di\u011fer &#8211; Kamu G\u00f6revlisi, Di\u011fer &#8211; \u015eirket Yetkilisi, Di\u011fer &#8211; Kargo G\u00f6revlisi, Di\u011fer &#8211; Ba\u015fvurucu, Di\u011fer &#8211; E-posta G\u00f6nderici (Ger\u00e7ek Ki\u015fi), Di\u011fer &#8211; E-posta G\u00f6nderici (T\u00fczel Ki\u015fi \u00c7al\u0131\u015fan\u0131\/Yetkilisi), Di\u011fer &#8211; M\u00fc\u015fteri &#8211; Yetkilisi &#8211; \u00c7al\u0131\u015fan\u0131, Di\u011fer &#8211; Onaylayan, Di\u011fer &#8211; Yetkili Personel, Di\u011fer &#8211; Denetleyen, Di\u011fer &#8211; Teslim Alan, Di\u011fer &#8211; G\u00fcmr\u00fck M\u00fc\u015faviri, Di\u011fer &#8211; M\u00fc\u015fteri &#8211; Yetkilisi &#8211; \u00c7al\u0131\u015fan\u0131, Di\u011fer &#8211; D\u00fczenleyen, Di\u011fer &#8211; \u0130hracat\u00e7\u0131, Di\u011fer &#8211; \u00dcretici, Di\u011fer &#8211; Distrib\u00fct\u00f6r, Di\u011fer &#8211; Al\u0131c\u0131, Di\u011fer &#8211; Banka Yetkilisi, Di\u011fer &#8211; Yetkili, Di\u011fer &#8211; Tedarik\u00e7i, Di\u011fer &#8211; Kurumsal M\u00fc\u015fteri Temsilcisi\/Yetkilisi, Di\u011fer &#8211; Tedarik\u00e7i (Ger\u00e7ek Ki\u015fi), Di\u011fer &#8211; Dava, \u0130cra Dosyas\u0131 Taraf\u0131, Di\u011fer &#8211; Veri Sorumlusu Yetkilisi, Di\u011fer &#8211; \u00dcr\u00fcn veya Hizmet Alan Ki\u015fi (Ger\u00e7ek Ki\u015fi), Di\u011fer &#8211; Potansiyel \u00dcr\u00fcn veya Hizmet Al\u0131c\u0131s\u0131 (Ger\u00e7ek Ki\u015fi), Di\u011fer &#8211; \u00c7al\u0131\u015fan Yak\u0131n\u0131, Di\u011fer &#8211; \u00c7al\u0131\u015fan (Kazay\u0131 G\u00f6ren-Tan\u0131k), Di\u011fer &#8211; Doktor, Di\u011fer &#8211; \u00c7al\u0131\u015fan Aday\u0131 Referans\u0131, Di\u011fer &#8211; \u0130\u015f Sa\u011fl\u0131\u011f\u0131 ve G\u00fcvenli\u011fi Uzman\u0131, Di\u011fer &#8211; Hukuk M\u00fc\u015faviri, Di\u011fer &#8211; \u0130\u015fveren Vekili, Di\u011fer &#8211; Alt \u0130\u015fveren (Ta\u015feron) Ger\u00e7ek Ki\u015fi, Di\u011fer &#8211; Alt \u0130\u015fveren (Ta\u015feron) T\u00fczel Ki\u015fi Yetkilisi, Di\u011fer &#8211; \u0130\u015fyeri Hekimi ba\u015fta olmak \u00fczere ki\u015fisel verileri Veri Sorumlusu taraf\u0131ndan i\u015flenen ger\u00e7ek ki\u015fileri kapsar. Bu Politika, hi\u00e7bir \u015fekilde t\u00fczel ki\u015filere ve t\u00fczel ki\u015fi verilerine uygulanmayacakt\u0131r.<\/p>\n<p>Bu politika, \u015e\u0130RKET taraf\u0131ndan, t\u00fcm ki\u015fisel verilerin i\u015flenmesi ve korunmas\u0131na y\u00f6nelik y\u00fcr\u00fct\u00fclen faaliyetlerde, ilgili detayl\u0131 veri prosed\u00fcrleri ile birlikte uygulanmaktad\u0131r.<\/p>\n<h4>1.3. Politika\u2019n\u0131n ve \u0130lgili Mevzuat\u0131n Uygulanmas\u0131<\/h4>\n<p>Ki\u015fisel verilerin i\u015flenmesi ve korunmas\u0131 konusunda y\u00fcr\u00fcrl\u00fckte bulunan ilgili kanuni d\u00fczenlemeler \u00f6ncelikle uygulama alan\u0131 bulacakt\u0131r. Y\u00fcr\u00fcrl\u00fckte bulunan mevzuat ve Politika aras\u0131nda uyumsuzluk bulunmas\u0131 durumunda, Veri Sorumlusu olarak y\u00fcr\u00fcrl\u00fckteki mevzuat\u0131n uygulama alan\u0131 bulaca\u011f\u0131n\u0131 kabul etmektedir.<\/p>\n<h4>1.4. Politika\u2019n\u0131n Y\u00fcr\u00fcrl\u00fc\u011f\u00fc<\/h4>\n<p>Veri Sorumlusu taraf\u0131ndan d\u00fczenlenen bu Politika 08.09.2021 tarihlidir. Politika\u2019n\u0131n tamam\u0131n\u0131n veya belirli maddelerinin yenilenmesi durumunda Politika\u2019n\u0131n y\u00fcr\u00fcrl\u00fck tarihi g\u00fcncellenecektir.<\/p>\n<p>Politika Veri Sorumlusunun internet sitesinde www.diamocosmetic.com yay\u0131mlan\u0131r ve ki\u015fisel veri sahiplerinin talebi \u00fczerine ilgili ki\u015filerin eri\u015fimine sunulur.<\/p>\n<h3><a name=\"_Toc82011568\"><\/a>2. K\u0130\u015e\u0130SEL VER\u0130LER\u0130N KORUNMASINA \u0130L\u0130\u015eK\u0130N HUSUSLAR<\/h3>\n<p>Veri Sorumlusu, KVK Kanunu\u2019nun 12. maddesine uygun olarak, i\u015flemekte oldu\u011fu ki\u015fisel verilerin hukuka ayk\u0131r\u0131 olarak i\u015flenmesini \u00f6nlemek, verilere hukuka ayk\u0131r\u0131 olarak eri\u015filmesini \u00f6nlemek ve verilerin muhafazas\u0131n\u0131 sa\u011flamak i\u00e7in uygun g\u00fcvenlik d\u00fczeyini sa\u011flamaya y\u00f6nelik gerekli teknik ve idari tedbirleri almakta, bu kapsamda gerekli denetimleri yapmak veya yapt\u0131rmaktad\u0131r.<\/p>\n<h4>2.1. Ki\u015fisel Verilerin G\u00fcvenli\u011finin Sa\u011flanmas\u0131<\/h4>\n<h4>2.1.1. Ki\u015fisel Verilerin Hukuka Uygun \u0130\u015flenmesini Sa\u011flamak, Hukuka Ayk\u0131r\u0131 Eri\u015fimini Engellemek ve G\u00fcvenli Ortamlarda Saklanmas\u0131 i\u00e7in Al\u0131nan Teknik ve \u0130dari Tedbirler<\/h4>\n<p>Veri Sorumlusu, ki\u015fisel verilerin hukuka uygun i\u015flenmesini sa\u011flamak, bu verilerin hukuka ayk\u0131r\u0131 eri\u015fimini engellemek ve g\u00fcvenli ortamlarda saklanmas\u0131 i\u00e7in, teknolojik imk\u00e2nlar ve uygulama maliyetine g\u00f6re teknik ve idari tedbirler almaktad\u0131r.<\/p>\n<h4>2.1.1.1. Ki\u015fisel Verilerin Hukuka Uygun \u0130\u015flenmesini Sa\u011flamak, Hukuka Ayk\u0131r\u0131 Eri\u015fimini Engellemek ve G\u00fcvenli Ortamlarda Saklanmas\u0131 i\u00e7in Al\u0131nan Teknik Tedbirler<\/h4>\n<p>Veri Sorumlusu taraf\u0131ndan ki\u015fisel verilerin hukuka uygun i\u015flenmesini sa\u011flamak, bu verilerin hukuka ayk\u0131r\u0131 eri\u015fimini engellemek ve g\u00fcvenli ortamlarda saklanmas\u0131 i\u00e7in al\u0131nan ba\u015fl\u0131ca teknik tedbirler a\u015fa\u011f\u0131da s\u0131ralanmaktad\u0131r:<\/p>\n<ul>\n<li>A\u011f g\u00fcvenli\u011fi ve uygulama g\u00fcvenli\u011fi sa\u011flanmaktad\u0131r<\/li>\n<li>A\u011f yoluyla ki\u015fisel veri aktar\u0131mlar\u0131nda kapal\u0131 sistem a\u011f kullan\u0131lmaktad\u0131r<\/li>\n<li>Bilgi teknolojileri sistemleri tedarik, geli\u015ftirme ve bak\u0131m\u0131 kapsam\u0131ndaki g\u00fcvenlik \u00f6nlemleri al\u0131nmaktad\u0131r<\/li>\n<li>Bulutta depolanan ki\u015fisel verilerin g\u00fcvenli\u011fi sa\u011flanmaktad\u0131r<\/li>\n<li>Eri\u015fim loglar\u0131 d\u00fczenli olarak tutulmaktad\u0131r<\/li>\n<li>G\u00fcncel anti-vir\u00fcs sistemleri kullan\u0131lmaktad\u0131r<\/li>\n<li>G\u00fcvenlik duvarlar\u0131 kullan\u0131lmaktad\u0131r<\/li>\n<li>Ki\u015fisel veriler yedeklenmekte ve yedeklenen ki\u015fisel verilerin g\u00fcvenli\u011fi de sa\u011flanmaktad\u0131r<\/li>\n<li>Kullan\u0131c\u0131 hesap y\u00f6netimi ve yetki kontrol sistemi uygulanmakta olup bunlar\u0131n takibi de yap\u0131lmaktad\u0131r<\/li>\n<li>Log kay\u0131tlar\u0131 kullan\u0131c\u0131 m\u00fcdahalesi olmayacak \u015fekilde tutulmaktad\u0131r<\/li>\n<li>Siber g\u00fcvenlik \u00f6nlemleri al\u0131nm\u0131\u015f olup uygulanmas\u0131 s\u00fcrekli takip edilmektedir<\/li>\n<li>Veri kayb\u0131 \u00f6nleme yaz\u0131l\u0131mlar\u0131 kullan\u0131lmaktad\u0131r<\/li>\n<li>Eri\u015fim, bilgi g\u00fcvenli\u011fi, kullan\u0131m, saklama ve imha konular\u0131nda kurumsal politikalar haz\u0131rlanm\u0131\u015f ve uygulamaya ba\u015flanm\u0131\u015ft\u0131r<\/li>\n<\/ul>\n<h4>2.1.1.2. Ki\u015fisel Verilerin Hukuka Uygun \u0130\u015flenmesini Sa\u011flamak, Hukuka Ayk\u0131r\u0131 Eri\u015fimini Engellemek ve G\u00fcvenli Ortamlarda Saklanmas\u0131 i\u00e7in Al\u0131nan \u0130dari Tedbirler<\/h4>\n<p>Veri Sorumlusu taraf\u0131ndan ki\u015fisel verilerin hukuka uygun i\u015flenmesini sa\u011flamak, bu verilerin hukuka ayk\u0131r\u0131 eri\u015fimini engellemek ve g\u00fcvenli ortamlarda saklanmas\u0131 i\u00e7in al\u0131nan ba\u015fl\u0131ca idari tedbirler a\u015fa\u011f\u0131da s\u0131ralanmaktad\u0131r<\/p>\n<ul>\n<li>\u00c7al\u0131\u015fanlar i\u00e7in veri g\u00fcvenli\u011fi h\u00fck\u00fcmleri i\u00e7eren disiplin d\u00fczenlemeleri mevcuttur<\/li>\n<li>\u00c7al\u0131\u015fanlar i\u00e7in veri g\u00fcvenli\u011fi konusunda belli aral\u0131klarla e\u011fitim ve fark\u0131ndal\u0131k \u00e7al\u0131\u015fmalar\u0131 yap\u0131lmaktad\u0131r<\/li>\n<li>\u00c7al\u0131\u015fanlar i\u00e7in yetki matrisi olu\u015fturulmu\u015ftur<\/li>\n<li><\/li>\n<li>Gizlilik taahh\u00fctnameleri yap\u0131lmaktad\u0131r<\/li>\n<li>G\u00f6rev de\u011fi\u015fikli\u011fi olan ya da i\u015ften ayr\u0131lan \u00e7al\u0131\u015fanlar\u0131n bu alandaki yetkileri kald\u0131r\u0131lmaktad\u0131r<\/li>\n<li>\u0130mzalanan s\u00f6zle\u015fmeler veri g\u00fcvenli\u011fi h\u00fck\u00fcmleri i\u00e7ermektedir<\/li>\n<li>Ki\u015fisel veri g\u00fcvenli\u011fi politika ve prosed\u00fcrleri belirlenmi\u015ftir<\/li>\n<li>Ki\u015fisel veri g\u00fcvenli\u011fi sorunlar\u0131 h\u0131zl\u0131 bir \u015fekilde raporlanmaktad\u0131r<\/li>\n<li>Ki\u015fisel veri g\u00fcvenli\u011finin takibi yap\u0131lmaktad\u0131r<\/li>\n<li>Ki\u015fisel veri i\u00e7eren fiziksel ortamlara giri\u015f \u00e7\u0131k\u0131\u015flarla ilgili gerekli g\u00fcvenlik \u00f6nlemleri al\u0131nmaktad\u0131r<\/li>\n<li>Ki\u015fisel veri i\u00e7eren fiziksel ortamlar\u0131n d\u0131\u015f risklere (yang\u0131n, sel vb.) kar\u015f\u0131 g\u00fcvenli\u011fi sa\u011flanmaktad\u0131r<\/li>\n<li>Ki\u015fisel veri i\u00e7eren ortamlar\u0131n g\u00fcvenli\u011fi sa\u011flanmaktad\u0131r<\/li>\n<li>Ki\u015fisel veriler m\u00fcmk\u00fcn oldu\u011funca azalt\u0131lmaktad\u0131r<\/li>\n<li>Mevcut risk ve tehditler belirlenmi\u015ftir<\/li>\n<li>\u00d6zel nitelikli ki\u015fisel veri g\u00fcvenli\u011fine y\u00f6nelik protokol ve prosed\u00fcrler belirlenmi\u015f ve uygulanmaktad\u0131r<\/li>\n<li>Veri i\u015fleyen hizmet sa\u011flay\u0131c\u0131lar\u0131n\u0131n, veri g\u00fcvenli\u011fi konusunda fark\u0131ndal\u0131\u011f\u0131 sa\u011flanmaktad\u0131r<\/li>\n<\/ul>\n<h4>2.1.2. Ki\u015fisel Verilerin Korunmas\u0131 Konusunda Al\u0131nan Tedbirlerin Denetimi<\/h4>\n<p>Veri Sorumlusu, KVK Kanunu\u2019nun 12. maddesine uygun olarak, kendi b\u00fcnyesinde gerekli denetimleri yapmakta veya yapt\u0131rmaktad\u0131r. Bu denetim sonu\u00e7lar\u0131 Veri Sorumlusunun i\u00e7 i\u015fleyi\u015fi kapsam\u0131nda konu ile ilgili b\u00f6l\u00fcme raporlanmakta ve al\u0131nan tedbirlerin iyile\u015ftirilmesi i\u00e7in gerekli faaliyetler y\u00fcr\u00fct\u00fclmektedir.<\/p>\n<h4>2.1.3. Ki\u015fisel Verilerin Yetkisiz Bir \u015eekilde \u0130f\u015fas\u0131 Durumunda Al\u0131nacak Tedbirler<\/h4>\n<p>Veri Sorumlusunun, KVK Kanunu\u2019nun 12. maddesine uygun olarak i\u015flenen ki\u015fisel verilerin kanuni olmayan yollarla ba\u015fkalar\u0131 taraf\u0131ndan elde edilmesi halinde bu durumu en k\u0131sa s\u00fcrede ilgili ki\u015fisel veri sahibine ve KVK Kurulu\u2019na bildirilmesini sa\u011flayan sistemi y\u00fcr\u00fctmektedir.<\/p>\n<h4>2.2. Veri Sahibinin Haklar\u0131n\u0131n G\u00f6zetilmesi; Bu Haklar\u0131 Veri Sorumlusuna \u0130letece\u011fi Kanallar\u0131n Yarat\u0131lmas\u0131 ve Veri Sahiplerinin Taleplerinin De\u011ferlendirmesi<\/h4>\n<p>Veri Sorumlusu olarak, ki\u015fisel veri sahiplerinin haklar\u0131n\u0131n de\u011ferlendirilmesi ve ki\u015fisel veri sahiplerine gereken bilgilendirmenin yap\u0131lmas\u0131 i\u00e7in KVK Kanunu\u2019nun 13. maddesine uygun olarak gerekli kanallar\u0131, i\u00e7 i\u015fleyi\u015fi, idari ve teknik d\u00fczenlemeleri y\u00fcr\u00fctmektedir.<\/p>\n<p>Ki\u015fisel veri sahipleri a\u015fa\u011f\u0131da s\u0131ralanan haklar\u0131na ili\u015fkin taleplerini yaz\u0131l\u0131 olarak Veri Sorumlusu taraf\u0131m\u0131za iletmeleri durumunda Veri Sorumlusunca talebin niteli\u011fine g\u00f6re talebi en k\u0131sa s\u00fcrede ve en ge\u00e7 otuz g\u00fcn i\u00e7inde \u00fccretsiz olarak sonu\u00e7land\u0131rmaktad\u0131r. Ancak, i\u015flemin ayr\u0131ca bir maliyeti gerektirmesi h\u00e2linde, Veri Sorumlusu taraf\u0131ndan KVK Kurulunca belirlenen tarifedeki \u00fccret al\u0131nacakt\u0131r. Ki\u015fisel veri sahipleri;<\/p>\n<ul>\n<li>Ki\u015fisel veri i\u015flenip i\u015flenmedi\u011fini \u00f6\u011frenme,<\/li>\n<li>Ki\u015fisel verileri i\u015flenmi\u015fse buna ili\u015fkin bilgi talep etme,<\/li>\n<li>Ki\u015fisel verilerin i\u015flenme amac\u0131n\u0131 ve bunlar\u0131n amac\u0131na uygun kullan\u0131l\u0131p kullan\u0131lmad\u0131\u011f\u0131n\u0131 \u00f6\u011frenme,<\/li>\n<li>Yurt i\u00e7inde veya yurt d\u0131\u015f\u0131nda ki\u015fisel verilerin aktar\u0131ld\u0131\u011f\u0131 \u00fc\u00e7\u00fcnc\u00fc ki\u015fileri bilme,<\/li>\n<li>Ki\u015fisel verilerin eksik veya yanl\u0131\u015f i\u015flenmi\u015f olmas\u0131 h\u00e2linde bunlar\u0131n d\u00fczeltilmesini isteme ve bu kapsamda yap\u0131lan i\u015flemin ki\u015fisel verilerin aktar\u0131ld\u0131\u011f\u0131 \u00fc\u00e7\u00fcnc\u00fc ki\u015filere bildirilmesini isteme,<\/li>\n<li>KVK Kanunu ve ilgili di\u011fer kanun h\u00fck\u00fcmlerine uygun olarak i\u015flenmi\u015f olmas\u0131na ra\u011fmen, i\u015flenmesini gerektiren sebeplerin ortadan kalkmas\u0131 h\u00e2linde ki\u015fisel verilerin silinmesini veya yok edilmesini isteme ve bu kapsamda yap\u0131lan i\u015flemin ki\u015fisel verilerin aktar\u0131ld\u0131\u011f\u0131 \u00fc\u00e7\u00fcnc\u00fc ki\u015filere bildirilmesini isteme,<\/li>\n<li>\u0130\u015flenen verilerin m\u00fcnhas\u0131ran otomatik sistemler vas\u0131tas\u0131yla analiz edilmesi suretiyle ki\u015finin kendisi aleyhine bir sonucun ortaya \u00e7\u0131kmas\u0131na itiraz etme,<\/li>\n<li>Ki\u015fisel verilerin kanuna ayk\u0131r\u0131 olarak i\u015flenmesi sebebiyle zarara u\u011framas\u0131 h\u00e2linde zarar\u0131n giderilmesini talep etme, haklar\u0131na sahiptir.<\/li>\n<\/ul>\n<p>Veri sahiplerinin haklar\u0131 ile ilgili daha ayr\u0131nt\u0131l\u0131 bilgiye bu Politika\u2019n\u0131n 10. B\u00f6l\u00fcm\u00fcnde yer verilmi\u015ftir.<\/p>\n<h4>2.3. \u00d6zel Nitelikli Ki\u015fisel Verilerin Korunmas\u0131<\/h4>\n<p>KVK Kanunu ile bir tak\u0131m ki\u015fisel verilere, hukuka ayk\u0131r\u0131 olarak i\u015flenmesi durumunda ki\u015filerin ma\u011fduriyetine veya ayr\u0131mc\u0131l\u0131\u011fa sebep olma riski nedeniyle \u00f6zel \u00f6nem atfedilmi\u015ftir.<\/p>\n<p>Bu veriler; \u0131rk, etnik k\u00f6ken, siyasi d\u00fc\u015f\u00fcnce, felsefi inan\u00e7, din, mezhep veya di\u011fer inan\u00e7lar, k\u0131l\u0131k ve k\u0131yafet, dernek, vak\u0131f ya da sendika \u00fcyeli\u011fi, sa\u011fl\u0131k, cinsel hayat, ceza mahk\u00fbmiyeti ve g\u00fcvenlik tedbirleriyle ilgili veriler ile biyometrik ve genetik verilerdir.<\/p>\n<p>Veri Sorumlusu taraf\u0131ndan, KVK Kanunu ile \u201c\u00f6zel nitelikli\u201d olarak belirlenen ve hukuka uygun olarak i\u015flenen \u00f6zel nitelikli ki\u015fisel verilerin korunmas\u0131nda hassasiyetle davran\u0131lmaktad\u0131r. Bu kapsamda, Veri Sorumlusu taraf\u0131ndan, ki\u015fisel verilerin korunmas\u0131 i\u00e7in al\u0131nan teknik ve idari tedbirler, \u00f6zel nitelikli ki\u015fisel veriler bak\u0131m\u0131ndan \u00f6zenle uygulanmakta ve \u015e\u0130RKET b\u00fcnyesinde gerekli denetimler sa\u011flanmaktad\u0131r.<\/p>\n<p>Veri Sorumlusu, Kanun\u2019un 6. Maddesinde yer alan, \u00d6zel Nitelikli Ki\u015fisel Veriler\u2019in i\u015flenmesinde, Kurul\u2019un 31.01.2018 Tarihli ve 2018\/10 Numaral\u0131 karar\u0131 uyar\u0131nca, veri sorumlusu s\u0131fat\u0131yla, a\u015fa\u011f\u0131da belirtilen \u00f6nlemleri almaktad\u0131r:<\/p>\n<ul>\n<li>\u00d6zel nitelikli ki\u015fisel verilerin g\u00fcvenli\u011fine y\u00f6nelik sistemli, kurallar\u0131 net bir \u015fekilde belli, y\u00f6netilebilir ve s\u00fcrd\u00fcr\u00fclebilir i\u015fbu Politika belirlenmi\u015ftir.<\/li>\n<li>\u00d6zel nitelikli ki\u015fisel verilerin i\u015flenmesi s\u00fcre\u00e7lerinde yer alan \u00c7al\u0131\u015fan\u2019lara y\u00f6nelik,\n<ul>\n<li>Kanun ve buna ba\u011fl\u0131 y\u00f6netmelikler ile \u00d6zel Nitelikli Ki\u015fisel Veri g\u00fcvenli\u011fi konular\u0131nda d\u00fczenli olarak e\u011fitimler verilmektedir,<\/li>\n<li>Gizlilik s\u00f6zle\u015fmeleri yap\u0131lmaktad\u0131r,<\/li>\n<li>Verilere eri\u015fim yetkisine sahip kullan\u0131c\u0131lar\u0131n, yetki kapsamlar\u0131 ve s\u00fcreleri net olarak tan\u0131mlanmaktad\u0131r,<\/li>\n<li>Periyodik olarak yetki kontrolleri ger\u00e7ekle\u015ftirilmektedir,<\/li>\n<li>G\u00f6rev de\u011fi\u015fikli\u011fi olan ya da i\u015ften ayr\u0131lan \u00c7al\u0131\u015fanlar\u2019\u0131n bu alandaki yetkileri derhal kald\u0131r\u0131lmaktad\u0131r. Bu kapsamda, Veri Sorumlusu taraf\u0131ndan kendisine tahsis edilen envanteri iade almaktad\u0131r.<\/li>\n<\/ul>\n<\/li>\n<li>\u00d6zel Nitelikli Ki\u015fisel Verilerin i\u015flendi\u011fi, muhafaza edildi\u011fi ve\/veya eri\u015fildi\u011fi ortamlar, elektronik ortam ise,\n<ul>\n<li>Ki\u015fisel Veriler, kriptografik y\u00f6ntemler kullan\u0131larak muhafaza edilmektedir,<\/li>\n<li>Kriptografik anahtarlar g\u00fcvenli ve farkl\u0131 ortamlarda tutulmaktad\u0131r,<\/li>\n<li>Ki\u015fisel Veriler \u00fczerinde ger\u00e7ekle\u015ftirilen t\u00fcm hareketlerin i\u015flem kay\u0131tlar\u0131 g\u00fcvenli olarak loglanmaktad\u0131r,<\/li>\n<li>Ki\u015fisel Veriler\u2019in bulundu\u011fu ortamlara ait g\u00fcvenlik g\u00fcncellemelerinin s\u00fcrekli takip edilmekte, gerekli g\u00fcvenlik testleri d\u00fczenli olarak yap\u0131lmakta\/yapt\u0131r\u0131lmakta, test sonu\u00e7lar\u0131 kay\u0131t alt\u0131na al\u0131nmaktad\u0131r,<\/li>\n<li>Ki\u015fisel Veriler\u2019e bir yaz\u0131l\u0131m arac\u0131l\u0131\u011f\u0131 ile eri\u015filiyorsa bu yaz\u0131l\u0131ma ait kullan\u0131c\u0131 yetkilendirmeleri yap\u0131lmakta, bu yaz\u0131l\u0131mlar\u0131n g\u00fcvenlik testleri d\u00fczenli olarak yap\u0131lmakta\/yapt\u0131r\u0131lmakta, test sonu\u00e7lar\u0131 kay\u0131t alt\u0131na al\u0131nmaktad\u0131r,<\/li>\n<li>Ki\u015fisel Veriler\u2019e uzaktan eri\u015fim gerekiyorsa en az iki kademeli kimlik do\u011frulama sisteminin sa\u011flanmaktad\u0131r.<\/li>\n<\/ul>\n<\/li>\n<li>\u00d6zel Nitelikli Ki\u015fisel Verilerin i\u015flendi\u011fi, muhafaza edildi\u011fi ve\/veya eri\u015fildi\u011fi ortamlar, fiziksel ortam ise;\n<ul>\n<li>\u00d6zel Nitelikli Ki\u015fisel Veriler\u2019in bulundu\u011fu ortam\u0131n niteli\u011fine g\u00f6re yeterli g\u00fcvenlik \u00f6nlemleri (elektrik ka\u00e7a\u011f\u0131, yang\u0131n, su bask\u0131n\u0131, h\u0131rs\u0131zl\u0131k vb. durumlara kar\u015f\u0131) al\u0131nmaktad\u0131r,<\/li>\n<li>Bu ortamlar\u0131n fiziksel g\u00fcvenli\u011finin sa\u011flanarak yetkisiz giri\u015f \u00e7\u0131k\u0131\u015flar engellenmektedir.<\/li>\n<\/ul>\n<\/li>\n<li>\u00d6zel Nitelikli Ki\u015fisel Veriler aktar\u0131lacaksa\n<ul>\n<li>Ki\u015fisel Verilerin e-posta yoluyla aktar\u0131lmas\u0131 gerekiyorsa \u015fifreli olarak kurumsal e-posta adresiyle veya Kay\u0131tl\u0131 Elektronik Posta (KEP) hesab\u0131 kullan\u0131larak aktar\u0131lmaktad\u0131r,<\/li>\n<li>Ta\u015f\u0131nabilir Bellek, CD, DVD gibi ortamlar yoluyla aktar\u0131lmas\u0131 gerekiyorsa kriptografik y\u00f6ntemlerle \u015fifrelenmekte ve kriptografik anahtar farkl\u0131 ortamda tutulmaktad\u0131r,<\/li>\n<li>Farkl\u0131 fiziksel ortamlardaki sunucular aras\u0131nda aktarma ger\u00e7ekle\u015ftiriliyorsa, sunucular aras\u0131nda VPN kurularak veya SFTP y\u00f6ntemiyle veri aktar\u0131m\u0131 ger\u00e7ekle\u015ftirilmektedir,<\/li>\n<li>Ki\u015fisel Veriler\u2019in ka\u011f\u0131t ortam\u0131 yoluyla aktar\u0131m\u0131 gerekiyorsa evrak\u0131n \u00e7al\u0131nmas\u0131, kaybolmas\u0131 ya da yetkisiz ki\u015filer taraf\u0131ndan g\u00f6r\u00fclmesi gibi risklere kar\u015f\u0131 gerekli \u00f6nlemler al\u0131nmakta ve evrak &#8220;Gizli \u201d formatta g\u00f6nderilmektedir.<\/li>\n<li>Yukar\u0131da belirtilen \u00f6nlemlerin yan\u0131 s\u0131ra Ki\u015fisel Verileri Koruma Kurumunun internet sitesinde yay\u0131mlanan Ki\u015fisel Veri G\u00fcvenli\u011fi Rehberinde belirtilen uygun g\u00fcvenlik d\u00fczeyini temin etmeye y\u00f6nelik teknik ve idari tedbirler de dikkate al\u0131nmal\u0131d\u0131r.<\/li>\n<\/ul>\n<\/li>\n<\/ul>\n<h4>2.4. \u0130\u015f Birimlerinin Ki\u015fisel Verilerin Korunmas\u0131 ve \u0130\u015flenmesi Konusunda Fark\u0131ndal\u0131klar\u0131n\u0131n Artt\u0131r\u0131lmas\u0131 ve Denetimi<\/h4>\n<p>Veri Sorumlusu, ki\u015fisel verilerin hukuka ayk\u0131r\u0131 olarak i\u015flenmesini, verilere hukuka ayk\u0131r\u0131 olarak eri\u015filmesini \u00f6nlemeye ve verilerin muhafazas\u0131n\u0131 sa\u011flamaya y\u00f6nelik fark\u0131ndal\u0131\u011f\u0131n art\u0131r\u0131lmas\u0131 i\u00e7in i\u015f birimlerine gerekli e\u011fitimlerin d\u00fczenlenmesini sa\u011flamaktad\u0131r.<\/p>\n<p>Veri Sorumlusunun i\u015f birimlerinin mevcut \u00e7al\u0131\u015fanlar\u0131n\u0131n ve i\u015f birimi b\u00fcnyesine yeni d\u00e2hil olmu\u015f \u00e7al\u0131\u015fanlar\u0131n ki\u015fisel verilerin korunmas\u0131 konusunda fark\u0131ndal\u0131\u011f\u0131n\u0131n olu\u015fmas\u0131 i\u00e7in gerekli sistemler kurulmakta, konuya ili\u015fkin ihtiya\u00e7 duyulmas\u0131 halinde profesyonel ki\u015filer ile \u00e7al\u0131\u015f\u0131lmaktad\u0131r.<\/p>\n<p>Veri sorumlusunun i\u015f birimlerinin ki\u015fisel verilerin korunmas\u0131 ve i\u015flenmesi konusunda fark\u0131ndal\u0131\u011f\u0131n art\u0131r\u0131lmas\u0131na y\u00f6nelik y\u00fcr\u00fct\u00fclen e\u011fitim sonu\u00e7lar\u0131 Veri Sorumlusuna raporlanmaktad\u0131r. Veri Sorumlusu bu do\u011frultuda ilgili e\u011fitimlere, seminerlere ve bilgilendirme oturumlar\u0131na yap\u0131lan kat\u0131l\u0131mlar\u0131 de\u011ferlendirmekte ve gerekli denetimleri yapmakta veya yapt\u0131rmaktad\u0131r. Veri Sorumlusu olarak taraf\u0131m\u0131zca, ilgili mevzuat\u0131n g\u00fcncellenmesine paralel olarak e\u011fitimlerini g\u00fcncellemekte ve yenilemektedir.<\/p>\n<h3><a name=\"_Toc82011569\"><\/a>3. K\u0130\u015e\u0130SEL VER\u0130LER\u0130N \u0130\u015eLENMES\u0130NE \u0130L\u0130\u015eK\u0130N HUSUSLAR<\/h3>\n<p>Veri Sorumlusu, Anayasa\u2019n\u0131n 20. maddesine ve KVK Kanunu\u2019nun 4. maddesine uygun olarak, ki\u015fisel verilerin i\u015flenmesi konusunda; hukuka ve d\u00fcr\u00fcstl\u00fck kurallar\u0131na uygun; do\u011fru ve gerekti\u011finde g\u00fcncel; belirli, a\u00e7\u0131k ve me\u015fru ama\u00e7lar g\u00fcderek; ama\u00e7la ba\u011flant\u0131l\u0131, s\u0131n\u0131rl\u0131 ve \u00f6l\u00e7\u00fcl\u00fc bir bi\u00e7imde ki\u015fisel veri i\u015fleme faaliyetinde bulunmaktad\u0131r. Veri Sorumlusu, kanunlarda \u00f6ng\u00f6r\u00fclen veya ki\u015fisel veri i\u015fleme amac\u0131n\u0131n gerektirdi\u011fi s\u00fcre kadar ki\u015fisel verileri muhafaza etmektedir.<\/p>\n<p>Veri Sorumlusu, Anayasa\u2019n\u0131n 20. ve KVK Kanunu\u2019nun 5. maddeleri gere\u011fince, ki\u015fisel verileri, ki\u015fisel verilerin i\u015flenmesine ili\u015fkin KVK Kanunu\u2019nun 5. maddesindeki \u015fartlardan bir veya birka\u00e7\u0131na dayal\u0131 olarak i\u015flemektedir.<\/p>\n<p>Veri Sorumlusu, Anayasa\u2019n\u0131n 20. ve KVK Kanunu\u2019nun 10. maddelerine uygun olarak, ki\u015fisel veri sahiplerini ayd\u0131nlatmakta ve ki\u015fisel veri sahiplerinin bilgi talep etmeleri durumunda gerekli bilgilendirmeyi yapmaktad\u0131r.<\/p>\n<p>Veri Sorumlusu, KVK Kanunu\u2019nun 6. maddesine uygun olarak \u00f6zel nitelikli ki\u015fisel verilerin i\u015flenmesi bak\u0131m\u0131ndan \u00f6ng\u00f6r\u00fclen d\u00fczenlemelere uygun hareket etmektedir.<\/p>\n<p>Veri Sorumlusu, KVK Kanunu\u2019nun 8. ve 9. maddelerine uygun olarak, ki\u015fisel verilerin aktar\u0131lmas\u0131 konusunda kanunda \u00f6ng\u00f6r\u00fclen ve KVK Kurulu taraf\u0131ndan ortaya konulan d\u00fczenlemelere uygun davranmaktad\u0131r.<\/p>\n<h4>3.1. Ki\u015fisel Verilerin Mevzuatta \u00d6ng\u00f6r\u00fclen \u0130lkelere Uygun Olarak \u0130\u015flenmesi<\/h4>\n<h4>3.1.1. Hukuka ve D\u00fcr\u00fcstl\u00fck Kural\u0131na Uygun \u0130\u015fleme<\/h4>\n<p>Veri Sorumlusu; ki\u015fisel verilerin i\u015flenmesinde hukuksal d\u00fczenlemelerle getirilen ilkeler ile genel g\u00fcven ve d\u00fcr\u00fcstl\u00fck kural\u0131na uygun hareket etmektedir. Bu kapsamda Veri Sorumlusu ki\u015fisel verilerin i\u015flenmesinde orant\u0131l\u0131l\u0131k gerekliliklerini dikkate almakta, ki\u015fisel verileri amac\u0131 d\u0131\u015f\u0131nda kullanmamaktad\u0131r.<\/p>\n<h4>3.1.2. Ki\u015fisel Verilerin Do\u011fru ve Gerekti\u011finde G\u00fcncel Olmas\u0131n\u0131 Sa\u011flama<\/h4>\n<p>Veri Sorumlusu; ki\u015fisel veri sahiplerinin temel haklar\u0131n\u0131 ve kendi me\u015fru menfaatlerini dikkate alarak i\u015fledi\u011fi ki\u015fisel verilerin do\u011fru ve g\u00fcncel olmas\u0131n\u0131 sa\u011flamaktad\u0131r. Bu do\u011frultuda gerekli tedbirleri almaktad\u0131r.<\/p>\n<h4>3.1.3. Belirli, A\u00e7\u0131k ve Me\u015fru Ama\u00e7larla \u0130\u015fleme<\/h4>\n<p>Veri Sorumlusu, me\u015fru ve hukuka uygun olan ki\u015fisel veri i\u015fleme amac\u0131n\u0131 a\u00e7\u0131k ve kesin olarak belirlemektedir. Veri Sorumlusu ki\u015fisel verileri sunmakta oldu\u011fu hizmetle ba\u011flant\u0131l\u0131 ve bunlar i\u00e7in gerekli olan kadar i\u015flemektedir. Veri Sorumlusu taraf\u0131ndan ki\u015fisel verilerin hangi ama\u00e7la i\u015flenece\u011fi hen\u00fcz ki\u015fisel veri i\u015fleme faaliyeti ba\u015flamadan ortaya konulmaktad\u0131r.<\/p>\n<h4>3.1.4. \u0130\u015flendikleri Ama\u00e7la Ba\u011flant\u0131l\u0131, S\u0131n\u0131rl\u0131 ve \u00d6l\u00e7\u00fcl\u00fc Olma<\/h4>\n<p>Veri Sorumlusu ki\u015fisel verileri belirlenen ama\u00e7lar\u0131n ger\u00e7ekle\u015ftirilebilmesine elveri\u015fli bir bi\u00e7imde i\u015flemekte ve amac\u0131n ger\u00e7ekle\u015ftirilmesiyle ilgili olmayan veya ihtiya\u00e7 duyulmayan ki\u015fisel verilerin i\u015flenmesinden ka\u00e7\u0131nmaktad\u0131r..<\/p>\n<h4>3.1.5. \u0130lgili Mevzuatta \u00d6ng\u00f6r\u00fclen veya \u0130\u015flendikleri Ama\u00e7 i\u00e7in Gerekli Olan S\u00fcre Kadar Muhafaza Etme<\/h4>\n<p>Veri Sorumlusu, ki\u015fisel verileri ancak ilgili mevzuatta belirtildi\u011fi veya i\u015flendikleri ama\u00e7 i\u00e7in gerekli olan s\u00fcre kadar muhafaza etmektedir. Bu kapsamda, Veri Sorumlusu \u00f6ncelikle ilgili mevzuatta ki\u015fisel verilerin saklanmas\u0131 i\u00e7in bir s\u00fcre \u00f6ng\u00f6r\u00fcl\u00fcp \u00f6ng\u00f6r\u00fclmedi\u011fini tespit etmekte, bir s\u00fcre belirlenmi\u015fse bu s\u00fcreye uygun davranmakta, bir s\u00fcre belirlenmemi\u015fse ki\u015fisel verileri i\u015flendikleri ama\u00e7 i\u00e7in gerekli olan s\u00fcre kadar saklamaktad\u0131r. S\u00fcrenin bitimi veya i\u015flenmesini gerektiren sebeplerin ortadan kalkmas\u0131 halinde ki\u015fisel veriler Veri Sorumlusu taraf\u0131ndan silinmekte, yok edilmekte veya anonim hale getirilmektedir. Gelecekte kullanma ihtimali ile Veri Sorumlusu taraf\u0131ndan ki\u015fisel veriler saklanmamaktad\u0131r. Bu konu ile ilgili ayr\u0131nt\u0131l\u0131 bilgiye, bu Politikan\u0131n 9. B\u00f6l\u00fcm\u00fcnde yer verilmi\u015ftir.<\/p>\n<h4>3.2. Ki\u015fisel Verilerin, KVK Kanunu\u2019nun 5. Maddesinde Belirtilen Ki\u015fisel Veri \u0130\u015fleme \u015eartlar\u0131ndan Bir veya Birka\u00e7\u0131na Dayal\u0131 ve Bu \u015eartlarla S\u0131n\u0131rl\u0131 Olarak \u0130\u015fleme<\/h4>\n<p>Ki\u015fisel verilerin korunmas\u0131 Anayasal bir hakt\u0131r. Temel hak ve h\u00fcrriyetler, \u00f6zlerine dokunulmaks\u0131z\u0131n yaln\u0131zca Anayasa\u2019n\u0131n ilgili maddelerinde belirtilen sebeplere ba\u011fl\u0131 olarak ve ancak kanunla s\u0131n\u0131rlanabilir. Anayasa&#8217;n\u0131n 20. maddesinin \u00fc\u00e7\u00fcnc\u00fc f\u0131kras\u0131 gere\u011fince, ki\u015fisel veriler ancak kanunda \u00f6ng\u00f6r\u00fclen hallerde veya ki\u015finin a\u00e7\u0131k r\u0131zas\u0131yla i\u015flenebilecektir. Veri Sorumlusu bu do\u011frultuda ve Anayasa\u2019ya uygun bir bi\u00e7imde; ki\u015fisel verileri, ancak kanunda \u00f6ng\u00f6r\u00fclen hallerde veya ki\u015finin a\u00e7\u0131k r\u0131zas\u0131yla i\u015flemektedir. Bu konu ile ilgili ayr\u0131nt\u0131l\u0131 bilgiye, bu Politikan\u0131n 7. B\u00f6l\u00fcm\u00fcnde yer verilmi\u015ftir.<\/p>\n<h4>3.3. Ki\u015fisel Veri Sahibinin Ayd\u0131nlat\u0131lmas\u0131 ve Bilgilendirilmesi<\/h4>\n<p>Veri Sorumlusu KVK Kanunu\u2019nun 10. maddesine uygun olarak, ki\u015fisel verilerin elde edilmesi s\u0131ras\u0131nda ki\u015fisel veri sahiplerini ayd\u0131nlatmaktad\u0131r. Bu kapsamda Veri Sorumlusu ve varsa temsilcisinin kimli\u011fini, ki\u015fisel verilerin hangi ama\u00e7la i\u015flenece\u011fini, i\u015flenen ki\u015fisel verilerin kimlere ve hangi ama\u00e7la aktar\u0131labilece\u011fi, ki\u015fisel veri toplaman\u0131n y\u00f6ntemi ve hukuki sebebi ile ki\u015fisel veri sahibinin sahip oldu\u011fu haklar\u0131 konusunda ayd\u0131nlatma yapmaktad\u0131r. Bu konu ile ilgili ayr\u0131nt\u0131l\u0131 bilgiye bu Politikan\u0131n 10. B\u00f6l\u00fcm\u00fcnde yer verilmi\u015ftir.<\/p>\n<p>Anayasa\u2019n\u0131n 20. maddesinde herkesin, kendisiyle ilgili ki\u015fisel veriler hakk\u0131nda bilgilendirilme hakk\u0131na sahip oldu\u011fu ortaya konulmu\u015ftur. Bu do\u011frultuda KVK Kanunu\u2019nun 11. maddesinde ki\u015fisel veri sahibinin haklar\u0131 aras\u0131nda \u201cbilgi talep etme\u201d de say\u0131lm\u0131\u015ft\u0131r. Veri Sorumlusu bu kapsamda, Anayasa\u2019n\u0131n 20. ve KVK Kanunu\u2019nun 11. maddelerine uygun olarak ki\u015fisel veri sahibinin bilgi talep etmesi durumunda gerekli bilgilendirmeyi yapmaktad\u0131r. Bu konu ile ilgili ayr\u0131nt\u0131l\u0131 bilgiye bu Politikan\u0131n 10. B\u00f6l\u00fcm\u00fcnde yer verilmi\u015ftir.<\/p>\n<h4>3.4. \u00d6zel Nitelikli Ki\u015fisel Verilerin \u0130\u015flenmesi<\/h4>\n<p>Veri Sorumlusu taraf\u0131ndan, KVK Kanunu ile \u201c\u00f6zel nitelikli\u201d olarak belirlenen ki\u015fisel verilerin i\u015flenmesinde, KVK Kanunu\u2019nda \u00f6ng\u00f6r\u00fclen d\u00fczenlemelere hassasiyetle uygun davran\u0131lmaktad\u0131r.<\/p>\n<p>KVK Kanunu\u2019nun 6. maddesinde, hukuka ayk\u0131r\u0131 olarak i\u015flendi\u011finde ki\u015filerin ma\u011fduriyetine veya ayr\u0131mc\u0131l\u0131\u011fa sebep olma riski ta\u015f\u0131yan bir tak\u0131m ki\u015fisel veri \u201c\u00f6zel nitelikli\u201d olarak belirlenmi\u015ftir. Bu veriler; \u0131rk, etnik k\u00f6ken, siyasi d\u00fc\u015f\u00fcnce, felsefi inan\u00e7, din, mezhep veya di\u011fer inan\u00e7lar, k\u0131l\u0131k ve k\u0131yafet, dernek, vak\u0131f ya da sendika \u00fcyeli\u011fi, sa\u011fl\u0131k, cinsel hayat, ceza mahk\u00fbmiyeti ve g\u00fcvenlik tedbirleriyle ilgili veriler ile biyometrik ve genetik verilerdir.<\/p>\n<p>KVK Kanunu\u2019na uygun bir bi\u00e7imde Veri Sorumlusu taraf\u0131ndan; \u00f6zel nitelikli ki\u015fisel veriler, KVK Kurulu taraf\u0131ndan belirlenecek olan yeterli \u00f6nlemlerin al\u0131nmas\u0131 kayd\u0131yla a\u015fa\u011f\u0131daki durumlarda i\u015flenmektedir:<\/p>\n<ul>\n<li>Ki\u015fisel veri sahibinin a\u00e7\u0131k r\u0131zas\u0131 var ise veya<\/li>\n<li>Ki\u015fisel veri sahibinin a\u00e7\u0131k r\u0131zas\u0131 yok ise;\n<ul>\n<li>Ki\u015fisel veri sahibinin sa\u011fl\u0131\u011f\u0131 ve cinsel hayat\u0131 d\u0131\u015f\u0131ndaki \u00f6zel nitelikli ki\u015fisel veriler, kanunlarda \u00f6ng\u00f6r\u00fclen hallerde,<\/li>\n<li>Ki\u015fisel veri sahibinin sa\u011fl\u0131\u011f\u0131na ve cinsel hayat\u0131na ili\u015fkin \u00f6zel nitelikli ki\u015fisel verileri ise ancak kamu sa\u011fl\u0131\u011f\u0131n\u0131n korunmas\u0131, koruyucu hekimlik, t\u0131bbi te\u015fhis, tedavi ve bak\u0131m hizmetlerinin y\u00fcr\u00fct\u00fclmesi, sa\u011fl\u0131k hizmetleri ile finansman\u0131n\u0131n planlanmas\u0131 ve y\u00f6netimi amac\u0131yla, s\u0131r saklama y\u00fck\u00fcml\u00fcl\u00fc\u011f\u00fc alt\u0131nda bulunan ki\u015filer veya yetkili kurum ve kurulu\u015flar taraf\u0131ndan i\u015flenmektedir.<\/li>\n<\/ul>\n<\/li>\n<\/ul>\n<h4>3.5. Ki\u015fisel Verilerin Aktar\u0131lmas\u0131<\/h4>\n<p>Veri Sorumlusu hukuka uygun olan ki\u015fisel veri i\u015fleme ama\u00e7lar\u0131 do\u011frultusunda gerekli g\u00fcvenlik \u00f6nlemlerini alarak (Bkz.2.1.) ki\u015fisel veri sahibinin ki\u015fisel verilerini ve \u00f6zel nitelikli ki\u015fisel verilerini \u00fc\u00e7\u00fcnc\u00fc ki\u015filere aktarabilmektedir. Veri Sorumlusu bu do\u011frultuda KVK Kanunu\u2019nun 8. maddesinde \u00f6ng\u00f6r\u00fclen d\u00fczenlemelere uygun hareket etmektedir. Bu konu ile ilgili ayr\u0131nt\u0131l\u0131 bilgiye bu Politika\u2019n\u0131n 6. B\u00f6l\u00fcm\u00fcnde yer verilmi\u015ftir.<\/p>\n<h4>3.5.1. Ki\u015fisel Verilerin Aktar\u0131lmas\u0131<\/h4>\n<p>Veri Sorumlusu me\u015fru ve hukuka uygun ki\u015fisel veri i\u015fleme ama\u00e7lar\u0131 do\u011frultusunda a\u015fa\u011f\u0131da say\u0131lan Kanunun 5. maddesinde belirtilen ki\u015fisel veri i\u015fleme \u015fartlar\u0131ndan bir veya birka\u00e7\u0131na dayal\u0131 ve s\u0131n\u0131rl\u0131 olarak ki\u015fisel verileri \u00fc\u00e7\u00fcnc\u00fc ki\u015filere aktarabilmektedir:<\/p>\n<ul>\n<li>Ki\u015fisel veri sahibinin a\u00e7\u0131k r\u0131zas\u0131 var ise;<\/li>\n<li>Kanunlarda ki\u015fisel verinin aktar\u0131laca\u011f\u0131na ili\u015fkin a\u00e7\u0131k bir d\u00fczenleme var ise,<\/li>\n<li>Ki\u015fisel veri sahibinin veya ba\u015fkas\u0131n\u0131n hayat\u0131 veya beden b\u00fct\u00fcnl\u00fc\u011f\u00fcn\u00fcn korunmas\u0131 i\u00e7in zorunlu ise ve ki\u015fisel veri sahibi fiili imk\u00e2ns\u0131zl\u0131k nedeniyle r\u0131zas\u0131n\u0131 a\u00e7\u0131klayamayacak durumda ise veya r\u0131zas\u0131na hukuki ge\u00e7erlilik tan\u0131nm\u0131yorsa;<\/li>\n<li>Bir s\u00f6zle\u015fmenin kurulmas\u0131 veya ifas\u0131yla do\u011frudan do\u011fruya ilgili olmak kayd\u0131yla s\u00f6zle\u015fmenin taraflar\u0131na ait ki\u015fisel verinin aktar\u0131lmas\u0131 gerekli ise,<\/li>\n<li>Veri Sorumlusunun hukuki y\u00fck\u00fcml\u00fcl\u00fc\u011f\u00fcn\u00fc yerine getirmesi i\u00e7in ki\u015fisel veri aktar\u0131m\u0131 zorunlu ise,,<\/li>\n<li>Ki\u015fisel veriler, ki\u015fisel veri sahibi taraf\u0131ndan alenile\u015ftirilmi\u015f ise,<\/li>\n<li>Ki\u015fisel veri aktar\u0131m\u0131 bir hakk\u0131n tesisi, kullan\u0131lmas\u0131 veya korunmas\u0131 i\u00e7in zorunlu ise,<\/li>\n<li>Ki\u015fisel veri sahibinin temel hak ve \u00f6zg\u00fcrl\u00fcklerine zarar vermemek kayd\u0131yla, Veri Sorumlusu me\u015fru menfaatleri i\u00e7in ki\u015fisel veri aktar\u0131m\u0131 zorunlu ise.<\/li>\n<\/ul>\n<h4>3.5.2. \u00d6zel Nitelikli Ki\u015fisel Verilerin Aktar\u0131lmas\u0131<\/h4>\n<p>Veri Sorumlusu gerekli \u00f6zeni g\u00f6stererek, gerekli g\u00fcvenlik tedbirlerini alarak (Bkz. 2.1) ve KVK Kurulu taraf\u0131ndan \u00f6ng\u00f6r\u00fclen yeterli \u00f6nlemleri alarak; me\u015fru ve hukuka uygun ki\u015fisel veri i\u015fleme ama\u00e7lar\u0131 do\u011frultusunda ki\u015fisel veri sahibinin \u00f6zel nitelikli verilerini a\u015fa\u011f\u0131daki durumlarda \u00fc\u00e7\u00fcnc\u00fc ki\u015filere aktarabilmektedir.<\/p>\n<ul>\n<li>Ki\u015fisel veri sahibinin a\u00e7\u0131k r\u0131zas\u0131 var ise veya<\/li>\n<li>Ki\u015fisel veri sahibinin a\u00e7\u0131k r\u0131zas\u0131 yok ise;\n<ul>\n<li>Ki\u015fisel veri sahibinin sa\u011fl\u0131\u011f\u0131 ve cinsel hayat\u0131 d\u0131\u015f\u0131ndaki \u00f6zel nitelikli ki\u015fisel verileri (\u0131rk, etnik k\u00f6ken, siyasi d\u00fc\u015f\u00fcnce, felsefi inan\u00e7, din, mezhep veya di\u011fer inan\u00e7lar, k\u0131l\u0131k ve k\u0131yafet, dernek, vak\u0131f ya da sendika \u00fcyeli\u011fi, ceza mahk\u00fbmiyeti ve g\u00fcvenlik tedbirleriyle ilgili veriler ile biyometrik ve genetik verilerdir), kanunlarda \u00f6ng\u00f6r\u00fclen hallerde,<\/li>\n<li>Ki\u015fisel veri sahibinin sa\u011fl\u0131\u011f\u0131na ve cinsel hayat\u0131na ili\u015fkin \u00f6zel nitelikli ki\u015fisel verileri ise ancak kamu sa\u011fl\u0131\u011f\u0131n\u0131n korunmas\u0131, koruyucu hekimlik, t\u0131bbi te\u015fhis, tedavi ve bak\u0131m hizmetlerinin y\u00fcr\u00fct\u00fclmesi, sa\u011fl\u0131k hizmetleri ile finansman\u0131n\u0131n planlanmas\u0131 ve y\u00f6netimi amac\u0131yla, s\u0131r saklama y\u00fck\u00fcml\u00fcl\u00fc\u011f\u00fc alt\u0131nda bulunan ki\u015filer veya yetkili kurum ve kurulu\u015flar taraf\u0131ndan.<\/li>\n<\/ul>\n<\/li>\n<\/ul>\n<h4>3.6. Ki\u015fisel Verilerin Yurtd\u0131\u015f\u0131na Aktar\u0131lmas\u0131<\/h4>\n<p>Veri Sorumlusu hukuka uygun ki\u015fisel veri i\u015fleme ama\u00e7lar\u0131 do\u011frultusunda gerekli g\u00fcvenlik \u00f6nlemleri alarak (Bkz. 2.1) ki\u015fisel veri sahibinin ki\u015fisel verilerini ve \u00f6zel nitelikli ki\u015fisel verilerini \u00fc\u00e7\u00fcnc\u00fc ki\u015filere aktarabilmektedir.<\/p>\n<p>Bili\u015fim hizmeti sunan firmalar ile g\u00fcn\u00fcm\u00fczde yayg\u0131n olarak kullan\u0131lan anl\u0131k ileti ya da online ileti\u015fim kanallar\u0131 ile hizmet sunumu amac\u0131yla yurt d\u0131\u015f\u0131 men\u015feili platform ve uygulamalar olmas\u0131 sebebiyle g\u00fcvenli ilan edilen \u00fclkeler d\u0131\u015f\u0131nda a\u00e7\u0131k r\u0131zan\u0131z al\u0131nmas\u0131 durumunda payla\u015f\u0131lmaktad\u0131r.<\/p>\n<p>Veri Sorumlusu taraf\u0131ndan ki\u015fisel veriler; KVK Kurulu taraf\u0131ndan yeterli korumaya sahip oldu\u011fu ilan edilen yabanc\u0131 \u00fclkelere veya yeterli koruman\u0131n bulunmamas\u0131 durumunda T\u00fcrkiye\u2019deki ve ilgili yabanc\u0131 \u00fclkedeki veri sorumlular\u0131n\u0131n yeterli bir korumay\u0131 yaz\u0131l\u0131 olarak taahh\u00fct etti\u011fi ve KVK Kurulu\u2019nun izninin bulundu\u011fu yabanc\u0131 \u00fclkelere (\u201cYeterli Korumay\u0131 Taahh\u00fct Eden Veri Sorumlusunun Bulundu\u011fu Yabanc\u0131 \u00dclke\u201d) aktar\u0131lmaktad\u0131r. Veri Sorumlusu bu do\u011frultuda KVK Kanunu\u2019nun 9. maddesinde \u00f6ng\u00f6r\u00fclen d\u00fczenlemelere uygun hareket etmektedir.<\/p>\n<h4>3.6.1. Ki\u015fisel Verilerin Yurtd\u0131\u015f\u0131na Aktar\u0131lmas\u0131<\/h4>\n<p>Veri Sorumlusu me\u015fru ve hukuka uygun ki\u015fisel veri i\u015fleme ama\u00e7lar\u0131 do\u011frultusunda ki\u015fisel veri sahibinin a\u00e7\u0131k r\u0131zas\u0131 var ise veya ki\u015fisel veri sahibinin a\u00e7\u0131k r\u0131zas\u0131 yok ise a\u015fa\u011f\u0131daki hallerden birinin varl\u0131\u011f\u0131 durumunda ki\u015fisel verileri Yeterli Korumaya Sahip veya Yeterli Korumay\u0131 Taahh\u00fct Eden Veri Sorumlusunun Bulundu\u011fu Yabanc\u0131 \u00dclkelere aktarabilmektedir:<\/p>\n<ul>\n<li>Kanunlarda ki\u015fisel verinin aktar\u0131laca\u011f\u0131na ili\u015fkin a\u00e7\u0131k bir d\u00fczenleme var ise,<\/li>\n<li>Ki\u015fisel veri sahibinin veya ba\u015fkas\u0131n\u0131n hayat\u0131 veya beden b\u00fct\u00fcnl\u00fc\u011f\u00fcn\u00fcn korunmas\u0131 i\u00e7in zorunlu ise ve ki\u015fisel veri sahibi fiili imk\u00e2ns\u0131zl\u0131k nedeniyle r\u0131zas\u0131n\u0131 a\u00e7\u0131klayamayacak durumda ise veya r\u0131zas\u0131na hukuki ge\u00e7erlilik tan\u0131nm\u0131yorsa;<\/li>\n<li>Bir s\u00f6zle\u015fmenin kurulmas\u0131 veya ifas\u0131yla do\u011frudan do\u011fruya ilgili olmak kayd\u0131yla s\u00f6zle\u015fmenin taraflar\u0131na ait ki\u015fisel verinin aktar\u0131lmas\u0131 gerekli ise,<\/li>\n<li>Veri Sorumlusu hukuki y\u00fck\u00fcml\u00fcl\u00fc\u011f\u00fcn\u00fc yerine getirmesi i\u00e7in ki\u015fisel veri aktar\u0131m\u0131 zorunlu ise,<\/li>\n<\/ul>\n<h4>3.6.2. \u00d6zel Nitelikli Ki\u015fisel Verilerin Yurtd\u0131\u015f\u0131na Aktar\u0131lmas\u0131<\/h4>\n<p>Veri Sorumlusu gerekli \u00f6zeni g\u00f6stererek, gerekli g\u00fcvenlik tedbirlerini alarak (Bkz. 2.1) ve KVK Kurulu taraf\u0131ndan \u00f6ng\u00f6r\u00fclen yeterli \u00f6nlemleri alarak; me\u015fru ve hukuka uygun ki\u015fisel veri i\u015fleme ama\u00e7lar\u0131 do\u011frultusunda ki\u015fisel veri sahibinin \u00f6zel nitelikli verilerini a\u015fa\u011f\u0131daki durumlarda Yeterli Korumaya Sahip veya Yeterli Korumay\u0131 Taahh\u00fct Eden Veri Sorumlusunun Bulundu\u011fu Yabanc\u0131 \u00dclkelere aktarabilmektedir.<\/p>\n<ul>\n<li>Ki\u015fisel veri sahibinin a\u00e7\u0131k r\u0131zas\u0131 var ise veya<\/li>\n<li>Ki\u015fisel veri sahibinin a\u00e7\u0131k r\u0131zas\u0131 yok ise;\n<ul>\n<li>Ki\u015fisel veri sahibinin sa\u011fl\u0131\u011f\u0131 ve cinsel hayat\u0131 d\u0131\u015f\u0131ndaki \u00f6zel nitelikli ki\u015fisel verileri (\u0131rk, etnik k\u00f6ken, siyasi d\u00fc\u015f\u00fcnce, felsefi inan\u00e7, din, mezhep veya di\u011fer inan\u00e7lar, k\u0131l\u0131k ve k\u0131yafet, dernek, vak\u0131f ya da sendika \u00fcyeli\u011fi, ceza mahk\u00fbmiyeti ve g\u00fcvenlik tedbirleriyle ilgili veriler ile biyometrik ve genetik verilerdir), kanunlarda \u00f6ng\u00f6r\u00fclen hallerde,<\/li>\n<li>Ki\u015fisel veri sahibinin sa\u011fl\u0131\u011f\u0131na ve cinsel hayat\u0131na ili\u015fkin \u00f6zel nitelikli ki\u015fisel verileri ise ancak kamu sa\u011fl\u0131\u011f\u0131n\u0131n korunmas\u0131, koruyucu hekimlik, t\u0131bbi te\u015fhis, tedavi ve bak\u0131m hizmetlerinin y\u00fcr\u00fct\u00fclmesi, sa\u011fl\u0131k hizmetleri ile finansman\u0131n\u0131n planlanmas\u0131 ve y\u00f6netimi amac\u0131yla, s\u0131r saklama y\u00fck\u00fcml\u00fcl\u00fc\u011f\u00fc alt\u0131nda bulunan ki\u015filer veya yetkili kurum ve kurulu\u015flar taraf\u0131ndan i\u015flenmesi kapsam\u0131nda aktar\u0131m yap\u0131labilecektir.<\/li>\n<\/ul>\n<\/li>\n<\/ul>\n<h3><a name=\"_Toc82011570\"><\/a>4. \u015e\u0130RKET\u0130M\u0130Z TARAFINDAN \u0130\u015eLENEN K\u0130\u015e\u0130SEL VER\u0130LER\u0130N KATEGOR\u0130ZASYONU, \u0130\u015eLENME AMA\u00c7LARI VE SAKLANMA S\u00dcRELER\u0130<\/h3>\n<p>Veri Sorumlusu KVK Kanunu\u2019nun 10. maddesine uygun olarak ayd\u0131nlatma y\u00fck\u00fcml\u00fcl\u00fc\u011f\u00fc kapsam\u0131nda hangi ki\u015fisel veri sahibi gruplar\u0131n\u0131n ki\u015fisel verilerini i\u015fledi\u011fini, ki\u015fisel veri sahibinin ki\u015fisel verilerinin i\u015flenme ama\u00e7lar\u0131n\u0131 ve saklama s\u00fcrelerini ki\u015fisel veri sahibine bildirmektedir<\/p>\n<h4>4.1. Ki\u015fisel Verilerin Kategorizasyonu<\/h4>\n<p>Veri Sorumlusu nezdinde, KVK Kanunu\u2019nun 10. maddesi uyar\u0131nca ilgili ki\u015filer bilgilendirilerek, Veri Sorumlusu me\u015fru ve hukuka uygun ki\u015fisel veri i\u015fleme ama\u00e7lar\u0131 do\u011frultusunda KVK Kanunu\u2019nun 5. maddesinde belirtilen ki\u015fisel veri i\u015fleme \u015fartlar\u0131ndan bir veya birka\u00e7\u0131na dayal\u0131 ve s\u0131n\u0131rl\u0131 olarak KVK Kanunu\u2019nda ba\u015fta ki\u015fisel verilerin i\u015flenmesine ili\u015fkin 4. maddede belirtilen ilkeler olmak \u00fczere KVK Kanunu\u2019nda belirtilen genel ilkelere ve KVK Kanunu\u2019nda d\u00fczenlenen b\u00fct\u00fcn y\u00fck\u00fcml\u00fcl\u00fcklere uyarak i\u015fbu Politika kapsam\u0131ndaki s\u00fcjelerle s\u0131n\u0131rl\u0131 olarak a\u015fa\u011f\u0131da belirtilen kategorilerdeki ki\u015fisel veriler i\u015flenmektedir. Bu kategorilerde i\u015flenen ki\u015fisel verilerin i\u015fbu Politika kapsam\u0131nda d\u00fczenlenen hangi veri sahipleriyle ili\u015fkili oldu\u011fu da i\u015fbu Politika\u2019n\u0131n 5. B\u00f6l\u00fcm\u00fcnde belirtilmektedir.<\/p>\n<table width=\"100%\">\n<tbody>\n<tr>\n<td width=\"30%\"><strong>Ki\u015fisel Veri Kategorizasyonu<\/strong><\/td>\n<td width=\"70%\"><strong>A\u00e7\u0131klama<\/strong><\/td>\n<\/tr>\n<tr>\n<td width=\"30%\">Kimlik Bilgisi<\/td>\n<td width=\"70%\">Kimli\u011fi belirli veya belirlenebilir bir ger\u00e7ek ki\u015fiye ait oldu\u011fu a\u00e7\u0131k olan; k\u0131smen veya tamamen otomatik \u015fekilde veya veri kay\u0131t sisteminin bir par\u00e7as\u0131 olarak otomatik olmayan \u015fekilde i\u015flenen; ki\u015finin kimli\u011fine dair bilgilerin bulundu\u011fu verilerdir; ad-soyad, T.C. kimlik numaras\u0131, uyruk bilgisi, anne ad\u0131-baba ad\u0131, do\u011fum yeri, do\u011fum tarihi, cinsiyet gibi bilgileri i\u00e7eren ehliyet, n\u00fcfus c\u00fczdan\u0131 ve pasaport gibi belgeler ile vergi numaras\u0131, SGK numaras\u0131, imza bilgisi, ta\u015f\u0131t plakas\u0131 v.b. bilgiler<\/td>\n<\/tr>\n<tr>\n<td width=\"30%\">G\u00f6rsel\/\u0130\u015fitsel Bilgi<\/td>\n<td width=\"70%\">Kimli\u011fi belirli veya belirlenebilir bir ger\u00e7ek ki\u015fiye ait oldu\u011fu a\u00e7\u0131k olan; foto\u011fraf ve kamera kay\u0131tlar\u0131 (Fiziksel Mekan G\u00fcvenlik Bilgisi kapsam\u0131nda giren kay\u0131tlar hari\u00e7), ses kay\u0131tlar\u0131 ile ki\u015fisel veri i\u00e7eren belgelerin kopyas\u0131 niteli\u011findeki belgelerde yer alan veriler<\/td>\n<\/tr>\n<tr>\n<td width=\"30%\">\u0130leti\u015fim Bilgisi<\/td>\n<td width=\"70%\">Kimli\u011fi belirli veya belirlenebilir bir ger\u00e7ek ki\u015fiye ait oldu\u011fu a\u00e7\u0131k olan; k\u0131smen veya tamamen otomatik \u015fekilde veya veri kay\u0131t sisteminin bir par\u00e7as\u0131 olarak otomatik olmayan \u015fekilde i\u015flenen; telefon numaras\u0131, adres, e-mail adresi, faks numaras\u0131, IP adresi gibi bilgiler<\/td>\n<\/tr>\n<tr>\n<td width=\"30%\">\u00d6zl\u00fck Bilgisi<\/td>\n<td width=\"70%\">Kimli\u011fi belirli veya belirlenebilir bir ger\u00e7ek ki\u015fiye ait oldu\u011fu a\u00e7\u0131k olan; k\u0131smen veya tamamen otomatik \u015fekilde veya veri kay\u0131t sisteminin bir par\u00e7as\u0131 olarak otomatik olmayan \u015fekilde i\u015flenen; \u015eirketimiz ile \u00e7al\u0131\u015fma ili\u015fkisi i\u00e7erisinde olan ger\u00e7ek ki\u015filerin \u00f6zl\u00fck haklar\u0131n\u0131n olu\u015fmas\u0131na temel olacak bilgilerin elde edilmesine y\u00f6nelik i\u015flenen her t\u00fcrl\u00fc ki\u015fisel veri<\/td>\n<\/tr>\n<tr>\n<td width=\"30%\">Hukuki \u0130\u015flem ve Uyum Bilgisi<\/td>\n<td width=\"70%\">\u015eirket\u2019in hukuki s\u00fcre\u00e7leri, alacak ve haklar\u0131n\u0131n tespiti, takibi ve bor\u00e7lar\u0131n\u0131n ifas\u0131 ile kanuni y\u00fck\u00fcml\u00fcl\u00fckleri kapsam\u0131nda i\u015flenen veriler, adli makamlarla yaz\u0131\u015fmalardaki bilgiler, gelen giden evraklar, dava dosyalar\u0131 gibi bilgiler.<\/td>\n<\/tr>\n<tr>\n<td width=\"30%\">Ceza Mahkumiyeti Ve G\u00fcvenlik Tedbirleri Bilgileri<\/td>\n<td width=\"70%\">Kimli\u011fi belirli veya belirlenebilir bir ger\u00e7ek ki\u015fiye ait oldu\u011fu a\u00e7\u0131k olan; k\u0131smen veya tamamen otomatik \u015fekilde veya veri kay\u0131t sisteminin bir par\u00e7as\u0131 olarak otomatik olmayan \u015fekilde i\u015flenen; \u015eirket i\u015f birimleri taraf\u0131ndan y\u00fcr\u00fct\u00fclen operasyonlar \u00e7er\u00e7evesinde veya \u015eirket ile \u00e7al\u0131\u015fma ili\u015fkisi i\u00e7erisinde olan ger\u00e7ek ki\u015filerin i\u015f s\u00fcre\u00e7lerini y\u00fcr\u00fctmek veya \u015eirket\u2019in ve Ki\u015fisel Veri Sahibi\u2019nin hukuki ve di\u011fer menfaatlerini korumak amac\u0131yla elde edilen Ki\u015fisel Veri Sahibi\u2019nin adli sicil kayd\u0131 gibi verileri<\/td>\n<\/tr>\n<tr>\n<td width=\"30%\">Risk Y\u00f6netimi Bilgileri<\/td>\n<td width=\"70%\">Kimli\u011fi belirli veya belirlenebilir bir ger\u00e7ek ki\u015fiye ait oldu\u011fu a\u00e7\u0131k olan; k\u0131smen veya tamamen otomatik \u015fekilde veya veri kay\u0131t sisteminin bir par\u00e7as\u0131 olarak otomatik olmayan \u015fekilde i\u015flenen; \u015eirket\u2019in Ki\u015fisel Veri Sahibi ile kurmu\u015f oldu\u011fu hukuki ili\u015fkinin tipine g\u00f6re yarat\u0131lan her t\u00fcrl\u00fc ticari, teknik, idari risklerin y\u00f6netilmesi i\u00e7in i\u015flenen veriler.<\/td>\n<\/tr>\n<tr>\n<td width=\"30%\">Finansal Bilgi<\/td>\n<td width=\"70%\">Kimli\u011fi belirli veya belirlenebilir bir ger\u00e7ek ki\u015fiye ait oldu\u011fu a\u00e7\u0131k olan; k\u0131smen veya tamamen otomatik \u015fekilde veya veri kay\u0131t sisteminin bir par\u00e7as\u0131 olarak otomatik olmayan \u015fekilde i\u015flenen, \u015eirketimizin ki\u015fisel veri sahibi ile kurmu\u015f oldu\u011fu hukuki ili\u015fkinin tipine g\u00f6re yarat\u0131lan her t\u00fcrl\u00fc finansal sonucu g\u00f6steren bilgi, belge ve kay\u0131tlara ili\u015fkin i\u015flenen ki\u015fisel veriler ile banka hesap numaras\u0131, IBAN numaras\u0131, kredi kart\u0131 bilgisi, finansal profil, malvarl\u0131\u011f\u0131 verisi, gelir bilgisi gibi veriler<\/td>\n<\/tr>\n<tr>\n<td width=\"30%\">M\u00fc\u015fteri \u0130\u015flem Bilgisi<\/td>\n<td width=\"70%\">Kimli\u011fi belirli veya belirlenebilir bir ger\u00e7ek ki\u015fiye ait oldu\u011fu a\u00e7\u0131k olan, k\u0131smen veya tamamen otomatik \u015fekilde veya veri kay\u0131t sisteminin bir par\u00e7as\u0131 olarak otomatik olmayan \u015fekilde i\u015flenen; \u015eirket\u2019in ticari faaliyetleri ve i\u015f birimlerinin y\u00fcr\u00fctt\u00fc\u011f\u00fc operasyonlar neticesinde ilgili ki\u015fi hakk\u0131nda elde edilen ve \u00fcretilen \u00e7a\u011fr\u0131 merkezi kay\u0131tlar\u0131, fatura, senet \u00e7ek bilgisi, sipari\u015f bilgisi, talep bilgisi, teklif, hizmet numaras\u0131 gibi bilgiler.<\/td>\n<\/tr>\n<tr>\n<td width=\"30%\">Fiziksel Mek\u00e2n G\u00fcvenlik Bilgisi<\/td>\n<td width=\"70%\">Kimli\u011fi belirli veya belirlenebilir bir ger\u00e7ek ki\u015fiye ait oldu\u011fu a\u00e7\u0131k olan; k\u0131smen veya tamamen otomatik \u015fekilde veya veri kay\u0131t sisteminin bir par\u00e7as\u0131 olarak otomatik olmayan \u015fekilde i\u015flenen; fiziksel mekana giri\u015fte, fiziksel mekan\u0131n i\u00e7erisinde kal\u0131\u015f s\u0131ras\u0131nda al\u0131nan kay\u0131tlar ve belgelere ili\u015fkin ki\u015fisel veriler; kamera kay\u0131tlar\u0131, g\u00fcvenlik noktas\u0131nda al\u0131nan kay\u0131tlar v.b.<\/td>\n<\/tr>\n<tr>\n<td width=\"30%\">Lokasyon Verisi<\/td>\n<td width=\"70%\">Kimli\u011fi belirli veya belirlenebilir bir ger\u00e7ek ki\u015fiye ait oldu\u011fu a\u00e7\u0131k olan; k\u0131smen veya tamamen otomatik \u015fekilde veya veri kay\u0131t sisteminin bir par\u00e7as\u0131 olarak otomatik olmayan \u015fekilde i\u015flenen; ki\u015fisel veri sahibinin i\u015f birimleri taraf\u0131ndan y\u00fcr\u00fct\u00fclen operasyonlar \u00e7er\u00e7evesinde, \u00fcr\u00fcn ve hizmetlerinin kullan\u0131m\u0131 s\u0131ras\u0131nda veya \u00e7al\u0131\u015fanlar\u0131n ara\u00e7lar\u0131n\u0131 kullan\u0131rken bulundu\u011fu yerin konumunu tespit eden bilgiler; GPS lokasyonu, seyahat verileri v.b.<\/td>\n<\/tr>\n<tr>\n<td width=\"30%\">Pazarlama Bilgisi<\/td>\n<td width=\"70%\">Kimli\u011fi belirli veya belirlenebilir bir ger\u00e7ek ki\u015fiye ait oldu\u011fu a\u00e7\u0131k olan, k\u0131smen veya tamamen otomatik \u015fekilde veya veri kay\u0131t sisteminin bir par\u00e7as\u0131 olarak otomatik olmayan \u015fekilde i\u015flenen; \u015eirket\u2019in ticari faaliyetleri ve i\u015f birimlerinin y\u00fcr\u00fctt\u00fc\u011f\u00fc operasyonlar neticesinde ilgili ki\u015fi hakk\u0131nda elde edilen ve \u00fcretilen al\u0131\u015fveri\u015f ge\u00e7mi\u015fi bilgileri, anket, \u00e7erez kay\u0131tlar\u0131, kampanya \u00e7al\u0131\u015fmas\u0131yla elde edilen veriler<\/td>\n<\/tr>\n<tr>\n<td width=\"30%\">Sa\u011fl\u0131k Bilgileri<\/td>\n<td width=\"70%\">Kimli\u011fi belirli veya belirlenebilir bir ger\u00e7ek ki\u015fiye ait oldu\u011fu a\u00e7\u0131k olan; k\u0131smen veya tamamen otomatik \u015fekilde veya veri kay\u0131t sisteminin bir par\u00e7as\u0131 olarak otomatik olmayan \u015fekilde i\u015flenen; \u015eirket\u2019in i\u015f birimleri taraf\u0131ndan y\u00fcr\u00fct\u00fclen operasyonlar \u00e7er\u00e7evesinde; sundu\u011fu \u00fcr\u00fcn ve hizmetlerle ilgili olarak veya \u015eirket ile \u00e7al\u0131\u015fma ili\u015fkisi i\u00e7erisinde olan ger\u00e7ek ki\u015filerin i\u015f s\u00fcre\u00e7lerini y\u00fcr\u00fctmek veya \u015eirket\u2019in ve Ki\u015fisel Veri Sahibi\u2019nin hukuki ve di\u011fer menfaatlerini korumak amac\u0131yla elde edilen Ki\u015fisel Veri Sahibi\u2019nin ve\/veya aile bireylerinin Sa\u011fl\u0131k Raporu, Engelli vergi muafiyet belgeleri, sigorta belgeleri, askerlik durum belgesi gibi sa\u011fl\u0131k verileri<\/td>\n<\/tr>\n<tr>\n<td width=\"30%\">Mesleki Deneyim Bilgisi<\/td>\n<td width=\"70%\">Kimli\u011fi belirli veya belirlenebilir bir ger\u00e7ek ki\u015fiye ait oldu\u011fu a\u00e7\u0131k olan; k\u0131smen veya tamamen otomatik \u015fekilde veya veri kay\u0131t sisteminin bir par\u00e7as\u0131 olarak otomatik olmayan \u015fekilde, \u015eirket\u2019in Ki\u015fisel Veri Sahibi ile kurmu\u015f oldu\u011fu hukuki ili\u015fkinin tipine g\u00f6re i\u015flenen; diploma bilgileri, gidilen kurslar, meslek i\u00e7i e\u011fitim bilgileri, sertifikalar, aday ba\u015fvuru formlar\u0131, referans g\u00f6r\u00fc\u015fme bilgileri, i\u015f g\u00f6r\u00fc\u015fmesi bilgileri, transkript bilgileri gibi veriler.<\/td>\n<\/tr>\n<tr>\n<td width=\"30%\">\u0130\u015flem G\u00fcvenli\u011fi Bilgisi<\/td>\n<td width=\"70%\">\u015eirket\u2019in faaliyetlerini y\u00fcr\u00fct\u00fcrken, gerek Ki\u015fisel Veri Sahibi\u2019nin gerekse de \u015eirket\u2019in teknik, idari, hukuki ve ticari g\u00fcvenli\u011fine ili\u015fkin i\u015flenen IP Adres bilgileri, \u0130nternet Sitesi giri\u015f \u00e7\u0131k\u0131\u015f bilgileri, \u015fifre ve parola bilgileri gibi ki\u015fisel veriler<\/td>\n<\/tr>\n<tr>\n<td width=\"30%\">Di\u011fer &#8211; Ara\u00e7 Bilgisi<\/td>\n<td width=\"70%\">Zimmetlenen Ara\u00e7 Bilgisi, Ara\u00e7 Plakas\u0131<\/td>\n<\/tr>\n<tr>\n<td width=\"30%\">Di\u011fer &#8211; \u00c7al\u0131\u015fan Aile Bireyi ve Yak\u0131n\u0131 Bilgisi<\/td>\n<td width=\"70%\">\u00c7al\u0131\u015fan 1. Derece Akraba Bilgisi, \u00c7al\u0131\u015fan Aile Bireyleri Kimlik ve Adres Bilgileri<\/td>\n<\/tr>\n<\/tbody>\n<\/table>\n<h4>4.2. Ki\u015fisel Verilerin \u0130\u015flenme Ama\u00e7lar\u0131<\/h4>\n<p>Veri Sorumlusu KVK Kanunu\u2019nun 5. maddesinin 2. f\u0131kras\u0131nda ve 6. maddenin 3. f\u0131kras\u0131nda belirtilen ki\u015fisel veri i\u015fleme \u015fartlar\u0131 i\u00e7erisindeki ama\u00e7larla ve ko\u015fullarla s\u0131n\u0131rl\u0131 olarak ki\u015fisel verileri i\u015flemektedir. Bu ama\u00e7lar ve ko\u015fullar;<\/p>\n<ul>\n<li>Ki\u015fisel verilerinizin i\u015flenmesine ili\u015fkin Veri Sorumlusu ilgili faaliyette bulunmas\u0131n\u0131n Kanunlarda a\u00e7\u0131k\u00e7a \u00f6ng\u00f6r\u00fclmesi<\/li>\n<li>Ki\u015fisel verilerinizin Veri Sorumlusu taraf\u0131ndan i\u015flenmesinin bir s\u00f6zle\u015fmenin kurulmas\u0131 veya ifas\u0131yla do\u011frudan do\u011fruya ilgili ve gerekli olmas\u0131<\/li>\n<li>Ki\u015fisel verilerinizin i\u015flenmesinin Veri Sorumlusunun hukuki y\u00fck\u00fcml\u00fcl\u00fc\u011f\u00fcn\u00fc yerine getirebilmesi i\u00e7in zorunlu olmas\u0131<\/li>\n<li>Ki\u015fisel verilerinizin sizler taraf\u0131ndan alenile\u015ftirilmi\u015f olmas\u0131 \u015fart\u0131yla; sizlerin alenile\u015ftirme amac\u0131yla s\u0131n\u0131rl\u0131 bir \u015fekilde Veri Sorumlusu taraf\u0131ndan i\u015flenmesi<\/li>\n<li>Ki\u015fisel verilerinizin Veri Sorumlusu taraf\u0131ndan i\u015flenmesinin Veri Sorumlusu veya sizlerin veya \u00fc\u00e7\u00fcnc\u00fc ki\u015filerin haklar\u0131n\u0131n tesisi, kullan\u0131lmas\u0131 veya korunmas\u0131 i\u00e7in zorunlu olmas\u0131<\/li>\n<li>Sizlerin temel hak ve \u00f6zg\u00fcrl\u00fcklerine zarar vermemek kayd\u0131yla Veri Sorumlusu me\u015fru menfaatleri i\u00e7in ki\u015fisel veri i\u015fleme faaliyetinde bulunulmas\u0131n\u0131n zorunlu olmas\u0131<\/li>\n<li>Veri Sorumlusu taraf\u0131ndan ki\u015fisel veri i\u015fleme faaliyetinde bulunulmas\u0131n\u0131n ki\u015fisel veri sahibinin ya da bir ba\u015fkas\u0131n\u0131n hayat\u0131 veya beden b\u00fct\u00fcnl\u00fc\u011f\u00fcn\u00fcn korunmas\u0131 i\u00e7in zorunlu olmas\u0131 ve bu durumda da ki\u015fisel veri sahibinin fiili veya hukuki ge\u00e7ersizlik nedeniyle r\u0131zas\u0131n\u0131 a\u00e7\u0131klayamayacak durumda bulunmas\u0131<\/li>\n<li>Ki\u015fisel veri sahibinin sa\u011fl\u0131\u011f\u0131 ve cinsel hayat\u0131 d\u0131\u015f\u0131ndaki \u00f6zel nitelikli ki\u015fisel veriler a\u00e7\u0131s\u0131ndan kanunlarda \u00f6ng\u00f6r\u00fclm\u00fc\u015f olmas\u0131<\/li>\n<li>Ki\u015fisel veri sahibinin sa\u011fl\u0131\u011f\u0131na ve cinsel hayat\u0131na ili\u015fkin \u00f6zel nitelikli ki\u015fisel verileri a\u00e7\u0131s\u0131ndan ise kamu sa\u011fl\u0131\u011f\u0131n\u0131n korunmas\u0131, koruyucu hekimlik, t\u0131bbi te\u015fhis, tedavi ve bak\u0131m hizmetlerinin y\u00fcr\u00fct\u00fclmesi, sa\u011fl\u0131k hizmetleri ile finansman\u0131n\u0131n planlanmas\u0131 ve y\u00f6netimi amac\u0131yla, s\u0131r saklama y\u00fck\u00fcml\u00fcl\u00fc\u011f\u00fc alt\u0131nda bulunan ki\u015filer veya yetkili kurum ve kurulu\u015flar taraf\u0131ndan i\u015flenmesidir.<\/li>\n<\/ul>\n<p>Bu kapsamda Veri Sorumlusu, ki\u015fisel verilerinizi a\u015fa\u011f\u0131daki ama\u00e7larla i\u015flemektedir:<\/p>\n<table width=\"100%\">\n<tbody>\n<tr>\n<td width=\"100%\"><strong>\u0130\u015eLEME AMA\u00c7LARI<\/strong><\/td>\n<\/tr>\n<tr>\n<td width=\"100%\">Faaliyetlerin Mevzuata Uygun Y\u00fcr\u00fct\u00fclmesi<\/td>\n<\/tr>\n<tr>\n<td width=\"100%\">Y\u00f6netim Faaliyetlerinin Y\u00fcr\u00fct\u00fclmesi<\/td>\n<\/tr>\n<tr>\n<td width=\"100%\">Finans Ve Muhasebe \u0130\u015flerinin Y\u00fcr\u00fct\u00fclmesi<\/td>\n<\/tr>\n<tr>\n<td width=\"100%\">Hukuk \u0130\u015flerinin Takibi Ve Y\u00fcr\u00fct\u00fclmesi<\/td>\n<\/tr>\n<tr>\n<td width=\"100%\">\u0130\u015f Faaliyetlerinin Y\u00fcr\u00fct\u00fclmesi \/ Denetimi<\/td>\n<\/tr>\n<tr>\n<td width=\"100%\">Acil Durum Y\u00f6netimi S\u00fcre\u00e7lerinin Y\u00fcr\u00fct\u00fclmesi<\/td>\n<\/tr>\n<tr>\n<td width=\"100%\">\u0130\u015f S\u00fcreklili\u011finin Sa\u011flanmas\u0131 Faaliyetlerinin Y\u00fcr\u00fct\u00fclmesi<\/td>\n<\/tr>\n<tr>\n<td width=\"100%\">Yetkili Ki\u015fi, Kurum Ve Kurulu\u015flara Bilgi Verilmesi<\/td>\n<\/tr>\n<tr>\n<td width=\"100%\">S\u00f6zle\u015fme S\u00fcre\u00e7lerinin Y\u00fcr\u00fct\u00fclmesi<\/td>\n<\/tr>\n<tr>\n<td width=\"100%\">Tedarik Zinciri Y\u00f6netimi S\u00fcre\u00e7lerinin Y\u00fcr\u00fct\u00fclmesi<\/td>\n<\/tr>\n<tr>\n<td width=\"100%\">Lojistik Faaliyetlerinin Y\u00fcr\u00fct\u00fclmesi<\/td>\n<\/tr>\n<tr>\n<td width=\"100%\">M\u00fc\u015fteri \u0130li\u015fkileri Y\u00f6netimi S\u00fcre\u00e7lerinin Y\u00fcr\u00fct\u00fclmesi<\/td>\n<\/tr>\n<tr>\n<td width=\"100%\">Denetim \/ Etik Faaliyetlerinin Y\u00fcr\u00fct\u00fclmesi<\/td>\n<\/tr>\n<tr>\n<td width=\"100%\">\u0130\u015f S\u00fcre\u00e7lerinin \u0130yile\u015ftirilmesine Y\u00f6nelik \u00d6nerilerin Al\u0131nmas\u0131 Ve De\u011ferlendirilmesi<\/td>\n<\/tr>\n<tr>\n<td width=\"100%\">\u00c7al\u0131\u015fanlar \u0130\u00e7in \u0130\u015f Akdi Ve Mevzuattan Kaynakl\u0131 Y\u00fck\u00fcml\u00fcl\u00fcklerin Yerine Getirilmesi<\/td>\n<\/tr>\n<tr>\n<td width=\"100%\">Talep \/ \u015eikayetlerin Takibi<\/td>\n<\/tr>\n<tr>\n<td width=\"100%\">\u0130leti\u015fim Faaliyetlerinin Y\u00fcr\u00fct\u00fclmesi<\/td>\n<\/tr>\n<tr>\n<td width=\"100%\">G\u00f6revlendirme S\u00fcre\u00e7lerinin Y\u00fcr\u00fct\u00fclmesi<\/td>\n<\/tr>\n<tr>\n<td width=\"100%\">Eri\u015fim Yetkilerinin Y\u00fcr\u00fct\u00fclmesi<\/td>\n<\/tr>\n<tr>\n<td width=\"100%\">Mal \/ Hizmet \u00dcretim Ve Operasyon S\u00fcre\u00e7lerinin Y\u00fcr\u00fct\u00fclmesi<\/td>\n<\/tr>\n<tr>\n<td width=\"100%\">Mal \/ Hizmet Sat\u0131n Al\u0131m S\u00fcre\u00e7lerinin Y\u00fcr\u00fct\u00fclmesi<\/td>\n<\/tr>\n<tr>\n<td width=\"100%\">Ziyaret\u00e7i Kay\u0131tlar\u0131n\u0131n Olu\u015fturulmas\u0131 Ve Takibi<\/td>\n<\/tr>\n<tr>\n<td width=\"100%\">\u00dcr\u00fcn \/ Hizmetlerin Pazarlama S\u00fcre\u00e7lerinin Y\u00fcr\u00fct\u00fclmesi<\/td>\n<\/tr>\n<tr>\n<td width=\"100%\">Risk Y\u00f6netimi S\u00fcre\u00e7lerinin Y\u00fcr\u00fct\u00fclmesi<\/td>\n<\/tr>\n<tr>\n<td width=\"100%\">Saklama Ve Ar\u015fiv Faaliyetlerinin Y\u00fcr\u00fct\u00fclmesi<\/td>\n<\/tr>\n<tr>\n<td width=\"100%\">M\u00fc\u015fteri Memnuniyetine Y\u00f6nelik Aktivitelerin Y\u00fcr\u00fct\u00fclmesi<\/td>\n<\/tr>\n<tr>\n<td width=\"100%\">Bilgi G\u00fcvenli\u011fi S\u00fcre\u00e7lerinin Y\u00fcr\u00fct\u00fclmesi<\/td>\n<\/tr>\n<tr>\n<td width=\"100%\">Pazarlama Analiz \u00c7al\u0131\u015fmalar\u0131n\u0131n Y\u00fcr\u00fct\u00fclmesi<\/td>\n<\/tr>\n<tr>\n<td width=\"100%\">Mal \/ Hizmet Sat\u0131\u015f S\u00fcre\u00e7lerinin Y\u00fcr\u00fct\u00fclmesi<\/td>\n<\/tr>\n<tr>\n<td width=\"100%\">Organizasyon Ve Etkinlik Y\u00f6netimi<\/td>\n<\/tr>\n<tr>\n<td width=\"100%\">Mal \/ Hizmet Sat\u0131\u015f Sonras\u0131 Destek Hizmetlerinin Y\u00fcr\u00fct\u00fclmesi<\/td>\n<\/tr>\n<tr>\n<td width=\"100%\">Fiziksel Mekan G\u00fcvenli\u011finin Temini<\/td>\n<\/tr>\n<tr>\n<td width=\"100%\">Performans De\u011ferlendirme S\u00fcre\u00e7lerinin Y\u00fcr\u00fct\u00fclmesi<\/td>\n<\/tr>\n<tr>\n<td width=\"100%\">\u0130\u00e7 Denetim\/ Soru\u015fturma \/ \u0130stihbarat Faaliyetlerinin Y\u00fcr\u00fct\u00fclmesi<\/td>\n<\/tr>\n<tr>\n<td width=\"100%\">Reklam \/ Kampanya \/ Promosyon S\u00fcre\u00e7lerinin Y\u00fcr\u00fct\u00fclmesi<\/td>\n<\/tr>\n<tr>\n<td width=\"100%\">Firma \/ \u00dcr\u00fcn \/ Hizmetlere Ba\u011fl\u0131l\u0131k S\u00fcre\u00e7lerinin Y\u00fcr\u00fct\u00fclmesi<\/td>\n<\/tr>\n<tr>\n<td width=\"100%\">\u0130\u015f Sa\u011fl\u0131\u011f\u0131 \/ G\u00fcvenli\u011fi Faaliyetlerinin Y\u00fcr\u00fct\u00fclmesi<\/td>\n<\/tr>\n<tr>\n<td width=\"100%\">Ta\u015f\u0131n\u0131r Mal Ve Kaynaklar\u0131n G\u00fcvenli\u011finin Temini<\/td>\n<\/tr>\n<tr>\n<td width=\"100%\">\u00c7al\u0131\u015fan Adaylar\u0131n\u0131n Ba\u015fvuru S\u00fcre\u00e7lerinin Y\u00fcr\u00fct\u00fclmesi<\/td>\n<\/tr>\n<tr>\n<td width=\"100%\">\u00c7al\u0131\u015fan Aday\u0131 \/ Stajyer \/ \u00d6\u011frenci Se\u00e7me Ve Yerle\u015ftirme S\u00fcre\u00e7lerinin Y\u00fcr\u00fct\u00fclmesi<\/td>\n<\/tr>\n<tr>\n<td width=\"100%\">E\u011fitim Faaliyetlerinin Y\u00fcr\u00fct\u00fclmesi<\/td>\n<\/tr>\n<tr>\n<td width=\"100%\">\u0130nsan Kaynaklar\u0131 S\u00fcre\u00e7lerinin Planlanmas\u0131<\/td>\n<\/tr>\n<tr>\n<td width=\"100%\">\u00c7al\u0131\u015fanlar \u0130\u00e7in Yan Haklar Ve Menfaatleri S\u00fcre\u00e7lerinin Y\u00fcr\u00fct\u00fclmesi<\/td>\n<\/tr>\n<tr>\n<td width=\"100%\">Di\u011fer &#8211; Fesih \u0130\u015flemlerinin Y\u00fcr\u00fct\u00fclmesi<\/td>\n<\/tr>\n<tr>\n<td width=\"100%\">Di\u011fer &#8211; Personel Devam Kontrol Sisteminin Y\u00fcr\u00fct\u00fclmesi<\/td>\n<\/tr>\n<tr>\n<td width=\"100%\">\u00c7al\u0131\u015fan Memnuniyeti Ve Ba\u011fl\u0131l\u0131\u011f\u0131 S\u00fcre\u00e7lerinin Y\u00fcr\u00fct\u00fclmesi<\/td>\n<\/tr>\n<tr>\n<td width=\"100%\">\u00dccret Politikas\u0131n\u0131n Y\u00fcr\u00fct\u00fclmesi<\/td>\n<\/tr>\n<tr>\n<td width=\"100%\">Yetenek \/ Kariyer Geli\u015fimi Faaliyetlerinin Y\u00fcr\u00fct\u00fclmesi<\/td>\n<\/tr>\n<tr>\n<td width=\"100%\">Stratejik Planlama Faaliyetlerinin Y\u00fcr\u00fct\u00fclmesi<\/td>\n<\/tr>\n<\/tbody>\n<\/table>\n<p>Bahsi ge\u00e7en ama\u00e7larla ger\u00e7ekle\u015ftirilen i\u015fleme faaliyetinin, KVK Kanunu kapsam\u0131nda \u00f6ng\u00f6r\u00fclen \u015fartlardan herhangi birini kar\u015f\u0131lam\u0131yor olmas\u0131 halinde, ilgili i\u015fleme s\u00fcrecine ili\u015fkin olarak Veri Sorumlusu taraf\u0131ndan a\u00e7\u0131k r\u0131zan\u0131z temin edilmektedir.<\/p>\n<h4>4.3. Ki\u015fisel Verilerin Saklanmas\u0131<\/h4>\n<h4>4.3.1. Ki\u015fisel Verilerin Saklanma S\u00fcreleri<\/h4>\n<p>Veri Sorumlusu, ilgili kanunlarda ve mevzuatlarda \u00f6ng\u00f6r\u00fclmesi durumunda ki\u015fisel verileri bu mevzuatlarda belirtilen s\u00fcre boyunca saklamaktad\u0131r. Veri Sorumlusu taraf\u0131ndan belirlenen saklama, imha ve periyodik imha s\u00fcreleri a\u015fa\u011f\u0131da belirtilmi\u015ftir:<\/p>\n<table width=\"100%\">\n<tbody>\n<tr>\n<td width=\"33%\"><strong>Faaliyet<\/strong><\/td>\n<td width=\"33%\"><strong>Saklama S\u00fcresi<\/strong><\/td>\n<td width=\"34%\"><strong>\u0130mha S\u00fcresi<\/strong><\/td>\n<\/tr>\n<tr>\n<td width=\"33%\">Faaliyetlerin Mevzuata Uygun Y\u00fcr\u00fct\u00fclmesi S\u00fcreci<\/td>\n<td width=\"33%\">Di\u011fer &#8211; \u0130\u015f \u0130li\u015fkisinin Sona Ermesinden \u0130tibaren 15 Y\u0131l<br \/>\nDi\u011fer &#8211; \u0130\u015fleme Amac\u0131n\u0131n Sona Ermesinden \u0130tibaren 10 Y\u0131l<br \/>\nDi\u011fer &#8211; Hukuki \u0130li\u015fkinin Sona Ermesinden \u0130tibaren 10 Y\u0131l<br \/>\nDi\u011fer &#8211; Hukuki \u0130li\u015fkinin Sona Ermesinden \u0130tibaren 15 Y\u0131l<br \/>\nDi\u011fer &#8211; \u0130\u015f Akdinin Sona Ermesinden \u0130tibaren 15 Y\u0131l<\/td>\n<td width=\"34%\">Ki\u015fisel Verilerin Korunmas\u0131 Kurulu&#8217;nun Ki\u015fisel Verinin \u0130mhas\u0131na Y\u00f6nelik Karar\u0131n\u0131n Tebli\u011finden \u0130tibaren En Ge\u00e7 30 G\u00fcn<br \/>\nSaklama S\u00fcresinin bitimi itibari ile ilk Periyodik \u0130mha zaman\u0131nda<br \/>\nSilinme Talebi sonras\u0131 30 g\u00fcn cevap verme s\u00fcresi i\u00e7inde<\/td>\n<\/tr>\n<tr>\n<td width=\"33%\">\u0130dari \u0130\u015fler S\u00fcrecine Destek<\/td>\n<td width=\"33%\">Di\u011fer &#8211; \u0130\u015f \u0130li\u015fkisinin Sona Ermesinden \u0130tibaren 15 Y\u0131l<br \/>\nDi\u011fer &#8211; Hukuki \u0130li\u015fkinin Sona Ermesinden \u0130tibaren 10 Y\u0131l<br \/>\n1 Y\u0131l<\/td>\n<td width=\"34%\">Ki\u015fisel Verilerin Korunmas\u0131 Kurulu&#8217;nun Ki\u015fisel Verinin \u0130mhas\u0131na Y\u00f6nelik Karar\u0131n\u0131n Tebli\u011finden \u0130tibaren En Ge\u00e7 30 G\u00fcn<br \/>\nSaklama S\u00fcresinin bitimi itibari ile ilk Periyodik \u0130mha zaman\u0131nda<br \/>\nSilinme Talebi sonras\u0131 30 g\u00fcn cevap verme s\u00fcresi i\u00e7inde<\/td>\n<\/tr>\n<tr>\n<td width=\"33%\">\u0130\u015f Faaliyetlerinin Y\u00fcr\u00fct\u00fclmesi S\u00fcreci<\/td>\n<td width=\"33%\">Di\u011fer &#8211; \u0130\u015f \u0130li\u015fkisinin Sona Ermesinden \u0130tibaren 15 Y\u0131l<br \/>\nDi\u011fer &#8211; Hukuki \u0130li\u015fkinin Sona Ermesinden \u0130tibaren 10 Y\u0131l<\/td>\n<td width=\"34%\">Ki\u015fisel Verilerin Korunmas\u0131 Kurulu&#8217;nun Ki\u015fisel Verinin \u0130mhas\u0131na Y\u00f6nelik Karar\u0131n\u0131n Tebli\u011finden \u0130tibaren En Ge\u00e7 30 G\u00fcn<br \/>\nSaklama S\u00fcresinin bitimi itibari ile ilk Periyodik \u0130mha zaman\u0131nda<\/td>\n<\/tr>\n<tr>\n<td width=\"33%\">\u0130dari \u0130\u015fler ve Faaliyetlerin Y\u00fcr\u00fct\u00fclmesi<\/td>\n<td width=\"33%\">Di\u011fer &#8211; Veri \u0130\u015fleme Amac\u0131n\u0131n Sona Ermesinden \u0130tibaren 10 Y\u0131l<br \/>\nDi\u011fer &#8211; Hukuki \u0130li\u015fkinin Sona Ermesinden \u0130tibaren 10 Y\u0131l<br \/>\nDi\u011fer &#8211; \u0130\u015f \u0130li\u015fkisinin Sona Ermesinden \u0130tibaren 15 Y\u0131l<br \/>\nDi\u011fer &#8211; \u0130\u015f Akdinin Sona Ermesinden \u0130tibaren 15 Y\u0131l<br \/>\nDi\u011fer &#8211; M\u00fclkiyetin Sona Ermesinden Sonra 10 Y\u0131l<\/td>\n<td width=\"34%\">Saklama S\u00fcresinin bitimi itibari ile ilk Periyodik \u0130mha zaman\u0131nda<br \/>\nSilinme Talebi sonras\u0131 30 g\u00fcn cevap verme s\u00fcresi i\u00e7inde<br \/>\nKi\u015fisel Verilerin Korunmas\u0131 Kurulu&#8217;nun Ki\u015fisel Verinin \u0130mhas\u0131na Y\u00f6nelik Karar\u0131n\u0131n Tebli\u011finden \u0130tibaren En Ge\u00e7 30 G\u00fcn<\/td>\n<\/tr>\n<tr>\n<td width=\"33%\">Ticaret Sicil \u0130\u015flemleri<\/td>\n<td width=\"33%\">Di\u011fer &#8211; Veri \u0130\u015fleme Amac\u0131n\u0131n Sona Ermesinden \u0130tibaren 10 Y\u0131l<\/td>\n<td width=\"34%\">Saklama S\u00fcresinin bitimi itibari ile ilk Periyodik \u0130mha zaman\u0131nda<br \/>\nSilinme Talebi sonras\u0131 30 g\u00fcn cevap verme s\u00fcresi i\u00e7inde<\/td>\n<\/tr>\n<tr>\n<td width=\"33%\">Ticaret Sicil Tescil S\u00fcre\u00e7leri<\/td>\n<td width=\"33%\">Di\u011fer &#8211; Veri \u0130\u015fleme Amac\u0131n\u0131n Sona Ermesinden \u0130tibaren 10 Y\u0131l<br \/>\nDi\u011fer &#8211; \u0130\u015f \u0130li\u015fkisinin Sona Ermesinden \u0130tibaren 15 Y\u0131l<br \/>\nDi\u011fer &#8211; Hukuki \u0130li\u015fkinin Sona Ermesinden \u0130tibaren 10 Y\u0131l<\/td>\n<td width=\"34%\">Saklama S\u00fcresinin bitimi itibari ile ilk Periyodik \u0130mha zaman\u0131nda<br \/>\nSilinme Talebi sonras\u0131 30 g\u00fcn cevap verme s\u00fcresi i\u00e7inde<\/td>\n<\/tr>\n<tr>\n<td width=\"33%\">Ticari Faaliyetin Y\u00fcr\u00fct\u00fclmesi<\/td>\n<td width=\"33%\">Di\u011fer &#8211; Veri \u0130\u015fleme Amac\u0131n\u0131n Sona Ermesinden \u0130tibaren 10 Y\u0131l<br \/>\nDi\u011fer &#8211; Hukuki \u0130li\u015fkinin Sona Ermesinden \u0130tibaren 10 Y\u0131l<\/td>\n<td width=\"34%\">Saklama S\u00fcresinin bitimi itibari ile ilk Periyodik \u0130mha zaman\u0131nda<br \/>\nSilinme Talebi sonras\u0131 30 g\u00fcn cevap verme s\u00fcresi i\u00e7inde<\/td>\n<\/tr>\n<tr>\n<td width=\"33%\">Dava ve \u0130cra Takip S\u00fcreci<\/td>\n<td width=\"33%\">Di\u011fer &#8211; \u0130\u015f \u0130li\u015fkisinin Sona Ermesinden \u0130tibaren 15 Y\u0131l<br \/>\nDi\u011fer &#8211; Hukuki \u0130li\u015fkinin Sona Ermesinden \u0130tibaren 10 Y\u0131l<\/td>\n<td width=\"34%\">Saklama S\u00fcresinin bitimi itibari ile ilk Periyodik \u0130mha zaman\u0131nda<br \/>\nKi\u015fisel Verilerin Korunmas\u0131 Kurulu&#8217;nun Ki\u015fisel Verinin \u0130mhas\u0131na Y\u00f6nelik Karar\u0131n\u0131n Tebli\u011finden \u0130tibaren En Ge\u00e7 30 G\u00fcn<br \/>\nSilinme Talebi sonras\u0131 30 g\u00fcn cevap verme s\u00fcresi i\u00e7inde<\/td>\n<\/tr>\n<tr>\n<td width=\"33%\">Hukuki \u0130\u015flemlerin Y\u00fcr\u00fct\u00fclmesi<\/td>\n<td width=\"33%\">Di\u011fer &#8211; \u0130\u015f \u0130li\u015fkisinin Sona Ermesinden \u0130tibaren 15 Y\u0131l<br \/>\nDi\u011fer &#8211; Hukuki \u0130li\u015fkinin Sona Ermesinden \u0130tibaren 10 Y\u0131l<\/td>\n<td width=\"34%\">Saklama S\u00fcresinin bitimi itibari ile ilk Periyodik \u0130mha zaman\u0131nda<br \/>\nSilinme Talebi sonras\u0131 30 g\u00fcn cevap verme s\u00fcresi i\u00e7inde<\/td>\n<\/tr>\n<tr>\n<td width=\"33%\">D\u00fczeltici Ve \u00d6nleyici Faaliyetler<\/td>\n<td width=\"33%\">Di\u011fer &#8211; \u0130\u015f \u0130li\u015fkisinin Sona Ermesinden \u0130tibaren 15 Y\u0131l<br \/>\nDi\u011fer &#8211; \u0130\u015fleme Amac\u0131n\u0131n Sona Ermesinden \u0130tibaren 10 Y\u0131l<br \/>\n20 Y\u0131l<\/td>\n<td width=\"34%\">Ki\u015fisel Verilerin Korunmas\u0131 Kurulu&#8217;nun Ki\u015fisel Verinin \u0130mhas\u0131na Y\u00f6nelik Karar\u0131n\u0131n Tebli\u011finden \u0130tibaren En Ge\u00e7 30 G\u00fcn<br \/>\nSaklama S\u00fcresinin bitimi itibari ile ilk Periyodik \u0130mha zaman\u0131nda<\/td>\n<\/tr>\n<tr>\n<td width=\"33%\">Teknik Altyap\u0131 Ve \u0130\u015fletme Faaliyetlerinin Kontrol\u00fc<\/td>\n<td width=\"33%\">Di\u011fer &#8211; \u0130\u015fleme Amac\u0131n\u0131n Sona Ermesinden \u0130tibaren 10 Y\u0131l<br \/>\n20 Y\u0131l<\/td>\n<td width=\"34%\">Ki\u015fisel Verilerin Korunmas\u0131 Kurulu&#8217;nun Ki\u015fisel Verinin \u0130mhas\u0131na Y\u00f6nelik Karar\u0131n\u0131n Tebli\u011finden \u0130tibaren En Ge\u00e7 30 G\u00fcn<br \/>\nSaklama S\u00fcresinin bitimi itibari ile ilk Periyodik \u0130mha zaman\u0131nda<\/td>\n<\/tr>\n<tr>\n<td width=\"33%\">Ara\u00e7 Tahsis Takip S\u00fcreci<\/td>\n<td width=\"33%\">Di\u011fer &#8211; Hukuki \u0130li\u015fkinin Sona Ermesinden \u0130tibaren 10 Y\u0131l<br \/>\nDi\u011fer &#8211; \u0130\u015f Akdinin Sona Ermesinden \u0130tibaren 15 Y\u0131l<br \/>\nDi\u011fer &#8211; M\u00fclkiyetin Sona Ermesinden Sonra 10 Y\u0131l<\/td>\n<td width=\"34%\">Ki\u015fisel Verilerin Korunmas\u0131 Kurulu&#8217;nun Ki\u015fisel Verinin \u0130mhas\u0131na Y\u00f6nelik Karar\u0131n\u0131n Tebli\u011finden \u0130tibaren En Ge\u00e7 30 G\u00fcn<br \/>\nSaklama S\u00fcresinin bitimi itibari ile ilk Periyodik \u0130mha zaman\u0131nda<\/td>\n<\/tr>\n<tr>\n<td width=\"33%\">Kiralama \u0130\u015flemleri<\/td>\n<td width=\"33%\">Di\u011fer &#8211; Hukuki \u0130li\u015fkinin Sona Ermesinden \u0130tibaren 10 Y\u0131l<\/td>\n<td width=\"34%\">Ki\u015fisel Verilerin Korunmas\u0131 Kurulu&#8217;nun Ki\u015fisel Verinin \u0130mhas\u0131na Y\u00f6nelik Karar\u0131n\u0131n Tebli\u011finden \u0130tibaren En Ge\u00e7 30 G\u00fcn<br \/>\nSaklama S\u00fcresinin bitimi itibari ile ilk Periyodik \u0130mha zaman\u0131nda<\/td>\n<\/tr>\n<tr>\n<td width=\"33%\">Hukuki S\u00fcre\u00e7lerin Takibi Ve \u015eirketin Temsili<\/td>\n<td width=\"33%\">Di\u011fer &#8211; Hukuki \u0130li\u015fkinin Sona Ermesinden \u0130tibaren 10 Y\u0131l<br \/>\nDi\u011fer &#8211; \u0130\u015f \u0130li\u015fkisinin Sona Ermesinden \u0130tibaren 15 Y\u0131l<\/td>\n<td width=\"34%\">Saklama S\u00fcresinin bitimi itibari ile ilk Periyodik \u0130mha zaman\u0131nda<br \/>\nKi\u015fisel Verilerin Korunmas\u0131 Kurulu&#8217;nun Ki\u015fisel Verinin \u0130mhas\u0131na Y\u00f6nelik Karar\u0131n\u0131n Tebli\u011finden \u0130tibaren En Ge\u00e7 30 G\u00fcn<br \/>\nSilinme Talebi sonras\u0131 30 g\u00fcn cevap verme s\u00fcresi i\u00e7inde<\/td>\n<\/tr>\n<tr>\n<td width=\"33%\">Finansal Faaliyetlerin Y\u00fcr\u00fct\u00fclmesi<\/td>\n<td width=\"33%\">Di\u011fer &#8211; Hukuki \u0130li\u015fkinin Sona Ermesinden \u0130tibaren 10 Y\u0131l<br \/>\nDi\u011fer &#8211; Hukuki \u0130li\u015fkinin Sona Ermesinden \u0130tibaren 15 Y\u0131l<br \/>\nDi\u011fer &#8211; \u0130\u015fleme Amac\u0131n\u0131n Sona Ermesinden \u0130tibaren 10 Y\u0131l<\/td>\n<td width=\"34%\">Saklama S\u00fcresinin bitimi itibari ile ilk Periyodik \u0130mha zaman\u0131nda<br \/>\nKi\u015fisel Verilerin Korunmas\u0131 Kurulu&#8217;nun Ki\u015fisel Verinin \u0130mhas\u0131na Y\u00f6nelik Karar\u0131n\u0131n Tebli\u011finden \u0130tibaren En Ge\u00e7 30 G\u00fcn<br \/>\nSilinme Talebi sonras\u0131 30 g\u00fcn cevap verme s\u00fcresi i\u00e7inde<\/td>\n<\/tr>\n<tr>\n<td width=\"33%\">Kurum Ve Kurulu\u015flarla Yaz\u0131\u015fmalar\u0131n Y\u00fcr\u00fct\u00fclmesi<\/td>\n<td width=\"33%\">Di\u011fer &#8211; Hukuki \u0130li\u015fkinin Sona Ermesinden \u0130tibaren 10 Y\u0131l<br \/>\nDi\u011fer &#8211; \u0130\u015fleme Amac\u0131n\u0131n Sona Ermesinden \u0130tibaren 10 Y\u0131l<\/td>\n<td width=\"34%\">Saklama S\u00fcresinin bitimi itibari ile ilk Periyodik \u0130mha zaman\u0131nda<br \/>\nKi\u015fisel Verilerin Korunmas\u0131 Kurulu&#8217;nun Ki\u015fisel Verinin \u0130mhas\u0131na Y\u00f6nelik Karar\u0131n\u0131n Tebli\u011finden \u0130tibaren En Ge\u00e7 30 G\u00fcn<\/td>\n<\/tr>\n<tr>\n<td width=\"33%\">Resmi Kurum ve Kurulu\u015f \u0130\u015flemleri<\/td>\n<td width=\"33%\">Di\u011fer &#8211; Hukuki \u0130li\u015fkinin Sona Ermesinden \u0130tibaren 10 Y\u0131l<br \/>\nDi\u011fer &#8211; \u0130\u015f \u0130li\u015fkisinin Sona Ermesinden \u0130tibaren 15 Y\u0131l<\/td>\n<td width=\"34%\">Ki\u015fisel Verilerin Korunmas\u0131 Kurulu&#8217;nun Ki\u015fisel Verinin \u0130mhas\u0131na Y\u00f6nelik Karar\u0131n\u0131n Tebli\u011finden \u0130tibaren En Ge\u00e7 30 G\u00fcn<br \/>\nSaklama S\u00fcresinin bitimi itibari ile ilk Periyodik \u0130mha zaman\u0131nda<\/td>\n<\/tr>\n<tr>\n<td width=\"33%\">\u015eirketin \u0130\u015fg\u00fcc\u00fc, Makine, Ekipman Ve Malzeme \u0130htiyac\u0131n\u0131n Belirlenmesi Ve Temini<\/td>\n<td width=\"33%\">Di\u011fer &#8211; Hukuki \u0130li\u015fkinin Sona Ermesinden \u0130tibaren 10 Y\u0131l<br \/>\nDi\u011fer &#8211; \u0130\u015fleme Amac\u0131n\u0131n Sona Ermesinden \u0130tibaren 10 Y\u0131l<\/td>\n<td width=\"34%\">Saklama S\u00fcresinin bitimi itibari ile ilk Periyodik \u0130mha zaman\u0131nda<br \/>\nKi\u015fisel Verilerin Korunmas\u0131 Kurulu&#8217;nun Ki\u015fisel Verinin \u0130mhas\u0131na Y\u00f6nelik Karar\u0131n\u0131n Tebli\u011finden \u0130tibaren En Ge\u00e7 30 G\u00fcn<\/td>\n<\/tr>\n<tr>\n<td width=\"33%\">3. \u015eah\u0131slar Nezdinde \u015eirketin Temsili<\/td>\n<td width=\"33%\">Di\u011fer &#8211; \u0130\u015f \u0130li\u015fkisinin Sona Ermesinden \u0130tibaren 15 Y\u0131l<br \/>\nDi\u011fer &#8211; Hukuki \u0130li\u015fkinin Sona Ermesinden \u0130tibaren 10 Y\u0131l<\/td>\n<td width=\"34%\">Saklama S\u00fcresinin bitimi itibari ile ilk Periyodik \u0130mha zaman\u0131nda<\/td>\n<\/tr>\n<tr>\n<td width=\"33%\">Posta &#8211; Kargo G\u00f6nderimleri<\/td>\n<td width=\"33%\">Di\u011fer &#8211; \u0130\u015fleme Amac\u0131n\u0131n Sona Ermesinden \u0130tibaren 2 Y\u0131l<br \/>\nDi\u011fer &#8211; Hukuki \u0130li\u015fkinin Sona Ermesinden \u0130tibaren 10 Y\u0131l<\/td>\n<td width=\"34%\">Saklama S\u00fcresinin bitimi itibari ile ilk Periyodik \u0130mha zaman\u0131nda<br \/>\nSilinme Talebi sonras\u0131 30 g\u00fcn cevap verme s\u00fcresi i\u00e7inde<br \/>\nKi\u015fisel Verilerin Korunmas\u0131 Kurulu&#8217;nun Ki\u015fisel Verinin \u0130mhas\u0131na Y\u00f6nelik Karar\u0131n\u0131n Tebli\u011finden \u0130tibaren En Ge\u00e7 30 G\u00fcn<\/td>\n<\/tr>\n<tr>\n<td width=\"33%\">\u0130leti\u015fim Faaliyetlerinin Y\u00fcr\u00fct\u00fclmesi S\u00fcreci<\/td>\n<td width=\"33%\">Di\u011fer &#8211; \u0130\u015f \u0130li\u015fkisinin Sona Ermesinden \u0130tibaren 15 Y\u0131l<br \/>\nDi\u011fer &#8211; Hukuki \u0130li\u015fkinin Sona Ermesinden \u0130tibaren 10 Y\u0131l<\/td>\n<td width=\"34%\">Saklama S\u00fcresinin bitimi itibari ile ilk Periyodik \u0130mha zaman\u0131nda<br \/>\nSilinme Talebi sonras\u0131 30 g\u00fcn cevap verme s\u00fcresi i\u00e7inde<br \/>\nKi\u015fisel Verilerin Korunmas\u0131 Kurulu&#8217;nun Ki\u015fisel Verinin \u0130mhas\u0131na Y\u00f6nelik Karar\u0131n\u0131n Tebli\u011finden \u0130tibaren En Ge\u00e7 30 G\u00fcn<\/td>\n<\/tr>\n<tr>\n<td width=\"33%\">Gelen Evrak Kay\u0131t<\/td>\n<td width=\"33%\">Di\u011fer &#8211; Hukuki \u0130li\u015fkinin Sona Ermesinden \u0130tibaren 10 Y\u0131l<\/td>\n<td width=\"34%\">Ki\u015fisel Verilerin Korunmas\u0131 Kurulu&#8217;nun Ki\u015fisel Verinin \u0130mhas\u0131na Y\u00f6nelik Karar\u0131n\u0131n Tebli\u011finden \u0130tibaren En Ge\u00e7 30 G\u00fcn<br \/>\nSaklama S\u00fcresinin bitimi itibari ile ilk Periyodik \u0130mha zaman\u0131nda<\/td>\n<\/tr>\n<tr>\n<td width=\"33%\">E-Posta Y\u00f6netimi<\/td>\n<td width=\"33%\">Di\u011fer &#8211; \u0130\u015fleme Amac\u0131n\u0131n Sona Ermesinden \u0130tibaren 10 Y\u0131l<br \/>\nDi\u011fer &#8211; \u0130\u015fleme Amac\u0131n\u0131n Sona Ermesinden \u0130tibaren 5 Y\u0131l<br \/>\n1 Y\u0131l<\/td>\n<td width=\"34%\">Ki\u015fisel Verilerin Korunmas\u0131 Kurulu&#8217;nun Ki\u015fisel Verinin \u0130mhas\u0131na Y\u00f6nelik Karar\u0131n\u0131n Tebli\u011finden \u0130tibaren En Ge\u00e7 30 G\u00fcn<br \/>\nSaklama S\u00fcresinin bitimi itibari ile ilk Periyodik \u0130mha zaman\u0131nda<br \/>\nSilinme Talebi sonras\u0131 30 g\u00fcn cevap verme s\u00fcresi i\u00e7inde<\/td>\n<\/tr>\n<tr>\n<td width=\"33%\">Mutabakat S\u00fcreci<\/td>\n<td width=\"33%\">Di\u011fer &#8211; Hukuki \u0130li\u015fkinin Sona Ermesinden \u0130tibaren 10 Y\u0131l<br \/>\n1 Y\u0131l<\/td>\n<td width=\"34%\">Ki\u015fisel Verilerin Korunmas\u0131 Kurulu&#8217;nun Ki\u015fisel Verinin \u0130mhas\u0131na Y\u00f6nelik Karar\u0131n\u0131n Tebli\u011finden \u0130tibaren En Ge\u00e7 30 G\u00fcn<br \/>\nSaklama S\u00fcresinin bitimi itibari ile ilk Periyodik \u0130mha zaman\u0131nda<br \/>\nSilinme Talebi sonras\u0131 30 g\u00fcn cevap verme s\u00fcresi i\u00e7inde<\/td>\n<\/tr>\n<tr>\n<td width=\"33%\">Yurtd\u0131\u015f\u0131 Kargo G\u00f6nderileri<\/td>\n<td width=\"33%\">Di\u011fer &#8211; Hukuki \u0130li\u015fkinin Sona Ermesinden \u0130tibaren 10 Y\u0131l<\/td>\n<td width=\"34%\">Ki\u015fisel Verilerin Korunmas\u0131 Kurulu&#8217;nun Ki\u015fisel Verinin \u0130mhas\u0131na Y\u00f6nelik Karar\u0131n\u0131n Tebli\u011finden \u0130tibaren En Ge\u00e7 30 G\u00fcn<br \/>\nSaklama S\u00fcresinin bitimi itibari ile ilk Periyodik \u0130mha zaman\u0131nda<\/td>\n<\/tr>\n<tr>\n<td width=\"33%\">Yurti\u00e7i Kargo G\u00f6nderileri<\/td>\n<td width=\"33%\">Di\u011fer &#8211; Hukuki \u0130li\u015fkinin Sona Ermesinden \u0130tibaren 10 Y\u0131l<\/td>\n<td width=\"34%\">Ki\u015fisel Verilerin Korunmas\u0131 Kurulu&#8217;nun Ki\u015fisel Verinin \u0130mhas\u0131na Y\u00f6nelik Karar\u0131n\u0131n Tebli\u011finden \u0130tibaren En Ge\u00e7 30 G\u00fcn<br \/>\nSaklama S\u00fcresinin bitimi itibari ile ilk Periyodik \u0130mha zaman\u0131nda<\/td>\n<\/tr>\n<tr>\n<td width=\"33%\">Personel \u0130le \u0130lgili Demirba\u015f Ve Zimmet \u0130\u015flemleri<\/td>\n<td width=\"33%\">Di\u011fer &#8211; \u0130\u015f Akdinin Sona Ermesinden \u0130tibaren 15 Y\u0131l<\/td>\n<td width=\"34%\">Ki\u015fisel Verilerin Korunmas\u0131 Kurulu&#8217;nun Ki\u015fisel Verinin \u0130mhas\u0131na Y\u00f6nelik Karar\u0131n\u0131n Tebli\u011finden \u0130tibaren En Ge\u00e7 30 G\u00fcn<br \/>\nSaklama S\u00fcresinin bitimi itibari ile ilk Periyodik \u0130mha zaman\u0131nda<\/td>\n<\/tr>\n<tr>\n<td width=\"33%\">Y\u00f6netici &#8211; Gsm Hat Tahsis Bildirim \u0130\u015flemleri<\/td>\n<td width=\"33%\">Di\u011fer &#8211; Hukuki \u0130li\u015fkinin Sona Ermesinden \u0130tibaren 10 Y\u0131l<\/td>\n<td width=\"34%\">Saklama S\u00fcresinin bitimi itibari ile ilk Periyodik \u0130mha zaman\u0131nda<\/td>\n<\/tr>\n<tr>\n<td width=\"33%\">Noter \u0130\u015flemleri<\/td>\n<td width=\"33%\">Di\u011fer &#8211; Hukuki \u0130li\u015fkinin Sona Ermesinden \u0130tibaren 10 Y\u0131l<\/td>\n<td width=\"34%\">Saklama S\u00fcresinin bitimi itibari ile ilk Periyodik \u0130mha zaman\u0131nda<\/td>\n<\/tr>\n<tr>\n<td width=\"33%\">\u015eirket ve Ortakl\u0131k \u0130li\u015fkilerinin Y\u00fcr\u00fct\u00fclmesi<\/td>\n<td width=\"33%\">Di\u011fer &#8211; Hukuki \u0130li\u015fkinin Sona Ermesinden \u0130tibaren 10 Y\u0131l<\/td>\n<td width=\"34%\">Ki\u015fisel Verilerin Korunmas\u0131 Kurulu&#8217;nun Ki\u015fisel Verinin \u0130mhas\u0131na Y\u00f6nelik Karar\u0131n\u0131n Tebli\u011finden \u0130tibaren En Ge\u00e7 30 G\u00fcn<br \/>\nSaklama S\u00fcresinin bitimi itibari ile ilk Periyodik \u0130mha zaman\u0131nda<\/td>\n<\/tr>\n<tr>\n<td width=\"33%\">\u00dcretim Faaliyetlerinin y\u00fcr\u00fct\u00fclmesi<\/td>\n<td width=\"33%\">Di\u011fer &#8211; \u0130\u015fleme Amac\u0131n\u0131n Sona Ermesinden \u0130tibaren 10 Y\u0131l<br \/>\nDi\u011fer &#8211; Veri \u0130\u015fleme Amac\u0131n\u0131n Sona Ermesinden \u0130tibaren 10 Y\u0131l<\/td>\n<td width=\"34%\">Saklama S\u00fcresinin bitimi itibari ile ilk Periyodik \u0130mha zaman\u0131nda<br \/>\nKi\u015fisel Verilerin Korunmas\u0131 Kurulu&#8217;nun Ki\u015fisel Verinin \u0130mhas\u0131na Y\u00f6nelik Karar\u0131n\u0131n Tebli\u011finden \u0130tibaren En Ge\u00e7 30 G\u00fcn<\/td>\n<\/tr>\n<tr>\n<td width=\"33%\">\u00dcr\u00fcn Etiketleme S\u00fcreci<\/td>\n<td width=\"33%\">Di\u011fer &#8211; \u0130\u015fleme Amac\u0131n\u0131n Sona Ermesinden \u0130tibaren 10 Y\u0131l<\/td>\n<td width=\"34%\">Saklama S\u00fcresinin bitimi itibari ile ilk Periyodik \u0130mha zaman\u0131nda<\/td>\n<\/tr>\n<tr>\n<td width=\"33%\">\u00dcr\u00fcn\/ Hizmet Faaliyetlerinin Y\u00fcr\u00fct\u00fclmesi S\u00fcreci<\/td>\n<td width=\"33%\">Di\u011fer &#8211; \u0130\u015fleme Amac\u0131n\u0131n Sona Ermesinden \u0130tibaren 10 Y\u0131l<\/td>\n<td width=\"34%\">Saklama S\u00fcresinin bitimi itibari ile ilk Periyodik \u0130mha zaman\u0131nda<br \/>\nKi\u015fisel Verilerin Korunmas\u0131 Kurulu&#8217;nun Ki\u015fisel Verinin \u0130mhas\u0131na Y\u00f6nelik Karar\u0131n\u0131n Tebli\u011finden \u0130tibaren En Ge\u00e7 30 G\u00fcn<\/td>\n<\/tr>\n<tr>\n<td width=\"33%\">\u00dcretim Planlama ve Takip<\/td>\n<td width=\"33%\">Di\u011fer &#8211; \u0130\u015fleme Amac\u0131n\u0131n Sona Ermesinden \u0130tibaren 10 Y\u0131l<br \/>\nDi\u011fer &#8211; Veri \u0130\u015fleme Amac\u0131n\u0131n Sona Ermesinden \u0130tibaren 10 Y\u0131l<\/td>\n<td width=\"34%\">Saklama S\u00fcresinin bitimi itibari ile ilk Periyodik \u0130mha zaman\u0131nda<br \/>\nKi\u015fisel Verilerin Korunmas\u0131 Kurulu&#8217;nun Ki\u015fisel Verinin \u0130mhas\u0131na Y\u00f6nelik Karar\u0131n\u0131n Tebli\u011finden \u0130tibaren En Ge\u00e7 30 G\u00fcn<\/td>\n<\/tr>\n<tr>\n<td width=\"33%\">Yeni \u00dcr\u00fcn S\u00fcreci<\/td>\n<td width=\"33%\">Di\u011fer &#8211; \u0130\u015fleme Amac\u0131n\u0131n Sona Ermesinden \u0130tibaren 10 Y\u0131l<\/td>\n<td width=\"34%\">Saklama S\u00fcresinin bitimi itibari ile ilk Periyodik \u0130mha zaman\u0131nda<\/td>\n<\/tr>\n<tr>\n<td width=\"33%\">Yeni \u00dcr\u00fcn\/Tedarik\u00e7i Ara\u015ft\u0131rma<\/td>\n<td width=\"33%\">Di\u011fer &#8211; \u0130\u015fleme Amac\u0131n\u0131n Sona Ermesinden \u0130tibaren 10 Y\u0131l<br \/>\nDi\u011fer &#8211; Hukuki \u0130li\u015fkinin Sona Ermesinden \u0130tibaren 10 Y\u0131l<\/td>\n<td width=\"34%\">Saklama S\u00fcresinin bitimi itibari ile ilk Periyodik \u0130mha zaman\u0131nda<br \/>\nSilinme Talebi sonras\u0131 30 g\u00fcn cevap verme s\u00fcresi i\u00e7inde<br \/>\nKi\u015fisel Verilerin Korunmas\u0131 Kurulu&#8217;nun Ki\u015fisel Verinin \u0130mhas\u0131na Y\u00f6nelik Karar\u0131n\u0131n Tebli\u011finden \u0130tibaren En Ge\u00e7 30 G\u00fcn<\/td>\n<\/tr>\n<tr>\n<td width=\"33%\">Sat\u0131n Alma S\u00fcreci<\/td>\n<td width=\"33%\">Di\u011fer &#8211; \u0130\u015fleme Amac\u0131n\u0131n Sona Ermesinden \u0130tibaren 10 Y\u0131l<br \/>\nDi\u011fer &#8211; Hukuki \u0130li\u015fkinin Sona Ermesinden \u0130tibaren 10 Y\u0131l<\/td>\n<td width=\"34%\">Ki\u015fisel Verilerin Korunmas\u0131 Kurulu&#8217;nun Ki\u015fisel Verinin \u0130mhas\u0131na Y\u00f6nelik Karar\u0131n\u0131n Tebli\u011finden \u0130tibaren En Ge\u00e7 30 G\u00fcn<br \/>\nSaklama S\u00fcresinin bitimi itibari ile ilk Periyodik \u0130mha zaman\u0131nda<\/td>\n<\/tr>\n<tr>\n<td width=\"33%\">Sat\u0131n Alma ve Tedarik Faaliyetleri<\/td>\n<td width=\"33%\">Di\u011fer &#8211; \u0130\u015fleme Amac\u0131n\u0131n Sona Ermesinden \u0130tibaren 10 Y\u0131l<br \/>\nDi\u011fer &#8211; Hukuki \u0130li\u015fkinin Sona Ermesinden \u0130tibaren 10 Y\u0131l<\/td>\n<td width=\"34%\">Ki\u015fisel Verilerin Korunmas\u0131 Kurulu&#8217;nun Ki\u015fisel Verinin \u0130mhas\u0131na Y\u00f6nelik Karar\u0131n\u0131n Tebli\u011finden \u0130tibaren En Ge\u00e7 30 G\u00fcn<br \/>\nSaklama S\u00fcresinin bitimi itibari ile ilk Periyodik \u0130mha zaman\u0131nda<br \/>\nSilinme Talebi sonras\u0131 30 g\u00fcn cevap verme s\u00fcresi i\u00e7inde<\/td>\n<\/tr>\n<tr>\n<td width=\"33%\">Sat\u0131nalma \u015eartname S\u00fcreci<\/td>\n<td width=\"33%\">Di\u011fer &#8211; \u0130\u015fleme Amac\u0131n\u0131n Sona Ermesinden \u0130tibaren 10 Y\u0131l<\/td>\n<td width=\"34%\">Ki\u015fisel Verilerin Korunmas\u0131 Kurulu&#8217;nun Ki\u015fisel Verinin \u0130mhas\u0131na Y\u00f6nelik Karar\u0131n\u0131n Tebli\u011finden \u0130tibaren En Ge\u00e7 30 G\u00fcn<br \/>\nSaklama S\u00fcresinin bitimi itibari ile ilk Periyodik \u0130mha zaman\u0131nda<\/td>\n<\/tr>\n<tr>\n<td width=\"33%\">Teklif Toplama S\u00fcreci<\/td>\n<td width=\"33%\">Di\u011fer &#8211; Hukuki \u0130li\u015fkinin Sona Ermesinden \u0130tibaren 10 Y\u0131l<br \/>\nDi\u011fer &#8211; \u0130\u015fleme Amac\u0131n\u0131n Sona Ermesinden \u0130tibaren 10 Y\u0131l<\/td>\n<td width=\"34%\">Saklama S\u00fcresinin bitimi itibari ile ilk Periyodik \u0130mha zaman\u0131nda<br \/>\nSilinme Talebi sonras\u0131 30 g\u00fcn cevap verme s\u00fcresi i\u00e7inde<\/td>\n<\/tr>\n<tr>\n<td width=\"33%\">Tesis G\u00fcvenlik Faaliyetleri<\/td>\n<td width=\"33%\">1 Y\u0131l<\/td>\n<td width=\"34%\">Saklama S\u00fcresinin bitimi itibari ile ilk Periyodik \u0130mha zaman\u0131nda<\/td>\n<\/tr>\n<tr>\n<td width=\"33%\">Tedarik\u00e7i Kay\u0131tlar\u0131 Olu\u015fturma<\/td>\n<td width=\"33%\">Di\u011fer &#8211; Hukuki \u0130li\u015fkinin Sona Ermesinden \u0130tibaren 10 Y\u0131l<\/td>\n<td width=\"34%\">Saklama S\u00fcresinin bitimi itibari ile ilk Periyodik \u0130mha zaman\u0131nda<\/td>\n<\/tr>\n<tr>\n<td width=\"33%\">Tedarik\u00e7i Y\u00f6netimi<\/td>\n<td width=\"33%\">Di\u011fer &#8211; Hukuki \u0130li\u015fkinin Sona Ermesinden \u0130tibaren 10 Y\u0131l<\/td>\n<td width=\"34%\">Saklama S\u00fcresinin bitimi itibari ile ilk Periyodik \u0130mha zaman\u0131nda<\/td>\n<\/tr>\n<tr>\n<td width=\"33%\">Sat\u0131n Alma Y\u00f6netimi<\/td>\n<td width=\"33%\">Di\u011fer &#8211; Hukuki \u0130li\u015fkinin Sona Ermesinden \u0130tibaren 10 Y\u0131l<br \/>\nDi\u011fer &#8211; \u0130\u015fleme Amac\u0131n\u0131n Sona Ermesinden \u0130tibaren 10 Y\u0131l<\/td>\n<td width=\"34%\">Ki\u015fisel Verilerin Korunmas\u0131 Kurulu&#8217;nun Ki\u015fisel Verinin \u0130mhas\u0131na Y\u00f6nelik Karar\u0131n\u0131n Tebli\u011finden \u0130tibaren En Ge\u00e7 30 G\u00fcn<br \/>\nSaklama S\u00fcresinin bitimi itibari ile ilk Periyodik \u0130mha zaman\u0131nda<br \/>\nSilinme Talebi sonras\u0131 30 g\u00fcn cevap verme s\u00fcresi i\u00e7inde<\/td>\n<\/tr>\n<tr>\n<td width=\"33%\">Sipari\u015f S\u00fcreci<\/td>\n<td width=\"33%\">Di\u011fer &#8211; \u0130\u015fleme Amac\u0131n\u0131n Sona Ermesinden \u0130tibaren 10 Y\u0131l<br \/>\nDi\u011fer &#8211; Hukuki \u0130li\u015fkinin Sona Ermesinden \u0130tibaren 10 Y\u0131l<\/td>\n<td width=\"34%\">Saklama S\u00fcresinin bitimi itibari ile ilk Periyodik \u0130mha zaman\u0131nda<br \/>\nSilinme Talebi sonras\u0131 30 g\u00fcn cevap verme s\u00fcresi i\u00e7inde<\/td>\n<\/tr>\n<tr>\n<td width=\"33%\">S\u00f6zle\u015fme Y\u00f6netimi<\/td>\n<td width=\"33%\">Di\u011fer &#8211; Hukuki \u0130li\u015fkinin Sona Ermesinden \u0130tibaren 10 Y\u0131l<\/td>\n<td width=\"34%\">Saklama S\u00fcresinin bitimi itibari ile ilk Periyodik \u0130mha zaman\u0131nda<br \/>\nSilinme Talebi sonras\u0131 30 g\u00fcn cevap verme s\u00fcresi i\u00e7inde<\/td>\n<\/tr>\n<tr>\n<td width=\"33%\">Sipari\u015f Y\u00f6netimi S\u00fcreci<\/td>\n<td width=\"33%\">Di\u011fer &#8211; Hukuki \u0130li\u015fkinin Sona Ermesinden \u0130tibaren 10 Y\u0131l<\/td>\n<td width=\"34%\">Saklama S\u00fcresinin bitimi itibari ile ilk Periyodik \u0130mha zaman\u0131nda<br \/>\nSilinme Talebi sonras\u0131 30 g\u00fcn cevap verme s\u00fcresi i\u00e7inde<br \/>\nKi\u015fisel Verilerin Korunmas\u0131 Kurulu&#8217;nun Ki\u015fisel Verinin \u0130mhas\u0131na Y\u00f6nelik Karar\u0131n\u0131n Tebli\u011finden \u0130tibaren En Ge\u00e7 30 G\u00fcn<\/td>\n<\/tr>\n<tr>\n<td width=\"33%\">Sipari\u015f Formu Olu\u015fturma<\/td>\n<td width=\"33%\">Di\u011fer &#8211; Hukuki \u0130li\u015fkinin Sona Ermesinden \u0130tibaren 10 Y\u0131l<\/td>\n<td width=\"34%\">Saklama S\u00fcresinin bitimi itibari ile ilk Periyodik \u0130mha zaman\u0131nda<br \/>\nSilinme Talebi sonras\u0131 30 g\u00fcn cevap verme s\u00fcresi i\u00e7inde<\/td>\n<\/tr>\n<tr>\n<td width=\"33%\">\u00dcretim Takip S\u00fcreci<\/td>\n<td width=\"33%\">Di\u011fer &#8211; \u0130\u015fleme Amac\u0131n\u0131n Sona Ermesinden \u0130tibaren 10 Y\u0131l<br \/>\nDi\u011fer &#8211; Veri \u0130\u015fleme Amac\u0131n\u0131n Sona Ermesinden \u0130tibaren 10 Y\u0131l<\/td>\n<td width=\"34%\">Ki\u015fisel Verilerin Korunmas\u0131 Kurulu&#8217;nun Ki\u015fisel Verinin \u0130mhas\u0131na Y\u00f6nelik Karar\u0131n\u0131n Tebli\u011finden \u0130tibaren En Ge\u00e7 30 G\u00fcn<br \/>\nSaklama S\u00fcresinin bitimi itibari ile ilk Periyodik \u0130mha zaman\u0131nda<\/td>\n<\/tr>\n<tr>\n<td width=\"33%\">Hijyen Kontrol Faaliyeti<\/td>\n<td width=\"33%\">Di\u011fer &#8211; Veri \u0130\u015fleme Amac\u0131n\u0131n Sona Ermesinden \u0130tibaren 10 Y\u0131l<br \/>\nDi\u011fer &#8211; \u0130\u015fleme Amac\u0131n\u0131n Sona Ermesinden \u0130tibaren 10 Y\u0131l<\/td>\n<td width=\"34%\">Ki\u015fisel Verilerin Korunmas\u0131 Kurulu&#8217;nun Ki\u015fisel Verinin \u0130mhas\u0131na Y\u00f6nelik Karar\u0131n\u0131n Tebli\u011finden \u0130tibaren En Ge\u00e7 30 G\u00fcn<br \/>\nSaklama S\u00fcresinin bitimi itibari ile ilk Periyodik \u0130mha zaman\u0131nda<\/td>\n<\/tr>\n<tr>\n<td width=\"33%\">Temizlik ve Hijyen S\u00fcreci<\/td>\n<td width=\"33%\">Di\u011fer &#8211; Veri \u0130\u015fleme Amac\u0131n\u0131n Sona Ermesinden \u0130tibaren 10 Y\u0131l<br \/>\nDi\u011fer &#8211; \u0130\u015fleme Amac\u0131n\u0131n Sona Ermesinden \u0130tibaren 10 Y\u0131l<\/td>\n<td width=\"34%\">Ki\u015fisel Verilerin Korunmas\u0131 Kurulu&#8217;nun Ki\u015fisel Verinin \u0130mhas\u0131na Y\u00f6nelik Karar\u0131n\u0131n Tebli\u011finden \u0130tibaren En Ge\u00e7 30 G\u00fcn<br \/>\nSaklama S\u00fcresinin bitimi itibari ile ilk Periyodik \u0130mha zaman\u0131nda<\/td>\n<\/tr>\n<tr>\n<td width=\"33%\">\u0130zlenebilirlik S\u00fcreci<\/td>\n<td width=\"33%\">Di\u011fer &#8211; Veri \u0130\u015fleme Amac\u0131n\u0131n Sona Ermesinden \u0130tibaren 10 Y\u0131l<\/td>\n<td width=\"34%\">Ki\u015fisel Verilerin Korunmas\u0131 Kurulu&#8217;nun Ki\u015fisel Verinin \u0130mhas\u0131na Y\u00f6nelik Karar\u0131n\u0131n Tebli\u011finden \u0130tibaren En Ge\u00e7 30 G\u00fcn<br \/>\nSaklama S\u00fcresinin bitimi itibari ile ilk Periyodik \u0130mha zaman\u0131nda<\/td>\n<\/tr>\n<tr>\n<td width=\"33%\">G\u00f6revlendirme Faaliyeti<\/td>\n<td width=\"33%\">Di\u011fer &#8211; Veri \u0130\u015fleme Amac\u0131n\u0131n Sona Ermesinden \u0130tibaren 10 Y\u0131l<br \/>\nDi\u011fer &#8211; \u0130\u015fleme Amac\u0131n\u0131n Sona Ermesinden \u0130tibaren 10 Y\u0131l<\/td>\n<td width=\"34%\">Ki\u015fisel Verilerin Korunmas\u0131 Kurulu&#8217;nun Ki\u015fisel Verinin \u0130mhas\u0131na Y\u00f6nelik Karar\u0131n\u0131n Tebli\u011finden \u0130tibaren En Ge\u00e7 30 G\u00fcn<br \/>\nSaklama S\u00fcresinin bitimi itibari ile ilk Periyodik \u0130mha zaman\u0131nda<\/td>\n<\/tr>\n<tr>\n<td width=\"33%\">Depodan Malzeme \u0130steme S\u00fcreci<\/td>\n<td width=\"33%\">Di\u011fer &#8211; \u0130\u015fleme Amac\u0131n\u0131n Sona Ermesinden \u0130tibaren 10 Y\u0131l<\/td>\n<td width=\"34%\">Ki\u015fisel Verilerin Korunmas\u0131 Kurulu&#8217;nun Ki\u015fisel Verinin \u0130mhas\u0131na Y\u00f6nelik Karar\u0131n\u0131n Tebli\u011finden \u0130tibaren En Ge\u00e7 30 G\u00fcn<br \/>\nSaklama S\u00fcresinin bitimi itibari ile ilk Periyodik \u0130mha zaman\u0131nda<\/td>\n<\/tr>\n<tr>\n<td width=\"33%\">\u0130\u00e7 Denetim S\u00fcreci<\/td>\n<td width=\"33%\">Di\u011fer &#8211; \u0130\u015fleme Amac\u0131n\u0131n Sona Ermesinden \u0130tibaren 10 Y\u0131l<\/td>\n<td width=\"34%\">Ki\u015fisel Verilerin Korunmas\u0131 Kurulu&#8217;nun Ki\u015fisel Verinin \u0130mhas\u0131na Y\u00f6nelik Karar\u0131n\u0131n Tebli\u011finden \u0130tibaren En Ge\u00e7 30 G\u00fcn<br \/>\nSaklama S\u00fcresinin bitimi itibari ile ilk Periyodik \u0130mha zaman\u0131nda<\/td>\n<\/tr>\n<tr>\n<td width=\"33%\">D\u00fczenleyici \u00d6nleyici Faaliyet<\/td>\n<td width=\"33%\">Di\u011fer &#8211; \u0130\u015fleme Amac\u0131n\u0131n Sona Ermesinden \u0130tibaren 10 Y\u0131l<\/td>\n<td width=\"34%\">Ki\u015fisel Verilerin Korunmas\u0131 Kurulu&#8217;nun Ki\u015fisel Verinin \u0130mhas\u0131na Y\u00f6nelik Karar\u0131n\u0131n Tebli\u011finden \u0130tibaren En Ge\u00e7 30 G\u00fcn<br \/>\nSaklama S\u00fcresinin bitimi itibari ile ilk Periyodik \u0130mha zaman\u0131nda<\/td>\n<\/tr>\n<tr>\n<td width=\"33%\">Parti No Takip<\/td>\n<td width=\"33%\">Di\u011fer &#8211; \u0130\u015fleme Amac\u0131n\u0131n Sona Ermesinden \u0130tibaren 10 Y\u0131l<\/td>\n<td width=\"34%\">Ki\u015fisel Verilerin Korunmas\u0131 Kurulu&#8217;nun Ki\u015fisel Verinin \u0130mhas\u0131na Y\u00f6nelik Karar\u0131n\u0131n Tebli\u011finden \u0130tibaren En Ge\u00e7 30 G\u00fcn<br \/>\nSaklama S\u00fcresinin bitimi itibari ile ilk Periyodik \u0130mha zaman\u0131nda<\/td>\n<\/tr>\n<tr>\n<td width=\"33%\">Girdi Kontrol Y\u00f6netimi<\/td>\n<td width=\"33%\">Di\u011fer &#8211; \u0130\u015fleme Amac\u0131n\u0131n Sona Ermesinden \u0130tibaren 10 Y\u0131l<\/td>\n<td width=\"34%\">Ki\u015fisel Verilerin Korunmas\u0131 Kurulu&#8217;nun Ki\u015fisel Verinin \u0130mhas\u0131na Y\u00f6nelik Karar\u0131n\u0131n Tebli\u011finden \u0130tibaren En Ge\u00e7 30 G\u00fcn<br \/>\nSaklama S\u00fcresinin bitimi itibari ile ilk Periyodik \u0130mha zaman\u0131nda<\/td>\n<\/tr>\n<tr>\n<td width=\"33%\">Depoya \u00dcr\u00fcn Teslim S\u00fcreci<\/td>\n<td width=\"33%\">Di\u011fer &#8211; \u0130\u015fleme Amac\u0131n\u0131n Sona Ermesinden \u0130tibaren 10 Y\u0131l<\/td>\n<td width=\"34%\">Ki\u015fisel Verilerin Korunmas\u0131 Kurulu&#8217;nun Ki\u015fisel Verinin \u0130mhas\u0131na Y\u00f6nelik Karar\u0131n\u0131n Tebli\u011finden \u0130tibaren En Ge\u00e7 30 G\u00fcn<br \/>\nSaklama S\u00fcresinin bitimi itibari ile ilk Periyodik \u0130mha zaman\u0131nda<\/td>\n<\/tr>\n<tr>\n<td width=\"33%\">Son \u00dcr\u00fcn Kontrol<\/td>\n<td width=\"33%\">Di\u011fer &#8211; \u0130\u015fleme Amac\u0131n\u0131n Sona Ermesinden \u0130tibaren 10 Y\u0131l<\/td>\n<td width=\"34%\">Ki\u015fisel Verilerin Korunmas\u0131 Kurulu&#8217;nun Ki\u015fisel Verinin \u0130mhas\u0131na Y\u00f6nelik Karar\u0131n\u0131n Tebli\u011finden \u0130tibaren En Ge\u00e7 30 G\u00fcn<br \/>\nSaklama S\u00fcresinin bitimi itibari ile ilk Periyodik \u0130mha zaman\u0131nda<\/td>\n<\/tr>\n<tr>\n<td width=\"33%\">Ar\u0131zan\u0131n Bildirime Ve Giderilme S\u00fcreci<\/td>\n<td width=\"33%\">Di\u011fer &#8211; \u0130\u015fleme Amac\u0131n\u0131n Sona Ermesinden \u0130tibaren 10 Y\u0131l<\/td>\n<td width=\"34%\">Ki\u015fisel Verilerin Korunmas\u0131 Kurulu&#8217;nun Ki\u015fisel Verinin \u0130mhas\u0131na Y\u00f6nelik Karar\u0131n\u0131n Tebli\u011finden \u0130tibaren En Ge\u00e7 30 G\u00fcn<br \/>\nSaklama S\u00fcresinin bitimi itibari ile ilk Periyodik \u0130mha zaman\u0131nda<\/td>\n<\/tr>\n<tr>\n<td width=\"33%\">ARGE Proje Y\u00f6netimi<\/td>\n<td width=\"33%\">Di\u011fer &#8211; \u0130\u015fleme Amac\u0131n\u0131n Sona Ermesinden \u0130tibaren 10 Y\u0131l<\/td>\n<td width=\"34%\">Ki\u015fisel Verilerin Korunmas\u0131 Kurulu&#8217;nun Ki\u015fisel Verinin \u0130mhas\u0131na Y\u00f6nelik Karar\u0131n\u0131n Tebli\u011finden \u0130tibaren En Ge\u00e7 30 G\u00fcn<br \/>\nSaklama S\u00fcresinin bitimi itibari ile ilk Periyodik \u0130mha zaman\u0131nda<\/td>\n<\/tr>\n<tr>\n<td width=\"33%\">\u0130htiya\u00e7 Olan Donan\u0131m Ve Komponentlerin Se\u00e7ilmesi<\/td>\n<td width=\"33%\">Di\u011fer &#8211; \u0130\u015fleme Amac\u0131n\u0131n Sona Ermesinden \u0130tibaren 10 Y\u0131l<\/td>\n<td width=\"34%\">Ki\u015fisel Verilerin Korunmas\u0131 Kurulu&#8217;nun Ki\u015fisel Verinin \u0130mhas\u0131na Y\u00f6nelik Karar\u0131n\u0131n Tebli\u011finden \u0130tibaren En Ge\u00e7 30 G\u00fcn<br \/>\nSaklama S\u00fcresinin bitimi itibari ile ilk Periyodik \u0130mha zaman\u0131nda<\/td>\n<\/tr>\n<tr>\n<td width=\"33%\">M\u00fc\u015fteri Geri Bildirimi Al\u0131nmas\u0131<\/td>\n<td width=\"33%\">Di\u011fer &#8211; \u0130\u015fleme Amac\u0131n\u0131n Sona Ermesinden \u0130tibaren 10 Y\u0131l<br \/>\nDi\u011fer &#8211; Hukuki \u0130li\u015fkinin Sona Ermesinden \u0130tibaren 10 Y\u0131l<\/td>\n<td width=\"34%\">Saklama S\u00fcresinin bitimi itibari ile ilk Periyodik \u0130mha zaman\u0131nda<br \/>\nSilinme Talebi sonras\u0131 30 g\u00fcn cevap verme s\u00fcresi i\u00e7inde<br \/>\nKi\u015fisel Verilerin Korunmas\u0131 Kurulu&#8217;nun Ki\u015fisel Verinin \u0130mhas\u0131na Y\u00f6nelik Karar\u0131n\u0131n Tebli\u011finden \u0130tibaren En Ge\u00e7 30 G\u00fcn<\/td>\n<\/tr>\n<tr>\n<td width=\"33%\">M\u00fc\u015fteri \u0130li\u015fkilerinin Y\u00f6netilmesi S\u00fcreci<\/td>\n<td width=\"33%\">Di\u011fer &#8211; \u0130\u015fleme Amac\u0131n\u0131n Sona Ermesinden \u0130tibaren 10 Y\u0131l<br \/>\nDi\u011fer &#8211; Hukuki \u0130li\u015fkinin Sona Ermesinden \u0130tibaren 10 Y\u0131l<br \/>\nDi\u011fer &#8211; Hukuki \u0130li\u015fkinin Sona Ermesinden \u0130tibaren 15 Y\u0131l<\/td>\n<td width=\"34%\">Saklama S\u00fcresinin bitimi itibari ile ilk Periyodik \u0130mha zaman\u0131nda<br \/>\nKi\u015fisel Verilerin Korunmas\u0131 Kurulu&#8217;nun Ki\u015fisel Verinin \u0130mhas\u0131na Y\u00f6nelik Karar\u0131n\u0131n Tebli\u011finden \u0130tibaren En Ge\u00e7 30 G\u00fcn<\/td>\n<\/tr>\n<tr>\n<td width=\"33%\">Talep Ve \u015eikayet Y\u00f6netimi<\/td>\n<td width=\"33%\">Di\u011fer &#8211; \u0130\u015fleme Amac\u0131n\u0131n Sona Ermesinden \u0130tibaren 10 Y\u0131l<br \/>\nDi\u011fer &#8211; Hukuki \u0130li\u015fkinin Sona Ermesinden \u0130tibaren 10 Y\u0131l<\/td>\n<td width=\"34%\">Saklama S\u00fcresinin bitimi itibari ile ilk Periyodik \u0130mha zaman\u0131nda<\/td>\n<\/tr>\n<tr>\n<td width=\"33%\">Lojistik S\u00fcreci<\/td>\n<td width=\"33%\">Di\u011fer &#8211; Hukuki \u0130li\u015fkinin Sona Ermesinden \u0130tibaren 10 Y\u0131l<\/td>\n<td width=\"34%\">Saklama S\u00fcresinin bitimi itibari ile ilk Periyodik \u0130mha zaman\u0131nda<\/td>\n<\/tr>\n<tr>\n<td width=\"33%\">Sevkiyat i\u015flerinin takibi ve teslimi<\/td>\n<td width=\"33%\">Di\u011fer &#8211; Hukuki \u0130li\u015fkinin Sona Ermesinden \u0130tibaren 10 Y\u0131l<\/td>\n<td width=\"34%\">Saklama S\u00fcresinin bitimi itibari ile ilk Periyodik \u0130mha zaman\u0131nda<\/td>\n<\/tr>\n<tr>\n<td width=\"33%\">Sevkiyat S\u00fcreci<\/td>\n<td width=\"33%\">Di\u011fer &#8211; Hukuki \u0130li\u015fkinin Sona Ermesinden \u0130tibaren 10 Y\u0131l<\/td>\n<td width=\"34%\">Saklama S\u00fcresinin bitimi itibari ile ilk Periyodik \u0130mha zaman\u0131nda<\/td>\n<\/tr>\n<tr>\n<td width=\"33%\">M\u00fc\u015fteri \u0130leti\u015fiminin Sa\u011flanmas\u0131<\/td>\n<td width=\"33%\">Di\u011fer &#8211; Hukuki \u0130li\u015fkinin Sona Ermesinden \u0130tibaren 10 Y\u0131l<\/td>\n<td width=\"34%\">Saklama S\u00fcresinin bitimi itibari ile ilk Periyodik \u0130mha zaman\u0131nda<br \/>\nSilinme Talebi sonras\u0131 30 g\u00fcn cevap verme s\u00fcresi i\u00e7inde<\/td>\n<\/tr>\n<tr>\n<td width=\"33%\">M\u00fc\u015fteri Listesi Haz\u0131rlama<\/td>\n<td width=\"33%\">Di\u011fer &#8211; Hukuki \u0130li\u015fkinin Sona Ermesinden \u0130tibaren 10 Y\u0131l<\/td>\n<td width=\"34%\">Saklama S\u00fcresinin bitimi itibari ile ilk Periyodik \u0130mha zaman\u0131nda<br \/>\nSilinme Talebi sonras\u0131 30 g\u00fcn cevap verme s\u00fcresi i\u00e7inde<br \/>\nKi\u015fisel Verilerin Korunmas\u0131 Kurulu&#8217;nun Ki\u015fisel Verinin \u0130mhas\u0131na Y\u00f6nelik Karar\u0131n\u0131n Tebli\u011finden \u0130tibaren En Ge\u00e7 30 G\u00fcn<\/td>\n<\/tr>\n<tr>\n<td width=\"33%\">Pazarlama faaliyetlerinin y\u00fcr\u00fct\u00fclmesi<\/td>\n<td width=\"33%\">Di\u011fer &#8211; Hukuki \u0130li\u015fkinin Sona Ermesinden \u0130tibaren 10 Y\u0131l<\/td>\n<td width=\"34%\">Saklama S\u00fcresinin bitimi itibari ile ilk Periyodik \u0130mha zaman\u0131nda<br \/>\nSilinme Talebi sonras\u0131 30 g\u00fcn cevap verme s\u00fcresi i\u00e7inde<\/td>\n<\/tr>\n<tr>\n<td width=\"33%\">\u00dcr\u00fcn Ve Hizmetleri Pazarlama S\u00fcreci<\/td>\n<td width=\"33%\">Di\u011fer &#8211; Hukuki \u0130li\u015fkinin Sona Ermesinden \u0130tibaren 10 Y\u0131l<\/td>\n<td width=\"34%\">Saklama S\u00fcresinin bitimi itibari ile ilk Periyodik \u0130mha zaman\u0131nda<br \/>\nSilinme Talebi sonras\u0131 30 g\u00fcn cevap verme s\u00fcresi i\u00e7inde<\/td>\n<\/tr>\n<tr>\n<td width=\"33%\">M\u00fc\u015fteri \u0130leti\u015fim Y\u00f6netimi<\/td>\n<td width=\"33%\">Di\u011fer &#8211; Hukuki \u0130li\u015fkinin Sona Ermesinden \u0130tibaren 10 Y\u0131l<\/td>\n<td width=\"34%\">Saklama S\u00fcresinin bitimi itibari ile ilk Periyodik \u0130mha zaman\u0131nda<br \/>\nSilinme Talebi sonras\u0131 30 g\u00fcn cevap verme s\u00fcresi i\u00e7inde<\/td>\n<\/tr>\n<tr>\n<td width=\"33%\">M\u00fc\u015fteri \u015eikayet Y\u00f6netimi<\/td>\n<td width=\"33%\">Di\u011fer &#8211; Hukuki \u0130li\u015fkinin Sona Ermesinden \u0130tibaren 10 Y\u0131l<\/td>\n<td width=\"34%\">Saklama S\u00fcresinin bitimi itibari ile ilk Periyodik \u0130mha zaman\u0131nda<br \/>\nSilinme Talebi sonras\u0131 30 g\u00fcn cevap verme s\u00fcresi i\u00e7inde<\/td>\n<\/tr>\n<tr>\n<td width=\"33%\">Anket S\u00fcreci<\/td>\n<td width=\"33%\">Di\u011fer &#8211; Hukuki \u0130li\u015fkinin Sona Ermesinden \u0130tibaren 10 Y\u0131l<br \/>\n1 Y\u0131l<\/td>\n<td width=\"34%\">Ki\u015fisel Verilerin Korunmas\u0131 Kurulu&#8217;nun Ki\u015fisel Verinin \u0130mhas\u0131na Y\u00f6nelik Karar\u0131n\u0131n Tebli\u011finden \u0130tibaren En Ge\u00e7 30 G\u00fcn<br \/>\nSaklama S\u00fcresinin bitimi itibari ile ilk Periyodik \u0130mha zaman\u0131nda<\/td>\n<\/tr>\n<tr>\n<td width=\"33%\">\u0130hracat Operasyonu<\/td>\n<td width=\"33%\">Di\u011fer &#8211; \u0130\u015fleme Amac\u0131n\u0131n Sona Ermesinden \u0130tibaren 10 Y\u0131l<br \/>\nDi\u011fer &#8211; Hukuki \u0130li\u015fkinin Sona Ermesinden \u0130tibaren 10 Y\u0131l<\/td>\n<td width=\"34%\">Ki\u015fisel Verilerin Korunmas\u0131 Kurulu&#8217;nun Ki\u015fisel Verinin \u0130mhas\u0131na Y\u00f6nelik Karar\u0131n\u0131n Tebli\u011finden \u0130tibaren En Ge\u00e7 30 G\u00fcn<br \/>\nSaklama S\u00fcresinin bitimi itibari ile ilk Periyodik \u0130mha zaman\u0131nda<\/td>\n<\/tr>\n<tr>\n<td width=\"33%\">Sat\u0131\u015f ve Pazarlama Faaliyetlerinin Y\u00fcr\u00fct\u00fclmesi<\/td>\n<td width=\"33%\">Di\u011fer &#8211; \u0130\u015fleme Amac\u0131n\u0131n Sona Ermesinden \u0130tibaren 10 Y\u0131l<br \/>\nDi\u011fer &#8211; Hukuki \u0130li\u015fkinin Sona Ermesinden \u0130tibaren 10 Y\u0131l<\/td>\n<td width=\"34%\">Ki\u015fisel Verilerin Korunmas\u0131 Kurulu&#8217;nun Ki\u015fisel Verinin \u0130mhas\u0131na Y\u00f6nelik Karar\u0131n\u0131n Tebli\u011finden \u0130tibaren En Ge\u00e7 30 G\u00fcn<br \/>\nSaklama S\u00fcresinin bitimi itibari ile ilk Periyodik \u0130mha zaman\u0131nda<\/td>\n<\/tr>\n<tr>\n<td width=\"33%\">Fuar Ziyaretleri &#8211; Etkinlik Y\u00f6netimi<\/td>\n<td width=\"33%\">Di\u011fer &#8211; \u0130\u015fleme Amac\u0131n\u0131n Sona Ermesinden \u0130tibaren 10 Y\u0131l<\/td>\n<td width=\"34%\">Ki\u015fisel Verilerin Korunmas\u0131 Kurulu&#8217;nun Ki\u015fisel Verinin \u0130mhas\u0131na Y\u00f6nelik Karar\u0131n\u0131n Tebli\u011finden \u0130tibaren En Ge\u00e7 30 G\u00fcn<br \/>\nSaklama S\u00fcresinin bitimi itibari ile ilk Periyodik \u0130mha zaman\u0131nda<\/td>\n<\/tr>\n<tr>\n<td width=\"33%\">Distrib\u00fctor Sipari\u015f S\u00fcreci<\/td>\n<td width=\"33%\">Di\u011fer &#8211; Hukuki \u0130li\u015fkinin Sona Ermesinden \u0130tibaren 10 Y\u0131l<\/td>\n<td width=\"34%\">Ki\u015fisel Verilerin Korunmas\u0131 Kurulu&#8217;nun Ki\u015fisel Verinin \u0130mhas\u0131na Y\u00f6nelik Karar\u0131n\u0131n Tebli\u011finden \u0130tibaren En Ge\u00e7 30 G\u00fcn<br \/>\nSaklama S\u00fcresinin bitimi itibari ile ilk Periyodik \u0130mha zaman\u0131nda<\/td>\n<\/tr>\n<tr>\n<td width=\"33%\">Masraf Ve Avans Takibi<\/td>\n<td width=\"33%\">Di\u011fer &#8211; \u0130\u015fleme Amac\u0131n\u0131n Sona Ermesinden \u0130tibaren 10 Y\u0131l<br \/>\nDi\u011fer &#8211; Hukuki \u0130li\u015fkinin Sona Ermesinden \u0130tibaren 15 Y\u0131l<\/td>\n<td width=\"34%\">Ki\u015fisel Verilerin Korunmas\u0131 Kurulu&#8217;nun Ki\u015fisel Verinin \u0130mhas\u0131na Y\u00f6nelik Karar\u0131n\u0131n Tebli\u011finden \u0130tibaren En Ge\u00e7 30 G\u00fcn<br \/>\nSaklama S\u00fcresinin bitimi itibari ile ilk Periyodik \u0130mha zaman\u0131nda<br \/>\nSilinme Talebi sonras\u0131 30 g\u00fcn cevap verme s\u00fcresi i\u00e7inde<\/td>\n<\/tr>\n<tr>\n<td width=\"33%\">Sat\u0131\u015f Y\u00f6netimi<\/td>\n<td width=\"33%\">Di\u011fer &#8211; Hukuki \u0130li\u015fkinin Sona Ermesinden \u0130tibaren 10 Y\u0131l<br \/>\nDi\u011fer &#8211; \u0130\u015fleme Amac\u0131n\u0131n Sona Ermesinden \u0130tibaren 10 Y\u0131l<\/td>\n<td width=\"34%\">Ki\u015fisel Verilerin Korunmas\u0131 Kurulu&#8217;nun Ki\u015fisel Verinin \u0130mhas\u0131na Y\u00f6nelik Karar\u0131n\u0131n Tebli\u011finden \u0130tibaren En Ge\u00e7 30 G\u00fcn<br \/>\nSaklama S\u00fcresinin bitimi itibari ile ilk Periyodik \u0130mha zaman\u0131nda<\/td>\n<\/tr>\n<tr>\n<td width=\"33%\">Sat\u0131\u015f Raporlama<\/td>\n<td width=\"33%\">Di\u011fer &#8211; Hukuki \u0130li\u015fkinin Sona Ermesinden \u0130tibaren 10 Y\u0131l<\/td>\n<td width=\"34%\">Ki\u015fisel Verilerin Korunmas\u0131 Kurulu&#8217;nun Ki\u015fisel Verinin \u0130mhas\u0131na Y\u00f6nelik Karar\u0131n\u0131n Tebli\u011finden \u0130tibaren En Ge\u00e7 30 G\u00fcn<br \/>\nSaklama S\u00fcresinin bitimi itibari ile ilk Periyodik \u0130mha zaman\u0131nda<\/td>\n<\/tr>\n<tr>\n<td width=\"33%\">M\u00fc\u015fteri S\u00f6zle\u015fme Y\u00f6netimi<\/td>\n<td width=\"33%\">Di\u011fer &#8211; Hukuki \u0130li\u015fkinin Sona Ermesinden \u0130tibaren 10 Y\u0131l<\/td>\n<td width=\"34%\">Ki\u015fisel Verilerin Korunmas\u0131 Kurulu&#8217;nun Ki\u015fisel Verinin \u0130mhas\u0131na Y\u00f6nelik Karar\u0131n\u0131n Tebli\u011finden \u0130tibaren En Ge\u00e7 30 G\u00fcn<br \/>\nSaklama S\u00fcresinin bitimi itibari ile ilk Periyodik \u0130mha zaman\u0131nda<\/td>\n<\/tr>\n<tr>\n<td width=\"33%\">M\u00fc\u015fteri Y\u00f6netimi<\/td>\n<td width=\"33%\">Di\u011fer &#8211; Hukuki \u0130li\u015fkinin Sona Ermesinden \u0130tibaren 10 Y\u0131l<\/td>\n<td width=\"34%\">Ki\u015fisel Verilerin Korunmas\u0131 Kurulu&#8217;nun Ki\u015fisel Verinin \u0130mhas\u0131na Y\u00f6nelik Karar\u0131n\u0131n Tebli\u011finden \u0130tibaren En Ge\u00e7 30 G\u00fcn<br \/>\nSaklama S\u00fcresinin bitimi itibari ile ilk Periyodik \u0130mha zaman\u0131nda<\/td>\n<\/tr>\n<tr>\n<td width=\"33%\">Fiyat Teklifi S\u00fcreci<\/td>\n<td width=\"33%\">Di\u011fer &#8211; Hukuki \u0130li\u015fkinin Sona Ermesinden \u0130tibaren 10 Y\u0131l<\/td>\n<td width=\"34%\">Ki\u015fisel Verilerin Korunmas\u0131 Kurulu&#8217;nun Ki\u015fisel Verinin \u0130mhas\u0131na Y\u00f6nelik Karar\u0131n\u0131n Tebli\u011finden \u0130tibaren En Ge\u00e7 30 G\u00fcn<br \/>\nSaklama S\u00fcresinin bitimi itibari ile ilk Periyodik \u0130mha zaman\u0131nda<\/td>\n<\/tr>\n<tr>\n<td width=\"33%\">Fabrika Ziyaret Takibi<\/td>\n<td width=\"33%\">Di\u011fer &#8211; Hukuki \u0130li\u015fkinin Sona Ermesinden \u0130tibaren 10 Y\u0131l<\/td>\n<td width=\"34%\">Ki\u015fisel Verilerin Korunmas\u0131 Kurulu&#8217;nun Ki\u015fisel Verinin \u0130mhas\u0131na Y\u00f6nelik Karar\u0131n\u0131n Tebli\u011finden \u0130tibaren En Ge\u00e7 30 G\u00fcn<br \/>\nSaklama S\u00fcresinin bitimi itibari ile ilk Periyodik \u0130mha zaman\u0131nda<\/td>\n<\/tr>\n<tr>\n<td width=\"33%\">Sipari\u015f Y\u00f6netimi<\/td>\n<td width=\"33%\">Di\u011fer &#8211; Hukuki \u0130li\u015fkinin Sona Ermesinden \u0130tibaren 10 Y\u0131l<\/td>\n<td width=\"34%\">Ki\u015fisel Verilerin Korunmas\u0131 Kurulu&#8217;nun Ki\u015fisel Verinin \u0130mhas\u0131na Y\u00f6nelik Karar\u0131n\u0131n Tebli\u011finden \u0130tibaren En Ge\u00e7 30 G\u00fcn<br \/>\nSaklama S\u00fcresinin bitimi itibari ile ilk Periyodik \u0130mha zaman\u0131nda<\/td>\n<\/tr>\n<tr>\n<td width=\"33%\">Ara\u00e7 Takip Sistemi S\u00fcre\u00e7leri<\/td>\n<td width=\"33%\">Di\u011fer &#8211; \u0130\u015f \u0130li\u015fkisinin Sona Ermesinden \u0130tibaren 15 Y\u0131l<\/td>\n<td width=\"34%\">Ki\u015fisel Verilerin Korunmas\u0131 Kurulu&#8217;nun Ki\u015fisel Verinin \u0130mhas\u0131na Y\u00f6nelik Karar\u0131n\u0131n Tebli\u011finden \u0130tibaren En Ge\u00e7 30 G\u00fcn<br \/>\nSaklama S\u00fcresinin bitimi itibari ile ilk Periyodik \u0130mha zaman\u0131nda<\/td>\n<\/tr>\n<tr>\n<td width=\"33%\">Banka ve \u00d6deme \u0130\u015flemleri<\/td>\n<td width=\"33%\">Di\u011fer &#8211; Hukuki \u0130li\u015fkinin Sona Ermesinden \u0130tibaren 10 Y\u0131l<br \/>\nDi\u011fer &#8211; Hukuki \u0130li\u015fkinin Sona Ermesinden \u0130tibaren 15 Y\u0131l<br \/>\nDi\u011fer &#8211; \u0130\u015f \u0130li\u015fkisinin Sona Ermesinden \u0130tibaren 15 Y\u0131l<\/td>\n<td width=\"34%\">Saklama S\u00fcresinin bitimi itibari ile ilk Periyodik \u0130mha zaman\u0131nda<br \/>\nKi\u015fisel Verilerin Korunmas\u0131 Kurulu&#8217;nun Ki\u015fisel Verinin \u0130mhas\u0131na Y\u00f6nelik Karar\u0131n\u0131n Tebli\u011finden \u0130tibaren En Ge\u00e7 30 G\u00fcn<br \/>\nSilinme Talebi sonras\u0131 30 g\u00fcn cevap verme s\u00fcresi i\u00e7inde<\/td>\n<\/tr>\n<tr>\n<td width=\"33%\">Beyanname S\u00fcreci<\/td>\n<td width=\"33%\">Di\u011fer &#8211; Hukuki \u0130li\u015fkinin Sona Ermesinden \u0130tibaren 10 Y\u0131l<\/td>\n<td width=\"34%\">Saklama S\u00fcresinin bitimi itibari ile ilk Periyodik \u0130mha zaman\u0131nda<\/td>\n<\/tr>\n<tr>\n<td width=\"33%\">Muhasebe \u0130\u015flemleri<\/td>\n<td width=\"33%\">Di\u011fer &#8211; Hukuki \u0130li\u015fkinin Sona Ermesinden \u0130tibaren 10 Y\u0131l<br \/>\nDi\u011fer &#8211; Faturan\u0131n D\u00fczenlendi\u011fi Y\u0131l\u0131n Sona Ermesinden \u0130tibaren 10 Y\u0131l<\/td>\n<td width=\"34%\">Saklama S\u00fcresinin bitimi itibari ile ilk Periyodik \u0130mha zaman\u0131nda<br \/>\nKi\u015fisel Verilerin Korunmas\u0131 Kurulu&#8217;nun Ki\u015fisel Verinin \u0130mhas\u0131na Y\u00f6nelik Karar\u0131n\u0131n Tebli\u011finden \u0130tibaren En Ge\u00e7 30 G\u00fcn<br \/>\nSilinme Talebi sonras\u0131 30 g\u00fcn cevap verme s\u00fcresi i\u00e7inde<\/td>\n<\/tr>\n<tr>\n<td width=\"33%\">Denetim Faaliyetleri<\/td>\n<td width=\"33%\">Di\u011fer &#8211; Hukuki \u0130li\u015fkinin Sona Ermesinden \u0130tibaren 15 Y\u0131l<br \/>\nDi\u011fer &#8211; Hukuki \u0130li\u015fkinin Sona Ermesinden \u0130tibaren 10 Y\u0131l<\/td>\n<td width=\"34%\">Saklama S\u00fcresinin bitimi itibari ile ilk Periyodik \u0130mha zaman\u0131nda<br \/>\nKi\u015fisel Verilerin Korunmas\u0131 Kurulu&#8217;nun Ki\u015fisel Verinin \u0130mhas\u0131na Y\u00f6nelik Karar\u0131n\u0131n Tebli\u011finden \u0130tibaren En Ge\u00e7 30 G\u00fcn<\/td>\n<\/tr>\n<tr>\n<td width=\"33%\">D\u0131\u015f Kaynakl\u0131 Denetim S\u00fcreci<\/td>\n<td width=\"33%\">Di\u011fer &#8211; Hukuki \u0130li\u015fkinin Sona Ermesinden \u0130tibaren 15 Y\u0131l<br \/>\nDi\u011fer &#8211; Hukuki \u0130li\u015fkinin Sona Ermesinden \u0130tibaren 10 Y\u0131l<br \/>\nDi\u011fer &#8211; \u0130\u015f \u0130li\u015fkisinin Sona Ermesinden \u0130tibaren 15 Y\u0131l<\/td>\n<td width=\"34%\">Saklama S\u00fcresinin bitimi itibari ile ilk Periyodik \u0130mha zaman\u0131nda<br \/>\nKi\u015fisel Verilerin Korunmas\u0131 Kurulu&#8217;nun Ki\u015fisel Verinin \u0130mhas\u0131na Y\u00f6nelik Karar\u0131n\u0131n Tebli\u011finden \u0130tibaren En Ge\u00e7 30 G\u00fcn<br \/>\nSilinme Talebi sonras\u0131 30 g\u00fcn cevap verme s\u00fcresi i\u00e7inde<\/td>\n<\/tr>\n<tr>\n<td width=\"33%\">Finansal Tablolar Haz\u0131rlanmas\u0131 Ve \u0130lgili Kurumlara G\u00f6nderilmesi<\/td>\n<td width=\"33%\">Di\u011fer &#8211; Hukuki \u0130li\u015fkinin Sona Ermesinden \u0130tibaren 15 Y\u0131l<\/td>\n<td width=\"34%\">Saklama S\u00fcresinin bitimi itibari ile ilk Periyodik \u0130mha zaman\u0131nda<\/td>\n<\/tr>\n<tr>\n<td width=\"33%\">Kasa Operasyon S\u00fcreci<\/td>\n<td width=\"33%\">Di\u011fer &#8211; Hukuki \u0130li\u015fkinin Sona Ermesinden \u0130tibaren 15 Y\u0131l<\/td>\n<td width=\"34%\">Saklama S\u00fcresinin bitimi itibari ile ilk Periyodik \u0130mha zaman\u0131nda<br \/>\nSilinme Talebi sonras\u0131 30 g\u00fcn cevap verme s\u00fcresi i\u00e7inde<\/td>\n<\/tr>\n<tr>\n<td width=\"33%\">Nakit Ak\u0131\u015f Planlama ve Raporlama<\/td>\n<td width=\"33%\">Di\u011fer &#8211; Hukuki \u0130li\u015fkinin Sona Ermesinden \u0130tibaren 15 Y\u0131l<\/td>\n<td width=\"34%\">Saklama S\u00fcresinin bitimi itibari ile ilk Periyodik \u0130mha zaman\u0131nda<\/td>\n<\/tr>\n<tr>\n<td width=\"33%\">Say\u0131m S\u00fcreci<\/td>\n<td width=\"33%\">Di\u011fer &#8211; Hukuki \u0130li\u015fkinin Sona Ermesinden \u0130tibaren 15 Y\u0131l<\/td>\n<td width=\"34%\">Saklama S\u00fcresinin bitimi itibari ile ilk Periyodik \u0130mha zaman\u0131nda<\/td>\n<\/tr>\n<tr>\n<td width=\"33%\">Ta\u015f\u0131n\u0131r ve Ta\u015f\u0131nmaz Y\u00f6netimi<\/td>\n<td width=\"33%\">Di\u011fer &#8211; Hukuki \u0130li\u015fkinin Sona Ermesinden \u0130tibaren 15 Y\u0131l<br \/>\nDi\u011fer &#8211; \u0130\u015f \u0130li\u015fkisinin Sona Ermesinden \u0130tibaren 15 Y\u0131l<\/td>\n<td width=\"34%\">Saklama S\u00fcresinin bitimi itibari ile ilk Periyodik \u0130mha zaman\u0131nda<\/td>\n<\/tr>\n<tr>\n<td width=\"33%\">Cari Hesap Mutabakatlar\u0131<\/td>\n<td width=\"33%\">Di\u011fer &#8211; Hukuki \u0130li\u015fkinin Sona Ermesinden \u0130tibaren 10 Y\u0131l<\/td>\n<td width=\"34%\">Saklama S\u00fcresinin bitimi itibari ile ilk Periyodik \u0130mha zaman\u0131nda<\/td>\n<\/tr>\n<tr>\n<td width=\"33%\">Muhasebe departman\u0131na gelen evraklar\u0131n, yaz\u0131\u015fmalar\u0131n takibi ve cevaplanmas\u0131<\/td>\n<td width=\"33%\">Di\u011fer &#8211; Hukuki \u0130li\u015fkinin Sona Ermesinden \u0130tibaren 15 Y\u0131l<br \/>\nDi\u011fer &#8211; Hukuki \u0130li\u015fkinin Sona Ermesinden \u0130tibaren 10 Y\u0131l<\/td>\n<td width=\"34%\">Ki\u015fisel Verilerin Korunmas\u0131 Kurulu&#8217;nun Ki\u015fisel Verinin \u0130mhas\u0131na Y\u00f6nelik Karar\u0131n\u0131n Tebli\u011finden \u0130tibaren En Ge\u00e7 30 G\u00fcn<br \/>\nSaklama S\u00fcresinin bitimi itibari ile ilk Periyodik \u0130mha zaman\u0131nda<\/td>\n<\/tr>\n<tr>\n<td width=\"33%\">S\u00f6zle\u015fme S\u00fcre\u00e7lerinin Takibi<\/td>\n<td width=\"33%\">Di\u011fer &#8211; Hukuki \u0130li\u015fkinin Sona Ermesinden \u0130tibaren 10 Y\u0131l<\/td>\n<td width=\"34%\">Saklama S\u00fcresinin bitimi itibari ile ilk Periyodik \u0130mha zaman\u0131nda<\/td>\n<\/tr>\n<tr>\n<td width=\"33%\">Sigorta S\u00fcreci<\/td>\n<td width=\"33%\">Di\u011fer &#8211; Hukuki \u0130li\u015fkinin Sona Ermesinden \u0130tibaren 15 Y\u0131l<br \/>\nDi\u011fer &#8211; Hukuki \u0130li\u015fkinin Sona Ermesinden \u0130tibaren 10 Y\u0131l<\/td>\n<td width=\"34%\">Saklama S\u00fcresinin bitimi itibari ile ilk Periyodik \u0130mha zaman\u0131nda<br \/>\nKi\u015fisel Verilerin Korunmas\u0131 Kurulu&#8217;nun Ki\u015fisel Verinin \u0130mhas\u0131na Y\u00f6nelik Karar\u0131n\u0131n Tebli\u011finden \u0130tibaren En Ge\u00e7 30 G\u00fcn<\/td>\n<\/tr>\n<tr>\n<td width=\"33%\">Genel \u00d6deme Ve Avans \u0130\u015flemleri<\/td>\n<td width=\"33%\">Di\u011fer &#8211; Hukuki \u0130li\u015fkinin Sona Ermesinden \u0130tibaren 10 Y\u0131l<br \/>\nDi\u011fer &#8211; \u0130\u015f Akdinin Sona Ermesinden \u0130tibaren 15 Y\u0131l<\/td>\n<td width=\"34%\">Saklama S\u00fcresinin bitimi itibari ile ilk Periyodik \u0130mha zaman\u0131nda<br \/>\nKi\u015fisel Verilerin Korunmas\u0131 Kurulu&#8217;nun Ki\u015fisel Verinin \u0130mhas\u0131na Y\u00f6nelik Karar\u0131n\u0131n Tebli\u011finden \u0130tibaren En Ge\u00e7 30 G\u00fcn<\/td>\n<\/tr>\n<tr>\n<td width=\"33%\">Maa\u015f \u00d6deme S\u00fcreci<\/td>\n<td width=\"33%\">Di\u011fer &#8211; Hukuki \u0130li\u015fkinin Sona Ermesinden \u0130tibaren 10 Y\u0131l<br \/>\nDi\u011fer &#8211; \u0130\u015f \u0130li\u015fkisinin Sona Ermesinden \u0130tibaren 15 Y\u0131l<\/td>\n<td width=\"34%\">Saklama S\u00fcresinin bitimi itibari ile ilk Periyodik \u0130mha zaman\u0131nda<br \/>\nSilinme Talebi sonras\u0131 30 g\u00fcn cevap verme s\u00fcresi i\u00e7inde<\/td>\n<\/tr>\n<tr>\n<td width=\"33%\">\u00d6deme \u0130\u015flemleri<\/td>\n<td width=\"33%\">Di\u011fer &#8211; Hukuki \u0130li\u015fkinin Sona Ermesinden \u0130tibaren 10 Y\u0131l<\/td>\n<td width=\"34%\">Saklama S\u00fcresinin bitimi itibari ile ilk Periyodik \u0130mha zaman\u0131nda<br \/>\nKi\u015fisel Verilerin Korunmas\u0131 Kurulu&#8217;nun Ki\u015fisel Verinin \u0130mhas\u0131na Y\u00f6nelik Karar\u0131n\u0131n Tebli\u011finden \u0130tibaren En Ge\u00e7 30 G\u00fcn<\/td>\n<\/tr>\n<tr>\n<td width=\"33%\">Personel Masraf Takibi ve \u00d6demesi<\/td>\n<td width=\"33%\">Di\u011fer &#8211; Hukuki \u0130li\u015fkinin Sona Ermesinden \u0130tibaren 10 Y\u0131l<\/td>\n<td width=\"34%\">Saklama S\u00fcresinin bitimi itibari ile ilk Periyodik \u0130mha zaman\u0131nda<\/td>\n<\/tr>\n<tr>\n<td width=\"33%\">\u00d6deme S\u00fcreci (Genel)<\/td>\n<td width=\"33%\">Di\u011fer &#8211; Hukuki \u0130li\u015fkinin Sona Ermesinden \u0130tibaren 10 Y\u0131l<\/td>\n<td width=\"34%\">Saklama S\u00fcresinin bitimi itibari ile ilk Periyodik \u0130mha zaman\u0131nda<br \/>\nKi\u015fisel Verilerin Korunmas\u0131 Kurulu&#8217;nun Ki\u015fisel Verinin \u0130mhas\u0131na Y\u00f6nelik Karar\u0131n\u0131n Tebli\u011finden \u0130tibaren En Ge\u00e7 30 G\u00fcn<\/td>\n<\/tr>\n<tr>\n<td width=\"33%\">Dava, \u0130cra Takibi ve \u0130cra Daireleri \u0130\u015flemlerinin Takibi<\/td>\n<td width=\"33%\">Di\u011fer &#8211; Hukuki \u0130li\u015fkinin Sona Ermesinden \u0130tibaren 15 Y\u0131l<\/td>\n<td width=\"34%\">Saklama S\u00fcresinin bitimi itibari ile ilk Periyodik \u0130mha zaman\u0131nda<\/td>\n<\/tr>\n<tr>\n<td width=\"33%\">Dava, \u0130cra Takibi ve \u0130cra Dairelerine Yap\u0131lan \u00d6demelerin Takibi<\/td>\n<td width=\"33%\">Di\u011fer &#8211; Hukuki \u0130li\u015fkinin Sona Ermesinden \u0130tibaren 15 Y\u0131l<\/td>\n<td width=\"34%\">Saklama S\u00fcresinin bitimi itibari ile ilk Periyodik \u0130mha zaman\u0131nda<\/td>\n<\/tr>\n<tr>\n<td width=\"33%\">Fatura S\u00fcreci<\/td>\n<td width=\"33%\">Di\u011fer &#8211; Hukuki \u0130li\u015fkinin Sona Ermesinden \u0130tibaren 10 Y\u0131l<br \/>\nDi\u011fer &#8211; Faturan\u0131n D\u00fczenlendi\u011fi Y\u0131l\u0131n Sona Ermesinden \u0130tibaren 10 Y\u0131l<\/td>\n<td width=\"34%\">Saklama S\u00fcresinin bitimi itibari ile ilk Periyodik \u0130mha zaman\u0131nda<br \/>\nKi\u015fisel Verilerin Korunmas\u0131 Kurulu&#8217;nun Ki\u015fisel Verinin \u0130mhas\u0131na Y\u00f6nelik Karar\u0131n\u0131n Tebli\u011finden \u0130tibaren En Ge\u00e7 30 G\u00fcn<br \/>\nSilinme Talebi sonras\u0131 30 g\u00fcn cevap verme s\u00fcresi i\u00e7inde<\/td>\n<\/tr>\n<tr>\n<td width=\"33%\">Cari Kart A\u00e7\u0131lmas\u0131<\/td>\n<td width=\"33%\">Di\u011fer &#8211; Hukuki \u0130li\u015fkinin Sona Ermesinden \u0130tibaren 10 Y\u0131l<\/td>\n<td width=\"34%\">Ki\u015fisel Verilerin Korunmas\u0131 Kurulu&#8217;nun Ki\u015fisel Verinin \u0130mhas\u0131na Y\u00f6nelik Karar\u0131n\u0131n Tebli\u011finden \u0130tibaren En Ge\u00e7 30 G\u00fcn<br \/>\nSaklama S\u00fcresinin bitimi itibari ile ilk Periyodik \u0130mha zaman\u0131nda<\/td>\n<\/tr>\n<tr>\n<td width=\"33%\">Cari Kay\u0131t \u0130\u015flemleri<\/td>\n<td width=\"33%\">Di\u011fer &#8211; Hukuki \u0130li\u015fkinin Sona Ermesinden \u0130tibaren 10 Y\u0131l<\/td>\n<td width=\"34%\">Ki\u015fisel Verilerin Korunmas\u0131 Kurulu&#8217;nun Ki\u015fisel Verinin \u0130mhas\u0131na Y\u00f6nelik Karar\u0131n\u0131n Tebli\u011finden \u0130tibaren En Ge\u00e7 30 G\u00fcn<br \/>\nSaklama S\u00fcresinin bitimi itibari ile ilk Periyodik \u0130mha zaman\u0131nda<br \/>\nSilinme Talebi sonras\u0131 30 g\u00fcn cevap verme s\u00fcresi i\u00e7inde<\/td>\n<\/tr>\n<tr>\n<td width=\"33%\">\u00c7ek \u0130\u015flemleri<\/td>\n<td width=\"33%\">Di\u011fer &#8211; Hukuki \u0130li\u015fkinin Sona Ermesinden \u0130tibaren 10 Y\u0131l<\/td>\n<td width=\"34%\">Saklama S\u00fcresinin bitimi itibari ile ilk Periyodik \u0130mha zaman\u0131nda<br \/>\nSilinme Talebi sonras\u0131 30 g\u00fcn cevap verme s\u00fcresi i\u00e7inde<\/td>\n<\/tr>\n<tr>\n<td width=\"33%\">Vergi S\u00fcre\u00e7leri<\/td>\n<td width=\"33%\">Di\u011fer &#8211; Hukuki \u0130li\u015fkinin Sona Ermesinden \u0130tibaren 10 Y\u0131l<br \/>\nDi\u011fer &#8211; \u0130\u015fleme Amac\u0131n\u0131n Sona Ermesinden \u0130tibaren 10 Y\u0131l<\/td>\n<td width=\"34%\">Saklama S\u00fcresinin bitimi itibari ile ilk Periyodik \u0130mha zaman\u0131nda<br \/>\nKi\u015fisel Verilerin Korunmas\u0131 Kurulu&#8217;nun Ki\u015fisel Verinin \u0130mhas\u0131na Y\u00f6nelik Karar\u0131n\u0131n Tebli\u011finden \u0130tibaren En Ge\u00e7 30 G\u00fcn<\/td>\n<\/tr>\n<tr>\n<td width=\"33%\">Finansman S\u00fcre\u00e7leri<\/td>\n<td width=\"33%\">Di\u011fer &#8211; Hukuki \u0130li\u015fkinin Sona Ermesinden \u0130tibaren 10 Y\u0131l<\/td>\n<td width=\"34%\">Saklama S\u00fcresinin bitimi itibari ile ilk Periyodik \u0130mha zaman\u0131nda<\/td>\n<\/tr>\n<tr>\n<td width=\"33%\">Ba\/Bs Beyanname \u2013 Mutabakat S\u00fcreci<\/td>\n<td width=\"33%\">Di\u011fer &#8211; Hukuki \u0130li\u015fkinin Sona Ermesinden \u0130tibaren 10 Y\u0131l<\/td>\n<td width=\"34%\">Saklama S\u00fcresinin bitimi itibari ile ilk Periyodik \u0130mha zaman\u0131nda<\/td>\n<\/tr>\n<tr>\n<td width=\"33%\">Banka \u0130\u015flemleri<\/td>\n<td width=\"33%\">Di\u011fer &#8211; Hukuki \u0130li\u015fkinin Sona Ermesinden \u0130tibaren 10 Y\u0131l<\/td>\n<td width=\"34%\">Saklama S\u00fcresinin bitimi itibari ile ilk Periyodik \u0130mha zaman\u0131nda<\/td>\n<\/tr>\n<tr>\n<td width=\"33%\">Mail Order S\u00fcreci<\/td>\n<td width=\"33%\">Di\u011fer &#8211; Hukuki \u0130li\u015fkinin Sona Ermesinden \u0130tibaren 10 Y\u0131l<\/td>\n<td width=\"34%\">Saklama S\u00fcresinin bitimi itibari ile ilk Periyodik \u0130mha zaman\u0131nda<\/td>\n<\/tr>\n<tr>\n<td width=\"33%\">Ba\/Bs Beyanname S\u00fcreci<\/td>\n<td width=\"33%\">Di\u011fer &#8211; Hukuki \u0130li\u015fkinin Sona Ermesinden \u0130tibaren 10 Y\u0131l<\/td>\n<td width=\"34%\">Saklama S\u00fcresinin bitimi itibari ile ilk Periyodik \u0130mha zaman\u0131nda<br \/>\nSilinme Talebi sonras\u0131 30 g\u00fcn cevap verme s\u00fcresi i\u00e7inde<\/td>\n<\/tr>\n<tr>\n<td width=\"33%\">Faturaland\u0131rma<\/td>\n<td width=\"33%\">Di\u011fer &#8211; Hukuki \u0130li\u015fkinin Sona Ermesinden \u0130tibaren 10 Y\u0131l<br \/>\nDi\u011fer &#8211; Faturan\u0131n D\u00fczenlendi\u011fi Y\u0131l\u0131n Sona Ermesinden \u0130tibaren 10 Y\u0131l<\/td>\n<td width=\"34%\">Saklama S\u00fcresinin bitimi itibari ile ilk Periyodik \u0130mha zaman\u0131nda<br \/>\nSilinme Talebi sonras\u0131 30 g\u00fcn cevap verme s\u00fcresi i\u00e7inde<br \/>\nKi\u015fisel Verilerin Korunmas\u0131 Kurulu&#8217;nun Ki\u015fisel Verinin \u0130mhas\u0131na Y\u00f6nelik Karar\u0131n\u0131n Tebli\u011finden \u0130tibaren En Ge\u00e7 30 G\u00fcn<\/td>\n<\/tr>\n<tr>\n<td width=\"33%\">\u00d6deme S\u00fcreci<\/td>\n<td width=\"33%\">Di\u011fer &#8211; Hukuki \u0130li\u015fkinin Sona Ermesinden \u0130tibaren 15 Y\u0131l<br \/>\nDi\u011fer &#8211; Hukuki \u0130li\u015fkinin Sona Ermesinden \u0130tibaren 10 Y\u0131l<\/td>\n<td width=\"34%\">Saklama S\u00fcresinin bitimi itibari ile ilk Periyodik \u0130mha zaman\u0131nda<br \/>\nSilinme Talebi sonras\u0131 30 g\u00fcn cevap verme s\u00fcresi i\u00e7inde<br \/>\nKi\u015fisel Verilerin Korunmas\u0131 Kurulu&#8217;nun Ki\u015fisel Verinin \u0130mhas\u0131na Y\u00f6nelik Karar\u0131n\u0131n Tebli\u011finden \u0130tibaren En Ge\u00e7 30 G\u00fcn<\/td>\n<\/tr>\n<tr>\n<td width=\"33%\">Sigorta \u00d6demeleri<\/td>\n<td width=\"33%\">Di\u011fer &#8211; Hukuki \u0130li\u015fkinin Sona Ermesinden \u0130tibaren 10 Y\u0131l<\/td>\n<td width=\"34%\">Ki\u015fisel Verilerin Korunmas\u0131 Kurulu&#8217;nun Ki\u015fisel Verinin \u0130mhas\u0131na Y\u00f6nelik Karar\u0131n\u0131n Tebli\u011finden \u0130tibaren En Ge\u00e7 30 G\u00fcn<br \/>\nSaklama S\u00fcresinin bitimi itibari ile ilk Periyodik \u0130mha zaman\u0131nda<\/td>\n<\/tr>\n<tr>\n<td width=\"33%\">Bor\u00e7 Takip S\u00fcreci<\/td>\n<td width=\"33%\">Di\u011fer &#8211; Hukuki \u0130li\u015fkinin Sona Ermesinden \u0130tibaren 10 Y\u0131l<\/td>\n<td width=\"34%\">Ki\u015fisel Verilerin Korunmas\u0131 Kurulu&#8217;nun Ki\u015fisel Verinin \u0130mhas\u0131na Y\u00f6nelik Karar\u0131n\u0131n Tebli\u011finden \u0130tibaren En Ge\u00e7 30 G\u00fcn<br \/>\nSaklama S\u00fcresinin bitimi itibari ile ilk Periyodik \u0130mha zaman\u0131nda<\/td>\n<\/tr>\n<tr>\n<td width=\"33%\">Nakit Ak\u0131\u015f, B\u00fct\u00e7e, Risk Takip, Finansman Planlama Ve\u00a0 Raporlamalar\u0131<\/td>\n<td width=\"33%\">Di\u011fer &#8211; Hukuki \u0130li\u015fkinin Sona Ermesinden \u0130tibaren 10 Y\u0131l<\/td>\n<td width=\"34%\">Ki\u015fisel Verilerin Korunmas\u0131 Kurulu&#8217;nun Ki\u015fisel Verinin \u0130mhas\u0131na Y\u00f6nelik Karar\u0131n\u0131n Tebli\u011finden \u0130tibaren En Ge\u00e7 30 G\u00fcn<br \/>\nSaklama S\u00fcresinin bitimi itibari ile ilk Periyodik \u0130mha zaman\u0131nda<\/td>\n<\/tr>\n<tr>\n<td width=\"33%\">\u00d6deme, Tahsilat S\u00fcreci<\/td>\n<td width=\"33%\">Di\u011fer &#8211; Hukuki \u0130li\u015fkinin Sona Ermesinden \u0130tibaren 10 Y\u0131l<\/td>\n<td width=\"34%\">Ki\u015fisel Verilerin Korunmas\u0131 Kurulu&#8217;nun Ki\u015fisel Verinin \u0130mhas\u0131na Y\u00f6nelik Karar\u0131n\u0131n Tebli\u011finden \u0130tibaren En Ge\u00e7 30 G\u00fcn<br \/>\nSaklama S\u00fcresinin bitimi itibari ile ilk Periyodik \u0130mha zaman\u0131nda<\/td>\n<\/tr>\n<tr>\n<td width=\"33%\">Senet \u0130\u015flemleri<\/td>\n<td width=\"33%\">Di\u011fer &#8211; Hukuki \u0130li\u015fkinin Sona Ermesinden \u0130tibaren 10 Y\u0131l<\/td>\n<td width=\"34%\">Ki\u015fisel Verilerin Korunmas\u0131 Kurulu&#8217;nun Ki\u015fisel Verinin \u0130mhas\u0131na Y\u00f6nelik Karar\u0131n\u0131n Tebli\u011finden \u0130tibaren En Ge\u00e7 30 G\u00fcn<br \/>\nSaklama S\u00fcresinin bitimi itibari ile ilk Periyodik \u0130mha zaman\u0131nda<\/td>\n<\/tr>\n<tr>\n<td width=\"33%\">Girdi Kalite Kontrol (Hammadde, Yard\u0131mc\u0131 \u00dcr\u00fcn v.b. )<\/td>\n<td width=\"33%\">Di\u011fer &#8211; \u0130\u015fleme Amac\u0131n\u0131n Sona Ermesinden \u0130tibaren 10 Y\u0131l<\/td>\n<td width=\"34%\">Saklama S\u00fcresinin bitimi itibari ile ilk Periyodik \u0130mha zaman\u0131nda<\/td>\n<\/tr>\n<tr>\n<td width=\"33%\">Kalite Kontrol S\u00fcreci<\/td>\n<td width=\"33%\">Di\u011fer &#8211; \u0130\u015fleme Amac\u0131n\u0131n Sona Ermesinden \u0130tibaren 10 Y\u0131l<\/td>\n<td width=\"34%\">Saklama S\u00fcresinin bitimi itibari ile ilk Periyodik \u0130mha zaman\u0131nda<\/td>\n<\/tr>\n<tr>\n<td width=\"33%\">Kalite Geli\u015ftirme S\u00fcreci<\/td>\n<td width=\"33%\">Di\u011fer &#8211; \u0130\u015fleme Amac\u0131n\u0131n Sona Ermesinden \u0130tibaren 10 Y\u0131l<\/td>\n<td width=\"34%\">Saklama S\u00fcresinin bitimi itibari ile ilk Periyodik \u0130mha zaman\u0131nda<\/td>\n<\/tr>\n<tr>\n<td width=\"33%\">Temizlik \u0130\u015fleri S\u00fcreci<\/td>\n<td width=\"33%\">Di\u011fer &#8211; \u0130\u015fleme Amac\u0131n\u0131n Sona Ermesinden \u0130tibaren 10 Y\u0131l<\/td>\n<td width=\"34%\">Saklama S\u00fcresinin bitimi itibari ile ilk Periyodik \u0130mha zaman\u0131nda<\/td>\n<\/tr>\n<tr>\n<td width=\"33%\">Uygunsuz \u00dcr\u00fcn\/Girdi \u0130mha S\u00fcreci<\/td>\n<td width=\"33%\">Di\u011fer &#8211; \u0130\u015fleme Amac\u0131n\u0131n Sona Ermesinden \u0130tibaren 10 Y\u0131l<\/td>\n<td width=\"34%\">Saklama S\u00fcresinin bitimi itibari ile ilk Periyodik \u0130mha zaman\u0131nda<\/td>\n<\/tr>\n<tr>\n<td width=\"33%\">Entegre Sistem Y\u00f6netimi<\/td>\n<td width=\"33%\">Di\u011fer &#8211; \u0130\u015fleme Amac\u0131n\u0131n Sona Ermesinden Sonra 10 Y\u0131l<br \/>\nDi\u011fer &#8211; \u0130\u015fleme Amac\u0131n\u0131n Sona Ermesinden \u0130tibaren 10 Y\u0131l<\/td>\n<td width=\"34%\">Saklama S\u00fcresinin bitimi itibari ile ilk Periyodik \u0130mha zaman\u0131nda<\/td>\n<\/tr>\n<tr>\n<td width=\"33%\">\u0130\u015f Kazalar\u0131 S\u00fcre\u00e7leri<\/td>\n<td width=\"33%\">Di\u011fer &#8211; \u0130\u015f Akdinin Sona Ermesinden \u0130tibaren 15 Y\u0131l<\/td>\n<td width=\"34%\">Ki\u015fisel Verilerin Korunmas\u0131 Kurulu&#8217;nun Ki\u015fisel Verinin \u0130mhas\u0131na Y\u00f6nelik Karar\u0131n\u0131n Tebli\u011finden \u0130tibaren En Ge\u00e7 30 G\u00fcn<br \/>\nSaklama S\u00fcresinin bitimi itibari ile ilk Periyodik \u0130mha zaman\u0131nda<\/td>\n<\/tr>\n<tr>\n<td width=\"33%\">\u0130\u015f Kazas\u0131 \/ Meslek Hastal\u0131\u011f\u0131 S\u00fcre\u00e7leri<\/td>\n<td width=\"33%\">Di\u011fer &#8211; \u0130\u015f Akdinin Sona Ermesinden \u0130tibaren 15 Y\u0131l<br \/>\nDi\u011fer &#8211; \u0130\u015f \u0130li\u015fkisinin Sona Ermesinden \u0130tibaren 15 Y\u0131l<\/td>\n<td width=\"34%\">Ki\u015fisel Verilerin Korunmas\u0131 Kurulu&#8217;nun Ki\u015fisel Verinin \u0130mhas\u0131na Y\u00f6nelik Karar\u0131n\u0131n Tebli\u011finden \u0130tibaren En Ge\u00e7 30 G\u00fcn<br \/>\nSaklama S\u00fcresinin bitimi itibari ile ilk Periyodik \u0130mha zaman\u0131nda<\/td>\n<\/tr>\n<tr>\n<td width=\"33%\">\u0130\u015f Kazas\u0131, Meslek Hastal\u0131\u011f\u0131 Bildirimi<\/td>\n<td width=\"33%\">Di\u011fer &#8211; \u0130\u015f Akdinin Sona Ermesinden \u0130tibaren 15 Y\u0131l<br \/>\nDi\u011fer &#8211; \u0130\u015f \u0130li\u015fkisinin Sona Ermesinden \u0130tibaren 15 Y\u0131l<\/td>\n<td width=\"34%\">Ki\u015fisel Verilerin Korunmas\u0131 Kurulu&#8217;nun Ki\u015fisel Verinin \u0130mhas\u0131na Y\u00f6nelik Karar\u0131n\u0131n Tebli\u011finden \u0130tibaren En Ge\u00e7 30 G\u00fcn<br \/>\nSaklama S\u00fcresinin bitimi itibari ile ilk Periyodik \u0130mha zaman\u0131nda<br \/>\nSilinme Talebi sonras\u0131 30 g\u00fcn cevap verme s\u00fcresi i\u00e7inde<\/td>\n<\/tr>\n<tr>\n<td width=\"33%\">\u0130\u015f Sa\u011fl\u0131\u011f\u0131 Ve G\u00fcvenli\u011fi S\u00fcre\u00e7leri Y\u00f6netimi<\/td>\n<td width=\"33%\">Di\u011fer &#8211; \u0130\u015f Akdinin Sona Ermesinden \u0130tibaren 15 Y\u0131l<br \/>\nDi\u011fer &#8211; \u0130\u015f \u0130li\u015fkisinin Sona Ermesinden \u0130tibaren 15 Y\u0131l<br \/>\nDi\u011fer &#8211; Hukuki \u0130li\u015fkinin Sona Ermesinden \u0130tibaren 10 Y\u0131l<\/td>\n<td width=\"34%\">Ki\u015fisel Verilerin Korunmas\u0131 Kurulu&#8217;nun Ki\u015fisel Verinin \u0130mhas\u0131na Y\u00f6nelik Karar\u0131n\u0131n Tebli\u011finden \u0130tibaren En Ge\u00e7 30 G\u00fcn<br \/>\nSaklama S\u00fcresinin bitimi itibari ile ilk Periyodik \u0130mha zaman\u0131nda<br \/>\nSilinme Talebi sonras\u0131 30 g\u00fcn cevap verme s\u00fcresi i\u00e7inde<\/td>\n<\/tr>\n<tr>\n<td width=\"33%\">\u00c7al\u0131\u015fan \u0130stihdam\u0131<\/td>\n<td width=\"33%\">Di\u011fer &#8211; \u0130\u015f \u0130li\u015fkisinin Sona Ermesinden \u0130tibaren 15 Y\u0131l<br \/>\n1 Y\u0131l<\/td>\n<td width=\"34%\">Ki\u015fisel Verilerin Korunmas\u0131 Kurulu&#8217;nun Ki\u015fisel Verinin \u0130mhas\u0131na Y\u00f6nelik Karar\u0131n\u0131n Tebli\u011finden \u0130tibaren En Ge\u00e7 30 G\u00fcn<br \/>\nSaklama S\u00fcresinin bitimi itibari ile ilk Periyodik \u0130mha zaman\u0131nda<br \/>\nSilinme Talebi sonras\u0131 30 g\u00fcn cevap verme s\u00fcresi i\u00e7inde<\/td>\n<\/tr>\n<tr>\n<td width=\"33%\">\u0130\u015fe Al\u0131m Ve De\u011ferlendirme S\u00fcreci<\/td>\n<td width=\"33%\">1 Y\u0131l<\/td>\n<td width=\"34%\">Ki\u015fisel Verilerin Korunmas\u0131 Kurulu&#8217;nun Ki\u015fisel Verinin \u0130mhas\u0131na Y\u00f6nelik Karar\u0131n\u0131n Tebli\u011finden \u0130tibaren En Ge\u00e7 30 G\u00fcn<br \/>\nSaklama S\u00fcresinin bitimi itibari ile ilk Periyodik \u0130mha zaman\u0131nda<\/td>\n<\/tr>\n<tr>\n<td width=\"33%\">\u0130\u015fe Ba\u015fvuru Faaliyetlerinin Y\u00fcr\u00fct\u00fclmesi<\/td>\n<td width=\"33%\">Di\u011fer &#8211; \u0130\u015f \u0130li\u015fkisinin Sona Ermesinden \u0130tibaren 15 Y\u0131l<br \/>\n1 Y\u0131l<\/td>\n<td width=\"34%\">Ki\u015fisel Verilerin Korunmas\u0131 Kurulu&#8217;nun Ki\u015fisel Verinin \u0130mhas\u0131na Y\u00f6nelik Karar\u0131n\u0131n Tebli\u011finden \u0130tibaren En Ge\u00e7 30 G\u00fcn<br \/>\nSaklama S\u00fcresinin bitimi itibari ile ilk Periyodik \u0130mha zaman\u0131nda<br \/>\nSilinme Talebi sonras\u0131 30 g\u00fcn cevap verme s\u00fcresi i\u00e7inde<\/td>\n<\/tr>\n<tr>\n<td width=\"33%\">SGK Tahakkuk Ve \u0130\u015fkur \u0130\u015flemleri<\/td>\n<td width=\"33%\">Di\u011fer &#8211; \u0130\u015f \u0130li\u015fkisinin Sona Ermesinden \u0130tibaren 15 Y\u0131l<br \/>\nDi\u011fer &#8211; \u0130\u015f Akdinin Sona Ermesinden \u0130tibaren 15 Y\u0131l<br \/>\nDi\u011fer &#8211; Hukuki \u0130li\u015fkinin Sona Ermesinden \u0130tibaren 10 Y\u0131l<br \/>\n1 Y\u0131l<\/td>\n<td width=\"34%\">Ki\u015fisel Verilerin Korunmas\u0131 Kurulu&#8217;nun Ki\u015fisel Verinin \u0130mhas\u0131na Y\u00f6nelik Karar\u0131n\u0131n Tebli\u011finden \u0130tibaren En Ge\u00e7 30 G\u00fcn<br \/>\nSaklama S\u00fcresinin bitimi itibari ile ilk Periyodik \u0130mha zaman\u0131nda<\/td>\n<\/tr>\n<tr>\n<td width=\"33%\">Seyahat S\u00fcreci<\/td>\n<td width=\"33%\">Di\u011fer &#8211; \u0130\u015f \u0130li\u015fkisinin Sona Ermesinden \u0130tibaren 15 Y\u0131l<\/td>\n<td width=\"34%\">Ki\u015fisel Verilerin Korunmas\u0131 Kurulu&#8217;nun Ki\u015fisel Verinin \u0130mhas\u0131na Y\u00f6nelik Karar\u0131n\u0131n Tebli\u011finden \u0130tibaren En Ge\u00e7 30 G\u00fcn<br \/>\nSaklama S\u00fcresinin bitimi itibari ile ilk Periyodik \u0130mha zaman\u0131nda<br \/>\nSilinme Talebi sonras\u0131 30 g\u00fcn cevap verme s\u00fcresi i\u00e7inde<\/td>\n<\/tr>\n<tr>\n<td width=\"33%\">Personel \u00d6deme Ve Avans \u0130\u015flemleri<\/td>\n<td width=\"33%\">Di\u011fer &#8211; \u0130\u015f \u0130li\u015fkisinin Sona Ermesinden \u0130tibaren 15 Y\u0131l<\/td>\n<td width=\"34%\">Saklama S\u00fcresinin bitimi itibari ile ilk Periyodik \u0130mha zaman\u0131nda<br \/>\nSilinme Talebi sonras\u0131 30 g\u00fcn cevap verme s\u00fcresi i\u00e7inde<\/td>\n<\/tr>\n<tr>\n<td width=\"33%\">\u0130\u015f Yeri Sa\u011fl\u0131k Faaliyetlerinin Y\u00fcr\u00fct\u00fclmesi S\u00fcreci<\/td>\n<td width=\"33%\">Di\u011fer &#8211; \u0130\u015f \u0130li\u015fkisinin Sona Ermesinden \u0130tibaren 15 Y\u0131l<br \/>\nDi\u011fer &#8211; \u0130\u015f Akdinin Sona Ermesinden \u0130tibaren 15 Y\u0131l<\/td>\n<td width=\"34%\">Ki\u015fisel Verilerin Korunmas\u0131 Kurulu&#8217;nun Ki\u015fisel Verinin \u0130mhas\u0131na Y\u00f6nelik Karar\u0131n\u0131n Tebli\u011finden \u0130tibaren En Ge\u00e7 30 G\u00fcn<br \/>\nSaklama S\u00fcresinin bitimi itibari ile ilk Periyodik \u0130mha zaman\u0131nda<\/td>\n<\/tr>\n<tr>\n<td width=\"33%\">\u0130\u015f Ba\u015fvuru Y\u00f6netimi<\/td>\n<td width=\"33%\">1 Y\u0131l<\/td>\n<td width=\"34%\">Saklama S\u00fcresinin bitimi itibari ile ilk Periyodik \u0130mha zaman\u0131nda<br \/>\nSilinme Talebi sonras\u0131 30 g\u00fcn cevap verme s\u00fcresi i\u00e7inde<\/td>\n<\/tr>\n<tr>\n<td width=\"33%\">\u0130\u015fe Giri\u015f S\u00fcreci<\/td>\n<td width=\"33%\">Di\u011fer &#8211; \u0130\u015f \u0130li\u015fkisinin Sona Ermesinden \u0130tibaren 15 Y\u0131l<br \/>\n1 Y\u0131l<\/td>\n<td width=\"34%\">Saklama S\u00fcresinin bitimi itibari ile ilk Periyodik \u0130mha zaman\u0131nda<br \/>\nSilinme Talebi sonras\u0131 30 g\u00fcn cevap verme s\u00fcresi i\u00e7inde<br \/>\nKi\u015fisel Verilerin Korunmas\u0131 Kurulu&#8217;nun Ki\u015fisel Verinin \u0130mhas\u0131na Y\u00f6nelik Karar\u0131n\u0131n Tebli\u011finden \u0130tibaren En Ge\u00e7 30 G\u00fcn<\/td>\n<\/tr>\n<tr>\n<td width=\"33%\">\u00c7al\u0131\u015fan\u0131n \u00d6zl\u00fck Dosyas\u0131n\u0131n Olu\u015fturulmas\u0131<\/td>\n<td width=\"33%\">Di\u011fer &#8211; \u0130\u015f \u0130li\u015fkisinin Sona Ermesinden \u0130tibaren 15 Y\u0131l<\/td>\n<td width=\"34%\">Saklama S\u00fcresinin bitimi itibari ile ilk Periyodik \u0130mha zaman\u0131nda<br \/>\nKi\u015fisel Verilerin Korunmas\u0131 Kurulu&#8217;nun Ki\u015fisel Verinin \u0130mhas\u0131na Y\u00f6nelik Karar\u0131n\u0131n Tebli\u011finden \u0130tibaren En Ge\u00e7 30 G\u00fcn<\/td>\n<\/tr>\n<tr>\n<td width=\"33%\">E\u011fitim Faaliyetleri<\/td>\n<td width=\"33%\">Di\u011fer &#8211; \u0130\u015f \u0130li\u015fkisinin Sona Ermesinden \u0130tibaren 15 Y\u0131l<\/td>\n<td width=\"34%\">Saklama S\u00fcresinin bitimi itibari ile ilk Periyodik \u0130mha zaman\u0131nda<\/td>\n<\/tr>\n<tr>\n<td width=\"33%\">\u0130nsan Kaynaklar\u0131 Faaliyetlerinin Y\u00fcr\u00fct\u00fclmesi<\/td>\n<td width=\"33%\">Di\u011fer &#8211; \u0130\u015f \u0130li\u015fkisinin Sona Ermesinden \u0130tibaren 15 Y\u0131l<br \/>\n15 Y\u0131l<\/td>\n<td width=\"34%\">Saklama S\u00fcresinin bitimi itibari ile ilk Periyodik \u0130mha zaman\u0131nda<br \/>\nSilinme Talebi sonras\u0131 30 g\u00fcn cevap verme s\u00fcresi i\u00e7inde<br \/>\nKi\u015fisel Verilerin Korunmas\u0131 Kurulu&#8217;nun Ki\u015fisel Verinin \u0130mhas\u0131na Y\u00f6nelik Karar\u0131n\u0131n Tebli\u011finden \u0130tibaren En Ge\u00e7 30 G\u00fcn<\/td>\n<\/tr>\n<tr>\n<td width=\"33%\">Aile Durum Bildirimi S\u00fcreci<\/td>\n<td width=\"33%\">Di\u011fer &#8211; \u0130\u015f \u0130li\u015fkisinin Sona Ermesinden \u0130tibaren 15 Y\u0131l<\/td>\n<td width=\"34%\">Saklama S\u00fcresinin bitimi itibari ile ilk Periyodik \u0130mha zaman\u0131nda<\/td>\n<\/tr>\n<tr>\n<td width=\"33%\">Bordro ve Maa\u015f Dosyas\u0131n\u0131n Haz\u0131rlanmas\u0131<\/td>\n<td width=\"33%\">Di\u011fer &#8211; \u0130\u015f \u0130li\u015fkisinin Sona Ermesinden \u0130tibaren 15 Y\u0131l<\/td>\n<td width=\"34%\">Saklama S\u00fcresinin bitimi itibari ile ilk Periyodik \u0130mha zaman\u0131nda<br \/>\nSilinme Talebi sonras\u0131 30 g\u00fcn cevap verme s\u00fcresi i\u00e7inde<\/td>\n<\/tr>\n<tr>\n<td width=\"33%\">Fesih \u0130\u015flemleri<\/td>\n<td width=\"33%\">Di\u011fer &#8211; \u0130\u015f \u0130li\u015fkisinin Sona Ermesinden \u0130tibaren 15 Y\u0131l<\/td>\n<td width=\"34%\">Saklama S\u00fcresinin bitimi itibari ile ilk Periyodik \u0130mha zaman\u0131nda<br \/>\nSilinme Talebi sonras\u0131 30 g\u00fcn cevap verme s\u00fcresi i\u00e7inde<\/td>\n<\/tr>\n<tr>\n<td width=\"33%\">\u0130\u015fe Giri\u015f Ve \u00d6zl\u00fck Dosyas\u0131 Olu\u015fturma S\u00fcreci<\/td>\n<td width=\"33%\">Di\u011fer &#8211; \u0130\u015f \u0130li\u015fkisinin Sona Ermesinden \u0130tibaren 15 Y\u0131l<\/td>\n<td width=\"34%\">Saklama S\u00fcresinin bitimi itibari ile ilk Periyodik \u0130mha zaman\u0131nda<br \/>\nSilinme Talebi sonras\u0131 30 g\u00fcn cevap verme s\u00fcresi i\u00e7inde<\/td>\n<\/tr>\n<tr>\n<td width=\"33%\">\u00d6zl\u00fck Dosyas\u0131 Olu\u015fturma S\u00fcreci<\/td>\n<td width=\"33%\">Di\u011fer &#8211; \u0130\u015f \u0130li\u015fkisinin Sona Ermesinden \u0130tibaren 15 Y\u0131l<\/td>\n<td width=\"34%\">Saklama S\u00fcresinin bitimi itibari ile ilk Periyodik \u0130mha zaman\u0131nda<\/td>\n<\/tr>\n<tr>\n<td width=\"33%\">SGK-Tahakkuk \u0130\u015flemleri<\/td>\n<td width=\"33%\">Di\u011fer &#8211; \u0130\u015f \u0130li\u015fkisinin Sona Ermesinden \u0130tibaren 15 Y\u0131l<\/td>\n<td width=\"34%\">Saklama S\u00fcresinin bitimi itibari ile ilk Periyodik \u0130mha zaman\u0131nda<br \/>\nKi\u015fisel Verilerin Korunmas\u0131 Kurulu&#8217;nun Ki\u015fisel Verinin \u0130mhas\u0131na Y\u00f6nelik Karar\u0131n\u0131n Tebli\u011finden \u0130tibaren En Ge\u00e7 30 G\u00fcn<\/td>\n<\/tr>\n<tr>\n<td width=\"33%\">\u0130\u015fkur \u0130\u015flemleri<\/td>\n<td width=\"33%\">Di\u011fer &#8211; \u0130\u015f \u0130li\u015fkisinin Sona Ermesinden \u0130tibaren 15 Y\u0131l<\/td>\n<td width=\"34%\">Saklama S\u00fcresinin bitimi itibari ile ilk Periyodik \u0130mha zaman\u0131nda<\/td>\n<\/tr>\n<tr>\n<td width=\"33%\">\u0130\u015f Sa\u011fl\u0131\u011f\u0131 ve G\u00fcvenli\u011fi E\u011fitimi ve Faaliyetlerinin Y\u00fcr\u00fct\u00fclmesi<\/td>\n<td width=\"33%\">Di\u011fer &#8211; \u0130\u015f \u0130li\u015fkisinin Sona Ermesinden \u0130tibaren 15 Y\u0131l<\/td>\n<td width=\"34%\">Saklama S\u00fcresinin bitimi itibari ile ilk Periyodik \u0130mha zaman\u0131nda<br \/>\nKi\u015fisel Verilerin Korunmas\u0131 Kurulu&#8217;nun Ki\u015fisel Verinin \u0130mhas\u0131na Y\u00f6nelik Karar\u0131n\u0131n Tebli\u011finden \u0130tibaren En Ge\u00e7 30 G\u00fcn<\/td>\n<\/tr>\n<tr>\n<td width=\"33%\">Te\u015fviklerin Kontrol\u00fc<\/td>\n<td width=\"33%\">Di\u011fer &#8211; \u0130\u015f \u0130li\u015fkisinin Sona Ermesinden \u0130tibaren 15 Y\u0131l<\/td>\n<td width=\"34%\">Saklama S\u00fcresinin bitimi itibari ile ilk Periyodik \u0130mha zaman\u0131nda<\/td>\n<\/tr>\n<tr>\n<td width=\"33%\">Personel Devam Kontrol Listesi<\/td>\n<td width=\"33%\">Di\u011fer &#8211; \u0130\u015f \u0130li\u015fkisinin Sona Ermesinden \u0130tibaren 15 Y\u0131l<\/td>\n<td width=\"34%\">Saklama S\u00fcresinin bitimi itibari ile ilk Periyodik \u0130mha zaman\u0131nda<br \/>\nSilinme Talebi sonras\u0131 30 g\u00fcn cevap verme s\u00fcresi i\u00e7inde<\/td>\n<\/tr>\n<tr>\n<td width=\"33%\">Hizmeti\u00e7i E\u011fitim Planlamas\u0131<\/td>\n<td width=\"33%\">Di\u011fer &#8211; \u0130\u015f \u0130li\u015fkisinin Sona Ermesinden \u0130tibaren 15 Y\u0131l<\/td>\n<td width=\"34%\">Saklama S\u00fcresinin bitimi itibari ile ilk Periyodik \u0130mha zaman\u0131nda<\/td>\n<\/tr>\n<tr>\n<td width=\"33%\">\u0130\u015f Operasyonu<\/td>\n<td width=\"33%\">15 Y\u0131l<\/td>\n<td width=\"34%\">Saklama S\u00fcresinin bitimi itibari ile ilk Periyodik \u0130mha zaman\u0131nda<br \/>\nKi\u015fisel Verilerin Korunmas\u0131 Kurulu&#8217;nun Ki\u015fisel Verinin \u0130mhas\u0131na Y\u00f6nelik Karar\u0131n\u0131n Tebli\u011finden \u0130tibaren En Ge\u00e7 30 G\u00fcn<\/td>\n<\/tr>\n<tr>\n<td width=\"33%\">\u0130K ve \u0130stihdam Stratejilerinin Belirlenmesi<\/td>\n<td width=\"33%\">15 Y\u0131l<\/td>\n<td width=\"34%\">Saklama S\u00fcresinin bitimi itibari ile ilk Periyodik \u0130mha zaman\u0131nda<br \/>\nKi\u015fisel Verilerin Korunmas\u0131 Kurulu&#8217;nun Ki\u015fisel Verinin \u0130mhas\u0131na Y\u00f6nelik Karar\u0131n\u0131n Tebli\u011finden \u0130tibaren En Ge\u00e7 30 G\u00fcn<\/td>\n<\/tr>\n<tr>\n<td width=\"33%\">\u0130\u015f Sa\u011fl\u0131\u011f\u0131 ve G\u00fcvenli\u011fi Faaliyetlerin Y\u00fcr\u00fct\u00fclmesi<\/td>\n<td width=\"33%\">Di\u011fer &#8211; \u0130\u015f \u0130li\u015fkisinin Sona Ermesinden \u0130tibaren 15 Y\u0131l<\/td>\n<td width=\"34%\">Saklama S\u00fcresinin bitimi itibari ile ilk Periyodik \u0130mha zaman\u0131nda<br \/>\nKi\u015fisel Verilerin Korunmas\u0131 Kurulu&#8217;nun Ki\u015fisel Verinin \u0130mhas\u0131na Y\u00f6nelik Karar\u0131n\u0131n Tebli\u011finden \u0130tibaren En Ge\u00e7 30 G\u00fcn<br \/>\nSilinme Talebi sonras\u0131 30 g\u00fcn cevap verme s\u00fcresi i\u00e7inde<\/td>\n<\/tr>\n<tr>\n<td width=\"33%\">\u00c7al\u0131\u015fanlar\u0131n Takibi Ve Y\u00f6nlendirilmesi S\u00fcreci<\/td>\n<td width=\"33%\">Di\u011fer &#8211; \u0130\u015f \u0130li\u015fkisinin Sona Ermesinden \u0130tibaren 15 Y\u0131l<\/td>\n<td width=\"34%\">Ki\u015fisel Verilerin Korunmas\u0131 Kurulu&#8217;nun Ki\u015fisel Verinin \u0130mhas\u0131na Y\u00f6nelik Karar\u0131n\u0131n Tebli\u011finden \u0130tibaren En Ge\u00e7 30 G\u00fcn<br \/>\nSaklama S\u00fcresinin bitimi itibari ile ilk Periyodik \u0130mha zaman\u0131nda<\/td>\n<\/tr>\n<tr>\n<td width=\"33%\">\u0130lgili Prosed\u00fcr Ve Y\u00f6netmeliklerin Haz\u0131rlanmas\u0131<\/td>\n<td width=\"33%\">Di\u011fer &#8211; \u0130\u015f \u0130li\u015fkisinin Sona Ermesinden \u0130tibaren 15 Y\u0131l<\/td>\n<td width=\"34%\">Ki\u015fisel Verilerin Korunmas\u0131 Kurulu&#8217;nun Ki\u015fisel Verinin \u0130mhas\u0131na Y\u00f6nelik Karar\u0131n\u0131n Tebli\u011finden \u0130tibaren En Ge\u00e7 30 G\u00fcn<br \/>\nSaklama S\u00fcresinin bitimi itibari ile ilk Periyodik \u0130mha zaman\u0131nda<\/td>\n<\/tr>\n<tr>\n<td width=\"33%\">\u0130nsan Kaynaklar\u0131 S\u00fcreci<\/td>\n<td width=\"33%\">Di\u011fer &#8211; \u0130\u015f \u0130li\u015fkisinin Sona Ermesinden \u0130tibaren 15 Y\u0131l<\/td>\n<td width=\"34%\">Ki\u015fisel Verilerin Korunmas\u0131 Kurulu&#8217;nun Ki\u015fisel Verinin \u0130mhas\u0131na Y\u00f6nelik Karar\u0131n\u0131n Tebli\u011finden \u0130tibaren En Ge\u00e7 30 G\u00fcn<br \/>\nSaklama S\u00fcresinin bitimi itibari ile ilk Periyodik \u0130mha zaman\u0131nda<\/td>\n<\/tr>\n<tr>\n<td width=\"33%\">Personel \u0130sim Listesi Olu\u015fturulmas\u0131<\/td>\n<td width=\"33%\">Di\u011fer &#8211; \u0130\u015f \u0130li\u015fkisinin Sona Ermesinden \u0130tibaren 15 Y\u0131l<\/td>\n<td width=\"34%\">Saklama S\u00fcresinin bitimi itibari ile ilk Periyodik \u0130mha zaman\u0131nda<\/td>\n<\/tr>\n<tr>\n<td width=\"33%\">E\u011fitim Kat\u0131l\u0131mc\u0131 Bilgilerinin Al\u0131nmas\u0131<\/td>\n<td width=\"33%\">Di\u011fer &#8211; \u0130\u015f \u0130li\u015fkisinin Sona Ermesinden \u0130tibaren 15 Y\u0131l<\/td>\n<td width=\"34%\">Saklama S\u00fcresinin bitimi itibari ile ilk Periyodik \u0130mha zaman\u0131nda<\/td>\n<\/tr>\n<tr>\n<td width=\"33%\">\u0130\u015fe Giri\u015f Bildirimleri<\/td>\n<td width=\"33%\">Di\u011fer &#8211; \u0130\u015f \u0130li\u015fkisinin Sona Ermesinden \u0130tibaren 15 Y\u0131l<\/td>\n<td width=\"34%\">Ki\u015fisel Verilerin Korunmas\u0131 Kurulu&#8217;nun Ki\u015fisel Verinin \u0130mhas\u0131na Y\u00f6nelik Karar\u0131n\u0131n Tebli\u011finden \u0130tibaren En Ge\u00e7 30 G\u00fcn<br \/>\nSaklama S\u00fcresinin bitimi itibari ile ilk Periyodik \u0130mha zaman\u0131nda<br \/>\nSilinme Talebi sonras\u0131 30 g\u00fcn cevap verme s\u00fcresi i\u00e7inde<\/td>\n<\/tr>\n<tr>\n<td width=\"33%\">\u0130zin \u0130\u015flemlerinin Y\u00fcr\u00fct\u00fclmesi<\/td>\n<td width=\"33%\">Di\u011fer &#8211; \u0130\u015f \u0130li\u015fkisinin Sona Ermesinden \u0130tibaren 15 Y\u0131l<\/td>\n<td width=\"34%\">Saklama S\u00fcresinin bitimi itibari ile ilk Periyodik \u0130mha zaman\u0131nda<br \/>\nKi\u015fisel Verilerin Korunmas\u0131 Kurulu&#8217;nun Ki\u015fisel Verinin \u0130mhas\u0131na Y\u00f6nelik Karar\u0131n\u0131n Tebli\u011finden \u0130tibaren En Ge\u00e7 30 G\u00fcn<\/td>\n<\/tr>\n<tr>\n<td width=\"33%\">Personel \u0130zinlerinin Takibi Ve \u0130\u015flemleri<\/td>\n<td width=\"33%\">Di\u011fer &#8211; \u0130\u015f \u0130li\u015fkisinin Sona Ermesinden \u0130tibaren 15 Y\u0131l<\/td>\n<td width=\"34%\">Saklama S\u00fcresinin bitimi itibari ile ilk Periyodik \u0130mha zaman\u0131nda<\/td>\n<\/tr>\n<tr>\n<td width=\"33%\">\u0130\u015ften \u00c7\u0131k\u0131\u015f S\u00fcreci<\/td>\n<td width=\"33%\">Di\u011fer &#8211; \u0130\u015f \u0130li\u015fkisinin Sona Ermesinden \u0130tibaren 15 Y\u0131l<\/td>\n<td width=\"34%\">Saklama S\u00fcresinin bitimi itibari ile ilk Periyodik \u0130mha zaman\u0131nda<br \/>\nSilinme Talebi sonras\u0131 30 g\u00fcn cevap verme s\u00fcresi i\u00e7inde<\/td>\n<\/tr>\n<tr>\n<td width=\"33%\">Zimmet Teslim\/\u0130ade S\u00fcreci<\/td>\n<td width=\"33%\">Di\u011fer &#8211; \u0130\u015f \u0130li\u015fkisinin Sona Ermesinden \u0130tibaren 15 Y\u0131l<\/td>\n<td width=\"34%\">Saklama S\u00fcresinin bitimi itibari ile ilk Periyodik \u0130mha zaman\u0131nda<\/td>\n<\/tr>\n<tr>\n<td width=\"33%\">Personel Listesi Olu\u015fturma<\/td>\n<td width=\"33%\">Di\u011fer &#8211; \u0130\u015f \u0130li\u015fkisinin Sona Ermesinden \u0130tibaren 15 Y\u0131l<\/td>\n<td width=\"34%\">Saklama S\u00fcresinin bitimi itibari ile ilk Periyodik \u0130mha zaman\u0131nda<\/td>\n<\/tr>\n<tr>\n<td width=\"33%\">\u0130stirahat Raporlar\u0131 Ve Takibi<\/td>\n<td width=\"33%\">Di\u011fer &#8211; \u0130\u015f \u0130li\u015fkisinin Sona Ermesinden \u0130tibaren 15 Y\u0131l<\/td>\n<td width=\"34%\">Saklama S\u00fcresinin bitimi itibari ile ilk Periyodik \u0130mha zaman\u0131nda<\/td>\n<\/tr>\n<tr>\n<td width=\"33%\">Bordrolama S\u00fcreci<\/td>\n<td width=\"33%\">Di\u011fer &#8211; \u0130\u015f \u0130li\u015fkisinin Sona Ermesinden \u0130tibaren 15 Y\u0131l<\/td>\n<td width=\"34%\">Saklama S\u00fcresinin bitimi itibari ile ilk Periyodik \u0130mha zaman\u0131nda<br \/>\nSilinme Talebi sonras\u0131 30 g\u00fcn cevap verme s\u00fcresi i\u00e7inde<\/td>\n<\/tr>\n<tr>\n<td width=\"33%\">\u0130\u015fe Giri\u015f\/Periyodik Muayene S\u00fcreci<\/td>\n<td width=\"33%\">Di\u011fer &#8211; \u0130\u015f \u0130li\u015fkisinin Sona Ermesinden \u0130tibaren 15 Y\u0131l<br \/>\nDi\u011fer &#8211; \u0130\u015f Akdinin Sona Ermesinden \u0130tibaren 15 Y\u0131l<\/td>\n<td width=\"34%\">Saklama S\u00fcresinin bitimi itibari ile ilk Periyodik \u0130mha zaman\u0131nda<br \/>\nSilinme Talebi sonras\u0131 30 g\u00fcn cevap verme s\u00fcresi i\u00e7inde<\/td>\n<\/tr>\n<tr>\n<td width=\"33%\">Disiplin Y\u00f6netimi S\u00fcreci<\/td>\n<td width=\"33%\">Di\u011fer &#8211; \u0130\u015f \u0130li\u015fkisinin Sona Ermesinden \u0130tibaren 15 Y\u0131l<\/td>\n<td width=\"34%\">Saklama S\u00fcresinin bitimi itibari ile ilk Periyodik \u0130mha zaman\u0131nda<br \/>\nSilinme Talebi sonras\u0131 30 g\u00fcn cevap verme s\u00fcresi i\u00e7inde<\/td>\n<\/tr>\n<tr>\n<td width=\"33%\">PDKS Sistemi Y\u00f6netimi &#8211; Personel Giri\u015f\/\u00c7\u0131k\u0131\u015f Kay\u0131tlar\u0131<\/td>\n<td width=\"33%\">Di\u011fer &#8211; \u0130\u015f \u0130li\u015fkisinin Sona Ermesinden \u0130tibaren 15 Y\u0131l<\/td>\n<td width=\"34%\">Saklama S\u00fcresinin bitimi itibari ile ilk Periyodik \u0130mha zaman\u0131nda<br \/>\nSilinme Talebi sonras\u0131 30 g\u00fcn cevap verme s\u00fcresi i\u00e7inde<br \/>\nKi\u015fisel Verilerin Korunmas\u0131 Kurulu&#8217;nun Ki\u015fisel Verinin \u0130mhas\u0131na Y\u00f6nelik Karar\u0131n\u0131n Tebli\u011finden \u0130tibaren En Ge\u00e7 30 G\u00fcn<\/td>\n<\/tr>\n<tr>\n<td width=\"33%\">Personel G\u00fcnl\u00fck Fazla Mesai Takibi<\/td>\n<td width=\"33%\">Di\u011fer &#8211; \u0130\u015f \u0130li\u015fkisinin Sona Ermesinden \u0130tibaren 15 Y\u0131l<\/td>\n<td width=\"34%\">Saklama S\u00fcresinin bitimi itibari ile ilk Periyodik \u0130mha zaman\u0131nda<br \/>\nSilinme Talebi sonras\u0131 30 g\u00fcn cevap verme s\u00fcresi i\u00e7inde<\/td>\n<\/tr>\n<tr>\n<td width=\"33%\">Personel Mesai Kontrol Faaliyeti<\/td>\n<td width=\"33%\">Di\u011fer &#8211; \u0130\u015f \u0130li\u015fkisinin Sona Ermesinden \u0130tibaren 15 Y\u0131l<\/td>\n<td width=\"34%\">Saklama S\u00fcresinin bitimi itibari ile ilk Periyodik \u0130mha zaman\u0131nda<br \/>\nSilinme Talebi sonras\u0131 30 g\u00fcn cevap verme s\u00fcresi i\u00e7inde<\/td>\n<\/tr>\n<tr>\n<td width=\"33%\">\u0130stirahat Raporlar\u0131 Ve Tahsilat\u0131<\/td>\n<td width=\"33%\">Di\u011fer &#8211; \u0130\u015f \u0130li\u015fkisinin Sona Ermesinden \u0130tibaren 15 Y\u0131l<\/td>\n<td width=\"34%\">Saklama S\u00fcresinin bitimi itibari ile ilk Periyodik \u0130mha zaman\u0131nda<br \/>\nSilinme Talebi sonras\u0131 30 g\u00fcn cevap verme s\u00fcresi i\u00e7inde<\/td>\n<\/tr>\n<tr>\n<td width=\"33%\">Acil Durum Y\u00f6netimi<\/td>\n<td width=\"33%\">Di\u011fer &#8211; \u0130\u015f \u0130li\u015fkisinin Sona Ermesinden \u0130tibaren 15 Y\u0131l<\/td>\n<td width=\"34%\">Saklama S\u00fcresinin bitimi itibari ile ilk Periyodik \u0130mha zaman\u0131nda<br \/>\nSilinme Talebi sonras\u0131 30 g\u00fcn cevap verme s\u00fcresi i\u00e7inde<\/td>\n<\/tr>\n<tr>\n<td width=\"33%\">Personellerin Motivasyonu, Mesleki Ve Ki\u015fisel Geli\u015fimleri \u0130\u00e7in E\u011fitim Ve Organizasyonlar D\u00fczenlenmesi<\/td>\n<td width=\"33%\">Di\u011fer &#8211; \u0130\u015f Akdinin Sona Ermesinden \u0130tibaren 15 Y\u0131l<\/td>\n<td width=\"34%\">Ki\u015fisel Verilerin Korunmas\u0131 Kurulu&#8217;nun Ki\u015fisel Verinin \u0130mhas\u0131na Y\u00f6nelik Karar\u0131n\u0131n Tebli\u011finden \u0130tibaren En Ge\u00e7 30 G\u00fcn<br \/>\nSaklama S\u00fcresinin bitimi itibari ile ilk Periyodik \u0130mha zaman\u0131nda<\/td>\n<\/tr>\n<tr>\n<td width=\"33%\">Ta\u015feron Y\u00f6netimi<\/td>\n<td width=\"33%\">Di\u011fer &#8211; Hukuki \u0130li\u015fkinin Sona Ermesinden \u0130tibaren 10 Y\u0131l<\/td>\n<td width=\"34%\">Ki\u015fisel Verilerin Korunmas\u0131 Kurulu&#8217;nun Ki\u015fisel Verinin \u0130mhas\u0131na Y\u00f6nelik Karar\u0131n\u0131n Tebli\u011finden \u0130tibaren En Ge\u00e7 30 G\u00fcn<br \/>\nSaklama S\u00fcresinin bitimi itibari ile ilk Periyodik \u0130mha zaman\u0131nda<\/td>\n<\/tr>\n<tr>\n<td width=\"33%\">Bilgi Teknolojileri Sistemi S\u00fcre\u00e7leri<\/td>\n<td width=\"33%\">Di\u011fer &#8211; \u0130\u015fleme Amac\u0131n\u0131n Sona Ermesinden \u0130tibaren 10 Y\u0131l<br \/>\nDi\u011fer &#8211; \u0130\u015fleme Amac\u0131n\u0131n Sona Ermesinden \u0130tibaren 5 Y\u0131l<br \/>\nDi\u011fer &#8211; Hukuki \u0130li\u015fkinin Sona Ermesinden \u0130tibaren 10 Y\u0131l<br \/>\nDi\u011fer &#8211; \u0130\u015fleme Amac\u0131n\u0131n Sona Ermesinden \u0130tibaren 2 Y\u0131l<br \/>\nDi\u011fer &#8211; \u0130\u015f \u0130li\u015fkisinin Sona Ermesinden \u0130tibaren 15 Y\u0131l<br \/>\nDi\u011fer &#8211; Hukuki \u0130li\u015fkinin Sona Ermesinden \u0130tibaren 15 Y\u0131l<br \/>\n1 Y\u0131l<\/td>\n<td width=\"34%\">Saklama S\u00fcresinin bitimi itibari ile ilk Periyodik \u0130mha zaman\u0131nda<br \/>\nKi\u015fisel Verilerin Korunmas\u0131 Kurulu&#8217;nun Ki\u015fisel Verinin \u0130mhas\u0131na Y\u00f6nelik Karar\u0131n\u0131n Tebli\u011finden \u0130tibaren En Ge\u00e7 30 G\u00fcn<br \/>\nSilinme Talebi sonras\u0131 30 g\u00fcn cevap verme s\u00fcresi i\u00e7inde<\/td>\n<\/tr>\n<tr>\n<td width=\"33%\">Bak\u0131m Onar\u0131m S\u00fcreci<\/td>\n<td width=\"33%\">Di\u011fer &#8211; \u0130\u015fleme Amac\u0131n\u0131n Sona Ermesinden \u0130tibaren 10 Y\u0131l<\/td>\n<td width=\"34%\">Ki\u015fisel Verilerin Korunmas\u0131 Kurulu&#8217;nun Ki\u015fisel Verinin \u0130mhas\u0131na Y\u00f6nelik Karar\u0131n\u0131n Tebli\u011finden \u0130tibaren En Ge\u00e7 30 G\u00fcn<br \/>\nSaklama S\u00fcresinin bitimi itibari ile ilk Periyodik \u0130mha zaman\u0131nda<\/td>\n<\/tr>\n<tr>\n<td width=\"33%\">Database Y\u00f6netimi<\/td>\n<td width=\"33%\">Di\u011fer &#8211; \u0130\u015fleme Amac\u0131n\u0131n Sona Ermesinden \u0130tibaren 10 Y\u0131l<\/td>\n<td width=\"34%\">Ki\u015fisel Verilerin Korunmas\u0131 Kurulu&#8217;nun Ki\u015fisel Verinin \u0130mhas\u0131na Y\u00f6nelik Karar\u0131n\u0131n Tebli\u011finden \u0130tibaren En Ge\u00e7 30 G\u00fcn<br \/>\nSaklama S\u00fcresinin bitimi itibari ile ilk Periyodik \u0130mha zaman\u0131nda<br \/>\nSilinme Talebi sonras\u0131 30 g\u00fcn cevap verme s\u00fcresi i\u00e7inde<\/td>\n<\/tr>\n<tr>\n<td width=\"33%\">Eri\u015fim Y\u00f6netimi &#8211; Kullan\u0131c\u0131 Yetkilendirme (\u00d6r: Ad, Erp, Sap, Netsis Vs.)<\/td>\n<td width=\"33%\">Di\u011fer &#8211; \u0130\u015fleme Amac\u0131n\u0131n Sona Ermesinden \u0130tibaren 10 Y\u0131l<br \/>\nDi\u011fer &#8211; \u0130\u015fleme Amac\u0131n\u0131n Sona Ermesinden \u0130tibaren 5 Y\u0131l<br \/>\nDi\u011fer &#8211; Hukuki \u0130li\u015fkinin Sona Ermesinden \u0130tibaren 10 Y\u0131l<\/td>\n<td width=\"34%\">Ki\u015fisel Verilerin Korunmas\u0131 Kurulu&#8217;nun Ki\u015fisel Verinin \u0130mhas\u0131na Y\u00f6nelik Karar\u0131n\u0131n Tebli\u011finden \u0130tibaren En Ge\u00e7 30 G\u00fcn<br \/>\nSaklama S\u00fcresinin bitimi itibari ile ilk Periyodik \u0130mha zaman\u0131nda<br \/>\nSilinme Talebi sonras\u0131 30 g\u00fcn cevap verme s\u00fcresi i\u00e7inde<\/td>\n<\/tr>\n<tr>\n<td width=\"33%\">Helpdesk Hizmeti<\/td>\n<td width=\"33%\">Di\u011fer &#8211; \u0130\u015fleme Amac\u0131n\u0131n Sona Ermesinden \u0130tibaren 10 Y\u0131l<\/td>\n<td width=\"34%\">Ki\u015fisel Verilerin Korunmas\u0131 Kurulu&#8217;nun Ki\u015fisel Verinin \u0130mhas\u0131na Y\u00f6nelik Karar\u0131n\u0131n Tebli\u011finden \u0130tibaren En Ge\u00e7 30 G\u00fcn<br \/>\nSaklama S\u00fcresinin bitimi itibari ile ilk Periyodik \u0130mha zaman\u0131nda<\/td>\n<\/tr>\n<tr>\n<td width=\"33%\">Bina G\u00fcvenli\u011finin Sa\u011flanmas\u0131<\/td>\n<td width=\"33%\">1 Ay<\/td>\n<td width=\"34%\">Saklama S\u00fcresinin bitimi itibari ile ilk Periyodik \u0130mha zaman\u0131nda<br \/>\nSilinme Talebi sonras\u0131 30 g\u00fcn cevap verme s\u00fcresi i\u00e7inde<\/td>\n<\/tr>\n<tr>\n<td width=\"33%\">Cctv (Kapal\u0131 Devre Kamera Sistemi)<\/td>\n<td width=\"33%\">1 Ay<\/td>\n<td width=\"34%\">Saklama S\u00fcresinin bitimi itibari ile ilk Periyodik \u0130mha zaman\u0131nda<br \/>\nSilinme Talebi sonras\u0131 30 g\u00fcn cevap verme s\u00fcresi i\u00e7inde<\/td>\n<\/tr>\n<tr>\n<td width=\"33%\">G\u00fcvenlik Y\u00f6netimi<\/td>\n<td width=\"33%\">Di\u011fer &#8211; \u0130\u015f \u0130li\u015fkisinin Sona Ermesinden \u0130tibaren 15 Y\u0131l<br \/>\nDi\u011fer &#8211; Hukuki \u0130li\u015fkinin Sona Ermesinden \u0130tibaren 15 Y\u0131l<br \/>\n1 Ay<\/td>\n<td width=\"34%\">Saklama S\u00fcresinin bitimi itibari ile ilk Periyodik \u0130mha zaman\u0131nda<br \/>\nSilinme Talebi sonras\u0131 30 g\u00fcn cevap verme s\u00fcresi i\u00e7inde<br \/>\nKi\u015fisel Verilerin Korunmas\u0131 Kurulu&#8217;nun Ki\u015fisel Verinin \u0130mhas\u0131na Y\u00f6nelik Karar\u0131n\u0131n Tebli\u011finden \u0130tibaren En Ge\u00e7 30 G\u00fcn<\/td>\n<\/tr>\n<tr>\n<td width=\"33%\">Kamera Kay\u0131tlar\u0131<\/td>\n<td width=\"33%\">1 Ay<\/td>\n<td width=\"34%\">Saklama S\u00fcresinin bitimi itibari ile ilk Periyodik \u0130mha zaman\u0131nda<br \/>\nSilinme Talebi sonras\u0131 30 g\u00fcn cevap verme s\u00fcresi i\u00e7inde<\/td>\n<\/tr>\n<tr>\n<td width=\"33%\">Dok\u00fcman Y\u00f6netim Ve Yetkilendirme S\u00fcreci<\/td>\n<td width=\"33%\">Di\u011fer &#8211; \u0130\u015fleme Amac\u0131n\u0131n Sona Ermesinden \u0130tibaren 5 Y\u0131l<br \/>\nDi\u011fer &#8211; \u0130\u015fleme Amac\u0131n\u0131n Sona Ermesinden \u0130tibaren 10 Y\u0131l<\/td>\n<td width=\"34%\">Saklama S\u00fcresinin bitimi itibari ile ilk Periyodik \u0130mha zaman\u0131nda<br \/>\nSilinme Talebi sonras\u0131 30 g\u00fcn cevap verme s\u00fcresi i\u00e7inde<\/td>\n<\/tr>\n<tr>\n<td width=\"33%\">Bulut Bili\u015fim Hizmetleri<\/td>\n<td width=\"33%\">Di\u011fer &#8211; Hukuki \u0130li\u015fkinin Sona Ermesinden \u0130tibaren 10 Y\u0131l<\/td>\n<td width=\"34%\">Saklama S\u00fcresinin bitimi itibari ile ilk Periyodik \u0130mha zaman\u0131nda<br \/>\nSilinme Talebi sonras\u0131 30 g\u00fcn cevap verme s\u00fcresi i\u00e7inde<\/td>\n<\/tr>\n<tr>\n<td width=\"33%\">Kartl\u0131 Sistem Kontrol\u00fc (PDKS)<\/td>\n<td width=\"33%\">Di\u011fer &#8211; \u0130\u015f \u0130li\u015fkisinin Sona Ermesinden \u0130tibaren 15 Y\u0131l<br \/>\nDi\u011fer &#8211; Hukuki \u0130li\u015fkinin Sona Ermesinden \u0130tibaren 15 Y\u0131l<\/td>\n<td width=\"34%\">Saklama S\u00fcresinin bitimi itibari ile ilk Periyodik \u0130mha zaman\u0131nda<br \/>\nSilinme Talebi sonras\u0131 30 g\u00fcn cevap verme s\u00fcresi i\u00e7inde<br \/>\nKi\u015fisel Verilerin Korunmas\u0131 Kurulu&#8217;nun Ki\u015fisel Verinin \u0130mhas\u0131na Y\u00f6nelik Karar\u0131n\u0131n Tebli\u011finden \u0130tibaren En Ge\u00e7 30 G\u00fcn<\/td>\n<\/tr>\n<tr>\n<td width=\"33%\">Kimlik Do\u011frulama &#8211; Kullan\u0131c\u0131 Hesab\u0131 A\u00e7ma\/Kapatma (\u00d6r: Ad, Erp, Sap, Netsis Vs. )<\/td>\n<td width=\"33%\">Di\u011fer &#8211; \u0130\u015fleme Amac\u0131n\u0131n Sona Ermesinden \u0130tibaren 5 Y\u0131l<br \/>\nDi\u011fer &#8211; Hukuki \u0130li\u015fkinin Sona Ermesinden \u0130tibaren 10 Y\u0131l<\/td>\n<td width=\"34%\">Saklama S\u00fcresinin bitimi itibari ile ilk Periyodik \u0130mha zaman\u0131nda<br \/>\nSilinme Talebi sonras\u0131 30 g\u00fcn cevap verme s\u00fcresi i\u00e7inde<br \/>\nKi\u015fisel Verilerin Korunmas\u0131 Kurulu&#8217;nun Ki\u015fisel Verinin \u0130mhas\u0131na Y\u00f6nelik Karar\u0131n\u0131n Tebli\u011finden \u0130tibaren En Ge\u00e7 30 G\u00fcn<\/td>\n<\/tr>\n<tr>\n<td width=\"33%\">5651 S\u00fcreci &#8211; Internet Eri\u015fim Kay\u0131tlar\u0131<\/td>\n<td width=\"33%\">Di\u011fer &#8211; \u0130\u015fleme Amac\u0131n\u0131n Sona Ermesinden \u0130tibaren 2 Y\u0131l<\/td>\n<td width=\"34%\">Saklama S\u00fcresinin bitimi itibari ile ilk Periyodik \u0130mha zaman\u0131nda<br \/>\nSilinme Talebi sonras\u0131 30 g\u00fcn cevap verme s\u00fcresi i\u00e7inde<br \/>\nKi\u015fisel Verilerin Korunmas\u0131 Kurulu&#8217;nun Ki\u015fisel Verinin \u0130mhas\u0131na Y\u00f6nelik Karar\u0131n\u0131n Tebli\u011finden \u0130tibaren En Ge\u00e7 30 G\u00fcn<\/td>\n<\/tr>\n<tr>\n<td width=\"33%\">Loglama Y\u00f6netimi<\/td>\n<td width=\"33%\">Di\u011fer &#8211; \u0130\u015fleme Amac\u0131n\u0131n Sona Ermesinden \u0130tibaren 2 Y\u0131l<\/td>\n<td width=\"34%\">Saklama S\u00fcresinin bitimi itibari ile ilk Periyodik \u0130mha zaman\u0131nda<br \/>\nSilinme Talebi sonras\u0131 30 g\u00fcn cevap verme s\u00fcresi i\u00e7inde<\/td>\n<\/tr>\n<tr>\n<td width=\"33%\">Proje Y\u00f6netimi<\/td>\n<td width=\"33%\">Di\u011fer &#8211; \u0130\u015fleme Amac\u0131n\u0131n Sona Ermesinden \u0130tibaren 5 Y\u0131l<\/td>\n<td width=\"34%\">Saklama S\u00fcresinin bitimi itibari ile ilk Periyodik \u0130mha zaman\u0131nda<br \/>\nSilinme Talebi sonras\u0131 30 g\u00fcn cevap verme s\u00fcresi i\u00e7inde<\/td>\n<\/tr>\n<tr>\n<td width=\"33%\">Yedekleme<\/td>\n<td width=\"33%\">Di\u011fer &#8211; \u0130\u015fleme Amac\u0131n\u0131n Sona Ermesinden \u0130tibaren 10 Y\u0131l<\/td>\n<td width=\"34%\">Saklama S\u00fcresinin bitimi itibari ile ilk Periyodik \u0130mha zaman\u0131nda<br \/>\nSilinme Talebi sonras\u0131 30 g\u00fcn cevap verme s\u00fcresi i\u00e7inde<\/td>\n<\/tr>\n<tr>\n<td width=\"33%\">Bilgi \u0130\u015flem Operasyonlar\u0131n\u0131n Y\u00fcr\u00fct\u00fclmesi<\/td>\n<td width=\"33%\">Di\u011fer &#8211; Hukuki \u0130li\u015fkinin Sona Ermesinden \u0130tibaren 15 Y\u0131l<br \/>\nDi\u011fer &#8211; \u0130\u015fleme Amac\u0131n\u0131n Sona Ermesinden \u0130tibaren 2 Y\u0131l<\/td>\n<td width=\"34%\">Ki\u015fisel Verilerin Korunmas\u0131 Kurulu&#8217;nun Ki\u015fisel Verinin \u0130mhas\u0131na Y\u00f6nelik Karar\u0131n\u0131n Tebli\u011finden \u0130tibaren En Ge\u00e7 30 G\u00fcn<br \/>\nSaklama S\u00fcresinin bitimi itibari ile ilk Periyodik \u0130mha zaman\u0131nda<\/td>\n<\/tr>\n<tr>\n<td width=\"33%\">Bilgi Sistemlerinin G\u00fcvenli\u011fi<\/td>\n<td width=\"33%\">Di\u011fer &#8211; \u0130\u015fleme Amac\u0131n\u0131n Sona Ermesinden \u0130tibaren 2 Y\u0131l<\/td>\n<td width=\"34%\">Ki\u015fisel Verilerin Korunmas\u0131 Kurulu&#8217;nun Ki\u015fisel Verinin \u0130mhas\u0131na Y\u00f6nelik Karar\u0131n\u0131n Tebli\u011finden \u0130tibaren En Ge\u00e7 30 G\u00fcn<br \/>\nSaklama S\u00fcresinin bitimi itibari ile ilk Periyodik \u0130mha zaman\u0131nda<\/td>\n<\/tr>\n<tr>\n<td width=\"33%\">Uzaktan Eri\u015fim Y\u00f6netimi<\/td>\n<td width=\"33%\">Di\u011fer &#8211; \u0130\u015fleme Amac\u0131n\u0131n Sona Ermesinden \u0130tibaren 10 Y\u0131l<\/td>\n<td width=\"34%\">Ki\u015fisel Verilerin Korunmas\u0131 Kurulu&#8217;nun Ki\u015fisel Verinin \u0130mhas\u0131na Y\u00f6nelik Karar\u0131n\u0131n Tebli\u011finden \u0130tibaren En Ge\u00e7 30 G\u00fcn<br \/>\nSaklama S\u00fcresinin bitimi itibari ile ilk Periyodik \u0130mha zaman\u0131nda<\/td>\n<\/tr>\n<\/tbody>\n<\/table>\n<p>Bu kapsamda ki\u015fisel veriler Kanunlar \u00e7er\u00e7evesinde \u00f6ng\u00f6r\u00fclen asgari saklama s\u00fcreleri kadar saklanmaktad\u0131r:<\/p>\n<p>Ki\u015fisel verilerin ne kadar s\u00fcre boyunca saklanmas\u0131 gerekti\u011fine ili\u015fkin mevzuatta bir s\u00fcre d\u00fczenlenmemi\u015fse, Ki\u015fisel Veriler Veri Sorumlusunun o veriyi i\u015flerken y\u00fcr\u00fct\u00fclen faaliyet ile ba\u011fl\u0131 olarak Veri Sorumlusunun uygulamalar\u0131 ve ticari ya\u015fam\u0131n\u0131n team\u00fclleri uyar\u0131nca i\u015flenmesini gerektiren s\u00fcre kadar i\u015flenmekte daha sonra silinmekte, yok edilmekte veya anonim hale getirilmektedir. Bu konu ile ilgili ayr\u0131nt\u0131l\u0131 bilgiye bu Politika\u2019n\u0131n 9. B\u00f6l\u00fcm\u00fcnde yer verilmi\u015ftir.<\/p>\n<p>Ki\u015fisel verilerin i\u015flenme amac\u0131 sona ermi\u015f; ilgili mevzuat ve Veri Sorumlusunun belirledi\u011fi saklama s\u00fcrelerinin de sonuna gelinmi\u015fse; ki\u015fisel veriler yaln\u0131zca olas\u0131 hukuki uyu\u015fmazl\u0131klarda delil te\u015fkil etmesi veya ki\u015fisel veriye ba\u011fl\u0131 ilgili hakk\u0131n ileri s\u00fcr\u00fclebilmesi veya savunman\u0131n tesis edilmesi amac\u0131yla saklanabilmektedir. Buradaki s\u00fcrelerin tesisinde bahsi ge\u00e7en hakk\u0131n ileri s\u00fcr\u00fclebilmesine y\u00f6nelik zaman a\u015f\u0131m\u0131 s\u00fcreleri ile zaman a\u015f\u0131m\u0131 s\u00fcrelerinin ge\u00e7mesine ra\u011fmen daha \u00f6nce ayn\u0131 konularda Veri Sorumlusuna y\u00f6neltilen taleplerdeki \u00f6rnekler esas al\u0131narak saklama s\u00fcreleri belirlenmektedir. Bu durumda saklanan ki\u015fisel verilere herhangi bir ba\u015fka ama\u00e7la eri\u015filmemekte ve ancak ilgili hukuki uyu\u015fmazl\u0131kta kullan\u0131lmas\u0131 gerekti\u011fi zaman ilgili ki\u015fisel verilere eri\u015fim sa\u011flanmaktad\u0131r. Burada da bahsi ge\u00e7en s\u00fcre sona erdikten sonra ki\u015fisel veriler silinmekte, yok edilmekte veya anonim hale getirilmektedir.<\/p>\n<h4>4.3.2. Sorumluluk ve G\u00f6rev Da\u011f\u0131l\u0131mlar\u0131<\/h4>\n<p>Veri Sorumlusu\u2019nun t\u00fcm birimleri ve \u00e7al\u0131\u015fanlar\u0131, sorumlu birimlerce Politika kapsam\u0131nda al\u0131nmakta olan teknik ve idari tedbirlerin gere\u011fi gibi uygulanmas\u0131, birim \u00e7al\u0131\u015fanlar\u0131n\u0131n e\u011fitimi ve fark\u0131ndal\u0131\u011f\u0131n\u0131n artt\u0131r\u0131lmas\u0131, izlenmesi ve s\u00fcrekli denetimi ile ki\u015fisel verilerin hukuka ayk\u0131r\u0131 olarak i\u015flenmesinin \u00f6nlenmesi, ki\u015fisel verilere hukuka ayk\u0131r\u0131 olarak eri\u015filmesinin \u00f6nlenmesi ve ki\u015fisel verilerin hukuka uygun saklanmas\u0131n\u0131n sa\u011flanmas\u0131 amac\u0131yla ki\u015fisel veri i\u015flenen t\u00fcm ortamlarda veri g\u00fcvenli\u011fini sa\u011flamaya y\u00f6nelik teknik ve idari tedbirlerin al\u0131nmas\u0131 konular\u0131nda sorumlu birimlere aktif olarak destek verir.<\/p>\n<h4>4.3.3. Kay\u0131t Ortamlar\u0131<\/h4>\n<p>Veri sahiplerine ait ki\u015fisel veriler, Veri Sorumlusu taraf\u0131ndan a\u015fa\u011f\u0131daki tabloda listelenen ortamlarda ba\u015fta KVKK h\u00fck\u00fcmleri olmak \u00fczere ilgili mevzuata uygun olarak g\u00fcvenli bir \u015fekilde saklanmaktad\u0131r:<\/p>\n<table width=\"100%\">\n<tbody>\n<tr>\n<td width=\"100%\"><strong>Saklama Ortamlar\u0131<\/strong><\/td>\n<\/tr>\n<tr>\n<td width=\"100%\">Kilitli Ar\u015fiv Dolab\u0131<\/td>\n<\/tr>\n<tr>\n<td width=\"100%\">\u0130\u015fletme Sunucusu<\/td>\n<\/tr>\n<tr>\n<td width=\"100%\">Excel Program\u0131<\/td>\n<\/tr>\n<tr>\n<td width=\"100%\">Yaz\u0131l\u0131m Program\u0131 &#8211; Yurti\u00e7i<\/td>\n<\/tr>\n<tr>\n<td width=\"100%\">Ar\u015fiv Dolab\u0131<\/td>\n<\/tr>\n<tr>\n<td width=\"100%\">Bilgisayar<\/td>\n<\/tr>\n<tr>\n<td width=\"100%\">Yurti\u00e7i E-posta Sunucusu<\/td>\n<\/tr>\n<tr>\n<td width=\"100%\">Flash Bellek<\/td>\n<\/tr>\n<tr>\n<td width=\"100%\">Hard Disk<\/td>\n<\/tr>\n<tr>\n<td width=\"100%\">Ka\u011f\u0131t<\/td>\n<\/tr>\n<tr>\n<td width=\"100%\">Yurti\u00e7i Sunucu<\/td>\n<\/tr>\n<tr>\n<td width=\"100%\">Eri\u015fim K\u0131s\u0131tl\u0131 Dosya<\/td>\n<\/tr>\n<tr>\n<td width=\"100%\">Server<\/td>\n<\/tr>\n<tr>\n<td width=\"100%\">Ar\u015fiv Odas\u0131<\/td>\n<\/tr>\n<tr>\n<td width=\"100%\">Kilitli Dolap<\/td>\n<\/tr>\n<tr>\n<td width=\"100%\">Yurtd\u0131\u015f\u0131 E-posta Sunucusu<\/td>\n<\/tr>\n<tr>\n<td width=\"100%\">Defter<\/td>\n<\/tr>\n<tr>\n<td width=\"100%\">Online Yedekleme Lokasyonu<\/td>\n<\/tr>\n<tr>\n<td width=\"100%\">\u015eifreli Dosya<\/td>\n<\/tr>\n<tr>\n<td width=\"100%\">Sabit Disk<\/td>\n<\/tr>\n<\/tbody>\n<\/table>\n<h3><a name=\"_Toc82011571\"><\/a>5. \u015e\u0130RKET TARAFINDAN \u0130\u015eLENEN K\u0130\u015e\u0130SEL VER\u0130LER\u0130N SAH\u0130PLER\u0130NE \u0130L\u0130\u015eK\u0130N KATEGOR\u0130ZASYON<\/h3>\n<table width=\"100%\">\n<tbody>\n<tr>\n<td width=\"30%\"><strong>Ki\u015fisel Veri Sahibi Kategorisi<\/strong><\/td>\n<td width=\"70%\"><strong>A\u00e7\u0131klama<\/strong><\/td>\n<\/tr>\n<tr>\n<td width=\"30%\">Hissedar\/Ortak<\/td>\n<td width=\"70%\">\u015eirketin hissedar\u0131 ger\u00e7ek ki\u015filer<\/td>\n<\/tr>\n<tr>\n<td width=\"30%\">\u00c7al\u0131\u015fan<\/td>\n<td width=\"70%\">\u015eirket ile aras\u0131nda i\u015f s\u00f6zle\u015fmesi olan ger\u00e7ek ki\u015filer<\/td>\n<\/tr>\n<tr>\n<td width=\"30%\">\u00dcr\u00fcn veya Hizmet Alan Ki\u015fi<\/td>\n<td width=\"70%\">\u015eirket ile herhangi bir s\u00f6zle\u015fmesel ili\u015fkisi olup olmad\u0131\u011f\u0131na bak\u0131lmaks\u0131z\u0131n \u015eirket i\u015f birimlerinin y\u00fcr\u00fctt\u00fc\u011f\u00fc operasyonlar kapsam\u0131nda \u015eirketin i\u015f ili\u015fkileri \u00fczerinden ki\u015fisel verileri elde edilen ger\u00e7ek ki\u015filer<\/td>\n<\/tr>\n<tr>\n<td width=\"30%\">Tedarik\u00e7i Yetkilisi<\/td>\n<td width=\"70%\">\u015eirkete tedarik s\u00f6zle\u015fmesi ile ba\u011fl\u0131 bulunan \u015firketi temsile yetkili ger\u00e7ek ki\u015filer<\/td>\n<\/tr>\n<tr>\n<td width=\"30%\">Veli \/ Vasi \/ Temsilci<\/td>\n<td width=\"70%\">\u015eirket ile hukuki ili\u015fki i\u00e7inde olan ger\u00e7ek veya t\u00fczel ki\u015filik ad\u0131na hareket etmeye yetkili ki\u015fi\/ki\u015filer<\/td>\n<\/tr>\n<tr>\n<td width=\"30%\">Potansiyel \u00dcr\u00fcn veya Hizmet Al\u0131c\u0131s\u0131<\/td>\n<td width=\"70%\">\u015eirket ile ileride olu\u015facak hukuki ili\u015fkiye temel olmak \u00fczere \u015eirket i\u015f birimlerinin y\u00fcr\u00fctt\u00fc\u011f\u00fc operasyonlar kapsam\u0131nda \u015eirketin i\u015f ili\u015fkileri \u00fczerinden ki\u015fisel verileri elde edilen ger\u00e7ek ki\u015filer<\/td>\n<\/tr>\n<tr>\n<td width=\"30%\">Ziyaret\u00e7i<\/td>\n<td width=\"70%\">\u015eirketin sahip oldu\u011fu fiziksel yerle\u015fkelere \u00e7e\u015fitli ama\u00e7larla girmi\u015f olan veya internet sitelerimizi ziyaret eden ger\u00e7ek ki\u015filer<\/td>\n<\/tr>\n<tr>\n<td width=\"30%\">Tedarik\u00e7i \u00c7al\u0131\u015fan\u0131<\/td>\n<td width=\"70%\">\u015eirkete tedarik s\u00f6zle\u015fmesi ile ba\u011fl\u0131 bulunan \u015firket ile aralar\u0131nda i\u015f s\u00f6zle\u015fmesi bulunan ger\u00e7ek ki\u015filer<\/td>\n<\/tr>\n<tr>\n<td width=\"30%\">\u00c7al\u0131\u015fan Aday\u0131<\/td>\n<td width=\"70%\">\u015eirkete herhangi bir yolla i\u015f ba\u015fvurusunda bulunmu\u015f ya da \u00f6zge\u00e7mi\u015f ve ilgili bilgilerini \u015firketimizin incelemesine a\u00e7m\u0131\u015f olan ger\u00e7ek ki\u015filer<\/td>\n<\/tr>\n<tr>\n<td width=\"30%\">Di\u011fer &#8211; Y\u00f6netici (Hissedar\/Ortak Olmayan)<\/td>\n<td width=\"70%\">Di\u011fer &#8211; Y\u00f6netici (Hissedar\/Ortak Olmayan)<\/td>\n<\/tr>\n<tr>\n<td width=\"30%\">Di\u011fer &#8211; Kamu G\u00f6revlisi<\/td>\n<td width=\"70%\">Di\u011fer &#8211; Kamu G\u00f6revlisi<\/td>\n<\/tr>\n<tr>\n<td width=\"30%\">Di\u011fer &#8211; \u015eirket Yetkilisi<\/td>\n<td width=\"70%\">Di\u011fer &#8211; \u015eirket Yetkilisi<\/td>\n<\/tr>\n<tr>\n<td width=\"30%\">Di\u011fer &#8211; Kargo G\u00f6revlisi<\/td>\n<td width=\"70%\">Di\u011fer &#8211; Kargo G\u00f6revlisi<\/td>\n<\/tr>\n<tr>\n<td width=\"30%\">Di\u011fer &#8211; Ba\u015fvurucu<\/td>\n<td width=\"70%\">Di\u011fer &#8211; Ba\u015fvurucu<\/td>\n<\/tr>\n<tr>\n<td width=\"30%\">Di\u011fer &#8211; E-posta G\u00f6nderici (Ger\u00e7ek Ki\u015fi)<\/td>\n<td width=\"70%\">Di\u011fer &#8211; E-posta G\u00f6nderici (Ger\u00e7ek Ki\u015fi)<\/td>\n<\/tr>\n<tr>\n<td width=\"30%\">Di\u011fer &#8211; E-posta G\u00f6nderici (T\u00fczel Ki\u015fi \u00c7al\u0131\u015fan\u0131\/Yetkilisi)<\/td>\n<td width=\"70%\">Di\u011fer &#8211; E-posta G\u00f6nderici (T\u00fczel Ki\u015fi \u00c7al\u0131\u015fan\u0131\/Yetkilisi)<\/td>\n<\/tr>\n<tr>\n<td width=\"30%\">Di\u011fer &#8211; M\u00fc\u015fteri &#8211; Yetkilisi &#8211; \u00c7al\u0131\u015fan\u0131<\/td>\n<td width=\"70%\">Di\u011fer &#8211; M\u00fc\u015fteri &#8211; Yetkilisi &#8211; \u00c7al\u0131\u015fan\u0131<\/td>\n<\/tr>\n<tr>\n<td width=\"30%\">Di\u011fer &#8211; Onaylayan<\/td>\n<td width=\"70%\">Di\u011fer &#8211; Onaylayan<\/td>\n<\/tr>\n<tr>\n<td width=\"30%\">Di\u011fer &#8211; Yetkili Personel<\/td>\n<td width=\"70%\">Di\u011fer &#8211; Yetkili Personel<\/td>\n<\/tr>\n<tr>\n<td width=\"30%\">Di\u011fer &#8211; Denetleyen<\/td>\n<td width=\"70%\">Di\u011fer &#8211; Denetleyen<\/td>\n<\/tr>\n<tr>\n<td width=\"30%\">Di\u011fer &#8211; Teslim Alan<\/td>\n<td width=\"70%\">Di\u011fer &#8211; Teslim Alan<\/td>\n<\/tr>\n<tr>\n<td width=\"30%\">Di\u011fer &#8211; G\u00fcmr\u00fck M\u00fc\u015faviri<\/td>\n<td width=\"70%\">Di\u011fer &#8211; G\u00fcmr\u00fck M\u00fc\u015faviri<\/td>\n<\/tr>\n<tr>\n<td width=\"30%\">Di\u011fer &#8211; M\u00fc\u015fteri &#8211; Yetkilisi &#8211; \u00c7al\u0131\u015fan\u0131<\/td>\n<td width=\"70%\">Di\u011fer &#8211; M\u00fc\u015fteri &#8211; Yetkilisi &#8211; \u00c7al\u0131\u015fan\u0131<\/td>\n<\/tr>\n<tr>\n<td width=\"30%\">Di\u011fer &#8211; D\u00fczenleyen<\/td>\n<td width=\"70%\">Di\u011fer &#8211; D\u00fczenleyen<\/td>\n<\/tr>\n<tr>\n<td width=\"30%\">Di\u011fer &#8211; \u0130hracat\u00e7\u0131<\/td>\n<td width=\"70%\">Di\u011fer &#8211; \u0130hracat\u00e7\u0131<\/td>\n<\/tr>\n<tr>\n<td width=\"30%\">Di\u011fer &#8211; \u00dcretici<\/td>\n<td width=\"70%\">Di\u011fer &#8211; \u00dcretici<\/td>\n<\/tr>\n<tr>\n<td width=\"30%\">Di\u011fer &#8211; Distrib\u00fct\u00f6r<\/td>\n<td width=\"70%\">Di\u011fer &#8211; Distrib\u00fct\u00f6r<\/td>\n<\/tr>\n<tr>\n<td width=\"30%\">Di\u011fer &#8211; Al\u0131c\u0131<\/td>\n<td width=\"70%\">Di\u011fer &#8211; Al\u0131c\u0131<\/td>\n<\/tr>\n<tr>\n<td width=\"30%\">Di\u011fer &#8211; Banka Yetkilisi<\/td>\n<td width=\"70%\">Di\u011fer &#8211; Banka Yetkilisi<\/td>\n<\/tr>\n<tr>\n<td width=\"30%\">Di\u011fer &#8211; Yetkili<\/td>\n<td width=\"70%\">Di\u011fer &#8211; Yetkili<\/td>\n<\/tr>\n<tr>\n<td width=\"30%\">Di\u011fer &#8211; Tedarik\u00e7i<\/td>\n<td width=\"70%\">Di\u011fer &#8211; Tedarik\u00e7i<\/td>\n<\/tr>\n<tr>\n<td width=\"30%\">Di\u011fer &#8211; Kurumsal M\u00fc\u015fteri Temsilcisi\/Yetkilisi<\/td>\n<td width=\"70%\">Di\u011fer &#8211; Kurumsal M\u00fc\u015fteri Temsilcisi\/Yetkilisi<\/td>\n<\/tr>\n<tr>\n<td width=\"30%\">Di\u011fer &#8211; Tedarik\u00e7i (Ger\u00e7ek Ki\u015fi)<\/td>\n<td width=\"70%\">Di\u011fer &#8211; Tedarik\u00e7i (Ger\u00e7ek Ki\u015fi)<\/td>\n<\/tr>\n<tr>\n<td width=\"30%\">Di\u011fer &#8211; Dava, \u0130cra Dosyas\u0131 Taraf\u0131<\/td>\n<td width=\"70%\">Di\u011fer &#8211; Dava, \u0130cra Dosyas\u0131 Taraf\u0131<\/td>\n<\/tr>\n<tr>\n<td width=\"30%\">Di\u011fer &#8211; Veri Sorumlusu Yetkilisi<\/td>\n<td width=\"70%\">Di\u011fer &#8211; Veri Sorumlusu Yetkilisi<\/td>\n<\/tr>\n<tr>\n<td width=\"30%\">Di\u011fer &#8211; \u00dcr\u00fcn veya Hizmet Alan Ki\u015fi (Ger\u00e7ek Ki\u015fi)<\/td>\n<td width=\"70%\">Di\u011fer &#8211; \u00dcr\u00fcn veya Hizmet Alan Ki\u015fi (Ger\u00e7ek Ki\u015fi)<\/td>\n<\/tr>\n<tr>\n<td width=\"30%\">Di\u011fer &#8211; Potansiyel \u00dcr\u00fcn veya Hizmet Al\u0131c\u0131s\u0131 (Ger\u00e7ek Ki\u015fi)<\/td>\n<td width=\"70%\">Di\u011fer &#8211; Potansiyel \u00dcr\u00fcn veya Hizmet Al\u0131c\u0131s\u0131 (Ger\u00e7ek Ki\u015fi)<\/td>\n<\/tr>\n<tr>\n<td width=\"30%\">Di\u011fer &#8211; \u00c7al\u0131\u015fan Yak\u0131n\u0131<\/td>\n<td width=\"70%\">Di\u011fer &#8211; \u00c7al\u0131\u015fan Yak\u0131n\u0131<\/td>\n<\/tr>\n<tr>\n<td width=\"30%\">Di\u011fer &#8211; \u00c7al\u0131\u015fan (Kazay\u0131 G\u00f6ren-Tan\u0131k)<\/td>\n<td width=\"70%\">Di\u011fer &#8211; \u00c7al\u0131\u015fan (Kazay\u0131 G\u00f6ren-Tan\u0131k)<\/td>\n<\/tr>\n<tr>\n<td width=\"30%\">Di\u011fer &#8211; Doktor<\/td>\n<td width=\"70%\">Di\u011fer &#8211; Doktor<\/td>\n<\/tr>\n<tr>\n<td width=\"30%\">Di\u011fer &#8211; \u00c7al\u0131\u015fan Aday\u0131 Referans\u0131<\/td>\n<td width=\"70%\">Di\u011fer &#8211; \u00c7al\u0131\u015fan Aday\u0131 Referans\u0131<\/td>\n<\/tr>\n<tr>\n<td width=\"30%\">Di\u011fer &#8211; \u0130\u015f Sa\u011fl\u0131\u011f\u0131 ve G\u00fcvenli\u011fi Uzman\u0131<\/td>\n<td width=\"70%\">Di\u011fer &#8211; \u0130\u015f Sa\u011fl\u0131\u011f\u0131 ve G\u00fcvenli\u011fi Uzman\u0131<\/td>\n<\/tr>\n<tr>\n<td width=\"30%\">Di\u011fer &#8211; Hukuk M\u00fc\u015faviri<\/td>\n<td width=\"70%\">Di\u011fer &#8211; Hukuk M\u00fc\u015faviri<\/td>\n<\/tr>\n<tr>\n<td width=\"30%\">Di\u011fer &#8211; \u0130\u015fveren Vekili<\/td>\n<td width=\"70%\">Di\u011fer &#8211; \u0130\u015fveren Vekili<\/td>\n<\/tr>\n<tr>\n<td width=\"30%\">Di\u011fer &#8211; Alt \u0130\u015fveren (Ta\u015feron) Ger\u00e7ek Ki\u015fi<\/td>\n<td width=\"70%\">Di\u011fer &#8211; Alt \u0130\u015fveren (Ta\u015feron) Ger\u00e7ek Ki\u015fi<\/td>\n<\/tr>\n<tr>\n<td width=\"30%\">Di\u011fer &#8211; Alt \u0130\u015fveren (Ta\u015feron) T\u00fczel Ki\u015fi Yetkilisi<\/td>\n<td width=\"70%\">Di\u011fer &#8211; Alt \u0130\u015fveren (Ta\u015feron) T\u00fczel Ki\u015fi Yetkilisi<\/td>\n<\/tr>\n<tr>\n<td width=\"30%\">Di\u011fer &#8211; \u0130\u015fyeri Hekimi<\/td>\n<td width=\"70%\">Di\u011fer &#8211; \u0130\u015fyeri Hekimi<\/td>\n<\/tr>\n<\/tbody>\n<\/table>\n<p>A\u015fa\u011f\u0131daki tabloda yukar\u0131da belirtilen ki\u015fisel veri sahibi kategorileri ve bu kategoriler i\u00e7erisindeki ki\u015filerin hangi tip ki\u015fisel verilerin i\u015flendi\u011fi detayland\u0131r\u0131lmaktad\u0131r.<\/p>\n<table width=\"100%\">\n<tbody>\n<tr>\n<td width=\"30%\"><strong>Ki\u015fisel Veri Kategorizasyonu<\/strong><\/td>\n<td width=\"70%\"><strong>\u0130lgili Ki\u015fisel Verinin \u0130li\u015fkili Oldu\u011fu Veri Sahibi Kategorisi<\/strong><\/td>\n<\/tr>\n<tr>\n<td width=\"30%\">Ad-Soyad<\/td>\n<td width=\"70%\">Hissedar\/Ortak<br \/>\nDi\u011fer &#8211; Y\u00f6netici (Hissedar\/Ortak Olmayan)<br \/>\nDi\u011fer &#8211; Kamu G\u00f6revlisi<br \/>\n\u00c7al\u0131\u015fan<br \/>\n\u00dcr\u00fcn veya Hizmet Alan Ki\u015fi<br \/>\nTedarik\u00e7i Yetkilisi<br \/>\nDi\u011fer &#8211; \u015eirket Yetkilisi<br \/>\nVeli \/ Vasi \/ Temsilci<br \/>\nDi\u011fer &#8211; Kargo G\u00f6revlisi<br \/>\nDi\u011fer &#8211; Ba\u015fvurucu<br \/>\nDi\u011fer &#8211; E-posta G\u00f6nderici (Ger\u00e7ek Ki\u015fi)<br \/>\nDi\u011fer &#8211; E-posta G\u00f6nderici (T\u00fczel Ki\u015fi \u00c7al\u0131\u015fan\u0131\/Yetkilisi)<br \/>\nDi\u011fer &#8211; M\u00fc\u015fteri &#8211; Yetkilisi &#8211; \u00c7al\u0131\u015fan\u0131<br \/>\nPotansiyel \u00dcr\u00fcn veya Hizmet Al\u0131c\u0131s\u0131<br \/>\nDi\u011fer &#8211; Onaylayan<br \/>\nDi\u011fer &#8211; Yetkili Personel<br \/>\nZiyaret\u00e7i<br \/>\nTedarik\u00e7i \u00c7al\u0131\u015fan\u0131<br \/>\nDi\u011fer &#8211; Denetleyen<br \/>\nDi\u011fer &#8211; Teslim Alan<br \/>\nDi\u011fer &#8211; G\u00fcmr\u00fck M\u00fc\u015faviri<br \/>\nDi\u011fer &#8211; M\u00fc\u015fteri &#8211; Yetkilisi &#8211; \u00c7al\u0131\u015fan\u0131<br \/>\nDi\u011fer &#8211; D\u00fczenleyen<br \/>\nDi\u011fer &#8211; \u0130hracat\u00e7\u0131<br \/>\nDi\u011fer &#8211; \u00dcretici<br \/>\nDi\u011fer &#8211; Distrib\u00fct\u00f6r<br \/>\nDi\u011fer &#8211; Al\u0131c\u0131<br \/>\nDi\u011fer &#8211; Banka Yetkilisi<br \/>\nDi\u011fer &#8211; Yetkili<br \/>\nDi\u011fer &#8211; Tedarik\u00e7i<br \/>\nDi\u011fer &#8211; Kurumsal M\u00fc\u015fteri Temsilcisi\/Yetkilisi<br \/>\nDi\u011fer &#8211; Tedarik\u00e7i (Ger\u00e7ek Ki\u015fi)<br \/>\nDi\u011fer &#8211; Dava, \u0130cra Dosyas\u0131 Taraf\u0131<br \/>\nDi\u011fer &#8211; Veri Sorumlusu Yetkilisi<br \/>\nDi\u011fer &#8211; \u00dcr\u00fcn veya Hizmet Alan Ki\u015fi (Ger\u00e7ek Ki\u015fi)<br \/>\nDi\u011fer &#8211; Potansiyel \u00dcr\u00fcn veya Hizmet Al\u0131c\u0131s\u0131 (Ger\u00e7ek Ki\u015fi)<br \/>\nDi\u011fer &#8211; \u00c7al\u0131\u015fan Yak\u0131n\u0131<br \/>\nDi\u011fer &#8211; \u00c7al\u0131\u015fan (Kazay\u0131 G\u00f6ren-Tan\u0131k)<br \/>\nDi\u011fer &#8211; Doktor<br \/>\n\u00c7al\u0131\u015fan Aday\u0131<br \/>\nDi\u011fer &#8211; \u00c7al\u0131\u015fan Aday\u0131 Referans\u0131<br \/>\nDi\u011fer &#8211; \u0130\u015f Sa\u011fl\u0131\u011f\u0131 ve G\u00fcvenli\u011fi Uzman\u0131<br \/>\nDi\u011fer &#8211; Hukuk M\u00fc\u015faviri<br \/>\nDi\u011fer &#8211; \u0130\u015fveren Vekili<br \/>\nDi\u011fer &#8211; Alt \u0130\u015fveren (Ta\u015feron) Ger\u00e7ek Ki\u015fi<br \/>\nDi\u011fer &#8211; Alt \u0130\u015fveren (Ta\u015feron) T\u00fczel Ki\u015fi Yetkilisi<br \/>\nDi\u011fer &#8211; \u0130\u015fyeri Hekimi<\/td>\n<\/tr>\n<tr>\n<td width=\"30%\">Anne-Baba Ad\u0131<\/td>\n<td width=\"70%\">Hissedar\/Ortak<br \/>\nDi\u011fer &#8211; Y\u00f6netici (Hissedar\/Ortak Olmayan)<br \/>\n\u00c7al\u0131\u015fan<br \/>\nDi\u011fer &#8211; \u015eirket Yetkilisi<br \/>\n\u00dcr\u00fcn veya Hizmet Alan Ki\u015fi<br \/>\n\u00c7al\u0131\u015fan Aday\u0131<br \/>\nDi\u011fer &#8211; \u00c7al\u0131\u015fan Yak\u0131n\u0131<\/td>\n<\/tr>\n<tr>\n<td width=\"30%\">Cinsiyeti<\/td>\n<td width=\"70%\">Hissedar\/Ortak<br \/>\n\u00c7al\u0131\u015fan<br \/>\nDi\u011fer &#8211; \u00c7al\u0131\u015fan Yak\u0131n\u0131<br \/>\n\u00c7al\u0131\u015fan Aday\u0131<\/td>\n<\/tr>\n<tr>\n<td width=\"30%\">Din Bilgisi (N\u00fcfus C\u00fczdan\u0131nda Yer Alan Din Bilgisi)<\/td>\n<td width=\"70%\">Hissedar\/Ortak<br \/>\n\u00c7al\u0131\u015fan<\/td>\n<\/tr>\n<tr>\n<td width=\"30%\">Do\u011fum Tarihi<\/td>\n<td width=\"70%\">Hissedar\/Ortak<br \/>\nDi\u011fer &#8211; Y\u00f6netici (Hissedar\/Ortak Olmayan)<br \/>\n\u00c7al\u0131\u015fan<\/td>\n<\/tr>\n<tr>\n<td width=\"30%\">Do\u011fum Yeri<\/td>\n<td width=\"70%\">Hissedar\/Ortak<br \/>\n\u00c7al\u0131\u015fan<\/td>\n<\/tr>\n<tr>\n<td width=\"30%\">Medeni hali<\/td>\n<td width=\"70%\">Hissedar\/Ortak<br \/>\n\u00c7al\u0131\u015fan<br \/>\nDi\u011fer &#8211; \u015eirket Yetkilisi<br \/>\nVeli \/ Vasi \/ Temsilci<br \/>\n\u00c7al\u0131\u015fan Aday\u0131<\/td>\n<\/tr>\n<tr>\n<td width=\"30%\">N\u00fcfus c\u00fczdan\u0131 seri s\u0131ra no<\/td>\n<td width=\"70%\">Hissedar\/Ortak<br \/>\nDi\u011fer &#8211; Y\u00f6netici (Hissedar\/Ortak Olmayan)<br \/>\n\u00c7al\u0131\u015fan<br \/>\nDi\u011fer &#8211; \u015eirket Yetkilisi<br \/>\nVeli \/ Vasi \/ Temsilci<br \/>\n\u00dcr\u00fcn veya Hizmet Alan Ki\u015fi<br \/>\nTedarik\u00e7i Yetkilisi<br \/>\nDi\u011fer &#8211; \u00c7al\u0131\u015fan Yak\u0131n\u0131<\/td>\n<\/tr>\n<tr>\n<td width=\"30%\">N\u00fcfusa Kay\u0131tl\u0131 Oldu\u011fu \u0130l-\u0130l\u00e7e Bilgisi<\/td>\n<td width=\"70%\">Hissedar\/Ortak<br \/>\n\u00c7al\u0131\u015fan<\/td>\n<\/tr>\n<tr>\n<td width=\"30%\">Foto\u011fraf<\/td>\n<td width=\"70%\">Hissedar\/Ortak<br \/>\nDi\u011fer &#8211; Y\u00f6netici (Hissedar\/Ortak Olmayan)<br \/>\n\u00c7al\u0131\u015fan<\/td>\n<\/tr>\n<tr>\n<td width=\"30%\">\u0130mza<\/td>\n<td width=\"70%\">Hissedar\/Ortak<br \/>\nDi\u011fer &#8211; Y\u00f6netici (Hissedar\/Ortak Olmayan)<br \/>\nDi\u011fer &#8211; Kamu G\u00f6revlisi<br \/>\n\u00c7al\u0131\u015fan<br \/>\nTedarik\u00e7i Yetkilisi<br \/>\n\u00dcr\u00fcn veya Hizmet Alan Ki\u015fi<br \/>\nDi\u011fer &#8211; \u015eirket Yetkilisi<br \/>\nDi\u011fer &#8211; Kargo G\u00f6revlisi<br \/>\nDi\u011fer &#8211; Ba\u015fvurucu<br \/>\nDi\u011fer &#8211; Onaylayan<br \/>\nPotansiyel \u00dcr\u00fcn veya Hizmet Al\u0131c\u0131s\u0131<br \/>\nDi\u011fer &#8211; Yetkili Personel<br \/>\nVeli \/ Vasi \/ Temsilci<br \/>\nTedarik\u00e7i \u00c7al\u0131\u015fan\u0131<br \/>\nDi\u011fer &#8211; Denetleyen<br \/>\nDi\u011fer &#8211; Teslim Alan<br \/>\nDi\u011fer &#8211; G\u00fcmr\u00fck M\u00fc\u015faviri<br \/>\nDi\u011fer &#8211; D\u00fczenleyen<br \/>\nDi\u011fer &#8211; \u00dcretici<br \/>\nDi\u011fer &#8211; Distrib\u00fct\u00f6r<br \/>\nDi\u011fer &#8211; \u0130hracat\u00e7\u0131<br \/>\nDi\u011fer &#8211; Al\u0131c\u0131<br \/>\nDi\u011fer &#8211; Banka Yetkilisi<br \/>\nDi\u011fer &#8211; Yetkili<br \/>\nDi\u011fer &#8211; Tedarik\u00e7i<br \/>\nDi\u011fer &#8211; Veri Sorumlusu Yetkilisi<br \/>\nDi\u011fer &#8211; \u00c7al\u0131\u015fan (Kazay\u0131 G\u00f6ren-Tan\u0131k)<br \/>\nDi\u011fer &#8211; Doktor<br \/>\n\u00c7al\u0131\u015fan Aday\u0131<br \/>\nDi\u011fer &#8211; \u0130\u015f Sa\u011fl\u0131\u011f\u0131 ve G\u00fcvenli\u011fi Uzman\u0131<br \/>\nDi\u011fer &#8211; Hukuk M\u00fc\u015faviri<br \/>\nDi\u011fer &#8211; \u0130\u015fveren Vekili<br \/>\nDi\u011fer &#8211; Alt \u0130\u015fveren (Ta\u015feron) Ger\u00e7ek Ki\u015fi<br \/>\nDi\u011fer &#8211; Alt \u0130\u015fveren (Ta\u015feron) T\u00fczel Ki\u015fi Yetkilisi<br \/>\nDi\u011fer &#8211; \u0130\u015fyeri Hekimi<\/td>\n<\/tr>\n<tr>\n<td width=\"30%\">TC kimlik no v.b.<\/td>\n<td width=\"70%\">Hissedar\/Ortak<br \/>\n\u00c7al\u0131\u015fan<br \/>\n\u00dcr\u00fcn veya Hizmet Alan Ki\u015fi<br \/>\nTedarik\u00e7i Yetkilisi<br \/>\nDi\u011fer &#8211; \u015eirket Yetkilisi<br \/>\nVeli \/ Vasi \/ Temsilci<br \/>\nDi\u011fer &#8211; Ba\u015fvurucu<br \/>\nPotansiyel \u00dcr\u00fcn veya Hizmet Al\u0131c\u0131s\u0131<br \/>\nDi\u011fer &#8211; \u0130hracat\u00e7\u0131<br \/>\nDi\u011fer &#8211; Tedarik\u00e7i<br \/>\nDi\u011fer &#8211; Tedarik\u00e7i (Ger\u00e7ek Ki\u015fi)<br \/>\nDi\u011fer &#8211; Dava, \u0130cra Dosyas\u0131 Taraf\u0131<br \/>\nTedarik\u00e7i \u00c7al\u0131\u015fan\u0131<br \/>\nDi\u011fer &#8211; \u00dcr\u00fcn veya Hizmet Alan Ki\u015fi (Ger\u00e7ek Ki\u015fi)<br \/>\nDi\u011fer &#8211; Potansiyel \u00dcr\u00fcn veya Hizmet Al\u0131c\u0131s\u0131 (Ger\u00e7ek Ki\u015fi)<br \/>\nDi\u011fer &#8211; \u00c7al\u0131\u015fan (Kazay\u0131 G\u00f6ren-Tan\u0131k)<br \/>\n\u00c7al\u0131\u015fan Aday\u0131<br \/>\nDi\u011fer &#8211; \u00c7al\u0131\u015fan Yak\u0131n\u0131<br \/>\nDi\u011fer &#8211; Alt \u0130\u015fveren (Ta\u015feron) Ger\u00e7ek Ki\u015fi<br \/>\nDi\u011fer &#8211; Alt \u0130\u015fveren (Ta\u015feron) T\u00fczel Ki\u015fi Yetkilisi<\/td>\n<\/tr>\n<tr>\n<td width=\"30%\">\u0130leti\u015fim adresi<\/td>\n<td width=\"70%\">Hissedar\/Ortak<br \/>\n\u00dcr\u00fcn veya Hizmet Alan Ki\u015fi<br \/>\nTedarik\u00e7i Yetkilisi<br \/>\n\u00c7al\u0131\u015fan<br \/>\nVeli \/ Vasi \/ Temsilci<br \/>\nDi\u011fer &#8211; \u015eirket Yetkilisi<br \/>\nDi\u011fer &#8211; Ba\u015fvurucu<br \/>\nDi\u011fer &#8211; M\u00fc\u015fteri &#8211; Yetkilisi &#8211; \u00c7al\u0131\u015fan\u0131<br \/>\nPotansiyel \u00dcr\u00fcn veya Hizmet Al\u0131c\u0131s\u0131<br \/>\nZiyaret\u00e7i<br \/>\nTedarik\u00e7i \u00c7al\u0131\u015fan\u0131<br \/>\nDi\u011fer &#8211; Teslim Alan<br \/>\nDi\u011fer &#8211; M\u00fc\u015fteri &#8211; Yetkilisi &#8211; \u00c7al\u0131\u015fan\u0131<br \/>\nDi\u011fer &#8211; G\u00fcmr\u00fck M\u00fc\u015faviri<br \/>\nDi\u011fer &#8211; D\u00fczenleyen<br \/>\nDi\u011fer &#8211; \u00dcretici<br \/>\nDi\u011fer &#8211; Distrib\u00fct\u00f6r<br \/>\nDi\u011fer &#8211; Tedarik\u00e7i<br \/>\nDi\u011fer &#8211; Dava, \u0130cra Dosyas\u0131 Taraf\u0131<br \/>\nDi\u011fer &#8211; Tedarik\u00e7i (Ger\u00e7ek Ki\u015fi)<br \/>\nDi\u011fer &#8211; \u00c7al\u0131\u015fan Yak\u0131n\u0131<br \/>\nDi\u011fer &#8211; \u00c7al\u0131\u015fan (Kazay\u0131 G\u00f6ren-Tan\u0131k)<br \/>\n\u00c7al\u0131\u015fan Aday\u0131<br \/>\nDi\u011fer &#8211; \u00c7al\u0131\u015fan Aday\u0131 Referans\u0131<br \/>\nDi\u011fer &#8211; \u0130\u015f Sa\u011fl\u0131\u011f\u0131 ve G\u00fcvenli\u011fi Uzman\u0131<br \/>\nDi\u011fer &#8211; Alt \u0130\u015fveren (Ta\u015feron) Ger\u00e7ek Ki\u015fi<br \/>\nDi\u011fer &#8211; Alt \u0130\u015fveren (Ta\u015feron) T\u00fczel Ki\u015fi Yetkilisi<\/td>\n<\/tr>\n<tr>\n<td width=\"30%\">Bordro bilgileri<\/td>\n<td width=\"70%\">\u00c7al\u0131\u015fan<\/td>\n<\/tr>\n<tr>\n<td width=\"30%\">\u00dccret Bilgisi<\/td>\n<td width=\"70%\">\u00c7al\u0131\u015fan<\/td>\n<\/tr>\n<tr>\n<td width=\"30%\">Adli makamlarla yaz\u0131\u015fmalardaki bilgiler<\/td>\n<td width=\"70%\">\u00c7al\u0131\u015fan<br \/>\n\u00dcr\u00fcn veya Hizmet Alan Ki\u015fi<br \/>\nTedarik\u00e7i Yetkilisi<br \/>\nHissedar\/Ortak<br \/>\nDi\u011fer &#8211; Tedarik\u00e7i<\/td>\n<\/tr>\n<tr>\n<td width=\"30%\">Dava dosyas\u0131ndaki bilgiler v.b.<\/td>\n<td width=\"70%\">\u00c7al\u0131\u015fan<br \/>\nTedarik\u00e7i Yetkilisi<br \/>\n\u00dcr\u00fcn veya Hizmet Alan Ki\u015fi<br \/>\nHissedar\/Ortak<br \/>\nDi\u011fer &#8211; Tedarik\u00e7i<br \/>\n\u00c7al\u0131\u015fan Aday\u0131<\/td>\n<\/tr>\n<tr>\n<td width=\"30%\">Adres no<\/td>\n<td width=\"70%\">\u00dcr\u00fcn veya Hizmet Alan Ki\u015fi<br \/>\n\u00c7al\u0131\u015fan<br \/>\nHissedar\/Ortak<br \/>\nVeli \/ Vasi \/ Temsilci<br \/>\nDi\u011fer &#8211; \u015eirket Yetkilisi<br \/>\nTedarik\u00e7i Yetkilisi<br \/>\nDi\u011fer &#8211; M\u00fc\u015fteri &#8211; Yetkilisi &#8211; \u00c7al\u0131\u015fan\u0131<br \/>\nPotansiyel \u00dcr\u00fcn veya Hizmet Al\u0131c\u0131s\u0131<br \/>\nTedarik\u00e7i \u00c7al\u0131\u015fan\u0131<br \/>\nDi\u011fer &#8211; D\u00fczenleyen<br \/>\nDi\u011fer &#8211; \u0130hracat\u00e7\u0131<br \/>\nDi\u011fer &#8211; \u00dcretici<br \/>\nDi\u011fer &#8211; Distrib\u00fct\u00f6r<br \/>\nDi\u011fer &#8211; Al\u0131c\u0131<br \/>\n\u00c7al\u0131\u015fan Aday\u0131<br \/>\nDi\u011fer &#8211; Hukuk M\u00fc\u015faviri<\/td>\n<\/tr>\n<tr>\n<td width=\"30%\">Banka Hesap IBAN Bilgisi<\/td>\n<td width=\"70%\">Tedarik\u00e7i Yetkilisi<br \/>\n\u00dcr\u00fcn veya Hizmet Alan Ki\u015fi<br \/>\nDi\u011fer &#8211; \u0130hracat\u00e7\u0131<br \/>\nDi\u011fer &#8211; Al\u0131c\u0131<br \/>\nDi\u011fer &#8211; Tedarik\u00e7i<br \/>\nDi\u011fer &#8211; Tedarik\u00e7i (Ger\u00e7ek Ki\u015fi)<br \/>\nHissedar\/Ortak<br \/>\n\u00c7al\u0131\u015fan<br \/>\nVeli \/ Vasi \/ Temsilci<\/td>\n<\/tr>\n<tr>\n<td width=\"30%\">E-posta adresi<\/td>\n<td width=\"70%\">Tedarik\u00e7i Yetkilisi<br \/>\n\u00c7al\u0131\u015fan<br \/>\n\u00dcr\u00fcn veya Hizmet Alan Ki\u015fi<br \/>\nHissedar\/Ortak<br \/>\nDi\u011fer &#8211; Ba\u015fvurucu<br \/>\nDi\u011fer &#8211; E-posta G\u00f6nderici (Ger\u00e7ek Ki\u015fi)<br \/>\nDi\u011fer &#8211; E-posta G\u00f6nderici (T\u00fczel Ki\u015fi \u00c7al\u0131\u015fan\u0131\/Yetkilisi)<br \/>\nDi\u011fer &#8211; M\u00fc\u015fteri &#8211; Yetkilisi &#8211; \u00c7al\u0131\u015fan\u0131<br \/>\nPotansiyel \u00dcr\u00fcn veya Hizmet Al\u0131c\u0131s\u0131<br \/>\nVeli \/ Vasi \/ Temsilci<br \/>\nTedarik\u00e7i \u00c7al\u0131\u015fan\u0131<br \/>\nDi\u011fer &#8211; D\u00fczenleyen<br \/>\nDi\u011fer &#8211; \u00dcretici<br \/>\nDi\u011fer &#8211; Distrib\u00fct\u00f6r<br \/>\nDi\u011fer &#8211; \u015eirket Yetkilisi<br \/>\nDi\u011fer &#8211; Tedarik\u00e7i<br \/>\nDi\u011fer &#8211; Kurumsal M\u00fc\u015fteri Temsilcisi\/Yetkilisi<br \/>\nDi\u011fer &#8211; Tedarik\u00e7i (Ger\u00e7ek Ki\u015fi)<br \/>\n\u00c7al\u0131\u015fan Aday\u0131<br \/>\nDi\u011fer &#8211; Alt \u0130\u015fveren (Ta\u015feron) Ger\u00e7ek Ki\u015fi<br \/>\nDi\u011fer &#8211; Alt \u0130\u015fveren (Ta\u015feron) T\u00fczel Ki\u015fi Yetkilisi<br \/>\nZiyaret\u00e7i<\/td>\n<\/tr>\n<tr>\n<td width=\"30%\">Telefon Numaras\u0131<\/td>\n<td width=\"70%\">Tedarik\u00e7i Yetkilisi<br \/>\nHissedar\/Ortak<br \/>\n\u00c7al\u0131\u015fan<br \/>\nDi\u011fer &#8211; Ba\u015fvurucu<br \/>\nDi\u011fer &#8211; E-posta G\u00f6nderici (Ger\u00e7ek Ki\u015fi)<br \/>\nDi\u011fer &#8211; E-posta G\u00f6nderici (T\u00fczel Ki\u015fi \u00c7al\u0131\u015fan\u0131\/Yetkilisi)<br \/>\nDi\u011fer &#8211; Tedarik\u00e7i (Ger\u00e7ek Ki\u015fi)<br \/>\nDi\u011fer &#8211; \u00c7al\u0131\u015fan Yak\u0131n\u0131<br \/>\nDi\u011fer &#8211; \u0130\u015f Sa\u011fl\u0131\u011f\u0131 ve G\u00fcvenli\u011fi Uzman\u0131<br \/>\nDi\u011fer &#8211; Alt \u0130\u015fveren (Ta\u015feron) Ger\u00e7ek Ki\u015fi<br \/>\nDi\u011fer &#8211; Alt \u0130\u015fveren (Ta\u015feron) T\u00fczel Ki\u015fi Yetkilisi<\/td>\n<\/tr>\n<tr>\n<td width=\"30%\">Telefon no v.b.<\/td>\n<td width=\"70%\">\u00c7al\u0131\u015fan<br \/>\nHissedar\/Ortak<br \/>\nTedarik\u00e7i Yetkilisi<br \/>\n\u00dcr\u00fcn veya Hizmet Alan Ki\u015fi<br \/>\nDi\u011fer &#8211; M\u00fc\u015fteri &#8211; Yetkilisi &#8211; \u00c7al\u0131\u015fan\u0131<br \/>\nPotansiyel \u00dcr\u00fcn veya Hizmet Al\u0131c\u0131s\u0131<br \/>\nVeli \/ Vasi \/ Temsilci<br \/>\nTedarik\u00e7i \u00c7al\u0131\u015fan\u0131<br \/>\nDi\u011fer &#8211; \u0130hracat\u00e7\u0131<br \/>\nDi\u011fer &#8211; \u015eirket Yetkilisi<br \/>\nDi\u011fer &#8211; Kurumsal M\u00fc\u015fteri Temsilcisi\/Yetkilisi<br \/>\nDi\u011fer &#8211; Tedarik\u00e7i<br \/>\n\u00c7al\u0131\u015fan Aday\u0131<br \/>\nDi\u011fer &#8211; \u00c7al\u0131\u015fan Aday\u0131 Referans\u0131<br \/>\nZiyaret\u00e7i<\/td>\n<\/tr>\n<tr>\n<td width=\"30%\">Ceza mahkumiyetine ili\u015fkin bilgiler<\/td>\n<td width=\"70%\">\u00c7al\u0131\u015fan<br \/>\n\u00c7al\u0131\u015fan Aday\u0131<\/td>\n<\/tr>\n<tr>\n<td width=\"30%\">Do\u011fum tarihi<\/td>\n<td width=\"70%\">\u00c7al\u0131\u015fan<br \/>\nHissedar\/Ortak<br \/>\nDi\u011fer &#8211; \u015eirket Yetkilisi<br \/>\nVeli \/ Vasi \/ Temsilci<br \/>\n\u00dcr\u00fcn veya Hizmet Alan Ki\u015fi<br \/>\n\u00c7al\u0131\u015fan Aday\u0131<br \/>\nDi\u011fer &#8211; \u00c7al\u0131\u015fan Yak\u0131n\u0131<\/td>\n<\/tr>\n<tr>\n<td width=\"30%\">Do\u011fum yeri<\/td>\n<td width=\"70%\">\u00c7al\u0131\u015fan<br \/>\nHissedar\/Ortak<br \/>\nDi\u011fer &#8211; \u015eirket Yetkilisi<br \/>\nVeli \/ Vasi \/ Temsilci<br \/>\n\u00dcr\u00fcn veya Hizmet Alan Ki\u015fi<br \/>\n\u00c7al\u0131\u015fan Aday\u0131<br \/>\nDi\u011fer &#8211; \u00c7al\u0131\u015fan Yak\u0131n\u0131<\/td>\n<\/tr>\n<tr>\n<td width=\"30%\">Disiplin soru\u015fturmas\u0131<\/td>\n<td width=\"70%\">\u00c7al\u0131\u015fan<br \/>\n\u00c7al\u0131\u015fan Aday\u0131<\/td>\n<\/tr>\n<tr>\n<td width=\"30%\">G\u00fcvenlik tedbirlerine ili\u015fkin bilgiler v.b.<\/td>\n<td width=\"70%\">\u00c7al\u0131\u015fan<br \/>\n\u00c7al\u0131\u015fan Aday\u0131<\/td>\n<\/tr>\n<tr>\n<td width=\"30%\">\u0130\u015fe giri\u015f-\u00e7\u0131k\u0131\u015f belgesi kay\u0131tlar\u0131<\/td>\n<td width=\"70%\">\u00c7al\u0131\u015fan<\/td>\n<\/tr>\n<tr>\n<td width=\"30%\">Anne K\u0131zl\u0131k Soyad\u0131<\/td>\n<td width=\"70%\">\u00c7al\u0131\u015fan<\/td>\n<\/tr>\n<tr>\n<td width=\"30%\">Ticari, teknik, idari risklerin y\u00f6netilmesi i\u00e7in i\u015flenen bilgiler v.b.<\/td>\n<td width=\"70%\">Hissedar\/Ortak<br \/>\n\u00dcr\u00fcn veya Hizmet Alan Ki\u015fi<br \/>\n\u00c7al\u0131\u015fan<br \/>\nDi\u011fer &#8211; Tedarik\u00e7i<br \/>\nDi\u011fer &#8211; Tedarik\u00e7i (Ger\u00e7ek Ki\u015fi)<br \/>\nDi\u011fer &#8211; Potansiyel \u00dcr\u00fcn veya Hizmet Al\u0131c\u0131s\u0131 (Ger\u00e7ek Ki\u015fi)<\/td>\n<\/tr>\n<tr>\n<td width=\"30%\">Malvarl\u0131\u011f\u0131 bilgileri v.b.<\/td>\n<td width=\"70%\">Hissedar\/Ortak<\/td>\n<\/tr>\n<tr>\n<td width=\"30%\">Kay\u0131tl\u0131 elektronik posta adresi (KEP)<\/td>\n<td width=\"70%\">Tedarik\u00e7i Yetkilisi<br \/>\n\u00dcr\u00fcn veya Hizmet Alan Ki\u015fi<br \/>\n\u00c7al\u0131\u015fan<br \/>\nDi\u011fer &#8211; M\u00fc\u015fteri &#8211; Yetkilisi &#8211; \u00c7al\u0131\u015fan\u0131<br \/>\nPotansiyel \u00dcr\u00fcn veya Hizmet Al\u0131c\u0131s\u0131<\/td>\n<\/tr>\n<tr>\n<td width=\"30%\">Fatura Bilgisi<\/td>\n<td width=\"70%\">Tedarik\u00e7i Yetkilisi<br \/>\n\u00dcr\u00fcn veya Hizmet Alan Ki\u015fi<br \/>\nDi\u011fer &#8211; Tedarik\u00e7i<br \/>\n\u00c7al\u0131\u015fan<br \/>\nVeli \/ Vasi \/ Temsilci<\/td>\n<\/tr>\n<tr>\n<td width=\"30%\">\u00c7ek Bilgileri<\/td>\n<td width=\"70%\">\u00dcr\u00fcn veya Hizmet Alan Ki\u015fi<br \/>\nTedarik\u00e7i Yetkilisi<\/td>\n<\/tr>\n<tr>\n<td width=\"30%\">Fatura<\/td>\n<td width=\"70%\">\u00dcr\u00fcn veya Hizmet Alan Ki\u015fi<br \/>\nDi\u011fer &#8211; Tedarik\u00e7i<br \/>\nTedarik\u00e7i Yetkilisi<br \/>\nDi\u011fer &#8211; Potansiyel \u00dcr\u00fcn veya Hizmet Al\u0131c\u0131s\u0131 (Ger\u00e7ek Ki\u015fi)<\/td>\n<\/tr>\n<tr>\n<td width=\"30%\">Sipari\u015f bilgisi<\/td>\n<td width=\"70%\">\u00dcr\u00fcn veya Hizmet Alan Ki\u015fi<br \/>\nPotansiyel \u00dcr\u00fcn veya Hizmet Al\u0131c\u0131s\u0131<\/td>\n<\/tr>\n<tr>\n<td width=\"30%\">G\u00f6revi<\/td>\n<td width=\"70%\">\u00c7al\u0131\u015fan<br \/>\nDi\u011fer &#8211; E-posta G\u00f6nderici (T\u00fczel Ki\u015fi \u00c7al\u0131\u015fan\u0131\/Yetkilisi)<br \/>\nDi\u011fer &#8211; Onaylayan<br \/>\nTedarik\u00e7i Yetkilisi<br \/>\nDi\u011fer &#8211; Yetkili Personel<br \/>\nDi\u011fer &#8211; Denetleyen<br \/>\nDi\u011fer &#8211; Teslim Alan<br \/>\nDi\u011fer &#8211; Kamu G\u00f6revlisi<br \/>\nDi\u011fer &#8211; G\u00fcmr\u00fck M\u00fc\u015faviri<br \/>\nPotansiyel \u00dcr\u00fcn veya Hizmet Al\u0131c\u0131s\u0131<\/td>\n<\/tr>\n<tr>\n<td width=\"30%\">Dijital \u0130mza<\/td>\n<td width=\"70%\">Di\u011fer &#8211; Kamu G\u00f6revlisi<br \/>\n\u00c7al\u0131\u015fan<br \/>\nHissedar\/Ortak<br \/>\n\u00dcr\u00fcn veya Hizmet Alan Ki\u015fi<\/td>\n<\/tr>\n<tr>\n<td width=\"30%\">Ehliyet Belge No<\/td>\n<td width=\"70%\">\u00c7al\u0131\u015fan<\/td>\n<\/tr>\n<tr>\n<td width=\"30%\">Zimmetlenen Ara\u00e7 Bilgisi<\/td>\n<td width=\"70%\">\u00c7al\u0131\u015fan<\/td>\n<\/tr>\n<tr>\n<td width=\"30%\">Ara\u00e7 Plakas\u0131<\/td>\n<td width=\"70%\">Hissedar\/Ortak<\/td>\n<\/tr>\n<tr>\n<td width=\"30%\">Kimlikte yer alan Kan Grubu Bilgisi<\/td>\n<td width=\"70%\">Hissedar\/Ortak<\/td>\n<\/tr>\n<tr>\n<td width=\"30%\">Ka\u015fe<\/td>\n<td width=\"70%\">Tedarik\u00e7i Yetkilisi<br \/>\nPotansiyel \u00dcr\u00fcn veya Hizmet Al\u0131c\u0131s\u0131<br \/>\nDi\u011fer &#8211; \u015eirket Yetkilisi<\/td>\n<\/tr>\n<tr>\n<td width=\"30%\">\u00c7al\u0131\u015fan ve ziyaret\u00e7ilerin giri\u015f \u00e7\u0131k\u0131\u015f kay\u0131t bilgileri<\/td>\n<td width=\"70%\">Ziyaret\u00e7i<br \/>\n\u00c7al\u0131\u015fan<\/td>\n<\/tr>\n<tr>\n<td width=\"30%\">Talep bilgisi v.b.<\/td>\n<td width=\"70%\">Potansiyel \u00dcr\u00fcn veya Hizmet Al\u0131c\u0131s\u0131<br \/>\n\u00dcr\u00fcn veya Hizmet Alan Ki\u015fi<\/td>\n<\/tr>\n<tr>\n<td width=\"30%\">Bulundu\u011fu yerin konum bilgileri v.b.<\/td>\n<td width=\"70%\">\u00c7al\u0131\u015fan<br \/>\nPotansiyel \u00dcr\u00fcn veya Hizmet Al\u0131c\u0131s\u0131<br \/>\nHissedar\/Ortak<\/td>\n<\/tr>\n<tr>\n<td width=\"30%\">Kampanya \u00e7al\u0131\u015fmas\u0131yla elde edilen bilgiler v.b.<\/td>\n<td width=\"70%\">\u00dcr\u00fcn veya Hizmet Alan Ki\u015fi<br \/>\nPotansiyel \u00dcr\u00fcn veya Hizmet Al\u0131c\u0131s\u0131<\/td>\n<\/tr>\n<tr>\n<td width=\"30%\">Al\u0131\u015fveri\u015f ge\u00e7mi\u015fi bilgileri<\/td>\n<td width=\"70%\">Potansiyel \u00dcr\u00fcn veya Hizmet Al\u0131c\u0131s\u0131<\/td>\n<\/tr>\n<tr>\n<td width=\"30%\">Anket<\/td>\n<td width=\"70%\">Potansiyel \u00dcr\u00fcn veya Hizmet Al\u0131c\u0131s\u0131<br \/>\n\u00dcr\u00fcn veya Hizmet Alan Ki\u015fi<\/td>\n<\/tr>\n<tr>\n<td width=\"30%\">Vergi Kimlik Numaras\u0131<\/td>\n<td width=\"70%\">Hissedar\/Ortak<br \/>\n\u00c7al\u0131\u015fan<br \/>\nDi\u011fer &#8211; G\u00fcmr\u00fck M\u00fc\u015faviri<br \/>\nDi\u011fer &#8211; \u0130hracat\u00e7\u0131<br \/>\nDi\u011fer &#8211; \u00dcretici<br \/>\nDi\u011fer &#8211; Distrib\u00fct\u00f6r<\/td>\n<\/tr>\n<tr>\n<td width=\"30%\">Unvan<\/td>\n<td width=\"70%\">\u00c7al\u0131\u015fan<br \/>\nDi\u011fer &#8211; Kamu G\u00f6revlisi<br \/>\nDi\u011fer &#8211; G\u00fcmr\u00fck M\u00fc\u015faviri<br \/>\nDi\u011fer &#8211; \u0130hracat\u00e7\u0131<br \/>\nDi\u011fer &#8211; \u00dcretici<br \/>\nDi\u011fer &#8211; Distrib\u00fct\u00f6r<br \/>\nDi\u011fer &#8211; Al\u0131c\u0131<\/td>\n<\/tr>\n<tr>\n<td width=\"30%\">\u0130\u015f Yeri Adresi<\/td>\n<td width=\"70%\">Di\u011fer &#8211; M\u00fc\u015fteri &#8211; Yetkilisi &#8211; \u00c7al\u0131\u015fan\u0131<br \/>\n\u00c7al\u0131\u015fan<\/td>\n<\/tr>\n<tr>\n<td width=\"30%\">\u00c7al\u0131\u015fan \u0130\u015fe Giri\u015f &#8211; \u00c7\u0131k\u0131\u015f Saat Bilgisi<\/td>\n<td width=\"70%\">\u00c7al\u0131\u015fan<\/td>\n<\/tr>\n<tr>\n<td width=\"30%\">Fiziksel Mekan Giri\u015f-\u00c7\u0131k\u0131\u015f Bilgisi<\/td>\n<td width=\"70%\">\u00c7al\u0131\u015fan<\/td>\n<\/tr>\n<tr>\n<td width=\"30%\">Cari Hesap Bilgisi<\/td>\n<td width=\"70%\">\u00dcr\u00fcn veya Hizmet Alan Ki\u015fi<br \/>\nDi\u011fer &#8211; Tedarik\u00e7i<br \/>\nHissedar\/Ortak<br \/>\nDi\u011fer &#8211; Tedarik\u00e7i (Ger\u00e7ek Ki\u015fi)<br \/>\nTedarik\u00e7i Yetkilisi<br \/>\nDi\u011fer &#8211; \u00dcr\u00fcn veya Hizmet Alan Ki\u015fi (Ger\u00e7ek Ki\u015fi)<\/td>\n<\/tr>\n<tr>\n<td width=\"30%\">Kredi ve risk bilgileri<\/td>\n<td width=\"70%\">\u00dcr\u00fcn veya Hizmet Alan Ki\u015fi<br \/>\nDi\u011fer &#8211; Tedarik\u00e7i<br \/>\nHissedar\/Ortak<\/td>\n<\/tr>\n<tr>\n<td width=\"30%\">Finansal performans bilgileri<\/td>\n<td width=\"70%\">Hissedar\/Ortak<\/td>\n<\/tr>\n<tr>\n<td width=\"30%\">\u00c7al\u0131\u015fan Banka Hesap Bilgileri<\/td>\n<td width=\"70%\">\u00c7al\u0131\u015fan<\/td>\n<\/tr>\n<tr>\n<td width=\"30%\">Cari Hesap Kay\u0131tlar\u0131<\/td>\n<td width=\"70%\">Hissedar\/Ortak<br \/>\nTedarik\u00e7i Yetkilisi<br \/>\n\u00dcr\u00fcn veya Hizmet Alan Ki\u015fi<br \/>\nDi\u011fer &#8211; Tedarik\u00e7i (Ger\u00e7ek Ki\u015fi)<br \/>\nDi\u011fer &#8211; \u00dcr\u00fcn veya Hizmet Alan Ki\u015fi (Ger\u00e7ek Ki\u015fi)<\/td>\n<\/tr>\n<tr>\n<td width=\"30%\">Senet<\/td>\n<td width=\"70%\">\u00dcr\u00fcn veya Hizmet Alan Ki\u015fi<\/td>\n<\/tr>\n<tr>\n<td width=\"30%\">Bilan\u00e7o bilgileri<\/td>\n<td width=\"70%\">Hissedar\/Ortak<\/td>\n<\/tr>\n<tr>\n<td width=\"30%\">Meslek<\/td>\n<td width=\"70%\">\u00c7al\u0131\u015fan<\/td>\n<\/tr>\n<tr>\n<td width=\"30%\">\u0130\u015fe Giri\u015f Tarihi<\/td>\n<td width=\"70%\">\u00c7al\u0131\u015fan<\/td>\n<\/tr>\n<tr>\n<td width=\"30%\">\u00d6\u011frenim Durumu<\/td>\n<td width=\"70%\">\u00c7al\u0131\u015fan<\/td>\n<\/tr>\n<tr>\n<td width=\"30%\">Meslek Hastal\u0131\u011f\u0131 Tan\u0131s\u0131<\/td>\n<td width=\"70%\">\u00c7al\u0131\u015fan<\/td>\n<\/tr>\n<tr>\n<td width=\"30%\">\u00c7al\u0131\u015fan 1. Derece Akraba Bilgisi<\/td>\n<td width=\"70%\">\u00c7al\u0131\u015fan<\/td>\n<\/tr>\n<tr>\n<td width=\"30%\">Mesleki Deneyim<\/td>\n<td width=\"70%\">\u00c7al\u0131\u015fan<\/td>\n<\/tr>\n<tr>\n<td width=\"30%\">Sertifikalar<\/td>\n<td width=\"70%\">\u00c7al\u0131\u015fan<br \/>\n\u00c7al\u0131\u015fan Aday\u0131<\/td>\n<\/tr>\n<tr>\n<td width=\"30%\">Pasaport Numaras\u0131<\/td>\n<td width=\"70%\">\u00c7al\u0131\u015fan<\/td>\n<\/tr>\n<tr>\n<td width=\"30%\">Uyruk Bilgisi (Pasaportta Yer Alan Kimlik Bilgisi)<\/td>\n<td width=\"70%\">\u00c7al\u0131\u015fan<\/td>\n<\/tr>\n<tr>\n<td width=\"30%\">Ki\u015fisel sa\u011fl\u0131k bilgileri<\/td>\n<td width=\"70%\">\u00c7al\u0131\u015fan<br \/>\n\u00c7al\u0131\u015fan Aday\u0131<\/td>\n<\/tr>\n<tr>\n<td width=\"30%\">Protokol Numaras\u0131<\/td>\n<td width=\"70%\">\u00c7al\u0131\u015fan<\/td>\n<\/tr>\n<tr>\n<td width=\"30%\">Diploma Tescil Numaras\u0131<\/td>\n<td width=\"70%\">Di\u011fer &#8211; Doktor<br \/>\nDi\u011fer &#8211; \u0130\u015f Sa\u011fl\u0131\u011f\u0131 ve G\u00fcvenli\u011fi Uzman\u0131<\/td>\n<\/tr>\n<tr>\n<td width=\"30%\">Askerlik Terhis Bilgisi<\/td>\n<td width=\"70%\">\u00c7al\u0131\u015fan Aday\u0131<br \/>\n\u00c7al\u0131\u015fan<\/td>\n<\/tr>\n<tr>\n<td width=\"30%\">Mezun Oldu\u011fu Okul ve B\u00f6l\u00fcm Bilgisi<\/td>\n<td width=\"70%\">\u00c7al\u0131\u015fan Aday\u0131<\/td>\n<\/tr>\n<tr>\n<td width=\"30%\">Net Gelir ve Br\u00fct Gelir Bilgisi<\/td>\n<td width=\"70%\">\u00c7al\u0131\u015fan Aday\u0131<br \/>\n\u00c7al\u0131\u015fan<\/td>\n<\/tr>\n<tr>\n<td width=\"30%\">\u00d6zge\u00e7mi\u015f bilgileri<\/td>\n<td width=\"70%\">\u00c7al\u0131\u015fan Aday\u0131<\/td>\n<\/tr>\n<tr>\n<td width=\"30%\">Program Bilgisi<\/td>\n<td width=\"70%\">\u00c7al\u0131\u015fan Aday\u0131<\/td>\n<\/tr>\n<tr>\n<td width=\"30%\">Yabanc\u0131 Dil Bilgisi<\/td>\n<td width=\"70%\">\u00c7al\u0131\u015fan Aday\u0131<\/td>\n<\/tr>\n<tr>\n<td width=\"30%\">Diploma bilgileri<\/td>\n<td width=\"70%\">\u00c7al\u0131\u015fan Aday\u0131<br \/>\n\u00c7al\u0131\u015fan<\/td>\n<\/tr>\n<tr>\n<td width=\"30%\">Gidilen kurslar<\/td>\n<td width=\"70%\">\u00c7al\u0131\u015fan Aday\u0131<br \/>\n\u00c7al\u0131\u015fan<\/td>\n<\/tr>\n<tr>\n<td width=\"30%\">Meslek i\u00e7i e\u011fitim bilgileri<\/td>\n<td width=\"70%\">\u00c7al\u0131\u015fan Aday\u0131<br \/>\n\u00c7al\u0131\u015fan<\/td>\n<\/tr>\n<tr>\n<td width=\"30%\">Transkript bilgileri v.b.<\/td>\n<td width=\"70%\">\u00c7al\u0131\u015fan Aday\u0131<br \/>\n\u00c7al\u0131\u015fan<\/td>\n<\/tr>\n<tr>\n<td width=\"30%\">G\u00f6rsel Kay\u0131tlar<\/td>\n<td width=\"70%\">\u00c7al\u0131\u015fan Aday\u0131<br \/>\n\u00c7al\u0131\u015fan<\/td>\n<\/tr>\n<tr>\n<td width=\"30%\">Cilt No-S\u0131ra No-Birey S\u0131ra No<\/td>\n<td width=\"70%\">\u00c7al\u0131\u015fan<\/td>\n<\/tr>\n<tr>\n<td width=\"30%\">Mezuniyet Bilgisi<\/td>\n<td width=\"70%\">\u00c7al\u0131\u015fan<br \/>\n\u00c7al\u0131\u015fan Aday\u0131<\/td>\n<\/tr>\n<tr>\n<td width=\"30%\">Engellilik durumuna ait bilgiler<\/td>\n<td width=\"70%\">\u00c7al\u0131\u015fan Aday\u0131<br \/>\n\u00c7al\u0131\u015fan<\/td>\n<\/tr>\n<tr>\n<td width=\"30%\">Performans de\u011ferlendirme raporlar\u0131 v.b.<\/td>\n<td width=\"70%\">\u00c7al\u0131\u015fan<\/td>\n<\/tr>\n<tr>\n<td width=\"30%\">\u0130\u015fe Giri\u015f-\u0130\u015ften Ayr\u0131l\u0131\u015f Tarihleri<\/td>\n<td width=\"70%\">\u00c7al\u0131\u015fan<\/td>\n<\/tr>\n<tr>\n<td width=\"30%\">Kan grubu bilgisi<\/td>\n<td width=\"70%\">\u00c7al\u0131\u015fan<br \/>\n\u00c7al\u0131\u015fan Aday\u0131<\/td>\n<\/tr>\n<tr>\n<td width=\"30%\">E\u011fitim Durumu<\/td>\n<td width=\"70%\">\u00c7al\u0131\u015fan<\/td>\n<\/tr>\n<tr>\n<td width=\"30%\">Kullan\u0131lan cihaz ve protez bilgileri v.b.<\/td>\n<td width=\"70%\">\u00c7al\u0131\u015fan<\/td>\n<\/tr>\n<tr>\n<td width=\"30%\">T\u0131bbi Anamnez<\/td>\n<td width=\"70%\">\u00c7al\u0131\u015fan<\/td>\n<\/tr>\n<tr>\n<td width=\"30%\">\u00c7al\u0131\u015fan Aile Bireyleri Kimlik ve Adres Bilgileri<\/td>\n<td width=\"70%\">\u00c7al\u0131\u015fan<\/td>\n<\/tr>\n<tr>\n<td width=\"30%\">\u0130\u015f Yeri Sicil No Bilgileri (SGK)<\/td>\n<td width=\"70%\">\u00c7al\u0131\u015fan<\/td>\n<\/tr>\n<tr>\n<td width=\"30%\">SGK Sicil No<\/td>\n<td width=\"70%\">\u00c7al\u0131\u015fan<\/td>\n<\/tr>\n<tr>\n<td width=\"30%\">Hasta No<\/td>\n<td width=\"70%\">\u00c7al\u0131\u015fan<\/td>\n<\/tr>\n<tr>\n<td width=\"30%\">IP adresi bilgileri<\/td>\n<td width=\"70%\">\u00c7al\u0131\u015fan<br \/>\nPotansiyel \u00dcr\u00fcn veya Hizmet Al\u0131c\u0131s\u0131<br \/>\nHissedar\/Ortak<\/td>\n<\/tr>\n<tr>\n<td width=\"30%\">\u015eifre ve parola bilgileri v.b.<\/td>\n<td width=\"70%\">\u00c7al\u0131\u015fan<br \/>\nHissedar\/Ortak<\/td>\n<\/tr>\n<tr>\n<td width=\"30%\">\u0130nternet sitesi giri\u015f \u00e7\u0131k\u0131\u015f bilgileri<\/td>\n<td width=\"70%\">\u00c7al\u0131\u015fan<br \/>\nPotansiyel \u00dcr\u00fcn veya Hizmet Al\u0131c\u0131s\u0131<\/td>\n<\/tr>\n<tr>\n<td width=\"30%\">Kamera kay\u0131tlar\u0131 v.b.<\/td>\n<td width=\"70%\">\u00c7al\u0131\u015fan<br \/>\nZiyaret\u00e7i<br \/>\n\u00c7al\u0131\u015fan Aday\u0131<br \/>\nHissedar\/Ortak<br \/>\nPotansiyel \u00dcr\u00fcn veya Hizmet Al\u0131c\u0131s\u0131<br \/>\nTedarik\u00e7i \u00c7al\u0131\u015fan\u0131<br \/>\nTedarik\u00e7i Yetkilisi<br \/>\n\u00dcr\u00fcn veya Hizmet Alan Ki\u015fi<\/td>\n<\/tr>\n<tr>\n<td width=\"30%\">\u00c7erez kay\u0131tlar\u0131<\/td>\n<td width=\"70%\">\u00c7al\u0131\u015fan<br \/>\nPotansiyel \u00dcr\u00fcn veya Hizmet Al\u0131c\u0131s\u0131<\/td>\n<\/tr>\n<tr>\n<td width=\"30%\">Arama Ge\u00e7mi\u015fi<\/td>\n<td width=\"70%\">\u00c7al\u0131\u015fan<\/td>\n<\/tr>\n<tr>\n<td width=\"30%\">\u0130\u015flem Bilgileri<\/td>\n<td width=\"70%\">\u00c7al\u0131\u015fan<\/td>\n<\/tr>\n<\/tbody>\n<\/table>\n<h3><a name=\"_Toc82011572\"><\/a>6. \u015e\u0130RKET TARAFINDAN K\u0130\u015e\u0130SEL VER\u0130LER\u0130N AKTARILDI\u011eI \u00dc\u00c7\u00dcNC\u00dc K\u0130\u015e\u0130LER VE AKTARILMA AMA\u00c7LARI<\/h3>\n<p>Veri Sorumlusu, KVK Kanunu\u2019nun 10. maddesine uygun olarak ki\u015fisel verilerin aktar\u0131ld\u0131\u011f\u0131 ki\u015fi gruplar\u0131n\u0131 ki\u015fisel veri sahibine bildirmektedir.<\/p>\n<p>Veri Sorumlusu, KVK Kanunu\u2019nun 8. ve 9. maddelerine uygun olarak (Bkz. B\u00f6l\u00fcm 3\/Ba\u015fl\u0131k 3.5) Politika ile y\u00f6netilen veri sahiplerinin ki\u015fisel verilerini a\u015fa\u011f\u0131da s\u0131ralanan ki\u015fi kategorilerine aktar\u0131labilir:<\/p>\n<ul>\n<li>Yurti\u00e7i Al\u0131c\u0131lar: Yetkili Kamu Kurum ve Kurulu\u015flar\u0131, Ger\u00e7ek Ki\u015filer veya \u00d6zel Hukuk T\u00fczel Ki\u015fileri, Di\u011fer, Tedarik\u00e7iler<\/li>\n<li>Yurtd\u0131\u015f\u0131 Al\u0131c\u0131lar: Tedarik\u00e7iler, Ger\u00e7ek Ki\u015filer veya \u00d6zel Hukuk T\u00fczel Ki\u015fileri<\/li>\n<\/ul>\n<p>Aktar\u0131mda bulunulan yukar\u0131da belirtilen ki\u015filerin kapsam\u0131 ve veri aktar\u0131m ama\u00e7lar\u0131 a\u015fa\u011f\u0131da belirtilmektedir.<\/p>\n<table width=\"100%\">\n<tbody>\n<tr>\n<td width=\"33%\"><strong>Veri Aktar\u0131m\u0131 Yap\u0131labilecek Ki\u015filer<\/strong><\/td>\n<td width=\"33%\"><strong>Tan\u0131m\u0131<\/strong><\/td>\n<td width=\"34%\"><strong>Veri Aktar\u0131m Amac\u0131<\/strong><\/td>\n<\/tr>\n<tr>\n<td width=\"33%\">Yetkili Kamu Kurum ve Kurulu\u015flar\u0131<\/td>\n<td width=\"33%\">\u0130lgili mevzuat h\u00fck\u00fcmlerine g\u00f6re \u015eirketten bilgi ve belge almaya yetkili kamu kurum ve kurulu\u015flar\u0131<\/td>\n<td width=\"34%\"><\/td>\n<\/tr>\n<tr>\n<td width=\"33%\">Ger\u00e7ek Ki\u015filer veya \u00d6zel Hukuk T\u00fczel Ki\u015fileri<\/td>\n<td width=\"33%\">\u0130lgili mevzuat h\u00fck\u00fcmlerine g\u00f6re \u015eirketten bilgi ve belge almaya yetkili \u00f6zel hukuk ki\u015fileri veya ger\u00e7ek ki\u015filer<\/td>\n<td width=\"34%\"><\/td>\n<\/tr>\n<tr>\n<td width=\"33%\">Tedarik\u00e7iler<\/td>\n<td width=\"33%\">\u015eirketin ticari faaliyetlerini y\u00fcr\u00fct\u00fcrken \u015eirketin emir ve talimatlar\u0131na uygun olarak s\u00f6zle\u015fme temelli olarak \u015eirkete hizmet sunan taraflar\u0131 tan\u0131mlamaktad\u0131r.<\/td>\n<td width=\"34%\"><\/td>\n<\/tr>\n<\/tbody>\n<\/table>\n<p>Veri Sorumlusu taraf\u0131ndan ger\u00e7ekle\u015ftirilen aktar\u0131mlarda Politika\u2019n\u0131n 2. ve 3. B\u00f6l\u00fcmlerinde d\u00fczenlenmi\u015f hususlara uygun olarak hareket edilmektedir.<\/p>\n<h3><a name=\"_Toc82011573\"><\/a>7. K\u0130\u015e\u0130SEL VER\u0130LER\u0130N KANUNDAK\u0130 \u0130\u015eLEME \u015eARTLARINA DAYALI VE BU \u015eARTLARLA SINIRLI OLARAK \u0130\u015eLENMES\u0130<\/h3>\n<p>Veri Sorumlusu, KVK Kanunu\u2019nun 10. maddesine uygun olarak i\u015fledi\u011fi ki\u015fisel veriler hakk\u0131nda ki\u015fisel veri sahibini ayd\u0131nlatmaktad\u0131r.<\/p>\n<h4>7.1. Ki\u015fisel Verilerin ve \u00d6zel Nitelikli Ki\u015fisel Verilerin \u0130\u015flenmesi<\/h4>\n<h4>7.1.1. Ki\u015fisel Verilerin \u0130\u015flenmesi<\/h4>\n<p>Ki\u015fisel veri sahibinin a\u00e7\u0131k r\u0131za vermesi, ki\u015fisel verilerin hukuka uygun olarak i\u015flenmesini m\u00fcmk\u00fcn k\u0131lan hukuki dayanaklardan yaln\u0131zca bir tanesidir. A\u00e7\u0131k r\u0131za d\u0131\u015f\u0131nda, a\u015fa\u011f\u0131da yazan di\u011fer \u015fartlardan birinin varl\u0131\u011f\u0131 durumunda da ki\u015fisel veriler i\u015flenebilir. Ki\u015fisel veri i\u015fleme faaliyetinin dayana\u011f\u0131 a\u015fa\u011f\u0131da belirtilen \u015fartlardan yaln\u0131zca biri olabildi\u011fi gibi bu \u015fartlardan birden fazlas\u0131 da ayn\u0131 ki\u015fisel veri i\u015fleme faaliyetinin dayana\u011f\u0131 olabilir. \u0130\u015flenen verilerin \u00f6zel nitelikli ki\u015fisel veri olmas\u0131 halinde; a\u015fa\u011f\u0131da bu b\u00f6l\u00fcm alt\u0131nda 7.1.2. ba\u015fl\u0131\u011f\u0131 i\u00e7erisinde yer alan \u015fartlar uygulan\u0131r.<\/p>\n<p>Veri Sorumlusu taraf\u0131ndan ki\u015fisel verilerin i\u015flenmesine y\u00f6nelik hukuki dayanaklar farkl\u0131l\u0131k g\u00f6sterse de, her t\u00fcrl\u00fc ki\u015fisel veri i\u015fleme faaliyetinde KVK Kanunu\u2019nun 4. maddesinde belirtilen (Bkz.3.1.) genel ilkelere uygun olarak hareket edilmektedir.<\/p>\n<h4>7.1.1.1. Ki\u015fisel Veri Sahibinin A\u00e7\u0131k R\u0131zas\u0131n\u0131n Bulunmas\u0131<\/h4>\n<p>Ki\u015fisel verilerin i\u015flenme \u015fartlar\u0131ndan biri sahibinin a\u00e7\u0131k r\u0131zas\u0131d\u0131r. Ki\u015fisel veri sahibinin a\u00e7\u0131k r\u0131zas\u0131 belirli bir konuya ili\u015fkin, bilgilendirilmeye dayal\u0131 olarak ve \u00f6zg\u00fcr iradeyle a\u00e7\u0131klanmal\u0131d\u0131r.<\/p>\n<p>Ki\u015fisel verilerin elde edilme sebeplerine y\u00f6nelik i\u015fleme amac\u0131n\u0131n (birincil i\u015fleme) d\u0131\u015f\u0131ndaki ki\u015fisel veri i\u015fleme faaliyetleri i\u00e7in (ikincil i\u015fleme) i\u015fbu ba\u015fl\u0131\u011f\u0131n 7.1.1.2- 7.1.1.8\u2019de yer alan \u015fartlardan en az biri aranmakta; bu \u015fartlardan biri yok ise, Veri Sorumlusu taraf\u0131ndan bu ki\u015fisel veri i\u015fleme faaliyetleri ki\u015fisel veri sahibinin bu i\u015fleme faaliyetlerine y\u00f6nelik a\u00e7\u0131k r\u0131zas\u0131na dayal\u0131 olarak ger\u00e7ekle\u015ftirilmektedir.<\/p>\n<p>Ki\u015fisel verilerin, ki\u015fisel veri sahibinin a\u00e7\u0131k r\u0131za vermesine ba\u011fl\u0131 olarak i\u015flenmesi i\u00e7in, ki\u015fisel veri sahiplerinin ilgili y\u00f6ntemler ile a\u00e7\u0131k r\u0131zalar\u0131 al\u0131nmaktad\u0131r.<\/p>\n<h4>7.1.1.2. Kanunlarda A\u00e7\u0131k\u00e7a \u00d6ng\u00f6r\u00fclmesi<\/h4>\n<p>Veri sahibinin ki\u015fisel verileri, kanunda a\u00e7\u0131k\u00e7a \u00f6ng\u00f6r\u00fclmesi halinde hukuka uygun olarak i\u015flenebilecektir.<\/p>\n<h4>7.1.1.3. Fiili \u0130mkans\u0131zl\u0131k Sebebiyle \u0130lgilinin A\u00e7\u0131k R\u0131zas\u0131n\u0131n Al\u0131namamas\u0131<\/h4>\n<p>Fiili imk\u00e2ns\u0131zl\u0131k nedeniyle r\u0131zas\u0131n\u0131 a\u00e7\u0131klayamayacak durumda olan veya r\u0131zas\u0131na ge\u00e7erlilik tan\u0131namayacak olan ki\u015finin kendisinin ya da ba\u015fka bir ki\u015finin hayat\u0131 veya beden b\u00fct\u00fcnl\u00fc\u011f\u00fcn\u00fc korumak i\u00e7in ki\u015fisel verisinin i\u015flenmesinin zorunlu olmas\u0131 halinde veri sahibinin ki\u015fisel verileri i\u015flenebilecektir.<\/p>\n<h4>7.1.1.4. S\u00f6zle\u015fmenin Kurulmas\u0131 veya \u0130fas\u0131yla Do\u011frudan \u0130lgili Olmas\u0131<\/h4>\n<p>Bir s\u00f6zle\u015fmenin kurulmas\u0131 veya ifas\u0131yla do\u011frudan do\u011fruya ilgili olmas\u0131 kayd\u0131yla, s\u00f6zle\u015fmenin taraflar\u0131na ait ki\u015fisel verilerin i\u015flenmesinin gerekli olmas\u0131 halinde ki\u015fisel verilerin i\u015flenmesi m\u00fcmk\u00fcnd\u00fcr.<\/p>\n<h4>7.1.1.5. Veri Sorumlusuin Hukuki Y\u00fck\u00fcml\u00fcl\u00fc\u011f\u00fcn\u00fc Yerine Getirmesi<\/h4>\n<p>Veri Sorumlusu, veri sorumlusu olarak hukuki y\u00fck\u00fcml\u00fcl\u00fcklerini yerine getirmesi i\u00e7in i\u015flemenin zorunlu olmas\u0131 halinde veri sahibinin ki\u015fisel verileri i\u015flenebilecektir.<\/p>\n<h4>7.1.1.6. Ki\u015fisel veri Sahibinin Ki\u015fisel Verisini Alenile\u015ftirmesi<\/h4>\n<p>Veri sahibinin, ki\u015fisel verisini kendisi taraf\u0131ndan alenile\u015ftirilmi\u015f olmas\u0131 halinde ilgili ki\u015fisel veriler i\u015flenebilecektir.<\/p>\n<h4>7.1.1.7. Bir Hakk\u0131n Tesisi veya Korunmas\u0131 i\u00e7in Veri \u0130\u015flemenin Zorunlu Olmas\u0131<\/h4>\n<p>Bir hakk\u0131n tesisi, kullan\u0131lmas\u0131 veya korunmas\u0131 i\u00e7in veri i\u015flemenin zorunlu olmas\u0131 halinde ki\u015fisel veri sahibinin ki\u015fisel verileri i\u015flenebilecektir.<\/p>\n<h4>7.1.1.8. Veri Sorumlusunun Me\u015fru Menfaati i\u00e7in Veri \u0130\u015flemenin Zorunlu Olmas\u0131<\/h4>\n<p>Ki\u015fisel veri sahibinin temel hak ve \u00f6zg\u00fcrl\u00fcklerine zarar vermemek kayd\u0131yla Veri Sorumlusunun me\u015fru menfaatleri i\u00e7in veri i\u015flemesinin zorunlu olmas\u0131 halinde veri verileri i\u015flenebilecektir.<\/p>\n<h4>7.1.2. \u00d6zel Nitelikli Ki\u015fisel Verilerin \u0130\u015flenmesi<\/h4>\n<p>Veri Sorumlusu taraf\u0131ndan; \u00f6zel nitelikli ki\u015fisel veriler ki\u015fisel veri sahibinin a\u00e7\u0131k r\u0131zas\u0131 yok ise ancak, KVK Kurulu taraf\u0131ndan belirlenecek olan yeterli \u00f6nlemlerin al\u0131nmas\u0131 kayd\u0131yla a\u015fa\u011f\u0131daki durumlarda i\u015flenmektedir:<\/p>\n<ul>\n<li>Ki\u015fisel veri sahibinin sa\u011fl\u0131\u011f\u0131 ve cinsel hayat\u0131 d\u0131\u015f\u0131ndaki \u00f6zel nitelikli ki\u015fisel veriler, kanunlarda \u00f6ng\u00f6r\u00fclen hallerde,<\/li>\n<li>Ki\u015fisel veri sahibinin sa\u011fl\u0131\u011f\u0131na ve cinsel hayat\u0131na ili\u015fkin \u00f6zel nitelikli ki\u015fisel verileri ise ancak kamu sa\u011fl\u0131\u011f\u0131n\u0131n korunmas\u0131, koruyucu hekimlik, t\u0131bbi te\u015fhis, tedavi ve bak\u0131m hizmetlerinin y\u00fcr\u00fct\u00fclmesi, sa\u011fl\u0131k hizmetleri ile finansman\u0131n\u0131n planlanmas\u0131 ve y\u00f6netimi amac\u0131yla, s\u0131r saklama y\u00fck\u00fcml\u00fcl\u00fc\u011f\u00fc alt\u0131nda bulunan ki\u015filer veya yetkili kurum ve kurulu\u015flar taraf\u0131ndan.<\/li>\n<\/ul>\n<h4>7.2. Bina, Tesis Giri\u015fleri ile Bina Tesis \u0130\u00e7erisinde Yap\u0131lan Ki\u015fisel Veri \u0130\u015fleme Faaliyetleri<\/h4>\n<p>Veri Sorumlusu taraf\u0131ndan bina tesis giri\u015flerinde ve tesis i\u00e7erisinde yap\u0131lan ki\u015fisel veri i\u015fleme faaliyetleri, Anayasa\u2019ya, KVK Kanunu\u2019na ve ilgili di\u011fer mevzuata uygun bir bi\u00e7imde y\u00fcr\u00fct\u00fclmektedir.<\/p>\n<p>Veri Sorumlusu taraf\u0131ndan g\u00fcvenli\u011fin sa\u011flanmas\u0131 amac\u0131yla, Veri Sorumlusu binalar\u0131nda ve tesislerinde g\u00fcvenlik kameras\u0131yla izleme faaliyeti ile misafir giri\u015f \u00e7\u0131k\u0131\u015flar\u0131n\u0131n takibine y\u00f6nelik ki\u015fisel veri i\u015fleme faaliyetinde bulunulmaktad\u0131r.<\/p>\n<p>G\u00fcvenlik kameralar\u0131 kullan\u0131lmas\u0131 ve misafir giri\u015f \u00e7\u0131k\u0131\u015flar\u0131n\u0131n kay\u0131t alt\u0131na al\u0131nmas\u0131 yoluyla Veri Sorumlusu taraf\u0131ndan ki\u015fisel veri i\u015fleme faaliyeti y\u00fcr\u00fct\u00fclm\u00fc\u015f olmaktad\u0131r.<\/p>\n<p>Kameralar i\u00e7 alan ve d\u0131\u015f alan kameralar\u0131 olmak \u00fczere ikiye ayr\u0131lmaktad\u0131r. \u0130\u00e7 alan kameralar\u0131; lavabolar, odalar, soyunma kabinleri, oda i\u00e7leri hari\u00e7 olmak \u00fczere, do\u011frudan \u00e7al\u0131\u015fan ya da ziyaret\u00e7ilerimizi \u00e7ekmeyecek a\u00e7\u0131 ile konumland\u0131r\u0131lm\u0131\u015ft\u0131r. Kameralar\u0131n yerleri, izleme faaliyetinin minimum d\u00fczeyde ve izleme amac\u0131yla s\u0131n\u0131rl\u0131 bir bi\u00e7imde s\u00fcrd\u00fcr\u00fclebilmesi i\u00e7in \u00f6zenle belirlenmi\u015ftir.<\/p>\n<h4>7.2.1 Veri Sorumlusu Bina, Tesis Giri\u015flerinde ve \u0130\u00e7erisinde Y\u00fcr\u00fct\u00fclen Kamera ile \u0130zleme Faaliyeti<\/h4>\n<p>Bu b\u00f6l\u00fcmde Veri Sorumlusunun kamera ile izleme sistemine ili\u015fkin a\u00e7\u0131klamalar yap\u0131lacak ve ki\u015fisel verilerin, gizlili\u011finin ve ki\u015finin temel haklar\u0131n\u0131n nas\u0131l korumaya al\u0131nd\u0131\u011f\u0131na ili\u015fkin bilgilendirme yap\u0131lacakt\u0131r.<\/p>\n<p>Veri Sorumlusu, g\u00fcvenlik kameras\u0131 ile izleme faaliyeti kapsam\u0131nda; Veri Sorumlusunun ve di\u011fer ki\u015filerin g\u00fcvenli\u011fini sa\u011flamaya ili\u015fkin menfaatlerini korumak gibi ama\u00e7lar ta\u015f\u0131maktad\u0131r.<\/p>\n<h4>7.2.2 KVK Hukukuna G\u00f6re G\u00fcvenlik Kameras\u0131 ile \u0130zleme Faaliyeti Y\u00fcr\u00fct\u00fclmesi<\/h4>\n<p>Veri Sorumlusu taraf\u0131ndan g\u00fcvenlik amac\u0131yla kamera ile izleme faaliyeti y\u00fcr\u00fct\u00fclmesinde KVK Kanunu\u2019nda yer alan d\u00fczenlemelere uygun hareket edilmektedir. Veri Sorumlusu, bina ve tesislerinde g\u00fcvenli\u011fin sa\u011flanmas\u0131 amac\u0131yla, y\u00fcr\u00fcrl\u00fckte bulunan ilgili mevzuatta \u00f6ng\u00f6r\u00fclen ama\u00e7larla ve KVK Kanunu\u2019nda say\u0131lan ki\u015fisel veri i\u015fleme \u015fartlar\u0131na uygun olarak g\u00fcvenlik kameras\u0131 izleme faaliyetinde bulunmaktad\u0131r.<\/p>\n<h4>7.2.3 Kamera ile \u0130zleme Faaliyetinin Duyurulmas\u0131<\/h4>\n<p>Veri Sorumlusu taraf\u0131ndan KVK Kanunu\u2019nun 10. Maddesine uygun olarak, ki\u015fisel veri sahibi ayd\u0131nlat\u0131lmaktad\u0131r. Veri Sorumlusu, genel hususlara ili\u015fkin olarak yapt\u0131\u011f\u0131 ayd\u0131nlatman\u0131n (Bkz. B\u00f6l\u00fcm 3\/Ba\u015fl\u0131k 3.3) kamera ile izleme faaliyetine ili\u015fkin birden fazla y\u00f6ntem ile bildirimde bulunmaktad\u0131r. B\u00f6ylelikle, ki\u015fisel veri sahibinin temel hak ve \u00f6zg\u00fcrl\u00fcklerine zarar verilmesinin engellenmesi, \u015feffafl\u0131\u011f\u0131n ve ki\u015fisel veri sahibinin ayd\u0131nlat\u0131lmas\u0131n\u0131n sa\u011flanmas\u0131 ama\u00e7lanmaktad\u0131r.<\/p>\n<p>Veri Sorumlusu taraf\u0131ndan kamera ile izleme faaliyetine y\u00f6nelik olarak; Veri Sorumlusu internet sitesinde i\u015fbu Politika yay\u0131mlanmakta (\u00e7evrimi\u00e7i politika d\u00fczenlemesi) ve izlemenin yap\u0131ld\u0131\u011f\u0131 alanlar\u0131n giri\u015flerine izleme yap\u0131laca\u011f\u0131na ili\u015fkin bildirim yaz\u0131s\u0131 as\u0131lmaktad\u0131r (yerinde ayd\u0131nlatma).<\/p>\n<h4>7.2.4 Kamera ile \u0130zleme Faaliyetinin Y\u00fcr\u00fct\u00fclme Amac\u0131 ve Ama\u00e7la S\u0131n\u0131rl\u0131l\u0131k<\/h4>\n<p>Veri Sorumlusu, KVK Kanunu\u2019nun 4. maddesine uygun olarak, ki\u015fisel verileri i\u015flendikleri ama\u00e7la ba\u011flant\u0131l\u0131, s\u0131n\u0131rl\u0131 ve \u00f6l\u00e7\u00fcl\u00fc bir bi\u00e7imde i\u015flemektedir.<\/p>\n<p>Veri Sorumlusu taraf\u0131ndan video kamera ile izleme faaliyetinin s\u00fcrd\u00fcr\u00fclmesindeki ama\u00e7 bu Politika\u2019da say\u0131lan ama\u00e7larla s\u0131n\u0131rl\u0131d\u0131r. Bu do\u011frultuda, g\u00fcvenlik kameralar\u0131n\u0131n izleme alanlar\u0131, say\u0131s\u0131 ve ne zaman izleme yap\u0131laca\u011f\u0131, g\u00fcvenlik amac\u0131na ula\u015fmak i\u00e7in yeterli ve bu ama\u00e7la s\u0131n\u0131rl\u0131 olarak uygulamaya al\u0131nmaktad\u0131r. Ki\u015finin mahremiyetini g\u00fcvenlik ama\u00e7lar\u0131n\u0131 a\u015fan \u015fekilde m\u00fcdahale sonucu do\u011furabilecek alanlarda (\u00f6rne\u011fin, tuvaletler) izlemeye tabi tutulmamaktad\u0131r.<\/p>\n<h4>7.2.5 Elde Edilen Verilerin G\u00fcvenli\u011finin Sa\u011flanmas\u0131<\/h4>\n<p>Veri Sorumlusu taraf\u0131ndan KVK Kanunu\u2019nun 12. maddesine uygun olarak, kamera ile izleme faaliyeti sonucunda elde edilen ki\u015fisel verilerin g\u00fcvenli\u011finin sa\u011flanmas\u0131 i\u00e7in gerekli teknik ve idari tedbirler al\u0131nmaktad\u0131r. (Bkz. 2.1)<\/p>\n<h4>7.2.6 Kamera ile \u0130zleme Faaliyeti ile Elde Edilen Ki\u015fisel Verilerin Muhafaza S\u00fcresi<\/h4>\n<p>Veri Sorumlusunun, kamera ile izleme faaliyeti ile elde edilen ki\u015fisel verileri muhafaza s\u00fcresi ile ilgili ayr\u0131nt\u0131l\u0131 bilgiye bu Politika\u2019n\u0131n Ki\u015fisel Verilerin Saklanma S\u00fcreleri isimli 4.3. maddesinde yer verilmi\u015ftir.<\/p>\n<p>G\u00fcvenlik kameras\u0131ndan elde edilen g\u00f6r\u00fcnt\u00fc kay\u0131tlar\u0131, silinme s\u00fcresinden \u00f6nce ceza soru\u015fturmas\u0131na delil te\u015fkil etti\u011finin anla\u015f\u0131lmas\u0131 halinde, ceza soru\u015fturmas\u0131na delil te\u015fkil ediyorsa adli makama sunuluncaya kadar saklanmaktad\u0131r.<\/p>\n<p>G\u00fcvenlik kameras\u0131ndan elde edilen g\u00f6r\u00fcnt\u00fc kay\u0131tlar\u0131, silinme s\u00fcresinden \u00f6nce hukuki uyu\u015fmazl\u0131\u011fa delil te\u015fkil etti\u011finin anla\u015f\u0131lmas\u0131 halinde 10 y\u0131l saklanmaktad\u0131r.<\/p>\n<h4>7.2.7 \u0130zleme Sonucunda Elde Edilen Bilgilere Kimlerin Eri\u015febildi\u011fi ve Bu Bilgilerin Kimlere Aktar\u0131ld\u0131\u011f\u0131<\/h4>\n<p>Canl\u0131 kamera g\u00f6r\u00fcnt\u00fcleri ile dijital ortamda kaydedilen ve muhafaza edilen kay\u0131tlara yaln\u0131zca s\u0131n\u0131rl\u0131 say\u0131da Veri Sorumlusu \u00e7al\u0131\u015fan\u0131n\u0131n eri\u015fimi bulunmaktad\u0131r. Kay\u0131tlara eri\u015fimi olan s\u0131n\u0131rl\u0131 say\u0131da ki\u015fi gizlilik taahh\u00fctnamesi ile eri\u015fti\u011fi verilerin gizlili\u011fini koruyaca\u011f\u0131n\u0131 beyan etmektedir.<\/p>\n<p>K\u0130\u015e\u0130 GRUBUNDA Z\u0130YARET\u00c7\u0130 VARSA<\/p>\n<h4>7.3. Veri Sorumlusu Bina, Tesis Giri\u015flerinde ve \u0130\u00e7erisinde Y\u00fcr\u00fct\u00fclen Misafir Giri\u015f \u00c7\u0131k\u0131\u015flar\u0131n\u0131n Takibi<\/h4>\n<p>Veri Sorumlusu taraf\u0131ndan; g\u00fcvenli\u011fin sa\u011flanmas\u0131 ve bu Politika\u2019da belirtilen ama\u00e7larla, Veri Sorumlusu binalar\u0131nda ve tesislerinde misafir giri\u015f \u00e7\u0131k\u0131\u015flar\u0131n\u0131n takibine y\u00f6nelik ki\u015fisel veri i\u015fleme faaliyetinde bulunulmaktad\u0131r.<\/p>\n<p>Misafir olarak Veri Sorumlusu binalar\u0131na gelen ki\u015filerin isim ve soyadlar\u0131 elde edilirken ya da Veri Sorumlusu nezdinde as\u0131lan ya da di\u011fer \u015fekillerde misafirlerin eri\u015fimine sunulan metinler arac\u0131l\u0131\u011f\u0131yla s\u00f6z konusu ki\u015fisel veri sahipleri bu kapsamda ayd\u0131nlat\u0131lmaktad\u0131rlar. Misafir giri\u015f-\u00e7\u0131k\u0131\u015f takibi yap\u0131lmas\u0131 amac\u0131yla elde edilen veriler yaln\u0131zca bu ama\u00e7la i\u015flenmekte ve ilgili ki\u015fisel veriler fiziki ortamda veri kay\u0131t sistemine kaydedilmektedir.<\/p>\n<h4>7.4. Veri Sorumlusu Bina ve Tesislerinde Ziyaret\u00e7ilerimize Sa\u011flanan \u0130nternet Eri\u015fimlerine \u0130li\u015fkin Kay\u0131tlar\u0131n Saklanmas\u0131<\/h4>\n<p>Veri Sorumlusu taraf\u0131ndan g\u00fcvenli\u011fin sa\u011flanmas\u0131 ve bu Politika\u2019da belirtilen ama\u00e7larla; Veri Sorumlusu taraf\u0131ndan bina ve tesislerimiz i\u00e7erisinde kald\u0131\u011f\u0131n\u0131z s\u00fcre boyunca talep eden Ziyaret\u00e7ilerimize internet eri\u015fimi sa\u011flanabilmektedir. Bu durumda internet eri\u015fimlerinize ili\u015fkin log kay\u0131tlar\u0131 5651 Say\u0131l\u0131 Kanun ve bu Kanuna g\u00f6re d\u00fczenlenmi\u015f olan mevzuat\u0131n amir h\u00fck\u00fcmlerine g\u00f6re kay\u0131t alt\u0131na al\u0131nmakta; bu kay\u0131tlar ancak yetkili kamu kurum ve kurulu\u015flar\u0131 taraf\u0131ndan talep edilmesi veya Veri Sorumlusu i\u00e7inde ger\u00e7ekle\u015ftirilecek denetim s\u00fcre\u00e7lerinde ilgili hukuki y\u00fck\u00fcml\u00fcl\u00fc\u011f\u00fcm\u00fcz\u00fc yerine getirmek amac\u0131yla i\u015flenmektedir.<\/p>\n<p>Bu \u00e7er\u00e7evede elde edilen log kay\u0131tlar\u0131na yaln\u0131zca s\u0131n\u0131rl\u0131 say\u0131da Veri Sorumlusu \u00e7al\u0131\u015fan\u0131n\u0131n eri\u015fimi bulunmaktad\u0131r. Bahsi ge\u00e7en kay\u0131tlara eri\u015fimi olan Veri Sorumlusu \u00e7al\u0131\u015fanlar\u0131 bu kay\u0131tlar\u0131 yaln\u0131zca yetkili kamu kurum ve kurulu\u015fundan gelen talep veya denetim s\u00fcre\u00e7lerinde kullanmak \u00fczere eri\u015fmekte ve hukuken yetkili olan ki\u015filerle payla\u015fmaktad\u0131r. Kay\u0131tlara eri\u015fimi olan s\u0131n\u0131rl\u0131 say\u0131da ki\u015fi gizlilik taahh\u00fctnamesi ile eri\u015fti\u011fi verilerin gizlili\u011fini koruyaca\u011f\u0131n\u0131 beyan etmektedir.<\/p>\n<h3><a name=\"_Toc82011574\"><\/a>8. K\u0130\u015e\u0130SEL VER\u0130LER\u0130N S\u0130L\u0130NMES\u0130, YOK ED\u0130LMES\u0130 VE ANON\u0130MLE\u015eT\u0130R\u0130LMES\u0130 \u015eARTLARI<\/h3>\n<p>Veri Sorumlusu, T\u00fcrk Ceza Kanunu\u2019nun 138. maddesinde ve KVK Kanunu\u2019nun 7. maddesinde d\u00fczenlendi\u011fi \u00fczere ilgili kanun h\u00fck\u00fcmlerine uygun olarak i\u015flenmi\u015f olmas\u0131na ra\u011fmen, i\u015flenmesini gerektiren sebeplerin ortadan kalkmas\u0131 h\u00e2linde Veri Sorumlusuin kendi karar\u0131na istinaden veya ki\u015fisel veri sahibinin talebi \u00fczerine ki\u015fisel veriler silinir, yok edilir veya anonim h\u00e2le getirilir.<\/p>\n<p>Bu \u00e7er\u00e7evede:<\/p>\n<ul>\n<li>Mevzuat\u0131n de\u011fi\u015fmesi veya ilgas\u0131,<\/li>\n<li>\u0130\u015flemeye esas s\u00f6zle\u015fmenin sona ermesi veya h\u00fck\u00fcms\u00fczl\u00fc\u011f\u00fc,<\/li>\n<li>\u0130\u015flenme ama\u00e7lar\u0131n\u0131n ve \u015fartlar\u0131n\u0131n ortadan kalkmas\u0131,<\/li>\n<li>A\u00e7\u0131k r\u0131zaya ba\u011fl\u0131 i\u015fleme faaliyetlerinde r\u0131zan\u0131n geri al\u0131nmas\u0131,<\/li>\n<li>Veri Sahibinin silme-yok etme-anonim hale getirme ba\u015fvurusunda bulunmas\u0131 ve bu ba\u015fvurunun kabul\u00fc,<\/li>\n<li>Veri Sahibinin ba\u015fvuruda bulunmas\u0131 ve bu ba\u015fvurunun reddi neticesinde Ki\u015fisel Verileri Koruma Kurulu taraf\u0131ndan verilecek talebin kar\u015f\u0131lanmas\u0131 gerekti\u011fine ili\u015fkin karar,<\/li>\n<li>Saklama s\u00fcresinin sona ermesi,<\/li>\n<li>Veri Sorumlusu b\u00fcnyesinde ger\u00e7ekle\u015ftirilen periyodik imha i\u015flemleri,<\/li>\n<\/ul>\n<p>neticesinde Veri Sorumlusu toplad\u0131\u011f\u0131 Ki\u015fisel Verileri silmekte, imha etmekte veya anonim hale getirmektedir.<\/p>\n<p>Y\u00f6netmelik\u2019in 11. Maddesi uyar\u0131nca Veri Sorumlusu, periyodik imha s\u00fcresini a\u015fa\u011f\u0131daki \u015fekilde belirlemi\u015ftir. Buna g\u00f6re,<\/p>\n<ul>\n<li>Ki\u015fisel Verilerin Korunmas\u0131 Kurulu&#8217;nun Ki\u015fisel Verinin \u0130mhas\u0131na Y\u00f6nelik Karar\u0131n\u0131n Tebli\u011finden \u0130tibaren En Ge\u00e7 30 G\u00fcn<\/li>\n<li>Saklama S\u00fcresinin bitimi itibari ile ilk Periyodik \u0130mha zaman\u0131nda<\/li>\n<li>Silinme Talebi sonras\u0131 30 g\u00fcn cevap verme s\u00fcresi i\u00e7inde<\/li>\n<\/ul>\n<h4>8.1. Ki\u015fisel Verilerin Silinmesi, Yok Edilmesi ve Anonimle\u015ftirilmesi Teknikleri<\/h4>\n<p>Veri Sorumlusutoplad\u0131\u011f\u0131 Ki\u015fisel Verileri, i\u015flenmesini gerektiren sebeplerin ortadan kalkmas\u0131 h\u00e2linde kendili\u011finden veya Veri Sahibinin talebi \u00fczerine silmekte, yok etmekte veya anonim hale getirmektedir. Kanun\u2019un 28. maddesine uyar\u0131nca ise, anonim hale getirilmi\u015f olan ki\u015fisel veriler ara\u015ft\u0131rma, planlama ve istatistik gibi ama\u00e7larla i\u015flenebilmektedir. Anonimle\u015ftirme sonras\u0131nda ger\u00e7ekle\u015ftirilen bu t\u00fcr i\u015flemeler Kanun kapsam\u0131 d\u0131\u015f\u0131nda olup, bu durumda ki\u015fisel Veri Sahibinin a\u00e7\u0131k r\u0131zas\u0131 aranmamaktad\u0131r.<\/p>\n<p>Bu \u00e7er\u00e7evede, Veri Sorumlusu taraf\u0131ndan, a\u015fa\u011f\u0131da belirtilen silme, imha etme veya anonim hale getirme usullerinden biri veya birka\u00e7\u0131 se\u00e7ilerek, amaca en uygun y\u00f6ntem izlenmektedir:<\/p>\n<h4>8.1.1. Fiziki Belgenin \u0130mhas\u0131<\/h4>\n<p>\u015eirketimizce toplanan ve veri kay\u0131t sistemlerimizin par\u00e7as\u0131 olmakla birlikte otomatik olmayan yollarla i\u015fledi\u011fimiz Ki\u015fisel Veriler, bulunduklar\u0131 ortam\u0131n (ka\u011f\u0131t, mikrofi\u015f) \u00fczerindeki Ki\u015fisel Verinin sonradan kullan\u0131lmas\u0131na imkan vermeyecek bi\u00e7imde fiziksel olarak yok edilmesi suretiyle de yok edilebilmektedir.<\/p>\n<h4>8.1.2. Dijital Belgenin \u0130mhas\u0131<\/h4>\n<p>\u015eirket b\u00fcnyesinde dijital ortamlarda \u00fcretilen veya elde edilen Ki\u015fisel Veri i\u00e7eren Dijital Belgeler, \u0130lgili Kullan\u0131c\u0131lar i\u00e7in hi\u00e7bir \u015fekilde eri\u015filemez ve tekrar kullan\u0131lamaz hale getirilecek bi\u00e7imde kal\u0131c\u0131 olarak silinmektedir.<\/p>\n<h4>8.1.3. Kullan\u0131lan Yaz\u0131l\u0131m Programlar\u0131ndan Silme<\/h4>\n<p>\u015eirketimiz b\u00fcnyesindeki dijital ortamlarda muhafaza edilen Ki\u015fisel Veriler, \u0130lgili Kullan\u0131c\u0131lar i\u00e7in hi\u00e7bir \u015fekilde eri\u015filemez ve tekrar kullan\u0131lamaz hale getirilecek bi\u00e7imde ilgili yaz\u0131l\u0131mdan silinmektedir.<\/p>\n<p>Kulland\u0131\u011f\u0131m\u0131z Ticari Paket Programlar, \u0130nsan Kaynaklar\u0131 Programlar\u0131, SQL veri tabanlar\u0131 gibi elektronik kay\u0131t ortamlar\u0131na silme komutu verilerek verilerin silinmesi, merkezi sunucumuzda yer alan dosyalara veya dosyalar\u0131n bulundu\u011fu dizin \u00fczerinde \u0130lgili Kullan\u0131c\u0131lar\u0131n eri\u015fim haklar\u0131n\u0131n kald\u0131r\u0131lmas\u0131; veri tabanlar\u0131nda ilgili sat\u0131rlar\u0131n veri taban\u0131 komutlar\u0131 ile silinmesi veya ta\u015f\u0131nabilir medyada (USB, HDD, vb.) bulunan Ki\u015fisel Verilerin uygun yaz\u0131l\u0131mlar kullan\u0131larak silinmesi suretiyle veriler silinebilmektedir.<\/p>\n<p>Ancak, baz\u0131 Ki\u015fisel Verilerin silinmesi sebebiyle di\u011fer bir k\u0131s\u0131m verilere de sistemde eri\u015fimin m\u00fcmk\u00fcn olmad\u0131\u011f\u0131 hallerde, silmeye konu Ki\u015fisel Veriler ilgili Veri Sahibi ile ili\u015fkilendirilemeyecek duruma getirilerek ar\u015fivlenebilmektedir; bu durumda da ilgili Ki\u015fisel Veriler silinmi\u015f say\u0131lmaktad\u0131r. B\u00f6yle durumlarda \u015eirketimiz, Ki\u015fisel Verilere yaln\u0131zca yetkili ki\u015filer taraf\u0131ndan eri\u015filmesini sa\u011flayacak \u015fekilde gerekli her t\u00fcrl\u00fc teknik ve idari tedbiri almaktad\u0131r.<\/p>\n<h4>8.1.4. Veri Taban\u0131ndan Silme<\/h4>\n<p>\u015eirketimizde, veri taban\u0131nda muhafaza edilen Ki\u015fisel Veriler, \u0130lgili Kullan\u0131c\u0131lar i\u00e7in hi\u00e7bir \u015fekilde eri\u015filemez ve tekrar kullan\u0131lamaz hale getirilecek bi\u00e7imde ilgili veri taban\u0131ndan silinmektedir.<\/p>\n<p>Kulland\u0131\u011f\u0131m\u0131z Ticari Paket Programlar, \u0130nsan Kaynaklar\u0131 Programlar\u0131, SQL veri tabanlar\u0131 gibi elektronik kay\u0131t ortamlar\u0131na silme komutu verilerek verilerin silinmesi, merkezi sunucumuzda yer alan dosyalara veya dosyalar\u0131n bulundu\u011fu dizin \u00fczerinde \u0130lgili Kullan\u0131c\u0131lar\u0131n eri\u015fim haklar\u0131n\u0131n kald\u0131r\u0131lmas\u0131; veri tabanlar\u0131nda ilgili sat\u0131rlar\u0131n veri taban\u0131 komutlar\u0131 ile silinmesi veya ta\u015f\u0131nabilir medyada (USB, HDD, vb.) bulunan Ki\u015fisel Verilerin uygun yaz\u0131l\u0131mlar kullan\u0131larak silinmesi suretiyle veriler silinebilmektedir.<\/p>\n<p>Ancak, baz\u0131 Ki\u015fisel Verilerin silinmesi sebebiyle di\u011fer bir k\u0131s\u0131m verilere de sistemde eri\u015fimin m\u00fcmk\u00fcn olmad\u0131\u011f\u0131 hallerde, silmeye konu Ki\u015fisel Veriler ilgili Veri Sahibi ile ili\u015fkilendirilemeyecek duruma getirilerek ar\u015fivlenebilmektedir; bu durumda da ilgili Ki\u015fisel Veriler silinmi\u015f say\u0131lmaktad\u0131r. B\u00f6yle durumlarda \u015eirketimiz, Ki\u015fisel Verilere yaln\u0131zca yetkili ki\u015filer taraf\u0131ndan eri\u015filmesini sa\u011flayacak \u015fekilde gerekli her t\u00fcrl\u00fc teknik ve idari tedbiri almaktad\u0131r.<\/p>\n<h4>8.1.5. Ka\u011f\u0131t Ortam\u0131nda Bulunan Ki\u015fisel Verilerin Karart\u0131lmas\u0131<\/h4>\n<p>\u015eirketimizin ticari faaliyetlerinin devam\u0131 i\u00e7in toplad\u0131\u011f\u0131 fiziki ba\u015fvuru formlar\u0131, s\u00f6zle\u015fmeler, \u00f6zl\u00fck dosyalar\u0131 gibi ka\u011f\u0131t ortam\u0131nda toplanan Ki\u015fisel Veriler, bulunduklar\u0131 ka\u011f\u0131t ortam\u0131nda okunamayacak hale getirilerek de silinebilmektedir. \u00d6zellikle k\u00f6t\u00fc niyetli, amaca y\u00f6nelik olmayan kullan\u0131m\u0131 \u00f6nlemek veya silinmesi talep edilen Ki\u015fisel Verileri silmek i\u00e7in, ilgili veya talebe konu t\u00fcm ki\u015fisel veriler fiziksel olarak belgenin bir k\u0131sm\u0131nda kesilmekte veya geri d\u00f6nd\u00fcr\u00fclemeyecek ve teknolojik \u00e7\u00f6z\u00fcmlerle okunamayacak \u015fekilde sabit m\u00fcrekkep kullan\u0131larak g\u00f6r\u00fcnemeyecek hale getirilmektedir.<\/p>\n<h4>8.1.6. \u00dczerine Yazma<\/h4>\n<p>\u015eirketimizde kullan\u0131lan manyetik medya ve yeniden yaz\u0131labilir optik medya, \u00f6zel yaz\u0131l\u0131mlar arac\u0131l\u0131\u011f\u0131 ile rastgele say\u0131sal veriler yaz\u0131larak eski verinin okunabilmesi ve kurtar\u0131labilmesi imkan\u0131n\u0131 ortadan kald\u0131ran bir veri yok etme y\u00f6ntemidir. \u00dczerinde Ki\u015fisel Veri bulunan herhangi bir yeniden kullan\u0131labilir manyetik medya, \u00fczerine yazma y\u00f6ntemi kullan\u0131larak, i\u00e7indeki veri geri d\u00f6n\u00fc\u015ft\u00fcr\u00fclemez \u015fekilde temizlenmektedir.<\/p>\n<h4>8.1.1 Kullan\u0131lan Yaz\u0131l\u0131m Programlar\u0131ndan Silme<\/h4>\n<p>Veri Sorumlusu b\u00fcnyesindeki dijital ortamlarda muhafaza edilen Ki\u015fisel Veriler, \u0130lgili Kullan\u0131c\u0131lar i\u00e7in hi\u00e7bir \u015fekilde eri\u015filemez ve tekrar kullan\u0131lamaz hale getirilecek bi\u00e7imde ilgili yaz\u0131l\u0131mdan silinmektedir.<\/p>\n<p>Kulland\u0131\u011f\u0131m\u0131z Ticari Paket Programlar, \u0130nsan Kaynaklar\u0131 Programlar\u0131, SQL veri tabanlar\u0131 gibi elektronik kay\u0131t ortamlar\u0131na silme komutu verilerek verilerin silinmesi, merkezi sunucumuzda yer alan dosyalara veya dosyalar\u0131n bulundu\u011fu dizin \u00fczerinde \u0130lgili Kullan\u0131c\u0131lar\u0131n eri\u015fim haklar\u0131n\u0131n kald\u0131r\u0131lmas\u0131; veri tabanlar\u0131nda ilgili sat\u0131rlar\u0131n veri taban\u0131 komutlar\u0131 ile silinmesi veya ta\u015f\u0131nabilir medyada (USB, HDD, vb.) bulunan Ki\u015fisel Verilerin uygun yaz\u0131l\u0131mlar kullan\u0131larak silinmesi suretiyle veriler silinebilmektedir.<\/p>\n<p>Ancak, baz\u0131 Ki\u015fisel Verilerin silinmesi sebebiyle di\u011fer bir k\u0131s\u0131m verilere de sistemde eri\u015fimin m\u00fcmk\u00fcn olmad\u0131\u011f\u0131 hallerde, silmeye konu Ki\u015fisel Veriler ilgili Veri Sahibi ile ili\u015fkilendirilemeyecek duruma getirilerek ar\u015fivlenebilmektedir; bu durumda da ilgili Ki\u015fisel Veriler silinmi\u015f say\u0131lmaktad\u0131r. B\u00f6yle durumlarda Veri Sorumlusu, Ki\u015fisel Verilere yaln\u0131zca yetkili ki\u015filer taraf\u0131ndan eri\u015filmesini sa\u011flayacak \u015fekilde gerekli her t\u00fcrl\u00fc teknik ve idari tedbiri almaktad\u0131r.<\/p>\n<h4>8.1.2 Ka\u011f\u0131t Ortam\u0131nda Bulunan Ki\u015fisel Verilerin Karart\u0131lmas\u0131<\/h4>\n<p>Veri Sorumlusu ticari faaliyetlerinin devam\u0131 i\u00e7in toplad\u0131\u011f\u0131 fiziki ba\u015fvuru formlar\u0131, s\u00f6zle\u015fmeler, \u00f6zl\u00fck dosyalar\u0131 gibi ka\u011f\u0131t ortam\u0131nda toplanan Ki\u015fisel Veriler, bulunduklar\u0131 ka\u011f\u0131t ortam\u0131nda okunamayacak hale getirilerek de silinebilmektedir. \u00d6zellikle k\u00f6t\u00fc niyetli, amaca y\u00f6nelik olmayan kullan\u0131m\u0131 \u00f6nlemek veya silinmesi talep edilen Ki\u015fisel Verileri silmek i\u00e7in, ilgili veya talebe konu t\u00fcm ki\u015fisel veriler fiziksel olarak belgenin bir k\u0131sm\u0131nda kesilmekte veya geri d\u00f6nd\u00fcr\u00fclemeyecek ve teknolojik \u00e7\u00f6z\u00fcmlerle okunamayacak \u015fekilde sabit m\u00fcrekkep kullan\u0131larak g\u00f6r\u00fcnemeyecek hale getirilmektedir.<\/p>\n<h4>8.1.3 Fiziki Belgenin \u0130mhas\u0131<\/h4>\n<p>Veri Sorumlusu toplanan ve veri kay\u0131t sistemlerimizin par\u00e7as\u0131 olmakla birlikte otomatik olmayan yollarla i\u015fledi\u011fimiz Ki\u015fisel Veriler, bulunduklar\u0131 ortam\u0131n (ka\u011f\u0131t, mikrofi\u015f) \u00fczerindeki Ki\u015fisel Verinin sonradan kullan\u0131lmas\u0131na imkan vermeyecek bi\u00e7imde fiziksel olarak yok edilmesi suretiyle de yok edilebilmektedir.<\/p>\n<h4>8.1.4 \u00dczerine Yazma<\/h4>\n<p>Veri Sorumlusu kullan\u0131lan manyetik medya ve yeniden yaz\u0131labilir optik medya, \u00f6zel yaz\u0131l\u0131mlar arac\u0131l\u0131\u011f\u0131 ile rastgele say\u0131sal veriler yaz\u0131larak eski verinin okunabilmesi ve kurtar\u0131labilmesi imkan\u0131n\u0131 ortadan kald\u0131ran bir veri yok etme y\u00f6ntemidir. \u00dczerinde Ki\u015fisel Veri bulunan herhangi bir yeniden kullan\u0131labilir manyetik medya, \u00fczerine yazma y\u00f6ntemi kullan\u0131larak, i\u00e7indeki veri geri d\u00f6n\u00fc\u015ft\u00fcr\u00fclemez \u015fekilde temizlenmektedir.<\/p>\n<h4>8.1.5 Maskeleme<\/h4>\n<p>Maskeleme y\u00f6ntemi ile, Ki\u015fisel Verilerin belli alanlar\u0131 \u00fcstleri \u00e7izilerek, boyanarak ve\/veya y\u0131ld\u0131zlama y\u00f6ntemi ile Veri Sahibi olan ger\u00e7ek ki\u015fiyle ili\u015fkilendirilemeyecek hale getirilmektedir. \u00d6rne\u011fin, Veri Sorumlusu b\u00fcnyesinde yer alan m\u00fc\u015fteriye ait bir kimlik verisi, veri taban\u0131m\u0131zdan \u00e7\u0131kart\u0131larak, Veri Sahibinin tan\u0131mlanmas\u0131 imk\u00e2ns\u0131z hale getirilmektedir.<\/p>\n<h4>8.1.6 Veri T\u00fcretme<\/h4>\n<p>Veri Sorumlusu olarak saklamakta oldu\u011fu baz\u0131 Ki\u015fisel Verileri, pazarlama faaliyetleri i\u00e7in kullanabilmektedir. Bu t\u00fcr verilerin veri taban\u0131m\u0131zdan silinmesini gerektiren durumlar\u0131n ortaya \u00e7\u0131kmas\u0131 halinde, Veri Sorumlusu veri t\u00fcretme y\u00f6ntemi ile Ki\u015fisel Verinin i\u00e7eri\u011finden daha genel bir i\u00e7erik olu\u015fturarak Ki\u015fisel Verinin herhangi bir ger\u00e7ek ki\u015fiyle ili\u015fkilendirilemeyecek hale getirilmesini sa\u011flanmaktad\u0131r.<\/p>\n<h4>8.1.7 Anonimle\u015ftirme<\/h4>\n<p>Ki\u015fisel Verilerin genelle\u015ftirilmesi y\u00f6ntemi, Veri Sorumlusu, veri taban\u0131nda mevcut bir\u00e7ok verinin toplula\u015ft\u0131r\u0131larak herhangi bir ger\u00e7ek ki\u015fiyle ili\u015fkilendirilemeyecek hale getirilmesi ve b\u00f6ylece Veri Sorumlusu Veri Sahiplerine ba\u011fl\u0131 ama bir tak\u0131m sonu\u00e7lar\u0131 herhangi bir Ki\u015fisel Veri saklamaks\u0131z\u0131n takip edebilmesini sa\u011flamak amac\u0131yla kullan\u0131lmaktad\u0131r. Bu sayede, \u00f6rne\u011fin, i\u015f akdi sona ermi\u015f \u00e7al\u0131\u015fanlar\u0131m\u0131z\u0131n do\u011fum tarihleri ve kimlik bilgileri g\u00f6sterilmeksizin, hangi y\u0131l aral\u0131\u011f\u0131nda, hangi pozisyonlarda, hangi ya\u015f aral\u0131\u011f\u0131nda istihdam\u0131n daha verimli oldu\u011fu sonu\u00e7lar\u0131 takip edilebilmektedir.<\/p>\n<h4>8.1.8 Bulut Sisteminden Silme<\/h4>\n<p>Veri Sorumlusu b\u00fcnyesinde bulut sistemlerinde muhafaza edilen\/saklanan Ki\u015fisel Veriler, \u0130lgili Kullan\u0131c\u0131lar i\u00e7in hi\u00e7bir \u015fekilde eri\u015filemez ve tekrar kullan\u0131lamaz hale getirilecek bi\u00e7imde bulut sisteminden kal\u0131c\u0131 olarak silinmektedir.<\/p>\n<p>Ancak, baz\u0131 Ki\u015fisel Verilerin silinmesi sebebiyle di\u011fer bir k\u0131s\u0131m verilere de sistemde eri\u015fimin m\u00fcmk\u00fcn olmad\u0131\u011f\u0131 hallerde, silmeye konu Ki\u015fisel Veriler ilgili Veri Sahibi ile ili\u015fkilendirilemeyecek duruma getirilerek ar\u015fivlenebilmektedir; bu durumda da ilgili Ki\u015fisel Veriler silinmi\u015f say\u0131lmaktad\u0131r. B\u00f6yle durumlarda Veri SorumlusuKi\u015fisel Verilere yaln\u0131zca yetkili ki\u015filer taraf\u0131ndan eri\u015filmesini sa\u011flayacak \u015fekilde gerekli her t\u00fcrl\u00fc teknik ve idari tedbiri almaktad\u0131r.<\/p>\n<h4>8.1.9 Dijital Belgenin \u0130mhas\u0131<\/h4>\n<p>Veri Sorumlusu b\u00fcnyesinde dijital ortamlarda \u00fcretilen veya elde edilen Ki\u015fisel Veri i\u00e7eren Dijital Belgeler, \u0130lgili Kullan\u0131c\u0131lar i\u00e7in hi\u00e7bir \u015fekilde eri\u015filemez ve tekrar kullan\u0131lamaz hale getirilecek bi\u00e7imde kal\u0131c\u0131 olarak silinmektedir.<\/p>\n<h4>8.1.10 Veri Taban\u0131ndan Silme<\/h4>\n<p>Veri Sorumlusu veri taban\u0131nda muhafaza edilen Ki\u015fisel Veriler, \u0130lgili Kullan\u0131c\u0131lar i\u00e7in hi\u00e7bir \u015fekilde eri\u015filemez ve tekrar kullan\u0131lamaz hale getirilecek bi\u00e7imde ilgili veri taban\u0131ndan silinmektedir.<\/p>\n<p>Kulland\u0131\u011f\u0131m\u0131z Ticari Paket Programlar, \u0130nsan Kaynaklar\u0131 Programlar\u0131, SQL veri tabanlar\u0131 gibi elektronik kay\u0131t ortamlar\u0131na silme komutu verilerek verilerin silinmesi, merkezi sunucumuzda yer alan dosyalara veya dosyalar\u0131n bulundu\u011fu dizin \u00fczerinde \u0130lgili Kullan\u0131c\u0131lar\u0131n eri\u015fim haklar\u0131n\u0131n kald\u0131r\u0131lmas\u0131; veri tabanlar\u0131nda ilgili sat\u0131rlar\u0131n veri taban\u0131 komutlar\u0131 ile silinmesi veya ta\u015f\u0131nabilir medyada (USB, HDD, vb.) bulunan Ki\u015fisel Verilerin uygun yaz\u0131l\u0131mlar kullan\u0131larak silinmesi suretiyle veriler silinebilmektedir.<\/p>\n<p>Ancak, baz\u0131 Ki\u015fisel Verilerin silinmesi sebebiyle di\u011fer bir k\u0131s\u0131m verilere de sistemde eri\u015fimin m\u00fcmk\u00fcn olmad\u0131\u011f\u0131 hallerde, silmeye konu Ki\u015fisel Veriler ilgili Veri Sahibi ile ili\u015fkilendirilemeyecek duruma getirilerek ar\u015fivlenebilmektedir; bu durumda da ilgili Ki\u015fisel Veriler silinmi\u015f say\u0131lmaktad\u0131r. B\u00f6yle durumlarda Veri Sorumlusu, Ki\u015fisel Verilere yaln\u0131zca yetkili ki\u015filer taraf\u0131ndan eri\u015filmesini sa\u011flayacak \u015fekilde gerekli her t\u00fcrl\u00fc teknik ve idari tedbiri almaktad\u0131r.<\/p>\n<h3><a name=\"_Toc82011575\"><\/a>9. K\u0130\u015e\u0130SEL VER\u0130 SAH\u0130PLER\u0130N\u0130N HAKLARI; BU HAKLARIN KULLANILMASI VE DE\u011eERLEND\u0130R\u0130LMES\u0130 METODOLOJ\u0130S\u0130<\/h3>\n<h4>9.1. Veri Sahibinin Haklar\u0131 ve Bu Haklar\u0131n\u0131 Kullanmas\u0131<\/h4>\n<h4>9.1.1. Ki\u015fisel Veri Sahibinin Haklar\u0131<\/h4>\n<p>Ki\u015fisel veri sahipleri a\u015fa\u011f\u0131da yer alan haklara sahiptirler:<\/p>\n<ul>\n<li>Ki\u015fisel veri i\u015flenip i\u015flenmedi\u011fini \u00f6\u011frenme,<\/li>\n<li>Ki\u015fisel verileri i\u015flenmi\u015fse buna ili\u015fkin bilgi talep etme,<\/li>\n<li>Ki\u015fisel verilerin i\u015flenme amac\u0131n\u0131 ve bunlar\u0131n amac\u0131na uygun kullan\u0131l\u0131p kullan\u0131lmad\u0131\u011f\u0131n\u0131 \u00f6\u011frenme,<\/li>\n<li>Yurt i\u00e7inde veya yurt d\u0131\u015f\u0131nda ki\u015fisel verilerin aktar\u0131ld\u0131\u011f\u0131 \u00fc\u00e7\u00fcnc\u00fc ki\u015fileri bilme,<\/li>\n<li>Ki\u015fisel verilerin eksik veya yanl\u0131\u015f i\u015flenmi\u015f olmas\u0131 h\u00e2linde bunlar\u0131n d\u00fczeltilmesini isteme ve bu kapsamda yap\u0131lan i\u015flemin ki\u015fisel verilerin aktar\u0131ld\u0131\u011f\u0131 \u00fc\u00e7\u00fcnc\u00fc ki\u015filere bildirilmesini isteme,<\/li>\n<li>KVK Kanunu ve ilgili di\u011fer kanun h\u00fck\u00fcmlerine uygun olarak i\u015flenmi\u015f olmas\u0131na ra\u011fmen, i\u015flenmesini gerektiren sebeplerin ortadan kalkmas\u0131 h\u00e2linde ki\u015fisel verilerin silinmesini veya yok edilmesini isteme ve bu kapsamda yap\u0131lan i\u015flemin ki\u015fisel verilerin aktar\u0131ld\u0131\u011f\u0131 \u00fc\u00e7\u00fcnc\u00fc ki\u015filere bildirilmesini isteme,<\/li>\n<li>\u0130\u015flenen verilerin m\u00fcnhas\u0131ran otomatik sistemler vas\u0131tas\u0131yla analiz edilmesi suretiyle ki\u015finin kendisi aleyhine bir sonucun ortaya \u00e7\u0131kmas\u0131na itiraz etme,<\/li>\n<li>Ki\u015fisel verilerin kanuna ayk\u0131r\u0131 olarak i\u015flenmesi sebebiyle zarara u\u011framas\u0131 h\u00e2linde zarar\u0131n giderilmesini talep etme.<\/li>\n<\/ul>\n<h4>9.1.2. Ki\u015fisel Veri Sahibinin Haklar\u0131n\u0131 \u0130leri S\u00fcremeyece\u011fi Haller<\/h4>\n<p>Ki\u015fisel veri sahipleri, KVK Kanunu\u2019nun 28. maddesi gere\u011fince a\u015fa\u011f\u0131daki haller KVK Kanunu kapsam\u0131 d\u0131\u015f\u0131nda tutuldu\u011fundan, ki\u015fisel veri sahiplerinin bu konularda 10.1.1.\u2019de say\u0131lan haklar\u0131n\u0131 ileri s\u00fcremezler:<\/p>\n<ul>\n<li>Ki\u015fisel verilerin resmi istatistik ile anonim h\u00e2le getirilmek suretiyle ara\u015ft\u0131rma, planlama ve istatistik gibi ama\u00e7larla i\u015flenmesi.<\/li>\n<li>Ki\u015fisel verilerin mill\u00ee savunmay\u0131, mill\u00ee g\u00fcvenli\u011fi, kamu g\u00fcvenli\u011fini, kamu d\u00fczenini, ekonomik g\u00fcvenli\u011fi, \u00f6zel hayat\u0131n gizlili\u011fini veya ki\u015filik haklar\u0131n\u0131 ihlal etmemek ya da su\u00e7 te\u015fkil etmemek kayd\u0131yla, sanat, tarih, edebiyat veya bilimsel ama\u00e7larla ya da ifade \u00f6zg\u00fcrl\u00fc\u011f\u00fc kapsam\u0131nda i\u015flenmesi.<\/li>\n<li>Ki\u015fisel verilerin mill\u00ee savunmay\u0131, mill\u00ee g\u00fcvenli\u011fi, kamu g\u00fcvenli\u011fini, kamu d\u00fczenini veya ekonomik g\u00fcvenli\u011fi sa\u011flamaya y\u00f6nelik olarak kanunla g\u00f6rev ve yetki verilmi\u015f kamu kurum ve kurulu\u015flar\u0131 taraf\u0131ndan y\u00fcr\u00fct\u00fclen \u00f6nleyici, koruyucu ve istihbari faaliyetler kapsam\u0131nda i\u015flenmesi.<\/li>\n<li>Ki\u015fisel verilerin soru\u015fturma, kovu\u015fturma, yarg\u0131lama veya infaz i\u015flemlerine ili\u015fkin olarak yarg\u0131 makamlar\u0131 veya infaz mercileri taraf\u0131ndan i\u015flenmesi.<\/li>\n<\/ul>\n<p>KVK Kanunu\u2019nun 28\/2 maddesi gere\u011fince; a\u015fa\u011f\u0131da s\u0131ralanan hallerde ki\u015fisel veri sahipleri zarar\u0131n giderilmesini talep etme hakk\u0131 hari\u00e7, 10.1.1.\u2019de say\u0131lan di\u011fer haklar\u0131n\u0131 ileri s\u00fcremezler:<\/p>\n<ul>\n<li>Ki\u015fisel veri i\u015flemenin su\u00e7 i\u015flenmesinin \u00f6nlenmesi veya su\u00e7 soru\u015fturmas\u0131 i\u00e7in gerekli olmas\u0131.<\/li>\n<li>Ki\u015fisel veri sahibi taraf\u0131ndan kendisi taraf\u0131ndan alenile\u015ftirilmi\u015f ki\u015fisel verilerin i\u015flenmesi.<\/li>\n<li>Ki\u015fisel veri i\u015flemenin kanunun verdi\u011fi yetkiye dayan\u0131larak g\u00f6revli ve yetkili kamu kurum ve kurulu\u015flar\u0131 ile kamu kurumu niteli\u011findeki meslek kurulu\u015flar\u0131nca, denetleme veya d\u00fczenleme g\u00f6revlerinin y\u00fcr\u00fct\u00fclmesi ile disiplin soru\u015fturma veya kovu\u015fturmas\u0131 i\u00e7in gerekli olmas\u0131.<\/li>\n<li>Ki\u015fisel veri i\u015flemenin b\u00fct\u00e7e, vergi ve mali konulara ili\u015fkin olarak Devletin ekonomik ve mali \u00e7\u0131karlar\u0131n\u0131n korunmas\u0131 i\u00e7in gerekli olmas\u0131.<\/li>\n<\/ul>\n<h4>9.1.3. Ki\u015fisel Veri Sahibinin Haklar\u0131n\u0131 Kullanmas\u0131<\/h4>\n<p>Ki\u015fisel Veri Sahipleri bu b\u00f6l\u00fcm\u00fcn 9.1.1. Ba\u015fl\u0131\u011f\u0131 alt\u0131nda s\u0131ralanan haklar\u0131na ili\u015fkin taleplerini kimliklerini tespit edecek bilgi ve belgelerle ve a\u015fa\u011f\u0131da belirtilen y\u00f6ntemlerle veya Ki\u015fisel Verileri Koruma Kurulu\u2019nun belirledi\u011fi di\u011fer y\u00f6ntemlerle Ba\u015fvuru Formu\u2019nu doldurup imzalayarak Veri Sorumlusuna \u00fccretsiz olarak iletebileceklerdir:<\/p>\n<ul>\n<li>www.diamocosmetic.com adresinde bulunan formun doldurulduktan sonra \u0131slak imzal\u0131 bir n\u00fcshas\u0131n\u0131n bizzat elden veya noter arac\u0131l\u0131\u011f\u0131 ile 29 Ekim Mahallesi 9231 Sokak No:3\/1 Torbal\u0131 \/ \u0130zmir adresine iletilmesi<\/li>\n<\/ul>\n<p>www.diamocosmetic.com adresinde bulunan formun doldurulup 5070 Say\u0131l\u0131 Elektronik \u0130mza Kanunu kapsam\u0131ndaki \u201cg\u00fcvenli elektronik imza\u201dn\u0131zla imzaland\u0131ktan sonra g\u00fcvenli elektronik imzal\u0131 formun<\/p>\n<p>&nbsp;<\/p>\n<p><a href=\"mailto:diamokozmetik@hs01.kep.tr\">diamokozmetik@hs01.kep.tr<\/a><\/p>\n<p><a href=\"mailto:diamoticaret@hs01.kep.tr\">diamoticaret@hs01.kep.tr<\/a><\/p>\n<p><a href=\"mailto:diamokozmetiksan@hs01.kep.tr\">diamokozmetiksan@hs01.kep.tr<\/a><\/p>\n<ul>\n<li>\u00a0adresine kay\u0131tl\u0131 elektronik posta ile g\u00f6nderilmesi<\/li>\n<\/ul>\n<p>Ki\u015fisel veri sahipleri ad\u0131na \u00fc\u00e7\u00fcnc\u00fc ki\u015filerin ba\u015fvuru talebinde bulunabilmesi i\u00e7in veri sahibi taraf\u0131ndan ba\u015fvuruda bulunacak ki\u015fi ad\u0131na noter kanal\u0131yla d\u00fczenlenmi\u015f \u00f6zel vek\u00e2letname bulunmal\u0131d\u0131r.<\/p>\n<h4>9.1.4. Ki\u015fisel Veri Sahibinin KVK Kurulu\u2019na \u015eik\u00e2yette Bulunma Hakk\u0131<\/h4>\n<p>Ki\u015fisel veri sahibi KVK Kanunu\u2019nun 14. maddesi gere\u011fince ba\u015fvurunun reddedilmesi, verilen cevab\u0131n yetersiz bulunmas\u0131 veya s\u00fcresinde ba\u015fvuruya cevap verilmemesi h\u00e2llerinde; Veri Sorumlusunun cevab\u0131n\u0131 \u00f6\u011frendi\u011fi tarihten itibaren otuz ve her h\u00e2lde ba\u015fvuru tarihinden itibaren altm\u0131\u015f g\u00fcn i\u00e7inde KVK Kurulu\u2019na \u015fik\u00e2yette bulunabilir.<\/p>\n<h4>9.2. Veri Sorumlusunun Ba\u015fvurulara Cevap Vermesi<\/h4>\n<h4>9.2.1. Veri Sorumlusunun Ba\u015fvurulara Cevap Verme Usul\u00fc ve S\u00fcresi<\/h4>\n<p>Ki\u015fisel veri sahibinin, bu b\u00f6l\u00fcm\u00fcn 9.1.3. ba\u015fl\u0131kl\u0131 k\u0131sm\u0131nda yer alan usule uygun olarak talebini Veri Sorumlusuna iletmesi durumunda Veri Sorumlusu talebin niteli\u011fine g\u00f6re en ge\u00e7 otuz g\u00fcn i\u00e7inde ilgili talebi \u00fccretsiz olarak sonu\u00e7land\u0131racakt\u0131r. Ancak, KVK Kurulunca bir \u00fccret \u00f6ng\u00f6r\u00fclmesi h\u00e2linde, Veri Sorumlusu taraf\u0131ndan ba\u015fvuru sahibinden KVK Kurulunca belirlenen tarifedeki \u00fccret al\u0131nacakt\u0131r.<\/p>\n<h4>9.2.2. Veri Sorumlusunun Ba\u015fvuruda Bulunan Ki\u015fisel Veri Sahibinden Talep Edebilece\u011fi Bilgiler<\/h4>\n<p>Veri Sorumlusu, ba\u015fvuruda bulunan ki\u015finin ki\u015fisel veri sahibi olup olmad\u0131\u011f\u0131n\u0131 tespit etmek ad\u0131na ilgili ki\u015fiden bilgi talep edebilir. Veri Sorumlusu, ki\u015fisel veri sahibinin ba\u015fvurusunda yer alan hususlar\u0131 netle\u015ftirmek ad\u0131na, ki\u015fisel veri sahibine ba\u015fvurusu ile ilgili soru y\u00f6neltebilir.<\/p>\n<h4>9.2.3. Veri Sorumlusunun Ki\u015fisel Veri Sahibinin Ba\u015fvurusunu Reddetme Hakk\u0131<\/h4>\n<p>Veri Sorumlusu a\u015fa\u011f\u0131da yer alan hallerde ba\u015fvuruda bulunan ki\u015finin ba\u015fvurusunu, gerek\u00e7esini a\u00e7\u0131klayarak reddedebilir:<\/p>\n<ul>\n<li>Ki\u015fisel verilerin resmi istatistik ile anonim h\u00e2le getirilmek suretiyle ara\u015ft\u0131rma, planlama ve istatistik gibi ama\u00e7larla i\u015flenmesi.<\/li>\n<li>Ki\u015fisel verilerin mill\u00ee savunmay\u0131, mill\u00ee g\u00fcvenli\u011fi, kamu g\u00fcvenli\u011fini, kamu d\u00fczenini, ekonomik g\u00fcvenli\u011fi, \u00f6zel hayat\u0131n gizlili\u011fini veya ki\u015filik haklar\u0131n\u0131 ihlal etmemek ya da su\u00e7 te\u015fkil etmemek kayd\u0131yla, sanat, tarih, edebiyat veya bilimsel ama\u00e7larla ya da ifade \u00f6zg\u00fcrl\u00fc\u011f\u00fc kapsam\u0131nda i\u015flenmesi.<\/li>\n<li>Ki\u015fisel verilerin mill\u00ee savunmay\u0131, mill\u00ee g\u00fcvenli\u011fi, kamu g\u00fcvenli\u011fini, kamu d\u00fczenini veya ekonomik g\u00fcvenli\u011fi sa\u011flamaya y\u00f6nelik olarak kanunla g\u00f6rev ve yetki verilmi\u015f kamu kurum ve kurulu\u015flar\u0131 taraf\u0131ndan y\u00fcr\u00fct\u00fclen \u00f6nleyici, koruyucu ve istihbari faaliyetler kapsam\u0131nda i\u015flenmesi.<\/li>\n<li>Ki\u015fisel verilerin soru\u015fturma, kovu\u015fturma, yarg\u0131lama veya infaz i\u015flemlerine ili\u015fkin olarak yarg\u0131 makamlar\u0131 veya infaz mercileri taraf\u0131ndan i\u015flenmesi.<\/li>\n<li>Ki\u015fisel veri i\u015flemenin su\u00e7 i\u015flenmesinin \u00f6nlenmesi veya su\u00e7 soru\u015fturmas\u0131 i\u00e7in gerekli olmas\u0131.<\/li>\n<li>Ki\u015fisel veri sahibi taraf\u0131ndan kendisi taraf\u0131ndan alenile\u015ftirilmi\u015f ki\u015fisel verilerin i\u015flenmesi.<\/li>\n<li>Ki\u015fisel veri i\u015flemenin kanunun verdi\u011fi yetkiye dayan\u0131larak g\u00f6revli ve yetkili kamu kurum ve kurulu\u015flar\u0131 ile kamu kurumu niteli\u011findeki meslek kurulu\u015flar\u0131nca, denetleme veya d\u00fczenleme g\u00f6revlerinin y\u00fcr\u00fct\u00fclmesi ile disiplin soru\u015fturma veya kovu\u015fturmas\u0131 i\u00e7in gerekli olmas\u0131.<\/li>\n<li>Ki\u015fisel veri i\u015flemenin b\u00fct\u00e7e, vergi ve mali konulara ili\u015fkin olarak Devletin ekonomik ve mali \u00e7\u0131karlar\u0131n\u0131n korunmas\u0131 i\u00e7in gerekli olmas\u0131.<\/li>\n<li>Ki\u015fisel veri sahibinin talebinin di\u011fer ki\u015filerin hak ve \u00f6zg\u00fcrl\u00fcklerini engelleme ihtimali olmas\u0131<\/li>\n<li>Orant\u0131s\u0131z \u00e7aba gerektiren taleplerde bulunulmu\u015f olmas\u0131.<\/li>\n<li>Talep edilen bilginin kamuya a\u00e7\u0131k bir bilgi olmas\u0131.<\/li>\n<\/ul>\n<h3><a name=\"_Toc82011576\"><\/a>10. \u015e\u0130RKET K\u0130\u015e\u0130SEL VER\u0130LER\u0130N KORUNMASI VE \u0130\u015eLENMES\u0130 POL\u0130T\u0130KASI\u2019NIN D\u0130\u011eER POL\u0130T\u0130KALARLA OLAN \u0130L\u0130\u015eK\u0130S\u0130<\/h3>\n<p>Veri Sorumlusu, i\u015fbu Politika ile ortaya koymu\u015f oldu\u011fu esaslar\u0131n ili\u015fkili oldu\u011fu ki\u015fisel verilerin korunmas\u0131 ve i\u015flenmesi konusunda i\u00e7 kullan\u0131ma y\u00f6nelik alt politikalar da olu\u015fturabilece\u011fi gibi \u00e7al\u0131\u015fanlar ba\u015fta olmak \u00fczere belli ki\u015fi gruplar\u0131na y\u00f6nelik olarak ayr\u0131ca ba\u015fka politikalar da olu\u015fturmaktad\u0131r.<\/p>\n<p>Veri Sorumlusu i\u00e7i politikalar\u0131n\u0131n esaslar\u0131, ilgili oldu\u011fu \u00f6l\u00e7\u00fcde kamuoyuna a\u00e7\u0131k politikalara yans\u0131t\u0131larak, ilgililerinin bu \u00e7er\u00e7evede bilgilenmesi ve Veri Sorumlusunun y\u00fcr\u00fctmekte oldu\u011fu ki\u015fisel veri i\u015fleme faaliyetleri hakk\u0131nda \u015feffafl\u0131k ve hesap verilebilirli\u011fin sa\u011flanmas\u0131 hedeflenmi\u015ftir.<\/p>\n<p>D\u0130AMO KOZMET\u0130K SANAY\u0130 VE T\u0130CARET ANON\u0130M \u015e\u0130RKET\u0130<\/p>\n<p>29 Ekim Mahallesi 9231 Sokak No:3\/1 Torbal\u0131 \/ \u0130zmir<\/p>\n<p>0 (232) 853-9292<\/p>\n<p>diamo@diamocosmetic.com<\/p>\n<p>www.diamocosmetic.com<\/p>\n","protected":false},"excerpt":{"rendered":"<p>D\u0130AMO KOZMET\u0130K SANAY\u0130 VE T\u0130CARET ANON\u0130M \u015e\u0130RKET\u0130 K\u0130\u015e\u0130SEL VER\u0130LER\u0130N KORUNMASI VE \u0130\u015eLENMES\u0130, K\u0130\u015e\u0130SEL VER\u0130 SAKLAMA VE \u0130MHA POL\u0130T\u0130KASI Y\u00fcr\u00fcrl\u00fck Tarihi: 08.09.2021 \u0130\u00e7indekiler<\/p>\n","protected":false},"author":4,"featured_media":0,"parent":0,"menu_order":0,"comment_status":"closed","ping_status":"closed","template":"","meta":{"footnotes":""},"class_list":["post-9288","page","type-page","status-publish","hentry"],"_links":{"self":[{"href":"https:\/\/diamocosmetic.com\/tr\/wp-json\/wp\/v2\/pages\/9288","targetHints":{"allow":["GET"]}}],"collection":[{"href":"https:\/\/diamocosmetic.com\/tr\/wp-json\/wp\/v2\/pages"}],"about":[{"href":"https:\/\/diamocosmetic.com\/tr\/wp-json\/wp\/v2\/types\/page"}],"author":[{"embeddable":true,"href":"https:\/\/diamocosmetic.com\/tr\/wp-json\/wp\/v2\/users\/4"}],"replies":[{"embeddable":true,"href":"https:\/\/diamocosmetic.com\/tr\/wp-json\/wp\/v2\/comments?post=9288"}],"version-history":[{"count":2,"href":"https:\/\/diamocosmetic.com\/tr\/wp-json\/wp\/v2\/pages\/9288\/revisions"}],"predecessor-version":[{"id":9291,"href":"https:\/\/diamocosmetic.com\/tr\/wp-json\/wp\/v2\/pages\/9288\/revisions\/9291"}],"wp:attachment":[{"href":"https:\/\/diamocosmetic.com\/tr\/wp-json\/wp\/v2\/media?parent=9288"}],"curies":[{"name":"wp","href":"https:\/\/api.w.org\/{rel}","templated":true}]}}