{"id":9344,"date":"2024-06-26T05:31:13","date_gmt":"2024-06-26T05:31:13","guid":{"rendered":"https:\/\/diamocosmetic.com\/insan-kaynaklari-politikamiz\/"},"modified":"2024-06-26T05:31:13","modified_gmt":"2024-06-26T05:31:13","slug":"insan-kaynaklari-politikamiz","status":"publish","type":"page","link":"https:\/\/diamocosmetic.com\/tr\/insan-kaynaklari-politikamiz\/","title":{"rendered":"\u0130nsan Kaynaklar\u0131 Politikam\u0131z"},"content":{"rendered":"<p style=\"font-weight: 400;\"><span style=\"color: #333333;\">Bu Politikan\u0131n amac\u0131, Diamo Kozmetik\u2019in insan haklar\u0131 konusundaki yakla\u015f\u0131m ve standartlar\u0131n\u0131 yans\u0131tan bir rehber olu\u015fturmak ve bu yolla Diamo Kozmetik\u2019in insan haklar\u0131na verdi\u011fi \u00f6nemi vurgulamakt\u0131r.<\/span><\/p>\n<p style=\"font-weight: 400;\"><span style=\"color: #333333;\">Diamo Kozmetik,\u00a0 Birle\u015fmi\u015f Milletler \u0130nsan Haklar\u0131 Evrensel Beyannamesi\u2019ne ve Uluslararas\u0131 \u00c7al\u0131\u015fma \u00d6rg\u00fct\u00fc Temel S\u00f6zle\u015fmeleri \u2019ne, ve bu temeller \u00fczerine kurulu Birle\u015fmi\u015f Milletler K\u00fcresel \u0130lkeler S\u00f6zle\u015fmesi Birle\u015fmi\u015f Milletler \u0130\u015f D\u00fcnyas\u0131 ve \u0130nsan Haklar\u0131na Dair Rehber \u0130lkeleri\u2019ne uygun olarak faaliyet g\u00f6stermeyi ve t\u00fcm faaliyetlerinde evrensel insan haklar\u0131na sayg\u0131 g\u00f6stermeyi; ulusal ve uluslararas\u0131 beyanname, ilke s\u00f6zle\u015fme ve prensipleri benimseyerek \u00e7al\u0131\u015fanlar\u0131n\u0131n t\u00fcm haklar\u0131n\u0131 g\u00f6zetmeyi taahh\u00fct etmektedir.<\/span><\/p>\n<p style=\"font-weight: 400;\"><span style=\"color: #333333;\">\u00a0Diamo Kozmetik, ekonomik, \u00e7evresel ve sosyal verimlilik ile s\u00fcrd\u00fcrebilirlik odakl\u0131 yakla\u015f\u0131m\u0131yla ilerledi\u011fi faaliyetlerinde, \u00e7al\u0131\u015fanlar\u0131 ve i\u015f ili\u015fkisinde oldu\u011fu t\u00fcm payda\u015flar\u0131 i\u00e7in insan haklar\u0131na sayg\u0131l\u0131 bir anlay\u0131\u015f\u0131 benimsemekte ve toplum genelinde temel insan haklar\u0131n\u0131n g\u00f6zetilmesini hedeflemektedir.<\/span><\/p>\n<p style=\"font-weight: 400;\"><span style=\"color: #333333;\">Bu kapsam \u015firketimiz ulusal ve uluslararas\u0131 yasa ve y\u00f6netmeliklere uyum sa\u011flayaca\u011f\u0131n\u0131 taahh\u00fct etmektedir.<\/span><\/p>\n<p style=\"font-weight: 400;\"><span style=\"color: #333333;\">Faaliyetlerimiz boyunca a\u015fa\u011f\u0131daki temel insan haklar\u0131na sayg\u0131 g\u00f6stermeyi ama\u00e7layan programlar\u0131 uygulamak ve tatbik etmek i\u00e7in \u00e7al\u0131\u015f\u0131r ve de\u011fer zincirimizdeki di\u011fer ki\u015filerin de bu kriterleri desteklemesini bekler, onlar\u0131 benzer politikalar benimsemeye te\u015fvik ederiz ve bunu yapan y\u00fckleniciler ve tedarik\u00e7ilerle ili\u015fkileri geli\u015ftirmek ve g\u00fc\u00e7lendirmek i\u00e7in \u00e7al\u0131\u015faca\u011f\u0131z.<\/span><\/p>\n<p style=\"font-weight: 400;\"><span style=\"color: #333333;\"><strong><em>TANIMLAR<\/em><\/strong><\/span><\/p>\n<p style=\"font-weight: 400;\"><span style=\"color: #333333;\"><strong>ILO:<\/strong> Uluslararas\u0131 \u00c7al\u0131\u015fma \u00d6rg\u00fct\u00fc\u2019n\u00fc ifade eder.<\/span><\/p>\n<p style=\"font-weight: 400;\"><span style=\"color: #333333;\"><strong>ILO \u00c7al\u0131\u015fma Ya\u015fam\u0131nda Temel \u0130lkeler ve Haklar Bildirgesi:<\/strong> \u0130lgili s\u00f6zle\u015fmeleri onaylamam\u0131\u015f olsalar bile, t\u00fcm \u00fcye \u00fclkelerin iyi niyet \u00e7er\u00e7evesinde a\u015fa\u011f\u0131daki d\u00f6rt ilkeye sayg\u0131 duymak, bunlar\u0131 geli\u015ftirmek ve desteklemek ile y\u00fck\u00fcml\u00fc olduklar\u0131n\u0131 a\u00e7\u0131klayan ILO Bildirgesini ifade eder:<\/span><\/p>\n<ul>\n<li style=\"font-weight: 400;\"><span style=\"color: #333333;\">Sendika kurma \u00f6zg\u00fcrl\u00fc\u011f\u00fc ve toplu s\u00f6zle\u015fme hakk\u0131n\u0131n etkin bir \u015fekilde tan\u0131nmas\u0131,<\/span><\/li>\n<li style=\"font-weight: 400;\"><span style=\"color: #333333;\">Her t\u00fcrl\u00fc zorla veya zorunlu \u00e7al\u0131\u015ft\u0131rman\u0131n ortadan kald\u0131r\u0131lmas\u0131,<\/span><\/li>\n<li style=\"font-weight: 400;\"><span style=\"color: #333333;\">\u00c7ocuk i\u015f\u00e7ili\u011finin engellenmesi,<\/span><\/li>\n<li style=\"font-weight: 400;\"><span style=\"color: #333333;\">\u0130stihdam s\u00fcresince ayr\u0131mc\u0131l\u0131\u011f\u0131n ortadan kald\u0131r\u0131lmas\u0131.<\/span><\/li>\n<\/ul>\n<p style=\"font-weight: 400;\"><span style=\"color: #333333;\"><strong>\u0130nsan Haklar\u0131<\/strong><strong>:<\/strong> Cinsiyet, \u0131rk, renk, din, dil, ya\u015f, milliyet, d\u00fc\u015f\u00fcnce farkl\u0131l\u0131\u011f\u0131 ve malvarl\u0131\u011f\u0131 fark\u0131 g\u00f6zetmeksizin t\u00fcm insanlara \u00f6zg\u00fc haklar\u0131 ifade etmekte olup e\u015fit, \u00f6zg\u00fcr ve onurlu bir ya\u015fam hakk\u0131n\u0131 i\u00e7ermektedir.<\/span><\/p>\n<p style=\"font-weight: 400;\"><span style=\"color: #333333;\"><strong>\u0130nsan Haklar\u0131 Evrensel Bildirgesi: <\/strong>\u0130nsan haklar\u0131 tarihinde d\u00f6n\u00fcm noktas\u0131 niteli\u011finde bir belgedir. D\u00fcnyan\u0131n t\u00fcm b\u00f6lgelerinden farkl\u0131 hukuki ve k\u00fclt\u00fcrel ge\u00e7mi\u015fe sahip temsilciler taraf\u0131ndan haz\u0131rlanan bu Bildirge, 10 Aral\u0131k 1948&#8217;de Paris&#8217;te BM Genel Kurulu taraf\u0131ndan t\u00fcm insanlar ve t\u00fcm uluslar i\u00e7in bir ortak ba\u015far\u0131 \u00f6l\u00e7\u00fct\u00fc olarak ilan edilmi\u015f olup temel insan haklar\u0131n\u0131n evrensel olarak korunmas\u0131n\u0131 vurgulayan ilk belgedir.<\/span><\/p>\n","protected":false},"excerpt":{"rendered":"<p>Bu Politikan\u0131n amac\u0131, Diamo Kozmetik\u2019in insan haklar\u0131 konusundaki yakla\u015f\u0131m ve standartlar\u0131n\u0131 yans\u0131tan bir rehber olu\u015fturmak ve bu yolla Diamo Kozmetik\u2019in insan haklar\u0131na<\/p>\n","protected":false},"author":4,"featured_media":0,"parent":0,"menu_order":0,"comment_status":"closed","ping_status":"closed","template":"","meta":{"footnotes":""},"class_list":["post-9344","page","type-page","status-publish","hentry"],"_links":{"self":[{"href":"https:\/\/diamocosmetic.com\/tr\/wp-json\/wp\/v2\/pages\/9344","targetHints":{"allow":["GET"]}}],"collection":[{"href":"https:\/\/diamocosmetic.com\/tr\/wp-json\/wp\/v2\/pages"}],"about":[{"href":"https:\/\/diamocosmetic.com\/tr\/wp-json\/wp\/v2\/types\/page"}],"author":[{"embeddable":true,"href":"https:\/\/diamocosmetic.com\/tr\/wp-json\/wp\/v2\/users\/4"}],"replies":[{"embeddable":true,"href":"https:\/\/diamocosmetic.com\/tr\/wp-json\/wp\/v2\/comments?post=9344"}],"version-history":[{"count":0,"href":"https:\/\/diamocosmetic.com\/tr\/wp-json\/wp\/v2\/pages\/9344\/revisions"}],"wp:attachment":[{"href":"https:\/\/diamocosmetic.com\/tr\/wp-json\/wp\/v2\/media?parent=9344"}],"curies":[{"name":"wp","href":"https:\/\/api.w.org\/{rel}","templated":true}]}}